{"id":11814,"date":"2025-01-15T15:05:28","date_gmt":"2025-01-15T15:05:28","guid":{"rendered":"https:\/\/www.berti.net\/references\/residence-privee-bulgarie\/"},"modified":"2025-06-06T12:28:33","modified_gmt":"2025-06-06T12:28:33","slug":"residence-privee-bulgarie","status":"publish","type":"reference","link":"https:\/\/berti.net\/fr\/r\u00e9f\u00e9rences\/residence-privee-bulgarie\/","title":{"rendered":"R\u00e9sidence Priv\u00e9e Bulgarie"},"content":{"rendered":"\n<div class=\"wp-block-group alignfull hero-title-slider-pattern has-global-padding is-layout-constrained wp-block-group-is-layout-constrained\">\n<div class=\"wp-block-group banner-hero-content has-global-padding is-layout-constrained wp-container-core-group-is-layout-cd4cad2f wp-block-group-is-layout-constrained\" style=\"margin-top:var(--wp--preset--spacing--70);margin-bottom:var(--wp--preset--spacing--60)\">\n<div class=\"wp-block-group is-style-container has-global-padding is-layout-constrained wp-container-core-group-is-layout-a816393c wp-block-group-is-layout-constrained\">\n<h1 class=\"wp-block-heading has-text-align-center has-xxl-font-size\" style=\"margin-bottom:16px;letter-spacing:0px;line-height:1\">R\u00e9sidence priv\u00e9e<\/h1>\n\n\n\n<h2 class=\"wp-block-heading has-m-22-font-size\" style=\"margin-top:var(--wp--preset--spacing--50)\">Luxe et savoir-faire dans les planchers marquet\u00e9s<\/h2>\n\n\n\n<p>Situ\u00e9e en <strong>Bulgarie<\/strong>, cette prestigieuse villa est une<strong>\u0153uvre d&rsquo;art architecturale<\/strong> con\u00e7ue par l&rsquo;<strong>architecte Pietro Del Vaglio<\/strong>. L&rsquo;ensemble de la structure, qui couvre <strong>5 000 m\u00e8tres carr\u00e9s<\/strong>, s&rsquo;inspire de l&rsquo;<strong>\u00e9l\u00e9gance intemporelle de la Renaissance<\/strong>, un style parfaitement adapt\u00e9 \u00e0 la fonction des espaces et \u00e0 leur utilisation. <\/p>\n\n\n\n<p>Chaque chambre a \u00e9t\u00e9 con\u00e7ue pour <strong>refl\u00e9ter le raffinement et la majest\u00e9 des r\u00e9sidences historiques<\/strong>, en combinant un <strong>design classique avec des mat\u00e9riaux nobles<\/strong> et un savoir-faire de la plus haute qualit\u00e9.<\/p>\n<\/div>\n<\/div>\n<\/div>\n\n<div class=\"wp-block-group is-style-container has-global-padding is-layout-constrained wp-block-group-is-layout-constrained\">\n<figure class=\"wp-block-image alignfull size-large\"><img loading=\"lazy\" decoding=\"async\" width=\"1920\" height=\"1076\" src=\"https:\/\/www.berti.net\/wp-content\/uploads\/berti-pavimenti-in-legno_parquet-referenze-bulgaria_particolare-intarsio-04-scaled-1-1920x1076.jpg\" alt=\"\" class=\"wp-image-11672\" srcset=\"https:\/\/berti.net\/wp-content\/uploads\/berti-pavimenti-in-legno_parquet-referenze-bulgaria_particolare-intarsio-04-scaled-1-1920x1076.jpg 1920w, https:\/\/berti.net\/wp-content\/uploads\/berti-pavimenti-in-legno_parquet-referenze-bulgaria_particolare-intarsio-04-scaled-1-812x455.jpg 812w, https:\/\/berti.net\/wp-content\/uploads\/berti-pavimenti-in-legno_parquet-referenze-bulgaria_particolare-intarsio-04-scaled-1-768x430.jpg 768w, https:\/\/berti.net\/wp-content\/uploads\/berti-pavimenti-in-legno_parquet-referenze-bulgaria_particolare-intarsio-04-scaled-1-1536x860.jpg 1536w, https:\/\/berti.net\/wp-content\/uploads\/berti-pavimenti-in-legno_parquet-referenze-bulgaria_particolare-intarsio-04-scaled-1-2048x1147.jpg 2048w\" sizes=\"auto, (max-width: 1920px) 100vw, 1920px\" \/><\/figure>\n<\/div>\n\n<div class=\"wp-block-group banner-hero-content has-global-padding is-layout-constrained wp-container-core-group-is-layout-b09daadc wp-block-group-is-layout-constrained\" style=\"margin-top:var(--wp--preset--spacing--30);margin-bottom:var(--wp--preset--spacing--60)\">\n<div class=\"wp-block-group is-style-container has-global-padding is-layout-constrained wp-container-core-group-is-layout-a816393c wp-block-group-is-layout-constrained\">\n<h2 class=\"wp-block-heading has-m-22-font-size\">Planchers marquet\u00e9s &#8211; Une \u0153uvre de Berti Pavimenti<\/h2>\n\n\n\n<p>\u00c9l\u00e9ment distinctif du projet, <strong>les parquets incrust\u00e9s de Berti<\/strong> sont au c\u0153ur de la r\u00e9sidence, ajoutant une touche d&rsquo;<strong>\u00e9l\u00e9gance, de tradition et de luxe<\/strong>.<\/p>\n\n\n\n<p>\u2714 <strong>Mat\u00e9riaux pr\u00e9cieux<\/strong>: utilisation du <strong>teck et du weng\u00e9<\/strong>, deux bois de premi\u00e8re qualit\u00e9 connus pour leur durabilit\u00e9 et leur beaut\u00e9 naturelle.<br\/>\u2714 <strong>Design inspir\u00e9 de la Renaissance<\/strong>: motifs incrust\u00e9s sophistiqu\u00e9s, avec des motifs g\u00e9om\u00e9triques et des bordures d\u00e9coratives, tir\u00e9s d&rsquo;anciennes demeures nobles.<br\/>\u2714 <strong>Technologie et artisanat<\/strong>: des incrustations d\u00e9coup\u00e9es au laser pour une pr\u00e9cision absolue, associ\u00e9es \u00e0 la ma\u00eetrise des artisans Berti.<br\/>\u2714 <strong>Coh\u00e9rence esth\u00e9tique avec l&rsquo;architecture<\/strong>: le parquet dialogue parfaitement avec les \u00e9l\u00e9ments architecturaux et d&rsquo;ameublement, cr\u00e9ant une <strong>ambiance harmonieuse et sophistiqu\u00e9e<\/strong>.<\/p>\n\n\n\n<p>L&rsquo;utilisation du bois, travaill\u00e9 avec <strong>soin et attention aux d\u00e9tails<\/strong>, souligne la beaut\u00e9 de l&rsquo;architecture, rendant les espaces <strong>accueillants et d&rsquo;un grand impact visuel<\/strong>.Berti Flooring &#8211; La tradition artisanale au service d&rsquo;une architecture prestigieuse<\/p>\n\n\n\n<h2 class=\"wp-block-heading has-m-22-font-size\">Berti Flooring &#8211; La tradition artisanale au service de l&rsquo;architecture de prestige<\/h2>\n\n\n\n<p>La collaboration avec <strong>Berti Pavimenti<\/strong> a permis de cr\u00e9er un sol unique, capable d&rsquo;exprimer le <strong>prestige et la valeur artistique<\/strong> de la r\u00e9sidence.<\/p>\n\n\n\n<p>Gr\u00e2ce \u00e0 la combinaison d&rsquo;une <strong>technologie innovante et d&rsquo;un savoir-faire artisanal<\/strong>, les parquets Berti constituent un \u00e9l\u00e9ment distinctif pour les projets de grande envergure o\u00f9 <strong>les d\u00e9tails font la diff\u00e9rence.<\/strong><\/p>\n<\/div>\n<\/div>\n\n<div class=\"wp-block-group is-style-container has-global-padding is-layout-constrained wp-block-group-is-layout-constrained\" style=\"margin-top:var(--wp--preset--spacing--50)\">\n<div class=\"thom-isotope-gallery-wrapper wp-block-wpe-thom-masonry-gallery-block\">\n\t\n<div class=\"wp-block-wpe-thom-masonry-gallery-block isotope-gallery grid lightbox dc__3 tc__2 pc__1 dg__16 tg__16 pg__12\" id=\"68606f83\" data-id=\"68606f83\"><div class=\"grid-sizer\"><\/div><div class=\"gutter-sizer\"><\/div><a class=\"grid-item single-gallery-image none dg__16 tg__16 pg__12\" href=\"https:\/\/www.berti.net\/wp-content\/uploads\/berti-pavimenti-in-legno_parquet-referenze-bulgaria_particolare-intarsio-02.jpg\" data-pswp-width=\"1265\" data-pswp-height=\"1580\"><img decoding=\"async\" width=\"1265\" height=\"1580\" src=\"https:\/\/www.berti.net\/wp-content\/uploads\/berti-pavimenti-in-legno_parquet-referenze-bulgaria_particolare-intarsio-02.jpg\" alt=\"Gallery Image\" class=\"wp-image-11675\" loading=\"lazy\" srcset=\"https:\/\/berti.net\/wp-content\/uploads\/berti-pavimenti-in-legno_parquet-referenze-bulgaria_particolare-intarsio-02.jpg 1265w, https:\/\/berti.net\/wp-content\/uploads\/berti-pavimenti-in-legno_parquet-referenze-bulgaria_particolare-intarsio-02-650x812.jpg 650w, https:\/\/berti.net\/wp-content\/uploads\/berti-pavimenti-in-legno_parquet-referenze-bulgaria_particolare-intarsio-02-768x959.jpg 768w, https:\/\/berti.net\/wp-content\/uploads\/berti-pavimenti-in-legno_parquet-referenze-bulgaria_particolare-intarsio-02-1230x1536.jpg 1230w\" sizes=\"auto, (max-width: 1265px) 100vw, 1265px\" \/><\/a><a class=\"grid-item single-gallery-image none dg__16 tg__16 pg__12\" href=\"https:\/\/www.berti.net\/wp-content\/uploads\/berti-pavimenti-in-legno_parquet-referenze-bulgaria_particolare-intarsio-05-scaled-1.jpg\" data-pswp-width=\"2560\" data-pswp-height=\"1434\"><img decoding=\"async\" width=\"2560\" height=\"1434\" src=\"https:\/\/www.berti.net\/wp-content\/uploads\/berti-pavimenti-in-legno_parquet-referenze-bulgaria_particolare-intarsio-05-scaled-1.jpg\" alt=\"Gallery Image\" class=\"wp-image-11678\" loading=\"lazy\" srcset=\"https:\/\/berti.net\/wp-content\/uploads\/berti-pavimenti-in-legno_parquet-referenze-bulgaria_particolare-intarsio-05-scaled-1.jpg 2560w, https:\/\/berti.net\/wp-content\/uploads\/berti-pavimenti-in-legno_parquet-referenze-bulgaria_particolare-intarsio-05-scaled-1-812x455.jpg 812w, https:\/\/berti.net\/wp-content\/uploads\/berti-pavimenti-in-legno_parquet-referenze-bulgaria_particolare-intarsio-05-scaled-1-1920x1076.jpg 1920w, https:\/\/berti.net\/wp-content\/uploads\/berti-pavimenti-in-legno_parquet-referenze-bulgaria_particolare-intarsio-05-scaled-1-768x430.jpg 768w, https:\/\/berti.net\/wp-content\/uploads\/berti-pavimenti-in-legno_parquet-referenze-bulgaria_particolare-intarsio-05-scaled-1-1536x860.jpg 1536w, https:\/\/berti.net\/wp-content\/uploads\/berti-pavimenti-in-legno_parquet-referenze-bulgaria_particolare-intarsio-05-scaled-1-2048x1147.jpg 2048w\" sizes=\"auto, (max-width: 2560px) 100vw, 2560px\" \/><\/a><a class=\"grid-item single-gallery-image none dg__16 tg__16 pg__12\" href=\"https:\/\/www.berti.net\/wp-content\/uploads\/berti-pavimenti-in-legno_parquet-referenze-bulgaria_particolare-intarsio-03.jpg\" data-pswp-width=\"1265\" data-pswp-height=\"1580\"><img decoding=\"async\" width=\"1265\" height=\"1580\" src=\"https:\/\/www.berti.net\/wp-content\/uploads\/berti-pavimenti-in-legno_parquet-referenze-bulgaria_particolare-intarsio-03.jpg\" alt=\"Gallery Image\" class=\"wp-image-11681\" loading=\"lazy\" srcset=\"https:\/\/berti.net\/wp-content\/uploads\/berti-pavimenti-in-legno_parquet-referenze-bulgaria_particolare-intarsio-03.jpg 1265w, https:\/\/berti.net\/wp-content\/uploads\/berti-pavimenti-in-legno_parquet-referenze-bulgaria_particolare-intarsio-03-650x812.jpg 650w, https:\/\/berti.net\/wp-content\/uploads\/berti-pavimenti-in-legno_parquet-referenze-bulgaria_particolare-intarsio-03-768x959.jpg 768w, https:\/\/berti.net\/wp-content\/uploads\/berti-pavimenti-in-legno_parquet-referenze-bulgaria_particolare-intarsio-03-1230x1536.jpg 1230w\" sizes=\"auto, (max-width: 1265px) 100vw, 1265px\" \/><\/a><a class=\"grid-item single-gallery-image none dg__16 tg__16 pg__12\" href=\"https:\/\/www.berti.net\/wp-content\/uploads\/berti-pavimenti-in-legno_parquet-referenze-bulgaria_particolare-intarsio-01.jpg\" data-pswp-width=\"1265\" data-pswp-height=\"1580\"><img decoding=\"async\" width=\"1265\" height=\"1580\" src=\"https:\/\/www.berti.net\/wp-content\/uploads\/berti-pavimenti-in-legno_parquet-referenze-bulgaria_particolare-intarsio-01.jpg\" alt=\"Gallery Image\" class=\"wp-image-11684\" loading=\"lazy\" srcset=\"https:\/\/berti.net\/wp-content\/uploads\/berti-pavimenti-in-legno_parquet-referenze-bulgaria_particolare-intarsio-01.jpg 1265w, https:\/\/berti.net\/wp-content\/uploads\/berti-pavimenti-in-legno_parquet-referenze-bulgaria_particolare-intarsio-01-650x812.jpg 650w, https:\/\/berti.net\/wp-content\/uploads\/berti-pavimenti-in-legno_parquet-referenze-bulgaria_particolare-intarsio-01-768x959.jpg 768w, https:\/\/berti.net\/wp-content\/uploads\/berti-pavimenti-in-legno_parquet-referenze-bulgaria_particolare-intarsio-01-1230x1536.jpg 1230w\" sizes=\"auto, (max-width: 1265px) 100vw, 1265px\" \/><\/a><\/div>\n<\/div>\n<\/div>\n\n<div class=\"wp-block-group is-style-container has-global-padding is-layout-constrained wp-block-group-is-layout-constrained\" style=\"margin-top:var(--wp--preset--spacing--60);margin-bottom:var(--wp--preset--spacing--120)\">\n<div class=\"wp-block-group is-content-justification-center is-nowrap is-layout-flex wp-container-core-group-is-layout-9193781b wp-block-group-is-layout-flex\" style=\"line-height:1\">\n<p class=\"dashicons dashicons-arrow-left-alt\" style=\"line-height:1\"><\/p>\n\n\n\n<div class=\"wp-block-buttons is-layout-flex wp-block-buttons-is-layout-flex\">\n<div class=\"wp-block-button is-style-link\"><a class=\"wp-block-button__link wp-element-button\" href=\"\/fr\/r&#xE9;f&#xE9;rences\/\">Retour aux r\u00e9f\u00e9rences<\/a><\/div>\n<\/div>\n<\/div>\n<\/div>\n\n<div class=\"wp-block-group alignwide is-style-container has-contrast-2-background-color has-background has-global-padding is-layout-constrained wp-container-core-group-is-layout-69c462cb wp-block-group-is-layout-constrained\" style=\"margin-top:0;margin-bottom:0\">\n<div class=\"wp-block-columns alignwide are-vertically-aligned-center is-layout-flex wp-container-core-columns-is-layout-e4e53ecd wp-block-columns-is-layout-flex\" style=\"margin-top:var(--wp--preset--spacing--100);margin-bottom:var(--wp--preset--spacing--100)\">\n<div class=\"wp-block-column is-layout-flow wp-block-column-is-layout-flow\" style=\"flex-basis:50%\">\n<figure class=\"wp-block-image size-full\"><img loading=\"lazy\" decoding=\"async\" width=\"1176\" height=\"1178\" src=\"https:\/\/www.berti.net\/wp-content\/uploads\/catalogo-referenze-1.png\" alt=\"\" class=\"wp-image-13452\" style=\"box-shadow:var(--wp--preset--shadow--deep)\" srcset=\"https:\/\/berti.net\/wp-content\/uploads\/catalogo-referenze-1.png 1176w, https:\/\/berti.net\/wp-content\/uploads\/catalogo-referenze-1-812x812.png 812w, https:\/\/berti.net\/wp-content\/uploads\/catalogo-referenze-1-406x406.png 406w, https:\/\/berti.net\/wp-content\/uploads\/catalogo-referenze-1-768x769.png 768w, https:\/\/berti.net\/wp-content\/uploads\/catalogo-referenze-1-300x300.png 300w, https:\/\/berti.net\/wp-content\/uploads\/catalogo-referenze-1-400x400.png 400w, https:\/\/berti.net\/wp-content\/uploads\/catalogo-referenze-1-600x600.png 600w\" sizes=\"auto, (max-width: 1176px) 100vw, 1176px\" \/><\/figure>\n<\/div>\n\n\n\n<div class=\"wp-block-column is-layout-flow wp-block-column-is-layout-flow\" style=\"flex-basis:50%\">\n<h4 class=\"wp-block-heading\" style=\"margin-top:var(--wp--preset--spacing--20);margin-bottom:var(--wp--preset--spacing--20);font-size:clamp(26.944px, 1.684rem + ((1vw - 3.2px) * 1.489), 46px);line-height:1\">D\u00e9couvrez le catalogue R\u00e9f\u00e9rences<\/h4>\n\n\n\n<p class=\"has-text-color has-body-font-family\" style=\"color:#000000;padding-right:16%;font-size:14px\">T\u00e9l\u00e9chargez le catalogue pour d\u00e9couvrir les r\u00e9f\u00e9rences Berti Pavimenti Legno.<\/p>\n\n\n\n<div class=\"wp-block-buttons is-layout-flex wp-block-buttons-is-layout-flex\" style=\"margin-top:var(--wp--preset--spacing--30)\">\n<div class=\"wp-block-button has-custom-font-size is-style-fill\" style=\"font-size:clamp(14px, 0.875rem + ((1vw - 3.2px) * 0.156), 16px);\"><a class=\"wp-block-button__link has-base-3-color has-base-background-color has-text-color has-background has-link-color wp-element-button\" href=\"https:\/\/www.berti.net\/wp-content\/uploads\/berti_pavimenti-legno_parquet_reference-profile-IT-1.pdf\" style=\"padding-top:15px;padding-right:40px;padding-bottom:15px;padding-left:40px\" target=\"_blank\" rel=\"noreferrer noopener\">T\u00c9L\u00c9CHARGER<\/a><\/div>\n<\/div>\n<\/div>\n<\/div>\n<\/div>\n","protected":false},"excerpt":{"rendered":"<p>R\u00e9sidence priv\u00e9e Luxe et savoir-faire dans les planchers marquet\u00e9s Situ\u00e9e en Bulgarie, cette prestigieuse villa est une\u0153uvre d&rsquo;art architecturale con\u00e7ue par l&rsquo;architecte Pietro Del Vaglio. L&rsquo;ensemble de la structure, qui couvre 5 000 m\u00e8tres carr\u00e9s, s&rsquo;inspire de l&rsquo;\u00e9l\u00e9gance intemporelle de la Renaissance, un style parfaitement adapt\u00e9 \u00e0 la fonction des espaces et \u00e0 leur utilisation. Chaque chambre a \u00e9t\u00e9 con\u00e7ue [&hellip;]<\/p>\n","protected":false},"author":2,"featured_media":11749,"template":"","class_list":["post-11814","reference","type-reference","status-publish","has-post-thumbnail","hentry"],"_links":{"self":[{"href":"https:\/\/berti.net\/fr\/wp-json\/wp\/v2\/reference\/11814","targetHints":{"allow":["GET"]}}],"collection":[{"href":"https:\/\/berti.net\/fr\/wp-json\/wp\/v2\/reference"}],"about":[{"href":"https:\/\/berti.net\/fr\/wp-json\/wp\/v2\/types\/reference"}],"author":[{"embeddable":true,"href":"https:\/\/berti.net\/fr\/wp-json\/wp\/v2\/users\/2"}],"wp:featuredmedia":[{"embeddable":true,"href":"https:\/\/berti.net\/fr\/wp-json\/wp\/v2\/media\/11749"}],"wp:attachment":[{"href":"https:\/\/berti.net\/fr\/wp-json\/wp\/v2\/media?parent=11814"}],"curies":[{"name":"wp","href":"https:\/\/api.w.org\/{rel}","templated":true}]}}