{"id":11812,"date":"2025-01-15T14:57:52","date_gmt":"2025-01-15T14:57:52","guid":{"rendered":"https:\/\/www.berti.net\/references\/byblos-art-hotel\/"},"modified":"2025-06-06T12:27:07","modified_gmt":"2025-06-06T12:27:07","slug":"byblos-art-hotel","status":"publish","type":"reference","link":"https:\/\/berti.net\/fr\/r\u00e9f\u00e9rences\/byblos-art-hotel\/","title":{"rendered":"Byblos Art Hotel"},"content":{"rendered":"\n<div class=\"wp-block-group alignfull hero-title-slider-pattern has-global-padding is-layout-constrained wp-block-group-is-layout-constrained\">\n<div class=\"wp-block-group banner-hero-content has-global-padding is-layout-constrained wp-container-core-group-is-layout-cd4cad2f wp-block-group-is-layout-constrained\" style=\"margin-top:var(--wp--preset--spacing--70);margin-bottom:var(--wp--preset--spacing--60)\">\n<div class=\"wp-block-group is-style-container has-global-padding is-layout-constrained wp-container-core-group-is-layout-a816393c wp-block-group-is-layout-constrained\">\n<h1 class=\"wp-block-heading has-text-align-center has-xxl-font-size\" style=\"margin-bottom:var(--wp--preset--spacing--30);letter-spacing:0px;line-height:1\">Byblos Art Hotel<\/h1>\n\n\n\n<h2 class=\"wp-block-heading has-m-22-font-size\" style=\"margin-top:var(--wp--preset--spacing--50)\">Le design des designers rencontre l&rsquo;excellence du parquet Berti<\/h2>\n\n\n\n<p>Au c\u0153ur des <strong>collines de Valpolicella<\/strong>, \u00e0 quelques kilom\u00e8tres de <strong>V\u00e9rone<\/strong>, se trouve le prestigieux <strong>Byblos Art Hotel Villa Amist\u00e0<\/strong>, une ic\u00f4ne du design et de l&rsquo;hospitalit\u00e9 de luxe.<\/p>\n\n\n\n<p>Cette <strong>villa v\u00e9nitienne du XVIe si\u00e8cle<\/strong> a \u00e9t\u00e9 habilement restaur\u00e9e par l&rsquo;architecte <strong>Iglis Zorzi<\/strong> et transform\u00e9e en une fusion parfaite entre le <strong>baroque et le design contemporain<\/strong>, gr\u00e2ce \u00e0 l&rsquo;intervention visionnaire du c\u00e9l\u00e8bre designer <strong>Alessandro<\/strong> <strong>Mendini<\/strong> et de son <strong>Atelier Mendini<\/strong>.<\/p>\n\n\n\n<p>Un lieu o\u00f9 <strong>le classique et le moderne<\/strong> se rencontrent dans un \u00e9quilibre sophistiqu\u00e9, o\u00f9 les d\u00e9tails architecturaux se combinent avec des installations artistiques et des meubles sign\u00e9s par certains des plus grands noms du design international. Dans ce cadre design, le <strong>parquet Berti<\/strong> joue \u00e9galement un r\u00f4le cl\u00e9, compl\u00e9tant l&rsquo;exp\u00e9rience sensorielle et stylistique de l&rsquo;h\u00f4tel. <\/p>\n\n\n\n<h2 class=\"wp-block-heading has-m-22-font-size\">Le r\u00f4le du parquet Berti dans les projets de d\u00e9coration int\u00e9rieure<\/h2>\n\n\n\n<p>Pour le Byblos Art Hotel, l&rsquo;objectif du projet de l&rsquo;<strong>Atelier Mendini<\/strong> \u00e9tait de cr\u00e9er un environnement dans lequel l&rsquo;<strong>art, l&rsquo;architecture et le design<\/strong> dialogueraient de mani\u00e8re harmonieuse et dynamique. <strong>Berti Pavimenti<\/strong> a \u00e9t\u00e9 choisi pour fabriquer le parquet, gr\u00e2ce \u00e0 sa capacit\u00e9 \u00e0 combiner <strong>artisanat traditionnel et innovation technologique<\/strong>.<\/p>\n\n\n\n<p>\u2714 <strong>Mat\u00e9riaux<\/strong> nobles : s\u00e9lection de bois nobles pour souligner la beaut\u00e9 et la durabilit\u00e9 des surfaces.<br\/>\u2714 <strong>Design sur mesure<\/strong>: personnalisation des textures et des finitions pour r\u00e9pondre \u00e0 l&rsquo;esth\u00e9tique unique de l&rsquo;h\u00f4tel.<br\/>\u2714 <strong>Excellence artisanale<\/strong>: incrustations r\u00e9alis\u00e9es \u00e0 l&rsquo;aide d&rsquo;une technologie avanc\u00e9e pour garantir une pr\u00e9cision maximale dans les d\u00e9tails d\u00e9coratifs.<br\/>\u2714 <strong>Harmonie avec l&rsquo;environnement<\/strong>: les parquets contribuent \u00e0 cr\u00e9er une atmosph\u00e8re cosy et sophistiqu\u00e9e en parfaite harmonie avec le style n\u00e9o-baroque et moderne de l&rsquo;h\u00f4tel.Une exp\u00e9rience sensorielle de couleurs, d&rsquo;art et de mat\u00e9riaux prestigieux.<\/p>\n<\/div>\n<\/div>\n<\/div>\n\n<div class=\"wp-block-group is-style-container has-global-padding is-layout-constrained wp-block-group-is-layout-constrained\">\n<div class=\"thom-isotope-gallery-wrapper wp-block-wpe-thom-masonry-gallery-block\">\n\t\n<div class=\"wp-block-wpe-thom-masonry-gallery-block isotope-gallery grid lightbox dc__2 tc__2 pc__1 dg__16 tg__16 pg__12\" id=\"85f82bb2\" data-id=\"85f82bb2\"><div class=\"grid-sizer\"><\/div><div class=\"gutter-sizer\"><\/div><a class=\"grid-item single-gallery-image none dg__16 tg__16 pg__12\" href=\"https:\/\/www.berti.net\/wp-content\/uploads\/berti-pavimenti-in-legno_parquet-referenze-byblos-hotel_verona_01-1.jpg\" data-pswp-width=\"1265\" data-pswp-height=\"1580\"><img decoding=\"async\" width=\"1265\" height=\"1580\" src=\"https:\/\/www.berti.net\/wp-content\/uploads\/berti-pavimenti-in-legno_parquet-referenze-byblos-hotel_verona_01-1.jpg\" alt=\"Gallery Image\" class=\"wp-image-11646\" loading=\"lazy\" srcset=\"https:\/\/berti.net\/wp-content\/uploads\/berti-pavimenti-in-legno_parquet-referenze-byblos-hotel_verona_01-1.jpg 1265w, https:\/\/berti.net\/wp-content\/uploads\/berti-pavimenti-in-legno_parquet-referenze-byblos-hotel_verona_01-1-650x812.jpg 650w, https:\/\/berti.net\/wp-content\/uploads\/berti-pavimenti-in-legno_parquet-referenze-byblos-hotel_verona_01-1-768x959.jpg 768w, https:\/\/berti.net\/wp-content\/uploads\/berti-pavimenti-in-legno_parquet-referenze-byblos-hotel_verona_01-1-1230x1536.jpg 1230w\" sizes=\"auto, (max-width: 1265px) 100vw, 1265px\" \/><\/a><a class=\"grid-item single-gallery-image none dg__16 tg__16 pg__12\" href=\"https:\/\/www.berti.net\/wp-content\/uploads\/berti-pavimenti-in-legno_parquet-referenze-byblos-hotel_verona_02-1.jpg\" data-pswp-width=\"1265\" data-pswp-height=\"1580\"><img decoding=\"async\" width=\"1265\" height=\"1580\" src=\"https:\/\/www.berti.net\/wp-content\/uploads\/berti-pavimenti-in-legno_parquet-referenze-byblos-hotel_verona_02-1.jpg\" alt=\"Gallery Image\" class=\"wp-image-11649\" loading=\"lazy\" srcset=\"https:\/\/berti.net\/wp-content\/uploads\/berti-pavimenti-in-legno_parquet-referenze-byblos-hotel_verona_02-1.jpg 1265w, https:\/\/berti.net\/wp-content\/uploads\/berti-pavimenti-in-legno_parquet-referenze-byblos-hotel_verona_02-1-650x812.jpg 650w, https:\/\/berti.net\/wp-content\/uploads\/berti-pavimenti-in-legno_parquet-referenze-byblos-hotel_verona_02-1-768x959.jpg 768w, https:\/\/berti.net\/wp-content\/uploads\/berti-pavimenti-in-legno_parquet-referenze-byblos-hotel_verona_02-1-1230x1536.jpg 1230w\" sizes=\"auto, (max-width: 1265px) 100vw, 1265px\" \/><\/a><\/div>\n<\/div>\n<\/div>\n\n<div class=\"wp-block-group banner-hero-content has-global-padding is-layout-constrained wp-container-core-group-is-layout-b09daadc wp-block-group-is-layout-constrained\" style=\"margin-top:var(--wp--preset--spacing--30);margin-bottom:var(--wp--preset--spacing--60)\">\n<div class=\"wp-block-group is-style-container has-global-padding is-layout-constrained wp-container-core-group-is-layout-a816393c wp-block-group-is-layout-constrained\">\n<h2 class=\"wp-block-heading has-m-22-font-size\">Une exp\u00e9rience sensorielle de la couleur, de l&rsquo;art et des mat\u00e9riaux de prestige<\/h2>\n\n\n\n<p>Le <strong>Byblos Art Hotel Villa Amist\u00e0<\/strong> est un lieu o\u00f9 le design devient une exp\u00e9rience immersive. Chaque chambre est con\u00e7ue pour surprendre les clients avec un m\u00e9lange \u00e9clectique de styles et de couleurs, tandis que le plancher en bois assure la <strong>continuit\u00e9 et l&rsquo;\u00e9l\u00e9gance<\/strong> de l&rsquo;int\u00e9rieur. <\/p>\n\n\n\n<p>L&rsquo;utilisation de parquets en bois pr\u00e9cieux conf\u00e8re <strong>chaleur et prestige<\/strong> aux pi\u00e8ces, en mettant en valeur la lumi\u00e8re naturelle qui traverse les fresques et les meubles r\u00e9alis\u00e9s par des designers de renomm\u00e9e internationale. Le contraste entre le <strong>sol en bois et les \u00e9l\u00e9ments artistiques<\/strong> cr\u00e9e un \u00e9quilibre visuel unique, expression parfaite du style <strong>Mendini<\/strong>. <\/p>\n\n\n\n<h2 class=\"wp-block-heading has-m-22-font-size\">Byblos Art Hotel &#8211; L&rsquo;excellence de l&rsquo;hospitalit\u00e9 de luxe<\/h2>\n\n\n\n<p>Cet h\u00f4tel prestigieux est aujourd&rsquo;hui consid\u00e9r\u00e9 comme l&rsquo;une des <strong>destinations les plus exclusives des h\u00f4tels design italiens<\/strong>, fr\u00e9quent\u00e9s par des artistes, des designers et des clients \u00e0 la recherche d&rsquo;une exp\u00e9rience hors du commun.<\/p>\n\n\n\n<p>L&rsquo;intervention de <strong>Berti Pavimenti<\/strong> a encore renforc\u00e9 l&rsquo;esth\u00e9tique raffin\u00e9e de la villa, d\u00e9montrant comment l <strong>&lsquo;artisanat, l&rsquo;innovation et le design<\/strong> peuvent s&rsquo;unir pour cr\u00e9er des environnements <strong>luxueux avec un fort impact esth\u00e9tique.<\/strong><\/p>\n<\/div>\n<\/div>\n\n<div class=\"wp-block-group is-style-container has-global-padding is-layout-constrained wp-block-group-is-layout-constrained\">\n<div class=\"thom-isotope-gallery-wrapper wp-block-wpe-thom-masonry-gallery-block\">\n\t\n<div class=\"wp-block-wpe-thom-masonry-gallery-block isotope-gallery grid lightbox dc__2 tc__2 pc__1 dg__16 tg__16 pg__12\" id=\"501a2944\" data-id=\"501a2944\"><div class=\"grid-sizer\"><\/div><div class=\"gutter-sizer\"><\/div><a class=\"grid-item single-gallery-image none dg__16 tg__16 pg__12\" href=\"https:\/\/www.berti.net\/wp-content\/uploads\/berti-pavimenti-in-legno_parquet-referenze-byblos-hotel_verona_03-1.jpg\" data-pswp-width=\"1265\" data-pswp-height=\"1580\"><img decoding=\"async\" width=\"1265\" height=\"1580\" src=\"https:\/\/www.berti.net\/wp-content\/uploads\/berti-pavimenti-in-legno_parquet-referenze-byblos-hotel_verona_03-1.jpg\" alt=\"Gallery Image\" class=\"wp-image-11652\" loading=\"lazy\" srcset=\"https:\/\/berti.net\/wp-content\/uploads\/berti-pavimenti-in-legno_parquet-referenze-byblos-hotel_verona_03-1.jpg 1265w, https:\/\/berti.net\/wp-content\/uploads\/berti-pavimenti-in-legno_parquet-referenze-byblos-hotel_verona_03-1-650x812.jpg 650w, https:\/\/berti.net\/wp-content\/uploads\/berti-pavimenti-in-legno_parquet-referenze-byblos-hotel_verona_03-1-768x959.jpg 768w, https:\/\/berti.net\/wp-content\/uploads\/berti-pavimenti-in-legno_parquet-referenze-byblos-hotel_verona_03-1-1230x1536.jpg 1230w\" sizes=\"auto, (max-width: 1265px) 100vw, 1265px\" \/><\/a><a class=\"grid-item single-gallery-image none dg__16 tg__16 pg__12\" href=\"https:\/\/www.berti.net\/wp-content\/uploads\/berti-pavimenti-in-legno_parquet-referenze-byblos-hotel_verona_04-1.jpg\" data-pswp-width=\"1265\" data-pswp-height=\"1580\"><img decoding=\"async\" width=\"1265\" height=\"1580\" src=\"https:\/\/www.berti.net\/wp-content\/uploads\/berti-pavimenti-in-legno_parquet-referenze-byblos-hotel_verona_04-1.jpg\" alt=\"Gallery Image\" class=\"wp-image-11688\" loading=\"lazy\" srcset=\"https:\/\/berti.net\/wp-content\/uploads\/berti-pavimenti-in-legno_parquet-referenze-byblos-hotel_verona_04-1.jpg 1265w, https:\/\/berti.net\/wp-content\/uploads\/berti-pavimenti-in-legno_parquet-referenze-byblos-hotel_verona_04-1-650x812.jpg 650w, https:\/\/berti.net\/wp-content\/uploads\/berti-pavimenti-in-legno_parquet-referenze-byblos-hotel_verona_04-1-768x959.jpg 768w, https:\/\/berti.net\/wp-content\/uploads\/berti-pavimenti-in-legno_parquet-referenze-byblos-hotel_verona_04-1-1230x1536.jpg 1230w\" sizes=\"auto, (max-width: 1265px) 100vw, 1265px\" \/><\/a><\/div>\n<\/div>\n<\/div>\n\n<div class=\"wp-block-group is-style-container has-global-padding is-layout-constrained wp-block-group-is-layout-constrained\" style=\"margin-top:var(--wp--preset--spacing--60);margin-bottom:var(--wp--preset--spacing--120)\">\n<div class=\"wp-block-group is-content-justification-center is-nowrap is-layout-flex wp-container-core-group-is-layout-9193781b wp-block-group-is-layout-flex\" style=\"line-height:1\">\n<p class=\"dashicons dashicons-arrow-left-alt\" style=\"line-height:1\"><\/p>\n\n\n\n<div class=\"wp-block-buttons is-layout-flex wp-block-buttons-is-layout-flex\">\n<div class=\"wp-block-button is-style-link\"><a class=\"wp-block-button__link wp-element-button\" href=\"\/fr\/r&#xE9;f&#xE9;rences\/\">Retour aux r\u00e9f\u00e9rences<\/a><\/div>\n<\/div>\n<\/div>\n<\/div>\n\n<div class=\"wp-block-group alignwide is-style-container has-contrast-2-background-color has-background has-global-padding is-layout-constrained wp-container-core-group-is-layout-69c462cb wp-block-group-is-layout-constrained\" style=\"margin-top:0;margin-bottom:0\">\n<div class=\"wp-block-columns alignwide are-vertically-aligned-center is-layout-flex wp-container-core-columns-is-layout-e4e53ecd wp-block-columns-is-layout-flex\" style=\"margin-top:var(--wp--preset--spacing--100);margin-bottom:var(--wp--preset--spacing--100)\">\n<div class=\"wp-block-column is-layout-flow wp-block-column-is-layout-flow\" style=\"flex-basis:50%\">\n<figure class=\"wp-block-image size-full\"><img loading=\"lazy\" decoding=\"async\" width=\"1176\" height=\"1178\" src=\"https:\/\/www.berti.net\/wp-content\/uploads\/catalogo-referenze-1.png\" alt=\"\" class=\"wp-image-13452\" style=\"box-shadow:var(--wp--preset--shadow--deep)\" srcset=\"https:\/\/berti.net\/wp-content\/uploads\/catalogo-referenze-1.png 1176w, https:\/\/berti.net\/wp-content\/uploads\/catalogo-referenze-1-812x812.png 812w, https:\/\/berti.net\/wp-content\/uploads\/catalogo-referenze-1-406x406.png 406w, https:\/\/berti.net\/wp-content\/uploads\/catalogo-referenze-1-768x769.png 768w, https:\/\/berti.net\/wp-content\/uploads\/catalogo-referenze-1-300x300.png 300w, https:\/\/berti.net\/wp-content\/uploads\/catalogo-referenze-1-400x400.png 400w, https:\/\/berti.net\/wp-content\/uploads\/catalogo-referenze-1-600x600.png 600w\" sizes=\"auto, (max-width: 1176px) 100vw, 1176px\" \/><\/figure>\n<\/div>\n\n\n\n<div class=\"wp-block-column is-layout-flow wp-block-column-is-layout-flow\" style=\"flex-basis:50%\">\n<h4 class=\"wp-block-heading\" style=\"margin-top:var(--wp--preset--spacing--20);margin-bottom:var(--wp--preset--spacing--20);font-size:clamp(26.944px, 1.684rem + ((1vw - 3.2px) * 1.489), 46px);line-height:1\">D\u00e9couvrez le catalogue R\u00e9f\u00e9rences<\/h4>\n\n\n\n<p class=\"has-text-color has-body-font-family\" style=\"color:#000000;padding-right:16%;font-size:14px\">T\u00e9l\u00e9chargez le catalogue pour d\u00e9couvrir les r\u00e9f\u00e9rences Berti Pavimenti Legno.<\/p>\n\n\n\n<div class=\"wp-block-buttons is-layout-flex wp-block-buttons-is-layout-flex\" style=\"margin-top:var(--wp--preset--spacing--30)\">\n<div class=\"wp-block-button has-custom-font-size is-style-fill\" style=\"font-size:clamp(14px, 0.875rem + ((1vw - 3.2px) * 0.156), 16px);\"><a class=\"wp-block-button__link has-base-3-color has-base-background-color has-text-color has-background has-link-color wp-element-button\" href=\"https:\/\/www.berti.net\/wp-content\/uploads\/berti_pavimenti-legno_parquet_reference-profile-IT-1.pdf\" style=\"padding-top:15px;padding-right:40px;padding-bottom:15px;padding-left:40px\" target=\"_blank\" rel=\"noreferrer noopener\">T\u00c9L\u00c9CHARGER<\/a><\/div>\n<\/div>\n<\/div>\n<\/div>\n<\/div>\n","protected":false},"excerpt":{"rendered":"<p>Byblos Art Hotel Le design des designers rencontre l&rsquo;excellence du parquet Berti Au c\u0153ur des collines de Valpolicella, \u00e0 quelques kilom\u00e8tres de V\u00e9rone, se trouve le prestigieux Byblos Art Hotel Villa Amist\u00e0, une ic\u00f4ne du design et de l&rsquo;hospitalit\u00e9 de luxe. Cette villa v\u00e9nitienne du XVIe si\u00e8cle a \u00e9t\u00e9 habilement restaur\u00e9e par l&rsquo;architecte Iglis Zorzi et transform\u00e9e en une fusion [&hellip;]<\/p>\n","protected":false},"author":2,"featured_media":11743,"template":"","class_list":["post-11812","reference","type-reference","status-publish","has-post-thumbnail","hentry"],"_links":{"self":[{"href":"https:\/\/berti.net\/fr\/wp-json\/wp\/v2\/reference\/11812","targetHints":{"allow":["GET"]}}],"collection":[{"href":"https:\/\/berti.net\/fr\/wp-json\/wp\/v2\/reference"}],"about":[{"href":"https:\/\/berti.net\/fr\/wp-json\/wp\/v2\/types\/reference"}],"author":[{"embeddable":true,"href":"https:\/\/berti.net\/fr\/wp-json\/wp\/v2\/users\/2"}],"wp:featuredmedia":[{"embeddable":true,"href":"https:\/\/berti.net\/fr\/wp-json\/wp\/v2\/media\/11743"}],"wp:attachment":[{"href":"https:\/\/berti.net\/fr\/wp-json\/wp\/v2\/media?parent=11812"}],"curies":[{"name":"wp","href":"https:\/\/api.w.org\/{rel}","templated":true}]}}