{"id":11810,"date":"2024-09-13T07:43:58","date_gmt":"2024-09-13T07:43:58","guid":{"rendered":"https:\/\/www.berti.net\/references\/residence-privee-verona\/"},"modified":"2025-12-19T08:27:22","modified_gmt":"2025-12-19T08:27:22","slug":"residence-privee-verona","status":"publish","type":"reference","link":"https:\/\/berti.net\/fr\/r\u00e9f\u00e9rences\/residence-privee-verona\/","title":{"rendered":"R\u00e9sidence Priv\u00e9e &#8211; Verona"},"content":{"rendered":"\n<div class=\"wp-block-group alignfull hero-title-slider-pattern has-global-padding is-layout-constrained wp-block-group-is-layout-constrained\">\n<div class=\"wp-block-group banner-hero-content has-global-padding is-layout-constrained wp-container-core-group-is-layout-cd4cad2f wp-block-group-is-layout-constrained\" style=\"margin-top:var(--wp--preset--spacing--70);margin-bottom:var(--wp--preset--spacing--60)\">\n<div class=\"wp-block-group is-style-container has-global-padding is-layout-constrained wp-container-core-group-is-layout-a816393c wp-block-group-is-layout-constrained\">\n<h1 class=\"wp-block-heading has-text-align-center has-xxl-font-size\" style=\"margin-bottom:16px;letter-spacing:0px;line-height:1\">R\u00e9sidence Priv\u00e9e &#8211; Verona <\/h1>\n\n\n\n<h2 class=\"wp-block-heading has-m-22-font-size\" style=\"margin-top:var(--wp--preset--spacing--50)\">Une \u00e9l\u00e9gance intemporelle pour une maison de luxe<\/h2>\n\n\n\n<p>Au c\u0153ur de <strong>V\u00e9rone<\/strong>, ville d&rsquo;histoire et d&rsquo;art, se trouve cette <strong>luxueuse r\u00e9sidence priv\u00e9e<\/strong>, une habitation raffin\u00e9e dans laquelle chaque d\u00e9tail a \u00e9t\u00e9 soign\u00e9 pour rehausser la beaut\u00e9 de l&rsquo;int\u00e9rieur.<\/p>\n\n\n\n<p>Pour mettre en valeur les pi\u00e8ces, le projet n\u00e9cessitait un <strong>sol marquet\u00e9 exclusif<\/strong>, alliant design, artisanat et mat\u00e9riaux nobles. <strong>Berti Parquet<\/strong>, en collaboration avec <strong>Santo Passaia<\/strong>, a cr\u00e9\u00e9 une surface en bois d&rsquo;un grand impact, combinant un travail sur mesure et des finitions de premi\u00e8re qualit\u00e9.<\/p>\n\n\n\n<h2 class=\"wp-block-heading has-m-22-font-size\">Le projet &#8211; 65 m\u00e8tres carr\u00e9s d&rsquo;excellence artisanale<\/h2>\n\n\n\n<p>L&rsquo;\u00e9tage de cette r\u00e9sidence se distingue par un cadre distinctif et une combinaison de <strong>bois nobles<\/strong>.<\/p>\n\n\n\n<p>\u2714 <strong>Mat\u00e9riau principal<\/strong>: <strong>Teck de<\/strong> la plus haute qualit\u00e9, connu pour sa durabilit\u00e9 et son ton chaud et enveloppant.<br\/>\u2714 <strong>D\u00e9cor central<\/strong>: <strong>Motif Rizzardi<\/strong>, incrust\u00e9 d&rsquo;<strong>\u00e9rable et de ch\u00eane<\/strong>, pour un effet d\u00e9coratif sophistiqu\u00e9 et harmonieux.<br\/>\u2714 <strong>Cadre artistique<\/strong>: Le design est agr\u00e9ment\u00e9 d&rsquo;une <strong>bordure \u00e0 motif Bigli<\/strong>, alternant avec le motif <strong>Ghellini<\/strong>, cr\u00e9ant un \u00e9quilibre parfait entre le <strong>classicisme et la modernit\u00e9<\/strong>.<\/p>\n\n\n\n<p>Le r\u00e9sultat est un parquet qui devient <strong>le protagoniste de la pi\u00e8ce<\/strong>, mettant en valeur le caract\u00e8re luxueux de la r\u00e9sidence.La r\u00e9alisation &#8211; L&rsquo;artisanat et la technologie au service du design<\/p>\n<\/div>\n<\/div>\n<\/div>\n\n<div class=\"wp-block-group is-style-container has-global-padding is-layout-constrained wp-block-group-is-layout-constrained\">\n<figure class=\"wp-block-image alignfull size-large\"><img loading=\"lazy\" decoding=\"async\" width=\"1920\" height=\"1076\" src=\"https:\/\/www.berti.net\/wp-content\/uploads\/berti-pavimenti-in-legno_parquet-referenze-santo-passaia_verona_02-scaled-1-1920x1076.jpg\" alt=\"\" class=\"wp-image-11318\" srcset=\"https:\/\/berti.net\/wp-content\/uploads\/berti-pavimenti-in-legno_parquet-referenze-santo-passaia_verona_02-scaled-1-1920x1076.jpg 1920w, https:\/\/berti.net\/wp-content\/uploads\/berti-pavimenti-in-legno_parquet-referenze-santo-passaia_verona_02-scaled-1-812x455.jpg 812w, https:\/\/berti.net\/wp-content\/uploads\/berti-pavimenti-in-legno_parquet-referenze-santo-passaia_verona_02-scaled-1-768x430.jpg 768w, https:\/\/berti.net\/wp-content\/uploads\/berti-pavimenti-in-legno_parquet-referenze-santo-passaia_verona_02-scaled-1-1536x860.jpg 1536w, https:\/\/berti.net\/wp-content\/uploads\/berti-pavimenti-in-legno_parquet-referenze-santo-passaia_verona_02-scaled-1-2048x1147.jpg 2048w\" sizes=\"auto, (max-width: 1920px) 100vw, 1920px\" \/><\/figure>\n<\/div>\n\n<div class=\"wp-block-group banner-hero-content has-global-padding is-layout-constrained wp-container-core-group-is-layout-b09daadc wp-block-group-is-layout-constrained\" style=\"margin-top:var(--wp--preset--spacing--30);margin-bottom:var(--wp--preset--spacing--60)\">\n<div class=\"wp-block-group is-style-container has-global-padding is-layout-constrained wp-container-core-group-is-layout-a816393c wp-block-group-is-layout-constrained\">\n<h2 class=\"wp-block-heading has-m-22-font-size\">L&rsquo;artisanat et la technologie au service du design<\/h2>\n\n\n\n<p>La conception et la pose du parquet ont n\u00e9cessit\u00e9 une <strong>extr\u00eame pr\u00e9cision<\/strong>, avec une attention particuli\u00e8re \u00e0 la continuit\u00e9 des d\u00e9cors et \u00e0 l&rsquo;int\u00e9gration parfaite \u00e0 l&rsquo;int\u00e9rieur.<\/p>\n\n\n\n<p><strong>Les \u00e9tapes de la transformation :<\/strong><\/p>\n\n\n\n<ol class=\"wp-block-list\">\n<li><strong>\u00c9tude de conception<\/strong>: d\u00e9finition de l&rsquo;agencement et s\u00e9lection des mat\u00e9riaux pour garantir le plus haut niveau d&rsquo;esth\u00e9tique et de fonctionnalit\u00e9.<\/li>\n\n\n\n<li><strong>D\u00e9coupe et incrustation<\/strong> au laser : gr\u00e2ce \u00e0 la technologie laser, Berti a r\u00e9alis\u00e9 des incrustations parfaites avec des d\u00e9tails minutieux.<\/li>\n\n\n\n<li><strong>Pose artisanale<\/strong>: le parquet a \u00e9t\u00e9 pos\u00e9 selon des m\u00e9thodes traditionnelles, en respectant le calepinage con\u00e7u pour mettre en valeur chaque \u00e9l\u00e9ment d\u00e9coratif.<\/li>\n\n\n\n<li><strong>Finition et protection<\/strong>: le sol a \u00e9t\u00e9 trait\u00e9 avec des <strong>vernis naturels et des huiles protectrices<\/strong> pour pr\u00e9server son \u00e9l\u00e9gance et sa durabilit\u00e9.<\/li>\n<\/ol>\n\n\n\n<h2 class=\"wp-block-heading has-m-22-font-size\">Un parquet qui d\u00e9finit le style de la r\u00e9sidence<\/h2>\n\n\n\n<p>Le travail r\u00e9alis\u00e9 par <strong>Berti Parquet<\/strong> pour cette r\u00e9sidence priv\u00e9e \u00e0 V\u00e9rone n&rsquo;est pas seulement un \u00e9l\u00e9ment architectural, mais un v\u00e9ritable <strong>chef-d&rsquo;\u0153uvre d&rsquo;artisanat.<\/strong><\/p>\n\n\n\n<p>La combinaison d&rsquo;<strong>essences de bois exclusives<\/strong>, le soin des d\u00e9tails et l&rsquo;\u00e9quilibre des motifs d\u00e9coratifs font de ce parquet <strong>un \u00e9l\u00e9ment prestigieux<\/strong>, capable de transformer la pi\u00e8ce en une ic\u00f4ne de <strong>luxe et de raffinement<\/strong>.<\/p>\n<\/div>\n<\/div>\n\n<div class=\"wp-block-group is-style-container has-global-padding is-layout-constrained wp-block-group-is-layout-constrained\">\n<div class=\"thom-isotope-gallery-wrapper wp-block-wpe-thom-masonry-gallery-block\">\n\t\n<div class=\"wp-block-wpe-thom-masonry-gallery-block isotope-gallery grid lightbox dc__3 tc__2 pc__1 dg__16 tg__16 pg__12\" id=\"21449677\" data-id=\"21449677\"><div class=\"grid-sizer\"><\/div><div class=\"gutter-sizer\"><\/div><a class=\"grid-item single-gallery-image none dg__16 tg__16 pg__12\" href=\"https:\/\/www.berti.net\/wp-content\/uploads\/berti-pavimenti-in-legno_parquet-referenze-santo-passaia_verona_03.jpg\" data-pswp-width=\"1265\" data-pswp-height=\"1580\"><img decoding=\"async\" width=\"1265\" height=\"1580\" src=\"https:\/\/www.berti.net\/wp-content\/uploads\/berti-pavimenti-in-legno_parquet-referenze-santo-passaia_verona_03.jpg\" alt=\"Gallery Image\" class=\"wp-image-11324\" loading=\"lazy\" srcset=\"https:\/\/berti.net\/wp-content\/uploads\/berti-pavimenti-in-legno_parquet-referenze-santo-passaia_verona_03.jpg 1265w, https:\/\/berti.net\/wp-content\/uploads\/berti-pavimenti-in-legno_parquet-referenze-santo-passaia_verona_03-650x812.jpg 650w, https:\/\/berti.net\/wp-content\/uploads\/berti-pavimenti-in-legno_parquet-referenze-santo-passaia_verona_03-768x959.jpg 768w, https:\/\/berti.net\/wp-content\/uploads\/berti-pavimenti-in-legno_parquet-referenze-santo-passaia_verona_03-1230x1536.jpg 1230w\" sizes=\"auto, (max-width: 1265px) 100vw, 1265px\" \/><\/a><a class=\"grid-item single-gallery-image none dg__16 tg__16 pg__12\" href=\"https:\/\/www.berti.net\/wp-content\/uploads\/berti-pavimenti-in-legno_parquet-referenze-santo-passaia_verona_04.jpg\" data-pswp-width=\"1265\" data-pswp-height=\"1580\"><img decoding=\"async\" width=\"1265\" height=\"1580\" src=\"https:\/\/www.berti.net\/wp-content\/uploads\/berti-pavimenti-in-legno_parquet-referenze-santo-passaia_verona_04.jpg\" alt=\"Gallery Image\" class=\"wp-image-11327\" loading=\"lazy\" srcset=\"https:\/\/berti.net\/wp-content\/uploads\/berti-pavimenti-in-legno_parquet-referenze-santo-passaia_verona_04.jpg 1265w, https:\/\/berti.net\/wp-content\/uploads\/berti-pavimenti-in-legno_parquet-referenze-santo-passaia_verona_04-650x812.jpg 650w, https:\/\/berti.net\/wp-content\/uploads\/berti-pavimenti-in-legno_parquet-referenze-santo-passaia_verona_04-768x959.jpg 768w, https:\/\/berti.net\/wp-content\/uploads\/berti-pavimenti-in-legno_parquet-referenze-santo-passaia_verona_04-1230x1536.jpg 1230w\" sizes=\"auto, (max-width: 1265px) 100vw, 1265px\" \/><\/a><a class=\"grid-item single-gallery-image none dg__16 tg__16 pg__12\" href=\"https:\/\/www.berti.net\/wp-content\/uploads\/berti-pavimenti-in-legno_parquet-referenze-santo-passaia_verona_01-scaled-1.jpg\" data-pswp-width=\"2560\" data-pswp-height=\"1434\"><img decoding=\"async\" width=\"2560\" height=\"1434\" src=\"https:\/\/www.berti.net\/wp-content\/uploads\/berti-pavimenti-in-legno_parquet-referenze-santo-passaia_verona_01-scaled-1.jpg\" alt=\"Gallery Image\" class=\"wp-image-11321\" loading=\"lazy\" srcset=\"https:\/\/berti.net\/wp-content\/uploads\/berti-pavimenti-in-legno_parquet-referenze-santo-passaia_verona_01-scaled-1.jpg 2560w, https:\/\/berti.net\/wp-content\/uploads\/berti-pavimenti-in-legno_parquet-referenze-santo-passaia_verona_01-scaled-1-812x455.jpg 812w, https:\/\/berti.net\/wp-content\/uploads\/berti-pavimenti-in-legno_parquet-referenze-santo-passaia_verona_01-scaled-1-1920x1076.jpg 1920w, https:\/\/berti.net\/wp-content\/uploads\/berti-pavimenti-in-legno_parquet-referenze-santo-passaia_verona_01-scaled-1-768x430.jpg 768w, https:\/\/berti.net\/wp-content\/uploads\/berti-pavimenti-in-legno_parquet-referenze-santo-passaia_verona_01-scaled-1-1536x860.jpg 1536w, https:\/\/berti.net\/wp-content\/uploads\/berti-pavimenti-in-legno_parquet-referenze-santo-passaia_verona_01-scaled-1-2048x1147.jpg 2048w\" sizes=\"auto, (max-width: 2560px) 100vw, 2560px\" \/><\/a><a class=\"grid-item single-gallery-image none dg__16 tg__16 pg__12\" href=\"https:\/\/www.berti.net\/wp-content\/uploads\/berti-pavimenti-in-legno_parquet-referenze-santo-passaia_verona_07.jpg\" data-pswp-width=\"1265\" data-pswp-height=\"1580\"><img decoding=\"async\" width=\"1265\" height=\"1580\" src=\"https:\/\/www.berti.net\/wp-content\/uploads\/berti-pavimenti-in-legno_parquet-referenze-santo-passaia_verona_07.jpg\" alt=\"Gallery Image\" class=\"wp-image-11330\" loading=\"lazy\" srcset=\"https:\/\/berti.net\/wp-content\/uploads\/berti-pavimenti-in-legno_parquet-referenze-santo-passaia_verona_07.jpg 1265w, https:\/\/berti.net\/wp-content\/uploads\/berti-pavimenti-in-legno_parquet-referenze-santo-passaia_verona_07-650x812.jpg 650w, https:\/\/berti.net\/wp-content\/uploads\/berti-pavimenti-in-legno_parquet-referenze-santo-passaia_verona_07-768x959.jpg 768w, https:\/\/berti.net\/wp-content\/uploads\/berti-pavimenti-in-legno_parquet-referenze-santo-passaia_verona_07-1230x1536.jpg 1230w\" sizes=\"auto, (max-width: 1265px) 100vw, 1265px\" \/><\/a><a class=\"grid-item single-gallery-image none dg__16 tg__16 pg__12\" href=\"https:\/\/www.berti.net\/wp-content\/uploads\/berti-pavimenti-in-legno_parquet-referenze-santo-passaia_verona_06.jpg\" data-pswp-width=\"1265\" data-pswp-height=\"1580\"><img decoding=\"async\" width=\"1265\" height=\"1580\" src=\"https:\/\/www.berti.net\/wp-content\/uploads\/berti-pavimenti-in-legno_parquet-referenze-santo-passaia_verona_06.jpg\" alt=\"Gallery Image\" class=\"wp-image-11333\" loading=\"lazy\" srcset=\"https:\/\/berti.net\/wp-content\/uploads\/berti-pavimenti-in-legno_parquet-referenze-santo-passaia_verona_06.jpg 1265w, https:\/\/berti.net\/wp-content\/uploads\/berti-pavimenti-in-legno_parquet-referenze-santo-passaia_verona_06-650x812.jpg 650w, https:\/\/berti.net\/wp-content\/uploads\/berti-pavimenti-in-legno_parquet-referenze-santo-passaia_verona_06-768x959.jpg 768w, https:\/\/berti.net\/wp-content\/uploads\/berti-pavimenti-in-legno_parquet-referenze-santo-passaia_verona_06-1230x1536.jpg 1230w\" sizes=\"auto, (max-width: 1265px) 100vw, 1265px\" \/><\/a><a class=\"grid-item single-gallery-image none dg__16 tg__16 pg__12\" href=\"https:\/\/www.berti.net\/wp-content\/uploads\/berti-pavimenti-in-legno_parquet-referenze-santo-passaia_verona_05.jpg\" data-pswp-width=\"1265\" data-pswp-height=\"1580\"><img decoding=\"async\" width=\"1265\" height=\"1580\" src=\"https:\/\/www.berti.net\/wp-content\/uploads\/berti-pavimenti-in-legno_parquet-referenze-santo-passaia_verona_05.jpg\" alt=\"Gallery Image\" class=\"wp-image-11336\" loading=\"lazy\" srcset=\"https:\/\/berti.net\/wp-content\/uploads\/berti-pavimenti-in-legno_parquet-referenze-santo-passaia_verona_05.jpg 1265w, https:\/\/berti.net\/wp-content\/uploads\/berti-pavimenti-in-legno_parquet-referenze-santo-passaia_verona_05-650x812.jpg 650w, https:\/\/berti.net\/wp-content\/uploads\/berti-pavimenti-in-legno_parquet-referenze-santo-passaia_verona_05-768x959.jpg 768w, https:\/\/berti.net\/wp-content\/uploads\/berti-pavimenti-in-legno_parquet-referenze-santo-passaia_verona_05-1230x1536.jpg 1230w\" sizes=\"auto, (max-width: 1265px) 100vw, 1265px\" \/><\/a><\/div>\n<\/div>\n<\/div>\n\n<div class=\"wp-block-group is-style-container has-global-padding is-layout-constrained wp-block-group-is-layout-constrained\" style=\"margin-top:var(--wp--preset--spacing--60);margin-bottom:var(--wp--preset--spacing--120)\">\n<div class=\"wp-block-group is-content-justification-center is-nowrap is-layout-flex wp-container-core-group-is-layout-9193781b wp-block-group-is-layout-flex\" style=\"line-height:1\">\n<p class=\"dashicons dashicons-arrow-left-alt\" style=\"line-height:1\"><\/p>\n\n\n\n<div class=\"wp-block-buttons is-layout-flex wp-block-buttons-is-layout-flex\">\n<div class=\"wp-block-button is-style-link\"><a class=\"wp-block-button__link wp-element-button\" href=\"\/fr\/r&#xE9;f&#xE9;rences\/\">Retour aux r\u00e9f\u00e9rences<\/a><\/div>\n<\/div>\n<\/div>\n<\/div>\n\n<div class=\"wp-block-group alignwide is-style-container has-contrast-2-background-color has-background has-global-padding is-layout-constrained wp-container-core-group-is-layout-69c462cb wp-block-group-is-layout-constrained\" style=\"margin-top:0;margin-bottom:0\">\n<div class=\"wp-block-columns alignwide are-vertically-aligned-center is-layout-flex wp-container-core-columns-is-layout-e4e53ecd wp-block-columns-is-layout-flex\" style=\"margin-top:var(--wp--preset--spacing--100);margin-bottom:var(--wp--preset--spacing--100)\">\n<div class=\"wp-block-column is-layout-flow wp-block-column-is-layout-flow\" style=\"flex-basis:50%\">\n<figure class=\"wp-block-image size-full\"><img loading=\"lazy\" decoding=\"async\" width=\"1176\" height=\"1178\" src=\"https:\/\/www.berti.net\/wp-content\/uploads\/catalogo-referenze-1.png\" alt=\"\" class=\"wp-image-13452\" style=\"box-shadow:var(--wp--preset--shadow--deep)\" srcset=\"https:\/\/berti.net\/wp-content\/uploads\/catalogo-referenze-1.png 1176w, https:\/\/berti.net\/wp-content\/uploads\/catalogo-referenze-1-812x812.png 812w, https:\/\/berti.net\/wp-content\/uploads\/catalogo-referenze-1-406x406.png 406w, https:\/\/berti.net\/wp-content\/uploads\/catalogo-referenze-1-768x769.png 768w, https:\/\/berti.net\/wp-content\/uploads\/catalogo-referenze-1-300x300.png 300w, https:\/\/berti.net\/wp-content\/uploads\/catalogo-referenze-1-400x400.png 400w, https:\/\/berti.net\/wp-content\/uploads\/catalogo-referenze-1-600x600.png 600w\" sizes=\"auto, (max-width: 1176px) 100vw, 1176px\" \/><\/figure>\n<\/div>\n\n\n\n<div class=\"wp-block-column is-layout-flow wp-block-column-is-layout-flow\" style=\"flex-basis:50%\">\n<h4 class=\"wp-block-heading\" style=\"margin-top:var(--wp--preset--spacing--20);margin-bottom:var(--wp--preset--spacing--20);font-size:clamp(26.944px, 1.684rem + ((1vw - 3.2px) * 1.489), 46px);line-height:1\">D\u00e9couvrez le catalogue R\u00e9f\u00e9rences<\/h4>\n\n\n\n<p class=\"has-text-color has-body-font-family\" style=\"color:#000000;padding-right:16%;font-size:14px\">T\u00e9l\u00e9chargez le catalogue pour d\u00e9couvrir les r\u00e9f\u00e9rences Berti Pavimenti Legno.<\/p>\n\n\n\n<div class=\"wp-block-buttons is-layout-flex wp-block-buttons-is-layout-flex\" style=\"margin-top:var(--wp--preset--spacing--30)\">\n<div class=\"wp-block-button has-custom-font-size is-style-fill\" style=\"font-size:clamp(14px, 0.875rem + ((1vw - 3.2px) * 0.156), 16px);\"><a class=\"wp-block-button__link has-base-3-color has-base-background-color has-text-color has-background has-link-color wp-element-button\" href=\"https:\/\/www.berti.net\/wp-content\/uploads\/berti_pavimenti-legno_parquet_reference-profile-IT-1.pdf\" style=\"padding-top:15px;padding-right:40px;padding-bottom:15px;padding-left:40px\" target=\"_blank\" rel=\"noreferrer noopener\">T\u00c9L\u00c9CHARGER<\/a><\/div>\n<\/div>\n<\/div>\n<\/div>\n<\/div>\n","protected":false},"excerpt":{"rendered":"<p>R\u00e9sidence Priv\u00e9e &#8211; Verona Une \u00e9l\u00e9gance intemporelle pour une maison de luxe Au c\u0153ur de V\u00e9rone, ville d&rsquo;histoire et d&rsquo;art, se trouve cette luxueuse r\u00e9sidence priv\u00e9e, une habitation raffin\u00e9e dans laquelle chaque d\u00e9tail a \u00e9t\u00e9 soign\u00e9 pour rehausser la beaut\u00e9 de l&rsquo;int\u00e9rieur. Pour mettre en valeur les pi\u00e8ces, le projet n\u00e9cessitait un sol marquet\u00e9 exclusif, alliant design, artisanat et mat\u00e9riaux [&hellip;]<\/p>\n","protected":false},"author":2,"featured_media":11317,"template":"","class_list":["post-11810","reference","type-reference","status-publish","has-post-thumbnail","hentry"],"_links":{"self":[{"href":"https:\/\/berti.net\/fr\/wp-json\/wp\/v2\/reference\/11810","targetHints":{"allow":["GET"]}}],"collection":[{"href":"https:\/\/berti.net\/fr\/wp-json\/wp\/v2\/reference"}],"about":[{"href":"https:\/\/berti.net\/fr\/wp-json\/wp\/v2\/types\/reference"}],"author":[{"embeddable":true,"href":"https:\/\/berti.net\/fr\/wp-json\/wp\/v2\/users\/2"}],"wp:featuredmedia":[{"embeddable":true,"href":"https:\/\/berti.net\/fr\/wp-json\/wp\/v2\/media\/11317"}],"wp:attachment":[{"href":"https:\/\/berti.net\/fr\/wp-json\/wp\/v2\/media?parent=11810"}],"curies":[{"name":"wp","href":"https:\/\/api.w.org\/{rel}","templated":true}]}}