{"id":11808,"date":"2024-09-13T07:42:48","date_gmt":"2024-09-13T07:42:48","guid":{"rendered":"https:\/\/www.berti.net\/references\/marcel-wanders\/"},"modified":"2025-06-06T12:26:26","modified_gmt":"2025-06-06T12:26:26","slug":"marcel-wanders","status":"publish","type":"reference","link":"https:\/\/berti.net\/fr\/r\u00e9f\u00e9rences\/marcel-wanders\/","title":{"rendered":"Marcel Wanders"},"content":{"rendered":"\n<div class=\"wp-block-group alignfull hero-title-slider-pattern has-global-padding is-layout-constrained wp-block-group-is-layout-constrained\">\n<div class=\"wp-block-group banner-hero-content has-global-padding is-layout-constrained wp-container-core-group-is-layout-cd4cad2f wp-block-group-is-layout-constrained\" style=\"margin-top:var(--wp--preset--spacing--70);margin-bottom:var(--wp--preset--spacing--60)\">\n<div class=\"wp-block-group is-style-container has-global-padding is-layout-constrained wp-container-core-group-is-layout-a816393c wp-block-group-is-layout-constrained\">\n<h1 class=\"wp-block-heading has-text-align-center has-xxl-font-size\" style=\"margin-bottom:16px;letter-spacing:0px;line-height:1\">Marcel Wanders<\/h1>\n\n\n\n<h2 class=\"wp-block-heading has-m-22-font-size\" style=\"margin-top:var(--wp--preset--spacing--50)\">Quand le design rencontre l&rsquo;art de la parqueterie<\/h2>\n\n\n\n<p>Le c\u00e9l\u00e8bre designer <strong>Marcel Wanders<\/strong>, connu pour sa vision artistique et ses collaborations avec des marques embl\u00e9matiques telles que <strong>Louis Vuitton, Alessi, Roche Bobois et Moooi<\/strong>, a choisi <strong>Berti Pavimenti<\/strong> pour le parquet marquet\u00e9 de sa <strong>r\u00e9sidence priv\u00e9e \u00e0 Amsterdam<\/strong>.<\/p>\n\n\n\n<p>Connu pour son style \u00e9clectique, Wanders fusionne des \u00e9l\u00e9ments de <strong>design contemporain et de classicisme ornemental<\/strong> dans son travail, cr\u00e9ant des environnements qui \u00e9voquent des \u00e9motions et racontent des histoires. Dans le cadre de cette collaboration, l&rsquo;objectif \u00e9tait de transformer le sol en un <strong>\u00e9l\u00e9ment d\u00e9coratif exclusif<\/strong>, expression d&rsquo;un \u00e9quilibre parfait entre l&rsquo;art et l&rsquo;artisanat. <\/p>\n\n\n\n<h2 class=\"wp-block-heading has-m-22-font-size\">Le choix de Berti Flooring &#8211; Pr\u00e9cision et cr\u00e9ativit\u00e9<\/h2>\n\n\n\n<p>Pour un projet aussi ambitieux, Marcel Wanders souhaitait un sol qui exprime au mieux son concept de <strong>\u00a0\u00bbromantisme contemporain\u00a0\u00bb,<\/strong> avec des incrustations d\u00e9licates et des motifs d\u00e9coratifs uniques.<\/p>\n\n\n\n<p>\u2714 <strong>Design sur mesure<\/strong>: chaque d\u00e9tail du parquet a \u00e9t\u00e9 con\u00e7u pour s&rsquo;harmoniser avec le d\u00e9cor et l&rsquo;atmosph\u00e8re de la r\u00e9sidence.<br\/>\u2714 <strong>Technologie laser et artisanat<\/strong>: la technique d&rsquo;incrustation <strong>d\u00e9coup\u00e9e au laser<\/strong> a permis d&rsquo;atteindre une pr\u00e9cision absolue dans les formes et les motifs d\u00e9coratifs.<br\/>\u2714 <strong>Mat\u00e9riaux pr\u00e9cieux<\/strong>: le parquet a \u00e9t\u00e9 r\u00e9alis\u00e9 \u00e0 partir d&rsquo;une s\u00e9lection d&rsquo;<strong>essences de bois de haute qualit\u00e9<\/strong>, trait\u00e9es avec des finitions sophistiqu\u00e9es pour mettre en valeur la texture naturelle du bois.<br\/>\u2714 <strong>Un sol unique<\/strong>: la combinaison de <strong>techniques traditionnelles et d&rsquo;innovation<\/strong> a permis de cr\u00e9er une \u0153uvre d&rsquo;art praticable, en parfaite ad\u00e9quation avec la vision de Wanders.<\/p>\n<\/div>\n<\/div>\n<\/div>\n\n<div class=\"wp-block-group is-style-container has-global-padding is-layout-constrained wp-block-group-is-layout-constrained\">\n<div class=\"thom-isotope-gallery-wrapper wp-block-wpe-thom-masonry-gallery-block\">\n\t\n<div class=\"wp-block-wpe-thom-masonry-gallery-block isotope-gallery grid lightbox dc__3 tc__2 pc__1 dg__16 tg__16 pg__12\" id=\"99d203f7\" data-id=\"99d203f7\"><div class=\"grid-sizer\"><\/div><div class=\"gutter-sizer\"><\/div><a class=\"grid-item single-gallery-image none dg__16 tg__16 pg__12\" href=\"https:\/\/www.berti.net\/wp-content\/uploads\/berti-pavimenti-in-legno_parquet-referenze-marcel-wanders_amsterdam_03.jpg\" data-pswp-width=\"1265\" data-pswp-height=\"1580\"><img decoding=\"async\" width=\"1265\" height=\"1580\" src=\"https:\/\/www.berti.net\/wp-content\/uploads\/berti-pavimenti-in-legno_parquet-referenze-marcel-wanders_amsterdam_03.jpg\" alt=\"Gallery Image\" class=\"wp-image-11303\" loading=\"lazy\" srcset=\"https:\/\/berti.net\/wp-content\/uploads\/berti-pavimenti-in-legno_parquet-referenze-marcel-wanders_amsterdam_03.jpg 1265w, https:\/\/berti.net\/wp-content\/uploads\/berti-pavimenti-in-legno_parquet-referenze-marcel-wanders_amsterdam_03-650x812.jpg 650w, https:\/\/berti.net\/wp-content\/uploads\/berti-pavimenti-in-legno_parquet-referenze-marcel-wanders_amsterdam_03-768x959.jpg 768w, https:\/\/berti.net\/wp-content\/uploads\/berti-pavimenti-in-legno_parquet-referenze-marcel-wanders_amsterdam_03-1230x1536.jpg 1230w\" sizes=\"auto, (max-width: 1265px) 100vw, 1265px\" \/><\/a><a class=\"grid-item single-gallery-image none dg__16 tg__16 pg__12\" href=\"https:\/\/www.berti.net\/wp-content\/uploads\/berti-pavimenti-in-legno_parquet-referenze-marcel-wanders_amsterdam_02.jpg\" data-pswp-width=\"1265\" data-pswp-height=\"1580\"><img decoding=\"async\" width=\"1265\" height=\"1580\" src=\"https:\/\/www.berti.net\/wp-content\/uploads\/berti-pavimenti-in-legno_parquet-referenze-marcel-wanders_amsterdam_02.jpg\" alt=\"Gallery Image\" class=\"wp-image-11306\" loading=\"lazy\" srcset=\"https:\/\/berti.net\/wp-content\/uploads\/berti-pavimenti-in-legno_parquet-referenze-marcel-wanders_amsterdam_02.jpg 1265w, https:\/\/berti.net\/wp-content\/uploads\/berti-pavimenti-in-legno_parquet-referenze-marcel-wanders_amsterdam_02-650x812.jpg 650w, https:\/\/berti.net\/wp-content\/uploads\/berti-pavimenti-in-legno_parquet-referenze-marcel-wanders_amsterdam_02-768x959.jpg 768w, https:\/\/berti.net\/wp-content\/uploads\/berti-pavimenti-in-legno_parquet-referenze-marcel-wanders_amsterdam_02-1230x1536.jpg 1230w\" sizes=\"auto, (max-width: 1265px) 100vw, 1265px\" \/><\/a><a class=\"grid-item single-gallery-image none dg__16 tg__16 pg__12\" href=\"https:\/\/www.berti.net\/wp-content\/uploads\/berti-pavimenti-in-legno_parquet-referenze-marcel-wanders_amsterdam_01.jpg\" data-pswp-width=\"1265\" data-pswp-height=\"1580\"><img decoding=\"async\" width=\"1265\" height=\"1580\" src=\"https:\/\/www.berti.net\/wp-content\/uploads\/berti-pavimenti-in-legno_parquet-referenze-marcel-wanders_amsterdam_01.jpg\" alt=\"Gallery Image\" class=\"wp-image-11309\" loading=\"lazy\" srcset=\"https:\/\/berti.net\/wp-content\/uploads\/berti-pavimenti-in-legno_parquet-referenze-marcel-wanders_amsterdam_01.jpg 1265w, https:\/\/berti.net\/wp-content\/uploads\/berti-pavimenti-in-legno_parquet-referenze-marcel-wanders_amsterdam_01-650x812.jpg 650w, https:\/\/berti.net\/wp-content\/uploads\/berti-pavimenti-in-legno_parquet-referenze-marcel-wanders_amsterdam_01-768x959.jpg 768w, https:\/\/berti.net\/wp-content\/uploads\/berti-pavimenti-in-legno_parquet-referenze-marcel-wanders_amsterdam_01-1230x1536.jpg 1230w\" sizes=\"auto, (max-width: 1265px) 100vw, 1265px\" \/><\/a><\/div>\n<\/div>\n<\/div>\n\n<div class=\"wp-block-group banner-hero-content has-global-padding is-layout-constrained wp-container-core-group-is-layout-b09daadc wp-block-group-is-layout-constrained\" style=\"margin-top:var(--wp--preset--spacing--30);margin-bottom:var(--wp--preset--spacing--60)\">\n<div class=\"wp-block-group is-style-container has-global-padding is-layout-constrained wp-container-core-group-is-layout-a816393c wp-block-group-is-layout-constrained\">\n<h2 class=\"wp-block-heading has-m-22-font-size\">L&rsquo;installation &#8211; Un projet de pr\u00e9cision et d&rsquo;artisanat<\/h2>\n\n\n\n<p>Le sol con\u00e7u pour la r\u00e9sidence de Marcel Wanders se caract\u00e9rise par des <strong>lignes sinueuses, des d\u00e9tails incrust\u00e9s et des contrastes de couleurs raffin\u00e9s<\/strong>, alliant luxe et fonctionnalit\u00e9. L&rsquo;installation a n\u00e9cessit\u00e9 une grande pr\u00e9cision pour assurer la <strong>continuit\u00e9 et l&rsquo;harmonie du design sur toute la surface<\/strong>. <\/p>\n\n\n\n<p><strong>Les \u00e9tapes de la transformation :<\/strong><\/p>\n\n\n\n<ol class=\"wp-block-list\">\n<li>Conception <strong>d\u00e9taill\u00e9e<\/strong>: Wanders et l&rsquo;\u00e9quipe Berti ont collabor\u00e9 \u00e0 la conception, au choix des mat\u00e9riaux et des finitions.<\/li>\n\n\n\n<li><strong>D\u00e9coupe laser de haute pr\u00e9cision<\/strong>: cette technologie a permis de r\u00e9aliser des incrustations complexes avec un ajustement parfait entre les \u00e9l\u00e9ments en bois.<\/li>\n\n\n\n<li>Pose <strong>artisanale<\/strong>: le parquet a \u00e9t\u00e9 pos\u00e9 avec le plus grand soin afin de pr\u00e9server l&rsquo;int\u00e9grit\u00e9 artistique du projet.<\/li>\n\n\n\n<li><strong>Finitions personnalis\u00e9es<\/strong>: la derni\u00e8re \u00e9tape consiste \u00e0 peindre et \u00e0 polir pour mettre en valeur la beaut\u00e9 naturelle du bois.<\/li>\n<\/ol>\n\n\n\n<p>Le r\u00e9sultat ?  <strong>Un sol \u00e0 fort impact visuel, capable de transformer l&rsquo;espace en une \u0153uvre d&rsquo;art vivante.<\/strong><\/p>\n\n\n\n<h2 class=\"wp-block-heading has-m-22-font-size\">Un projet de luxe c\u00e9l\u00e9brant l&rsquo;artisanat italien<\/h2>\n\n\n\n<p>Cette collaboration entre <strong>Marcel Wanders et Berti Pavimenti<\/strong> est un parfait exemple de la fa\u00e7on dont <strong>le design d&rsquo;auteur peut dialoguer avec l&rsquo;artisanat italien traditionnel.<\/strong><\/p>\n\n\n\n<p>L&rsquo;attention port\u00e9e aux d\u00e9tails, le soin apport\u00e9 au choix des mat\u00e9riaux et l&rsquo;utilisation de <strong>technologies de pointe<\/strong> ont fait de ce projet une r\u00e9f\u00e9rence dans le domaine des <strong>rev\u00eatements de sol de luxe et du design personnalis\u00e9.<\/strong><\/p>\n<\/div>\n<\/div>\n\n<div class=\"wp-block-group is-style-container has-global-padding is-layout-constrained wp-block-group-is-layout-constrained\" style=\"margin-top:var(--wp--preset--spacing--60);margin-bottom:var(--wp--preset--spacing--120)\">\n<div class=\"wp-block-group is-content-justification-center is-nowrap is-layout-flex wp-container-core-group-is-layout-9193781b wp-block-group-is-layout-flex\" style=\"line-height:1\">\n<p class=\"dashicons dashicons-arrow-left-alt\" style=\"line-height:1\"><\/p>\n\n\n\n<div class=\"wp-block-buttons is-layout-flex wp-block-buttons-is-layout-flex\">\n<div class=\"wp-block-button is-style-link\"><a class=\"wp-block-button__link wp-element-button\" href=\"\/fr\/r&#xE9;f&#xE9;rences\/\">Retour aux r\u00e9f\u00e9rences<\/a><\/div>\n<\/div>\n<\/div>\n<\/div>\n\n<div class=\"wp-block-group alignwide is-style-container has-contrast-2-background-color has-background has-global-padding is-layout-constrained wp-container-core-group-is-layout-69c462cb wp-block-group-is-layout-constrained\" style=\"margin-top:0;margin-bottom:0\">\n<div class=\"wp-block-columns alignwide are-vertically-aligned-center is-layout-flex wp-container-core-columns-is-layout-e4e53ecd wp-block-columns-is-layout-flex\" style=\"margin-top:var(--wp--preset--spacing--100);margin-bottom:var(--wp--preset--spacing--100)\">\n<div class=\"wp-block-column is-layout-flow wp-block-column-is-layout-flow\" style=\"flex-basis:50%\">\n<figure class=\"wp-block-image size-full\"><img loading=\"lazy\" decoding=\"async\" width=\"1176\" height=\"1178\" src=\"https:\/\/www.berti.net\/wp-content\/uploads\/catalogo-referenze-1.png\" alt=\"\" class=\"wp-image-13452\" style=\"box-shadow:var(--wp--preset--shadow--deep)\" srcset=\"https:\/\/berti.net\/wp-content\/uploads\/catalogo-referenze-1.png 1176w, https:\/\/berti.net\/wp-content\/uploads\/catalogo-referenze-1-812x812.png 812w, https:\/\/berti.net\/wp-content\/uploads\/catalogo-referenze-1-406x406.png 406w, https:\/\/berti.net\/wp-content\/uploads\/catalogo-referenze-1-768x769.png 768w, https:\/\/berti.net\/wp-content\/uploads\/catalogo-referenze-1-300x300.png 300w, https:\/\/berti.net\/wp-content\/uploads\/catalogo-referenze-1-400x400.png 400w, https:\/\/berti.net\/wp-content\/uploads\/catalogo-referenze-1-600x600.png 600w\" sizes=\"auto, (max-width: 1176px) 100vw, 1176px\" \/><\/figure>\n<\/div>\n\n\n\n<div class=\"wp-block-column is-layout-flow wp-block-column-is-layout-flow\" style=\"flex-basis:50%\">\n<h4 class=\"wp-block-heading\" style=\"margin-top:var(--wp--preset--spacing--20);margin-bottom:var(--wp--preset--spacing--20);font-size:clamp(26.944px, 1.684rem + ((1vw - 3.2px) * 1.489), 46px);line-height:1\">D\u00e9couvrez le catalogue R\u00e9f\u00e9rences<\/h4>\n\n\n\n<p class=\"has-text-color has-body-font-family\" style=\"color:#000000;padding-right:16%;font-size:14px\">T\u00e9l\u00e9chargez le catalogue pour d\u00e9couvrir les r\u00e9f\u00e9rences Berti Pavimenti Legno.<\/p>\n\n\n\n<div class=\"wp-block-buttons is-layout-flex wp-block-buttons-is-layout-flex\" style=\"margin-top:var(--wp--preset--spacing--30)\">\n<div class=\"wp-block-button has-custom-font-size is-style-fill\" style=\"font-size:clamp(14px, 0.875rem + ((1vw - 3.2px) * 0.156), 16px);\"><a class=\"wp-block-button__link has-base-3-color has-base-background-color has-text-color has-background has-link-color wp-element-button\" href=\"https:\/\/www.berti.net\/wp-content\/uploads\/berti_pavimenti-legno_parquet_reference-profile-IT-1.pdf\" style=\"padding-top:15px;padding-right:40px;padding-bottom:15px;padding-left:40px\" target=\"_blank\" rel=\"noreferrer noopener\">T\u00c9L\u00c9CHARGER<\/a><\/div>\n<\/div>\n<\/div>\n<\/div>\n<\/div>\n","protected":false},"excerpt":{"rendered":"<p>Marcel Wanders Quand le design rencontre l&rsquo;art de la parqueterie Le c\u00e9l\u00e8bre designer Marcel Wanders, connu pour sa vision artistique et ses collaborations avec des marques embl\u00e9matiques telles que Louis Vuitton, Alessi, Roche Bobois et Moooi, a choisi Berti Pavimenti pour le parquet marquet\u00e9 de sa r\u00e9sidence priv\u00e9e \u00e0 Amsterdam. Connu pour son style \u00e9clectique, Wanders fusionne des \u00e9l\u00e9ments de [&hellip;]<\/p>\n","protected":false},"author":2,"featured_media":1385,"template":"","class_list":["post-11808","reference","type-reference","status-publish","has-post-thumbnail","hentry"],"_links":{"self":[{"href":"https:\/\/berti.net\/fr\/wp-json\/wp\/v2\/reference\/11808","targetHints":{"allow":["GET"]}}],"collection":[{"href":"https:\/\/berti.net\/fr\/wp-json\/wp\/v2\/reference"}],"about":[{"href":"https:\/\/berti.net\/fr\/wp-json\/wp\/v2\/types\/reference"}],"author":[{"embeddable":true,"href":"https:\/\/berti.net\/fr\/wp-json\/wp\/v2\/users\/2"}],"wp:featuredmedia":[{"embeddable":true,"href":"https:\/\/berti.net\/fr\/wp-json\/wp\/v2\/media\/1385"}],"wp:attachment":[{"href":"https:\/\/berti.net\/fr\/wp-json\/wp\/v2\/media?parent=11808"}],"curies":[{"name":"wp","href":"https:\/\/api.w.org\/{rel}","templated":true}]}}