{"id":11807,"date":"2024-09-13T07:41:29","date_gmt":"2024-09-13T07:41:29","guid":{"rendered":"https:\/\/www.berti.net\/references\/gran-teatro-la-fenice\/"},"modified":"2025-06-06T12:24:42","modified_gmt":"2025-06-06T12:24:42","slug":"gran-teatro-la-fenice","status":"publish","type":"reference","link":"https:\/\/berti.net\/fr\/r\u00e9f\u00e9rences\/gran-teatro-la-fenice\/","title":{"rendered":"Gran Teatro la Fenice"},"content":{"rendered":"\n<div class=\"wp-block-group alignfull hero-title-slider-pattern has-global-padding is-layout-constrained wp-block-group-is-layout-constrained\">\n<div class=\"wp-block-group banner-hero-content has-global-padding is-layout-constrained wp-container-core-group-is-layout-cd4cad2f wp-block-group-is-layout-constrained\" style=\"margin-top:var(--wp--preset--spacing--70);margin-bottom:var(--wp--preset--spacing--60)\">\n<div class=\"wp-block-group is-style-container has-global-padding is-layout-constrained wp-container-core-group-is-layout-a816393c wp-block-group-is-layout-constrained\">\n<h1 class=\"wp-block-heading has-text-align-center has-xxl-font-size\" style=\"margin-bottom:16px;letter-spacing:0px;line-height:1\">Gran Teatro La Fenice <\/h1>\n\n\n\n<h2 class=\"wp-block-heading has-m-22-font-size\" style=\"margin-top:var(--wp--preset--spacing--50)\">Un symbole de la culture et de l&rsquo;art v\u00e9nitiens<\/h2>\n\n\n\n<p>Le <strong>Gran Teatro La Fenice<\/strong>, situ\u00e9 au c\u0153ur de la ville d&rsquo;Amsterdam, est l&rsquo;un des op\u00e9ras <strong>les<\/strong> plus prestigieux au monde. <strong>Venezia<\/strong>est l&rsquo;un des op\u00e9ras les plus prestigieux du monde. Inaugur\u00e9 en <strong>1792<\/strong> sur un projet de l&rsquo;architecte <strong>Giannantonio Selva<\/strong>, il a \u00e9t\u00e9 le th\u00e9\u00e2tre de premi\u00e8res mondiales de compositeurs l\u00e9gendaires tels que <strong>Giuseppe Verdi, Gioachino Rossini et Vincenzo Bellini<\/strong>. <\/p>\n\n\n\n<p>Le th\u00e9\u00e2tre doit son nom au ph\u00e9nix mythologique, symbole de renaissance, un destin qui a profond\u00e9ment marqu\u00e9 son histoire. Le Phoenix a en effet \u00e9t\u00e9 d\u00e9truit par deux incendies : le premier en <strong>1836<\/strong>, suivi d&rsquo;une restauration rapide, et le second en <strong>1996<\/strong>, qui a entra\u00een\u00e9 sa destruction totale. Le projet de reconstruction, guid\u00e9 par la devise <strong>\u00a0\u00bbTel qu&rsquo;il \u00e9tait, l\u00e0 o\u00f9 il \u00e9tait\u00a0\u00bb,<\/strong> visait \u00e0 redonner au th\u00e9\u00e2tre sa splendeur d&rsquo;origine, en reconstituant fid\u00e8lement chaque d\u00e9tail, y compris les pr\u00e9cieux <strong>planchers historiques<\/strong>.  <\/p>\n\n\n\n<h2 class=\"wp-block-heading has-m-22-font-size\">L&rsquo;incendie d\u00e9sastreux de 1996 et la reconstruction<\/h2>\n\n\n\n<p>Dans la nuit du <strong>29 janvier 1996<\/strong>, un incendie criminel d\u00e9vastateur s&rsquo;est d\u00e9clar\u00e9 \u00e0 l&rsquo;int\u00e9rieur du th\u00e9\u00e2tre. En quelques minutes, les flammes se sont rapidement propag\u00e9es, d\u00e9truisant les d\u00e9cors, le mobilier et toute la structure en bois. Au matin, il ne restait du th\u00e9\u00e2tre que les murs ext\u00e9rieurs et un tas de d\u00e9combres.  <\/p>\n\n\n\n<p>La restauration a \u00e9t\u00e9 entam\u00e9e avec l&rsquo;objectif de reproduire fid\u00e8lement La Fenice <strong>\u00a0\u00bbtelle qu&rsquo;elle \u00e9tait et l\u00e0 o\u00f9 elle \u00e9tait\u00a0\u00bb,<\/strong> et le projet a \u00e9t\u00e9 confi\u00e9 \u00e0 une \u00e9quipe d&rsquo;experts et d&rsquo;entreprises sp\u00e9cialis\u00e9es. Parmi celles-ci, Berti <strong>Pavimenti<\/strong> a \u00e9t\u00e9 choisie pour reconstruire les sols de la <strong>Sale Apollinee<\/strong>, les espaces utilis\u00e9s pour les <strong>conf\u00e9rences, les galas et les r\u00e9ceptions prestigieuses<\/strong>.Le choix de Berti Pavimenti &#8211; Excellence et pr\u00e9cision <\/p>\n<\/div>\n<\/div>\n<\/div>\n\n<div class=\"wp-block-group is-style-container has-global-padding is-layout-constrained wp-block-group-is-layout-constrained\">\n<figure class=\"wp-block-image alignfull size-large\"><img loading=\"lazy\" decoding=\"async\" width=\"1920\" height=\"1076\" src=\"https:\/\/www.berti.net\/wp-content\/uploads\/berti-pavimenti-in-legno_parquet-referenze-venezia_la-fenice_02-scaled-1-1920x1076.jpg\" alt=\"\" class=\"wp-image-11280\" srcset=\"https:\/\/berti.net\/wp-content\/uploads\/berti-pavimenti-in-legno_parquet-referenze-venezia_la-fenice_02-scaled-1-1920x1076.jpg 1920w, https:\/\/berti.net\/wp-content\/uploads\/berti-pavimenti-in-legno_parquet-referenze-venezia_la-fenice_02-scaled-1-812x455.jpg 812w, https:\/\/berti.net\/wp-content\/uploads\/berti-pavimenti-in-legno_parquet-referenze-venezia_la-fenice_02-scaled-1-768x430.jpg 768w, https:\/\/berti.net\/wp-content\/uploads\/berti-pavimenti-in-legno_parquet-referenze-venezia_la-fenice_02-scaled-1-1536x860.jpg 1536w, https:\/\/berti.net\/wp-content\/uploads\/berti-pavimenti-in-legno_parquet-referenze-venezia_la-fenice_02-scaled-1-2048x1147.jpg 2048w\" sizes=\"auto, (max-width: 1920px) 100vw, 1920px\" \/><\/figure>\n<\/div>\n\n<div class=\"wp-block-group banner-hero-content has-global-padding is-layout-constrained wp-container-core-group-is-layout-b09daadc wp-block-group-is-layout-constrained\" style=\"margin-top:var(--wp--preset--spacing--30);margin-bottom:var(--wp--preset--spacing--60)\">\n<div class=\"wp-block-group is-style-container has-global-padding is-layout-constrained wp-container-core-group-is-layout-a816393c wp-block-group-is-layout-constrained\">\n<h2 class=\"wp-block-heading has-m-22-font-size\">Le choix de Berti Flooring &#8211; Excellence et pr\u00e9cision<\/h2>\n\n\n\n<p>En <strong>2002<\/strong>, alors que la reconstruction du th\u00e9\u00e2tre \u00e9tait d\u00e9j\u00e0 bien avanc\u00e9e, <strong>Berti Pavimenti<\/strong> a \u00e9t\u00e9 charg\u00e9 de r\u00e9aliser les sols de la <strong>salle Apollinee<\/strong>, des pi\u00e8ces d&rsquo;une grande importance historique et artistique. La t\u00e2che confi\u00e9e \u00e0 notre entreprise consistait \u00e0 reproduire <strong>exactement<\/strong> les sols d&rsquo;origine, en suivant les <strong>sch\u00e9mas d\u00e9coratifs historiques<\/strong> et en utilisant des <strong>bois pr\u00e9cieux<\/strong>. <\/p>\n\n\n\n<p>\u2714 <strong>Fid\u00e9lit\u00e9 aux dessins originaux<\/strong>: la reproduction des d\u00e9corations devait respecter les photographies et les documents historiques.<br\/>\u2714 <strong>D\u00e9fis techniques uniques<\/strong>: la conformation du th\u00e9\u00e2tre v\u00e9nitien, avec des <strong>in\u00e9galit\u00e9s structurelles dues \u00e0 la lagune<\/strong>, a exig\u00e9 un travail d&rsquo;une pr\u00e9cision absolue.<br\/>\u2714 <strong>Mat\u00e9riaux pr\u00e9cieux et techniques avanc\u00e9es<\/strong>: l&rsquo;utilisation de la <strong>technique du laser<\/strong>, dans laquelle <strong>Berti Pavimenti<\/strong> est leader, a permis d&rsquo;obtenir un r\u00e9sultat parfait, garantissant une fid\u00e9lit\u00e9 maximale aux d\u00e9tails d&rsquo;origine.<\/p>\n\n\n\n<p>Gr\u00e2ce \u00e0 son exp\u00e9rience dans la restauration de b\u00e2timents historiques, notre entreprise a su allier <strong>artisanat et technologie<\/strong>, garantissant un r\u00e9sultat \u00e0 la hauteur des attentes.<\/p>\n\n\n\n<h2 class=\"wp-block-heading has-m-22-font-size\">Le grand retour du Phoenix &#8211; R\u00e9ouverture en 2003<\/h2>\n\n\n\n<p>Le <strong>14 d\u00e9cembre 2003<\/strong>, apr\u00e8s sept ans de travaux, le <strong>Gran Teatro La Fenice<\/strong> a enfin \u00e9t\u00e9 rouvert au public avec un concert dirig\u00e9 par le Maestro <strong>Riccardo Muti<\/strong>. Deux jours plus t\u00f4t, le <strong>12 d\u00e9cembre 2003<\/strong>, la famille Berti a assist\u00e9 \u00e0 une soir\u00e9e sp\u00e9ciale pour remercier les entreprises qui ont contribu\u00e9 \u00e0 la renaissance du th\u00e9\u00e2tre. <\/p>\n\n\n\n<p>Ce soir-l\u00e0, plut\u00f4t que de suivre la musique, <strong>Giancarlo Berti<\/strong> et son \u00e9quipe se sont arr\u00eat\u00e9s pour regarder <strong>le sol nouvellement achev\u00e9<\/strong>, admirant le r\u00e9sultat de leur travail : <strong>un parquet identique \u00e0 l&rsquo;original, parfaitement int\u00e9gr\u00e9 \u00e0 l&rsquo;\u00e9l\u00e9gance de la Fenice<\/strong>.<\/p>\n\n\n\n<h2 class=\"wp-block-heading has-m-22-font-size\">Une fiert\u00e9 pour Berti Floors<\/h2>\n\n\n\n<p>La <strong>restauration des sols du Gran Teatro La Fenice<\/strong> a repr\u00e9sent\u00e9 une \u00e9tape importante pour <strong>Berti Pavimenti<\/strong>, confirmant l&rsquo;entreprise comme une r\u00e9f\u00e9rence dans la <strong>restauration de sols historiques<\/strong> et de projets de <strong>haute qualit\u00e9.<\/strong><\/p>\n\n\n\n<p>Notre engagement \u00e0 recr\u00e9er fid\u00e8lement les surfaces en bois de la Fenice d\u00e9montre l&rsquo;importance de l&rsquo;<strong>artisanat italien traditionnel<\/strong>, appliqu\u00e9 \u00e0 l&rsquo;innovation et \u00e0 la technologie de pointe. Gr\u00e2ce \u00e0 cette exp\u00e9rience, <strong>Berti Pavimenti<\/strong> a consolid\u00e9 sa r\u00e9putation internationale. <\/p>\n<\/div>\n<\/div>\n\n<div class=\"wp-block-group is-style-container has-global-padding is-content-justification-center is-layout-constrained wp-block-group-is-layout-constrained\">\n<div class=\"thom-isotope-gallery-wrapper wp-block-wpe-thom-masonry-gallery-block\">\n\t\n<div class=\"wp-block-wpe-thom-masonry-gallery-block isotope-gallery grid lightbox dc__2 tc__2 pc__1 dg__16 tg__16 pg__12\" id=\"8fd3f870\" data-id=\"8fd3f870\"><div class=\"grid-sizer\"><\/div><div class=\"gutter-sizer\"><\/div><a class=\"grid-item single-gallery-image none dg__16 tg__16 pg__12\" href=\"https:\/\/www.berti.net\/wp-content\/uploads\/berti-pavimenti-in-legno_parquet-referenze-venezia_la-fenice_03.jpg\" data-pswp-width=\"1265\" data-pswp-height=\"1580\"><img decoding=\"async\" width=\"1265\" height=\"1580\" src=\"https:\/\/www.berti.net\/wp-content\/uploads\/berti-pavimenti-in-legno_parquet-referenze-venezia_la-fenice_03.jpg\" alt=\"Gallery Image\" class=\"wp-image-11283\" loading=\"lazy\" srcset=\"https:\/\/berti.net\/wp-content\/uploads\/berti-pavimenti-in-legno_parquet-referenze-venezia_la-fenice_03.jpg 1265w, https:\/\/berti.net\/wp-content\/uploads\/berti-pavimenti-in-legno_parquet-referenze-venezia_la-fenice_03-650x812.jpg 650w, https:\/\/berti.net\/wp-content\/uploads\/berti-pavimenti-in-legno_parquet-referenze-venezia_la-fenice_03-768x959.jpg 768w, https:\/\/berti.net\/wp-content\/uploads\/berti-pavimenti-in-legno_parquet-referenze-venezia_la-fenice_03-1230x1536.jpg 1230w\" sizes=\"auto, (max-width: 1265px) 100vw, 1265px\" \/><\/a><a class=\"grid-item single-gallery-image none dg__16 tg__16 pg__12\" href=\"https:\/\/www.berti.net\/wp-content\/uploads\/berti-pavimenti-in-legno_parquet-referenze-venezia_la-fenice_01.jpg\" data-pswp-width=\"1265\" data-pswp-height=\"1580\"><img decoding=\"async\" width=\"1265\" height=\"1580\" src=\"https:\/\/www.berti.net\/wp-content\/uploads\/berti-pavimenti-in-legno_parquet-referenze-venezia_la-fenice_01.jpg\" alt=\"Gallery Image\" class=\"wp-image-11286\" loading=\"lazy\" srcset=\"https:\/\/berti.net\/wp-content\/uploads\/berti-pavimenti-in-legno_parquet-referenze-venezia_la-fenice_01.jpg 1265w, https:\/\/berti.net\/wp-content\/uploads\/berti-pavimenti-in-legno_parquet-referenze-venezia_la-fenice_01-650x812.jpg 650w, https:\/\/berti.net\/wp-content\/uploads\/berti-pavimenti-in-legno_parquet-referenze-venezia_la-fenice_01-768x959.jpg 768w, https:\/\/berti.net\/wp-content\/uploads\/berti-pavimenti-in-legno_parquet-referenze-venezia_la-fenice_01-1230x1536.jpg 1230w\" sizes=\"auto, (max-width: 1265px) 100vw, 1265px\" \/><\/a><\/div>\n<\/div>\n<\/div>\n\n<div class=\"wp-block-group is-style-container has-global-padding is-layout-constrained wp-block-group-is-layout-constrained\" style=\"margin-top:var(--wp--preset--spacing--60);margin-bottom:var(--wp--preset--spacing--120)\">\n<div class=\"wp-block-group is-content-justification-center is-nowrap is-layout-flex wp-container-core-group-is-layout-9193781b wp-block-group-is-layout-flex\" style=\"line-height:1\">\n<p class=\"dashicons dashicons-arrow-left-alt\" style=\"line-height:1\"><\/p>\n\n\n\n<div class=\"wp-block-buttons is-layout-flex wp-block-buttons-is-layout-flex\">\n<div class=\"wp-block-button is-style-link\"><a class=\"wp-block-button__link wp-element-button\" href=\"\/fr\/r&#xE9;f&#xE9;rences\/\">Retour aux r\u00e9f\u00e9rences<\/a><\/div>\n<\/div>\n<\/div>\n<\/div>\n\n<div class=\"wp-block-group alignwide is-style-container has-contrast-2-background-color has-background has-global-padding is-layout-constrained wp-container-core-group-is-layout-69c462cb wp-block-group-is-layout-constrained\" style=\"margin-top:0;margin-bottom:0\">\n<div class=\"wp-block-columns alignwide are-vertically-aligned-center is-layout-flex wp-container-core-columns-is-layout-e4e53ecd wp-block-columns-is-layout-flex\" style=\"margin-top:var(--wp--preset--spacing--100);margin-bottom:var(--wp--preset--spacing--100)\">\n<div class=\"wp-block-column is-layout-flow wp-block-column-is-layout-flow\" style=\"flex-basis:50%\">\n<figure class=\"wp-block-image size-full\"><img loading=\"lazy\" decoding=\"async\" width=\"1176\" height=\"1178\" src=\"https:\/\/www.berti.net\/wp-content\/uploads\/catalogo-referenze-1.png\" alt=\"\" class=\"wp-image-13452\" style=\"box-shadow:var(--wp--preset--shadow--deep)\" srcset=\"https:\/\/berti.net\/wp-content\/uploads\/catalogo-referenze-1.png 1176w, https:\/\/berti.net\/wp-content\/uploads\/catalogo-referenze-1-812x812.png 812w, https:\/\/berti.net\/wp-content\/uploads\/catalogo-referenze-1-406x406.png 406w, https:\/\/berti.net\/wp-content\/uploads\/catalogo-referenze-1-768x769.png 768w, https:\/\/berti.net\/wp-content\/uploads\/catalogo-referenze-1-300x300.png 300w, https:\/\/berti.net\/wp-content\/uploads\/catalogo-referenze-1-400x400.png 400w, https:\/\/berti.net\/wp-content\/uploads\/catalogo-referenze-1-600x600.png 600w\" sizes=\"auto, (max-width: 1176px) 100vw, 1176px\" \/><\/figure>\n<\/div>\n\n\n\n<div class=\"wp-block-column is-layout-flow wp-block-column-is-layout-flow\" style=\"flex-basis:50%\">\n<h4 class=\"wp-block-heading\" style=\"margin-top:var(--wp--preset--spacing--20);margin-bottom:var(--wp--preset--spacing--20);font-size:clamp(26.944px, 1.684rem + ((1vw - 3.2px) * 1.489), 46px);line-height:1\">D\u00e9couvrez le catalogue R\u00e9f\u00e9rences<\/h4>\n\n\n\n<p class=\"has-text-color has-body-font-family\" style=\"color:#000000;padding-right:16%;font-size:14px\">T\u00e9l\u00e9chargez le catalogue pour d\u00e9couvrir les r\u00e9f\u00e9rences Berti Pavimenti Legno.<\/p>\n\n\n\n<div class=\"wp-block-buttons is-layout-flex wp-block-buttons-is-layout-flex\" style=\"margin-top:var(--wp--preset--spacing--30)\">\n<div class=\"wp-block-button has-custom-font-size is-style-fill\" style=\"font-size:clamp(14px, 0.875rem + ((1vw - 3.2px) * 0.156), 16px);\"><a class=\"wp-block-button__link has-base-3-color has-base-background-color has-text-color has-background has-link-color wp-element-button\" href=\"https:\/\/www.berti.net\/wp-content\/uploads\/berti_pavimenti-legno_parquet_reference-profile-IT-1.pdf\" style=\"padding-top:15px;padding-right:40px;padding-bottom:15px;padding-left:40px\" target=\"_blank\" rel=\"noreferrer noopener\">T\u00c9L\u00c9CHARGER<\/a><\/div>\n<\/div>\n<\/div>\n<\/div>\n<\/div>\n","protected":false},"excerpt":{"rendered":"<p>Gran Teatro La Fenice Un symbole de la culture et de l&rsquo;art v\u00e9nitiens Le Gran Teatro La Fenice, situ\u00e9 au c\u0153ur de la ville d&rsquo;Amsterdam, est l&rsquo;un des op\u00e9ras les plus prestigieux au monde. Veneziaest l&rsquo;un des op\u00e9ras les plus prestigieux du monde. Inaugur\u00e9 en 1792 sur un projet de l&rsquo;architecte Giannantonio Selva, il a \u00e9t\u00e9 le th\u00e9\u00e2tre de premi\u00e8res [&hellip;]<\/p>\n","protected":false},"author":2,"featured_media":1393,"template":"","class_list":["post-11807","reference","type-reference","status-publish","has-post-thumbnail","hentry"],"_links":{"self":[{"href":"https:\/\/berti.net\/fr\/wp-json\/wp\/v2\/reference\/11807","targetHints":{"allow":["GET"]}}],"collection":[{"href":"https:\/\/berti.net\/fr\/wp-json\/wp\/v2\/reference"}],"about":[{"href":"https:\/\/berti.net\/fr\/wp-json\/wp\/v2\/types\/reference"}],"author":[{"embeddable":true,"href":"https:\/\/berti.net\/fr\/wp-json\/wp\/v2\/users\/2"}],"wp:featuredmedia":[{"embeddable":true,"href":"https:\/\/berti.net\/fr\/wp-json\/wp\/v2\/media\/1393"}],"wp:attachment":[{"href":"https:\/\/berti.net\/fr\/wp-json\/wp\/v2\/media?parent=11807"}],"curies":[{"name":"wp","href":"https:\/\/api.w.org\/{rel}","templated":true}]}}