{"id":11804,"date":"2024-09-13T07:40:28","date_gmt":"2024-09-13T07:40:28","guid":{"rendered":"https:\/\/www.berti.net\/references\/palais-du-kremlin\/"},"modified":"2025-10-23T06:56:12","modified_gmt":"2025-10-23T06:56:12","slug":"palais-du-kremlin","status":"publish","type":"reference","link":"https:\/\/berti.net\/fr\/r\u00e9f\u00e9rences\/palais-du-kremlin\/","title":{"rendered":"Palais du Kremlin"},"content":{"rendered":"\n<div class=\"wp-block-group alignfull hero-title-slider-pattern has-global-padding is-layout-constrained wp-block-group-is-layout-constrained\">\n<div class=\"wp-block-group banner-hero-content has-global-padding is-layout-constrained wp-container-core-group-is-layout-09a7d114 wp-block-group-is-layout-constrained\" style=\"margin-top:var(--wp--preset--spacing--70);margin-bottom:var(--wp--preset--spacing--30)\">\n<div class=\"wp-block-group is-style-container has-global-padding is-layout-constrained wp-container-core-group-is-layout-a816393c wp-block-group-is-layout-constrained\">\n<h1 class=\"wp-block-heading has-text-align-center has-xxl-font-size\" style=\"margin-bottom:16px;letter-spacing:0px;line-height:1\">Palais du Kremlin <\/h1>\n\n\n\n<h2 class=\"wp-block-heading has-text-align-left has-m-22-font-size\" style=\"margin-top:var(--wp--preset--spacing--50)\">Un symbole de l&rsquo;histoire et de l&rsquo;architecture de Moscou<\/h2>\n\n\n\n<p class=\"has-text-align-left has-m-font-size\" style=\"line-height:1.45\">Le <strong>Kremlin de Moscou<\/strong>, inscrit au patrimoine mondial de l&rsquo;UNESCO depuis 1990, est un symbole de la Russie et de son histoire politique et culturelle. Situ\u00e9 sur la rive gauche de la Moskova, ce complexe architectural datant du XIIe si\u00e8cle a accueilli des tsars, des dirigeants sovi\u00e9tiques et est aujourd&rsquo;hui la r\u00e9sidence officielle du pr\u00e9sident russe. <\/p>\n\n\n\n<h2 class=\"wp-block-heading has-text-align-left has-m-22-font-size\" style=\"margin-top:var(--wp--preset--spacing--50)\">Une restauration pour d\u00e9finir une nouvelle iconographie<\/h2>\n\n\n\n<p>Dans les ann\u00e9es 1990, le Kremlin a fait l&rsquo;objet d&rsquo;une r\u00e9novation majeure pour repr\u00e9senter l&rsquo;\u00e9volution de la Russie post-sovi\u00e9tique. Le projet de r\u00e9novation pr\u00e9voyait des <strong>planchers en bois incrust\u00e9 de la plus haute pr\u00e9cision<\/strong>, refl\u00e9tant le prestige du palais et la nouvelle image du pays. <\/p>\n\n\n\n<p>Gr\u00e2ce \u00e0 son excellence en mati\u00e8re de d\u00e9coupe au laser, <strong>Berti Pavimenti<\/strong> a \u00e9t\u00e9 choisi pour cette commande exclusive, se distinguant ainsi comme le partenaire id\u00e9al pour cr\u00e9er un parquet artistique \u00e0 la hauteur de l&rsquo;histoire du Kremlin.<\/p>\n<\/div>\n<\/div>\n<\/div>\n\n<div class=\"wp-block-group is-style-container has-global-padding is-layout-constrained wp-block-group-is-layout-constrained\" style=\"margin-top:var(--wp--preset--spacing--60)\">\n<figure class=\"wp-block-image alignfull size-full\"><img loading=\"lazy\" decoding=\"async\" width=\"2560\" height=\"1434\" src=\"https:\/\/www.berti.net\/wp-content\/uploads\/2024\/11\/berti-pavimenti-in-legno_parquet-referenze-cremlino_mosca_04-scaled-1.jpg\" alt=\"\" class=\"wp-image-10842\" srcset=\"https:\/\/berti.net\/wp-content\/uploads\/2024\/11\/berti-pavimenti-in-legno_parquet-referenze-cremlino_mosca_04-scaled-1.jpg 2560w, https:\/\/berti.net\/wp-content\/uploads\/2024\/11\/berti-pavimenti-in-legno_parquet-referenze-cremlino_mosca_04-scaled-1-812x455.jpg 812w, https:\/\/berti.net\/wp-content\/uploads\/2024\/11\/berti-pavimenti-in-legno_parquet-referenze-cremlino_mosca_04-scaled-1-1920x1076.jpg 1920w, https:\/\/berti.net\/wp-content\/uploads\/2024\/11\/berti-pavimenti-in-legno_parquet-referenze-cremlino_mosca_04-scaled-1-768x430.jpg 768w, https:\/\/berti.net\/wp-content\/uploads\/2024\/11\/berti-pavimenti-in-legno_parquet-referenze-cremlino_mosca_04-scaled-1-1536x860.jpg 1536w, https:\/\/berti.net\/wp-content\/uploads\/2024\/11\/berti-pavimenti-in-legno_parquet-referenze-cremlino_mosca_04-scaled-1-2048x1147.jpg 2048w\" sizes=\"auto, (max-width: 2560px) 100vw, 2560px\" \/><\/figure>\n<\/div>\n\n<div class=\"wp-block-group banner-hero-content has-global-padding is-layout-constrained wp-container-core-group-is-layout-b09daadc wp-block-group-is-layout-constrained\" style=\"margin-top:var(--wp--preset--spacing--30);margin-bottom:var(--wp--preset--spacing--60)\">\n<div class=\"wp-block-group is-style-container has-global-padding is-layout-constrained wp-container-core-group-is-layout-a816393c wp-block-group-is-layout-constrained\">\n<h2 class=\"wp-block-heading has-m-22-font-size\" style=\"margin-top:var(--wp--preset--spacing--50)\">Le travail de Berti Flooring &#8211; Pr\u00e9cision et innovation<\/h2>\n\n\n\n<p>Le projet pr\u00e9voyait des <strong>sols marquet\u00e9s avec des panneaux modulaires<\/strong>, qui ont \u00e9t\u00e9 trait\u00e9s au si\u00e8ge de Berti et assembl\u00e9s sur place par des artisans locaux.<\/p>\n\n\n\n<p><strong>D\u00e9fis et solutions :<\/strong><br\/>\u2714 <strong>Pr\u00e9cision absolue<\/strong>: chaque millim\u00e8tre d&rsquo;\u00e9cart aurait compromis la conception globale. Gr\u00e2ce \u00e0 la technologie laser, le r\u00e9sultat a \u00e9t\u00e9 impeccable.<br\/>\u2714 <strong>Mat\u00e9riaux de<\/strong> haute qualit\u00e9 : les parquets ont \u00e9t\u00e9 fabriqu\u00e9s \u00e0 partir de bois de haute qualit\u00e9 s\u00e9lectionn\u00e9s pour leur durabilit\u00e9 et leur esth\u00e9tique.<br\/>\u2714 <strong>El\u00e9vation technique<\/strong>: le sol a \u00e9t\u00e9 con\u00e7u pour une pose en sur\u00e9l\u00e9vation, garantissant la fonctionnalit\u00e9 sans compromettre l&rsquo;\u00e9l\u00e9gance. <\/p>\n\n\n\n<h2 class=\"wp-block-heading has-m-22-font-size\" style=\"margin-top:var(--wp--preset--spacing--50)\">Un niveau d&rsquo;excellence reconnu au niveau international<\/h2>\n\n\n\n<p>L&rsquo;ach\u00e8vement du projet a repr\u00e9sent\u00e9 <strong>une \u00e9tape historique<\/strong> pour Berti Pavimenti, consolidant sa position de leader international dans la fabrication de parquet marquet\u00e9 de luxe.<\/p>\n\n\n\n<p>Le Kremlin continue aujourd&rsquo;hui \u00e0 repr\u00e9senter le c\u0153ur institutionnel de la Russie, et ses sols con\u00e7us par Berti t\u00e9moignent d&rsquo;une \u00e9poque de changement et d&rsquo;un savoir-faire intemporel.<\/p>\n<\/div>\n<\/div>\n\n<div class=\"wp-block-group is-style-container has-global-padding is-layout-constrained wp-block-group-is-layout-constrained\">\n<div class=\"thom-isotope-gallery-wrapper wp-block-wpe-thom-masonry-gallery-block\">\n\t\n<div class=\"wp-block-wpe-thom-masonry-gallery-block isotope-gallery grid lightbox dc__3 tc__2 pc__1 dg__16 tg__16 pg__12\" id=\"9377355b\" data-id=\"9377355b\"><div class=\"grid-sizer\"><\/div><div class=\"gutter-sizer\"><\/div><a class=\"grid-item single-gallery-image none dg__16 tg__16 pg__12\" href=\"https:\/\/www.berti.net\/wp-content\/uploads\/2015\/01\/cremlino_berti_pavimenti_07.jpg\" data-pswp-width=\"736\" data-pswp-height=\"991\"><img decoding=\"async\" width=\"736\" height=\"991\" src=\"https:\/\/www.berti.net\/wp-content\/uploads\/2015\/01\/cremlino_berti_pavimenti_07.jpg\" alt=\"Gallery Image\" class=\"wp-image-8778\" loading=\"lazy\" srcset=\"https:\/\/berti.net\/wp-content\/uploads\/2015\/01\/cremlino_berti_pavimenti_07.jpg 736w, https:\/\/berti.net\/wp-content\/uploads\/2015\/01\/cremlino_berti_pavimenti_07-223x300.jpg 223w\" sizes=\"auto, (max-width: 736px) 100vw, 736px\" \/><\/a><a class=\"grid-item single-gallery-image none dg__16 tg__16 pg__12\" href=\"https:\/\/www.berti.net\/wp-content\/uploads\/2015\/01\/cremlino_berti_pavimenti_04.jpg\" data-pswp-width=\"736\" data-pswp-height=\"659\"><img decoding=\"async\" width=\"736\" height=\"659\" src=\"https:\/\/www.berti.net\/wp-content\/uploads\/2015\/01\/cremlino_berti_pavimenti_04.jpg\" alt=\"Gallery Image\" class=\"wp-image-8772\" loading=\"lazy\" srcset=\"https:\/\/berti.net\/wp-content\/uploads\/2015\/01\/cremlino_berti_pavimenti_04.jpg 736w, https:\/\/berti.net\/wp-content\/uploads\/2015\/01\/cremlino_berti_pavimenti_04-300x269.jpg 300w\" sizes=\"auto, (max-width: 736px) 100vw, 736px\" \/><\/a><a class=\"grid-item single-gallery-image none dg__16 tg__16 pg__12\" href=\"https:\/\/www.berti.net\/wp-content\/uploads\/2015\/01\/cremlino_berti_pavimenti_03.jpg\" data-pswp-width=\"736\" data-pswp-height=\"459\"><img decoding=\"async\" width=\"736\" height=\"459\" src=\"https:\/\/www.berti.net\/wp-content\/uploads\/2015\/01\/cremlino_berti_pavimenti_03.jpg\" alt=\"Gallery Image\" class=\"wp-image-8769\" loading=\"lazy\" srcset=\"https:\/\/berti.net\/wp-content\/uploads\/2015\/01\/cremlino_berti_pavimenti_03.jpg 736w, https:\/\/berti.net\/wp-content\/uploads\/2015\/01\/cremlino_berti_pavimenti_03-300x187.jpg 300w\" sizes=\"auto, (max-width: 736px) 100vw, 736px\" \/><\/a><a class=\"grid-item single-gallery-image none dg__16 tg__16 pg__12\" href=\"https:\/\/www.berti.net\/wp-content\/uploads\/2015\/01\/cremlino_berti_pavimenti_01.jpg\" data-pswp-width=\"736\" data-pswp-height=\"458\"><img decoding=\"async\" width=\"736\" height=\"458\" src=\"https:\/\/www.berti.net\/wp-content\/uploads\/2015\/01\/cremlino_berti_pavimenti_01.jpg\" alt=\"Gallery Image\" class=\"wp-image-8766\" loading=\"lazy\" srcset=\"https:\/\/berti.net\/wp-content\/uploads\/2015\/01\/cremlino_berti_pavimenti_01.jpg 736w, https:\/\/berti.net\/wp-content\/uploads\/2015\/01\/cremlino_berti_pavimenti_01-300x187.jpg 300w\" sizes=\"auto, (max-width: 736px) 100vw, 736px\" \/><\/a><a class=\"grid-item single-gallery-image none dg__16 tg__16 pg__12\" href=\"https:\/\/www.berti.net\/wp-content\/uploads\/2015\/01\/cremlino_berti_pavimenti_05.jpg\" data-pswp-width=\"736\" data-pswp-height=\"456\"><img decoding=\"async\" width=\"736\" height=\"456\" src=\"https:\/\/www.berti.net\/wp-content\/uploads\/2015\/01\/cremlino_berti_pavimenti_05.jpg\" alt=\"Gallery Image\" class=\"wp-image-8763\" loading=\"lazy\" srcset=\"https:\/\/berti.net\/wp-content\/uploads\/2015\/01\/cremlino_berti_pavimenti_05.jpg 736w, https:\/\/berti.net\/wp-content\/uploads\/2015\/01\/cremlino_berti_pavimenti_05-300x186.jpg 300w\" sizes=\"auto, (max-width: 736px) 100vw, 736px\" \/><\/a><a class=\"grid-item single-gallery-image none dg__16 tg__16 pg__12\" href=\"https:\/\/www.berti.net\/wp-content\/uploads\/2024\/09\/berti-pavimenti-in-legno_parquet-referenze-mosca-cremlino_01.jpg\" data-pswp-width=\"1908\" data-pswp-height=\"1908\"><img decoding=\"async\" width=\"1908\" height=\"1908\" src=\"https:\/\/www.berti.net\/wp-content\/uploads\/2024\/09\/berti-pavimenti-in-legno_parquet-referenze-mosca-cremlino_01.jpg\" alt=\"Gallery Image\" class=\"wp-image-160\" loading=\"lazy\" srcset=\"https:\/\/berti.net\/wp-content\/uploads\/2024\/09\/berti-pavimenti-in-legno_parquet-referenze-mosca-cremlino_01.jpg 1908w, https:\/\/berti.net\/wp-content\/uploads\/2024\/09\/berti-pavimenti-in-legno_parquet-referenze-mosca-cremlino_01-300x300.jpg 300w, https:\/\/berti.net\/wp-content\/uploads\/2024\/09\/berti-pavimenti-in-legno_parquet-referenze-mosca-cremlino_01-1024x1024.jpg 1024w, https:\/\/berti.net\/wp-content\/uploads\/2024\/09\/berti-pavimenti-in-legno_parquet-referenze-mosca-cremlino_01-150x150.jpg 150w, https:\/\/berti.net\/wp-content\/uploads\/2024\/09\/berti-pavimenti-in-legno_parquet-referenze-mosca-cremlino_01-768x768.jpg 768w, https:\/\/berti.net\/wp-content\/uploads\/2024\/09\/berti-pavimenti-in-legno_parquet-referenze-mosca-cremlino_01-1536x1536.jpg 1536w\" sizes=\"auto, (max-width: 1908px) 100vw, 1908px\" \/><\/a><a class=\"grid-item single-gallery-image none dg__16 tg__16 pg__12\" href=\"https:\/\/www.berti.net\/wp-content\/uploads\/2024\/11\/berti-pavimenti-in-legno_parquet-referenze-cremlino_mosca_03.jpg\" data-pswp-width=\"1265\" data-pswp-height=\"1580\"><img decoding=\"async\" width=\"1265\" height=\"1580\" src=\"https:\/\/www.berti.net\/wp-content\/uploads\/2024\/11\/berti-pavimenti-in-legno_parquet-referenze-cremlino_mosca_03.jpg\" alt=\"Gallery Image\" class=\"wp-image-10848\" loading=\"lazy\" srcset=\"https:\/\/berti.net\/wp-content\/uploads\/2024\/11\/berti-pavimenti-in-legno_parquet-referenze-cremlino_mosca_03.jpg 1265w, https:\/\/berti.net\/wp-content\/uploads\/2024\/11\/berti-pavimenti-in-legno_parquet-referenze-cremlino_mosca_03-650x812.jpg 650w, https:\/\/berti.net\/wp-content\/uploads\/2024\/11\/berti-pavimenti-in-legno_parquet-referenze-cremlino_mosca_03-768x959.jpg 768w, https:\/\/berti.net\/wp-content\/uploads\/2024\/11\/berti-pavimenti-in-legno_parquet-referenze-cremlino_mosca_03-1230x1536.jpg 1230w\" sizes=\"auto, (max-width: 1265px) 100vw, 1265px\" \/><\/a><a class=\"grid-item single-gallery-image none dg__16 tg__16 pg__12\" href=\"https:\/\/www.berti.net\/wp-content\/uploads\/2024\/11\/berti-pavimenti-in-legno_parquet-referenze-cremlino_mosca_02.jpg\" data-pswp-width=\"1265\" data-pswp-height=\"1580\"><img decoding=\"async\" width=\"1265\" height=\"1580\" src=\"https:\/\/www.berti.net\/wp-content\/uploads\/2024\/11\/berti-pavimenti-in-legno_parquet-referenze-cremlino_mosca_02.jpg\" alt=\"Gallery Image\" class=\"wp-image-10851\" loading=\"lazy\" srcset=\"https:\/\/berti.net\/wp-content\/uploads\/2024\/11\/berti-pavimenti-in-legno_parquet-referenze-cremlino_mosca_02.jpg 1265w, https:\/\/berti.net\/wp-content\/uploads\/2024\/11\/berti-pavimenti-in-legno_parquet-referenze-cremlino_mosca_02-650x812.jpg 650w, https:\/\/berti.net\/wp-content\/uploads\/2024\/11\/berti-pavimenti-in-legno_parquet-referenze-cremlino_mosca_02-768x959.jpg 768w, https:\/\/berti.net\/wp-content\/uploads\/2024\/11\/berti-pavimenti-in-legno_parquet-referenze-cremlino_mosca_02-1230x1536.jpg 1230w\" sizes=\"auto, (max-width: 1265px) 100vw, 1265px\" \/><\/a><a class=\"grid-item single-gallery-image none dg__16 tg__16 pg__12\" href=\"https:\/\/www.berti.net\/wp-content\/uploads\/berti-pavimenti-legno-cremlino-referenze.jpg\" data-pswp-width=\"854\" data-pswp-height=\"1302\"><img decoding=\"async\" width=\"854\" height=\"1302\" src=\"https:\/\/www.berti.net\/wp-content\/uploads\/berti-pavimenti-legno-cremlino-referenze.jpg\" alt=\"Gallery Image\" class=\"wp-image-27594\" loading=\"lazy\" srcset=\"https:\/\/berti.net\/wp-content\/uploads\/berti-pavimenti-legno-cremlino-referenze.jpg 854w, https:\/\/berti.net\/wp-content\/uploads\/berti-pavimenti-legno-cremlino-referenze-533x812.jpg 533w, https:\/\/berti.net\/wp-content\/uploads\/berti-pavimenti-legno-cremlino-referenze-768x1171.jpg 768w\" sizes=\"auto, (max-width: 854px) 100vw, 854px\" \/><\/a><\/div>\n<\/div>\n<\/div>\n\n<div class=\"wp-block-group is-style-container has-global-padding is-layout-constrained wp-block-group-is-layout-constrained\" style=\"margin-top:var(--wp--preset--spacing--60);margin-bottom:var(--wp--preset--spacing--120)\">\n<div class=\"wp-block-group is-content-justification-center is-nowrap is-layout-flex wp-container-core-group-is-layout-9193781b wp-block-group-is-layout-flex\" style=\"line-height:1\">\n<p class=\"dashicons dashicons-arrow-left-alt\" style=\"line-height:1\"><\/p>\n\n\n\n<div class=\"wp-block-buttons is-layout-flex wp-block-buttons-is-layout-flex\">\n<div class=\"wp-block-button is-style-link\"><a class=\"wp-block-button__link wp-element-button\" href=\"\/referenze\">Retour aux r\u00e9f\u00e9rences<\/a><\/div>\n<\/div>\n<\/div>\n<\/div>\n\n<div class=\"wp-block-group alignwide is-style-container has-contrast-2-background-color has-background has-global-padding is-layout-constrained wp-container-core-group-is-layout-69c462cb wp-block-group-is-layout-constrained\" style=\"margin-top:0;margin-bottom:0\">\n<div class=\"wp-block-columns alignwide are-vertically-aligned-center is-layout-flex wp-container-core-columns-is-layout-e4e53ecd wp-block-columns-is-layout-flex\" style=\"margin-top:var(--wp--preset--spacing--100);margin-bottom:var(--wp--preset--spacing--100)\">\n<div class=\"wp-block-column is-layout-flow wp-block-column-is-layout-flow\" style=\"flex-basis:50%\">\n<figure class=\"wp-block-image size-full\"><img loading=\"lazy\" decoding=\"async\" width=\"1176\" height=\"1178\" src=\"https:\/\/www.berti.net\/wp-content\/uploads\/catalogo-referenze-1.png\" alt=\"\" class=\"wp-image-13452\" style=\"box-shadow:var(--wp--preset--shadow--deep)\" srcset=\"https:\/\/berti.net\/wp-content\/uploads\/catalogo-referenze-1.png 1176w, https:\/\/berti.net\/wp-content\/uploads\/catalogo-referenze-1-812x812.png 812w, https:\/\/berti.net\/wp-content\/uploads\/catalogo-referenze-1-406x406.png 406w, https:\/\/berti.net\/wp-content\/uploads\/catalogo-referenze-1-768x769.png 768w, https:\/\/berti.net\/wp-content\/uploads\/catalogo-referenze-1-300x300.png 300w, https:\/\/berti.net\/wp-content\/uploads\/catalogo-referenze-1-400x400.png 400w, https:\/\/berti.net\/wp-content\/uploads\/catalogo-referenze-1-600x600.png 600w\" sizes=\"auto, (max-width: 1176px) 100vw, 1176px\" \/><\/figure>\n<\/div>\n\n\n\n<div class=\"wp-block-column is-layout-flow wp-block-column-is-layout-flow\" style=\"flex-basis:50%\">\n<h4 class=\"wp-block-heading\" style=\"margin-top:var(--wp--preset--spacing--20);margin-bottom:var(--wp--preset--spacing--20);font-size:clamp(26.944px, 1.684rem + ((1vw - 3.2px) * 1.489), 46px);line-height:1\">D\u00e9couvrez le catalogue R\u00e9f\u00e9rences<\/h4>\n\n\n\n<p class=\"has-text-color has-body-font-family\" style=\"color:#000000;padding-right:16%;font-size:14px\">T\u00e9l\u00e9chargez le catalogue pour d\u00e9couvrir les r\u00e9f\u00e9rences Berti Pavimenti Legno.<\/p>\n\n\n\n<div class=\"wp-block-buttons is-layout-flex wp-block-buttons-is-layout-flex\" style=\"margin-top:var(--wp--preset--spacing--30)\">\n<div class=\"wp-block-button is-style-fill\"><a class=\"wp-block-button__link has-base-3-color has-base-background-color has-text-color has-background has-link-color has-custom-font-size wp-element-button\" href=\"https:\/\/www.berti.net\/wp-content\/uploads\/berti_pavimenti-legno_parquet_reference-profile-IT-1.pdf\" style=\"padding-top:15px;padding-right:40px;padding-bottom:15px;padding-left:40px;font-size:clamp(14px, 0.875rem + ((1vw - 3.2px) * 0.156), 16px);\" target=\"_blank\" rel=\"noreferrer noopener\">T\u00c9L\u00c9CHARGER<\/a><\/div>\n<\/div>\n<\/div>\n<\/div>\n<\/div>\n","protected":false},"excerpt":{"rendered":"<p>Palais du Kremlin Un symbole de l&rsquo;histoire et de l&rsquo;architecture de Moscou Le Kremlin de Moscou, inscrit au patrimoine mondial de l&rsquo;UNESCO depuis 1990, est un symbole de la Russie et de son histoire politique et culturelle. Situ\u00e9 sur la rive gauche de la Moskova, ce complexe architectural datant du XIIe si\u00e8cle a accueilli des tsars, des dirigeants sovi\u00e9tiques et [&hellip;]<\/p>\n","protected":false},"author":2,"featured_media":1391,"template":"","class_list":["post-11804","reference","type-reference","status-publish","has-post-thumbnail","hentry"],"_links":{"self":[{"href":"https:\/\/berti.net\/fr\/wp-json\/wp\/v2\/reference\/11804","targetHints":{"allow":["GET"]}}],"collection":[{"href":"https:\/\/berti.net\/fr\/wp-json\/wp\/v2\/reference"}],"about":[{"href":"https:\/\/berti.net\/fr\/wp-json\/wp\/v2\/types\/reference"}],"author":[{"embeddable":true,"href":"https:\/\/berti.net\/fr\/wp-json\/wp\/v2\/users\/2"}],"wp:featuredmedia":[{"embeddable":true,"href":"https:\/\/berti.net\/fr\/wp-json\/wp\/v2\/media\/1391"}],"wp:attachment":[{"href":"https:\/\/berti.net\/fr\/wp-json\/wp\/v2\/media?parent=11804"}],"curies":[{"name":"wp","href":"https:\/\/api.w.org\/{rel}","templated":true}]}}