{"id":25541,"date":"2025-06-26T10:08:56","date_gmt":"2025-06-26T10:08:56","guid":{"rendered":"https:\/\/www.berti.net\/product\/bi-power\/"},"modified":"2025-12-03T16:14:30","modified_gmt":"2025-12-03T16:14:30","slug":"bi-power","status":"publish","type":"product","link":"https:\/\/berti.net\/fr\/produits-du-parquet\/bi-power\/","title":{"rendered":"BI POWER"},"content":{"rendered":"\n<div class=\"wp-block-group is-style-container has-global-padding is-content-justification-center is-layout-constrained wp-block-group-is-layout-constrained\">\n<div class=\"wp-block-group title-text-indented-pattern animated fadeIn has-global-padding is-layout-constrained wp-container-core-group-is-layout-a31aa551 wp-block-group-is-layout-constrained\">\n<div class=\"wp-block-group has-global-padding is-layout-constrained wp-block-group-is-layout-constrained\" style=\"margin-bottom:var(--wp--preset--spacing--50)\">\n<p class=\"has-m-font-size\">Sa formulation \u00e9poxy-polyur\u00e9thane en fait un produit id\u00e9al pour les environnements \u00e0 <strong>haute fr\u00e9quence<\/strong> et pour les professionnels \u00e0 la recherche de <strong>performances \u00e9lev\u00e9es, de fiabilit\u00e9 et de temps de traitement g\u00e9rables<\/strong>.<\/p>\n<\/div>\n<\/div>\n\n\n\n<div class=\"wp-block-group title-text-indented-pattern animated fadeIn has-global-padding is-layout-constrained wp-container-core-group-is-layout-a31aa551 wp-block-group-is-layout-constrained\">\n<h3 class=\"wp-block-heading has-text-color has-m-32-font-size\" style=\"color:#000000\">Principales caract\u00e9ristiques<\/h3>\n\n\n\n<div class=\"wp-block-group has-global-padding is-layout-constrained wp-block-group-is-layout-constrained\" style=\"margin-bottom:var(--wp--preset--spacing--50)\">\n<ul class=\"wp-block-list\">\n<li>P\u00e2te adh\u00e9sive \u00e0 deux composants (A + B)<\/li>\n\n\n\n<li>Id\u00e9al pour tout type de parquet : lamparquet, planches, multicouches, etc.<\/li>\n\n\n\n<li>Adh\u00e9sion \u00e9lev\u00e9e (&gt;3 N\/mm\u00b2 sur le b\u00e9ton et la c\u00e9ramique)<\/li>\n\n\n\n<li>Excellente r\u00e9sistance et tenue m\u00eame sur des substrats non absorbants<\/li>\n\n\n\n<li>Grande flexibilit\u00e9 et durabilit\u00e9<\/li>\n\n\n\n<li>Faible \u00e9mission de COV (conforme aux exigences int\u00e9rieures)<\/li>\n\n\n\n<li>Rapport A:B pr\u00e9-dos\u00e9 (9:1 en poids)<\/li>\n<\/ul>\n<\/div>\n<\/div>\n\n\n\n<div class=\"wp-block-group title-text-indented-pattern animated fadeIn has-global-padding is-layout-constrained wp-container-core-group-is-layout-a31aa551 wp-block-group-is-layout-constrained\">\n<h3 class=\"wp-block-heading has-text-color has-m-32-font-size\" style=\"color:#000000\">Modalit\u00e9s d&rsquo;utilisation<\/h3>\n\n\n\n<div class=\"wp-block-group has-global-padding is-layout-constrained wp-block-group-is-layout-constrained\" style=\"margin-bottom:var(--wp--preset--spacing--50)\">\n<h4 class=\"wp-block-heading has-m-22-font-size\">Pr\u00e9paration de la p\u00e2te<\/h4>\n\n\n\n<ul class=\"wp-block-list\">\n<li>Le composant <strong>B est d\u00e9j\u00e0 inclus dans le conteneur du composant A.<\/strong><\/li>\n\n\n\n<li>Verser le  <strong>comp. B (1 partie) <\/strong>  \u00e0  <strong>comp. A (9 parties) <\/strong>.<\/li>\n\n\n\n<li>M\u00e9langer \u00e0 l&rsquo;aide d&rsquo;un agitateur m\u00e9canique \u00e0 faible vitesse jusqu&rsquo;\u00e0 l&rsquo;obtention d&rsquo;un m\u00e9lange homog\u00e8ne.\n<ul style=\"margin-top:var(--wp--preset--spacing--10)\" class=\"wp-block-list\">\n<li>En hiver, ne m\u00e9langer d&rsquo;abord que le composant A pour faciliter l&rsquo;amalgame.<\/li>\n<\/ul>\n<\/li>\n\n\n\n<li>Dur\u00e9e de vie en pot : <strong>60-70 minutes<\/strong><\/li>\n<\/ul>\n<\/div>\n\n\n\n<div class=\"wp-block-group has-global-padding is-layout-constrained wp-block-group-is-layout-constrained\" style=\"margin-bottom:var(--wp--preset--spacing--50)\">\n<h4 class=\"wp-block-heading has-m-22-font-size\">Application<\/h4>\n\n\n\n<ul class=\"wp-block-list\">\n<li>Appliquer \u00e0 l&rsquo;aide d&rsquo;une truelle dentel\u00e9e sur un support <strong>propre, sec et m\u00e9caniquement r\u00e9sistant<\/strong>.<\/li>\n\n\n\n<li>Le <strong>temps d&rsquo;ouverture<\/strong> est d&rsquo;environ <strong>1 heure<\/strong> \u00e0 23\u00b0C.<\/li>\n\n\n\n<li>Poser le parquet en exer\u00e7ant <strong>une pression r\u00e9guli\u00e8re<\/strong>.<\/li>\n\n\n\n<li>Il faut toujours laisser <strong>un joint p\u00e9riph\u00e9rique d&rsquo;environ 1 cm.<\/strong><\/li>\n\n\n\n<li>Ne pas coller lat\u00e9ralement et <strong>\u00e9viter de remplir les joints des produits pr\u00e9finis<\/strong>.<\/li>\n<\/ul>\n<\/div>\n<\/div>\n\n\n\n<div class=\"wp-block-group title-text-indented-pattern animated fadeIn has-global-padding is-layout-constrained wp-container-core-group-is-layout-a31aa551 wp-block-group-is-layout-constrained\">\n<h3 class=\"wp-block-heading has-text-color has-m-32-font-size\" style=\"color:#000000\">Temps techniques<\/h3>\n\n\n\n<div class=\"wp-block-group has-global-padding is-layout-constrained wp-block-group-is-layout-constrained\" style=\"margin-bottom:var(--wp--preset--spacing--50)\">\n<ul class=\"wp-block-list\">\n<li><strong>Marchabilit\u00e9<\/strong>: apr\u00e8s environ <strong>24 heures<\/strong><\/li>\n\n\n\n<li><strong>Pon\u00e7abilit\u00e9<\/strong>: apr\u00e8s <strong>3 jours<\/strong> (optimum : 7-10 jours pour une stabilit\u00e9 maximale)<\/li>\n<\/ul>\n<\/div>\n<\/div>\n\n\n\n<div class=\"wp-block-group title-text-indented-pattern animated fadeIn has-global-padding is-layout-constrained wp-container-core-group-is-layout-a31aa551 wp-block-group-is-layout-constrained\">\n<h3 class=\"wp-block-heading has-text-color has-m-32-font-size\" style=\"color:#000000\">Donn\u00e9es techniques<\/h3>\n\n\n\n<div class=\"wp-block-group has-global-padding is-layout-constrained wp-block-group-is-layout-constrained\" style=\"margin-bottom:var(--wp--preset--spacing--50)\">\n<ul class=\"wp-block-list\">\n<li><strong>Format<\/strong>: unit\u00e9 pr\u00e9-dos\u00e9e de 10 kg\n<ul style=\"margin-top:var(--wp--preset--spacing--10)\" class=\"wp-block-list\">\n<li>Composant A : 9 kg<\/li>\n\n\n\n<li>Composant B : 1 kg<\/li>\n<\/ul>\n<\/li>\n\n\n\n<li><strong>Consommation<\/strong>: 1000-1300 g\/m\u00b2 (truelle dentel\u00e9e pour parquet)<\/li>\n\n\n\n<li><strong>Couleur du stock<\/strong>: beige uniforme<\/li>\n\n\n\n<li><strong>pH<\/strong>: non applicable &#8211; r\u00e9action adh\u00e9sive<\/li>\n\n\n\n<li><strong>Duret\u00e9 Shore A<\/strong>: 88 (apr\u00e8s 7 jours)<\/li>\n\n\n\n<li><strong>Temp\u00e9rature d&rsquo;application<\/strong>: +10\u00b0C \u00e0 +30\u00b0C<\/li>\n\n\n\n<li><strong>Temp\u00e9rature de fonctionnement<\/strong>: -30\u00b0C \u00e0 +70\u00b0C<\/li>\n\n\n\n<li><strong>Durabilit\u00e9<\/strong>: 24 mois (dans l&#8217;emballage d&rsquo;origine, au sec)<\/li>\n<\/ul>\n<\/div>\n<\/div>\n\n\n\n<div class=\"wp-block-group title-text-indented-pattern animated fadeIn has-global-padding is-layout-constrained wp-container-core-group-is-layout-a31aa551 wp-block-group-is-layout-constrained\">\n<h3 class=\"wp-block-heading has-text-color has-m-32-font-size\" style=\"color:#000000\">S\u00e9curit\u00e9 et pr\u00e9cautions<\/h3>\n\n\n\n<div class=\"wp-block-group has-global-padding is-layout-constrained wp-block-group-is-layout-constrained\" style=\"margin-bottom:var(--wp--preset--spacing--50)\">\n<ul class=\"wp-block-list\">\n<li><strong>Composant A<\/strong>: inflammable et irritant<\/li>\n\n\n\n<li><strong>Composant B<\/strong>: corrosif<\/li>\n<\/ul>\n\n\n\n<p>Les deux composants peuvent entra\u00eener une sensibilisation de la peau.<br\/>\ud83d\udd12 <strong>Utilisation par des professionnels uniquement<\/strong>.<br\/>\ud83e\udde4 Utiliser des <strong>gants, des lunettes de protection et des v\u00eatements de travail<\/strong> pendant l&rsquo;utilisation.<br\/>\ud83d\udcc4 Toujours consulter la <strong>derni\u00e8re fiche de donn\u00e9es de s\u00e9curit\u00e9<\/strong>.  <\/p>\n<\/div>\n<\/div>\n<\/div>\n\n<div style=\"height:var(--wp--preset--spacing--80)\" aria-hidden=\"true\" class=\"wp-block-spacer\"><\/div>\n\n<div class=\"wp-block-group alignwide is-style-container has-contrast-2-background-color has-background has-global-padding is-layout-constrained wp-container-core-group-is-layout-f04d5c41 wp-block-group-is-layout-constrained\" id=\"catalog\">\n<div class=\"wp-block-columns alignwide are-vertically-aligned-center is-layout-flex wp-container-core-columns-is-layout-e4e53ecd wp-block-columns-is-layout-flex\" style=\"margin-top:var(--wp--preset--spacing--100);margin-bottom:var(--wp--preset--spacing--100)\">\n<div class=\"wp-block-column is-layout-flow wp-block-column-is-layout-flow\" style=\"flex-basis:50%\">\n<figure class=\"wp-block-image size-full\"><img loading=\"lazy\" decoding=\"async\" width=\"900\" height=\"901\" src=\"https:\/\/www.berti.net\/wp-content\/uploads\/bipower-catalog-ok.jpg\" alt=\"\" class=\"wp-image-29157\" style=\"box-shadow:var(--wp--preset--shadow--deep)\" srcset=\"https:\/\/berti.net\/wp-content\/uploads\/bipower-catalog-ok.jpg 900w, https:\/\/berti.net\/wp-content\/uploads\/bipower-catalog-ok-812x812.jpg 812w, https:\/\/berti.net\/wp-content\/uploads\/bipower-catalog-ok-406x406.jpg 406w, https:\/\/berti.net\/wp-content\/uploads\/bipower-catalog-ok-768x769.jpg 768w\" sizes=\"auto, (max-width: 900px) 100vw, 900px\" \/><\/figure>\n<\/div>\n\n\n\n<div class=\"wp-block-column is-layout-flow wp-block-column-is-layout-flow\" style=\"flex-basis:50%\">\n<h4 class=\"wp-block-heading\" style=\"margin-top:var(--wp--preset--spacing--20);margin-bottom:var(--wp--preset--spacing--20);font-size:clamp(26.944px, 1.684rem + ((1vw - 3.2px) * 1.489), 46px);line-height:1\">T\u00e9l\u00e9charger la fiche technique<\/h4>\n\n\n\n<p class=\"has-text-color has-body-font-family\" style=\"color:#000000;padding-right:16%;font-size:14px\">T\u00e9l\u00e9chargez le catalogue pour d\u00e9couvrir la nouvelle collection BI POWER de Berti Pavimenti Legno.<\/p>\n\n\n\n<div class=\"wp-block-buttons is-layout-flex wp-block-buttons-is-layout-flex\" style=\"margin-top:var(--wp--preset--spacing--30)\">\n<div class=\"wp-block-button is-style-fill\"><a class=\"wp-block-button__link has-base-3-color has-base-background-color has-text-color has-background has-link-color has-custom-font-size wp-element-button\" href=\"https:\/\/www.berti.net\/wp-content\/uploads\/BERTI_Bi-power_user_guide.pdf\" style=\"padding-top:15px;padding-right:40px;padding-bottom:15px;padding-left:40px;font-size:clamp(14px, 0.875rem + ((1vw - 3.2px) * 0.156), 16px);\" target=\"_blank\" rel=\"noreferrer noopener\">T\u00c9L\u00c9CHARGER<\/a><\/div>\n<\/div>\n<\/div>\n<\/div>\n<\/div>\n","protected":false},"excerpt":{"rendered":"<p>Sa formulation \u00e9poxy-polyur\u00e9thane en fait un produit id\u00e9al pour les environnements \u00e0 haute fr\u00e9quence et pour les professionnels \u00e0 la recherche de performances \u00e9lev\u00e9es, de fiabilit\u00e9 et de temps de traitement g\u00e9rables. Principales caract\u00e9ristiques Modalit\u00e9s d&rsquo;utilisation Pr\u00e9paration de la p\u00e2te Application Temps techniques Donn\u00e9es techniques S\u00e9curit\u00e9 et pr\u00e9cautions Les deux composants peuvent entra\u00eener une sensibilisation de la peau.\ud83d\udd12 Utilisation par [&hellip;]<\/p>\n","protected":false},"author":2,"featured_media":29122,"template":"","product_collection":[257],"product_type":[],"product_color":[],"class_list":["post-25541","product","type-product","status-publish","has-post-thumbnail","hentry","product_collection-produits-du-parquet"],"_links":{"self":[{"href":"https:\/\/berti.net\/fr\/wp-json\/wp\/v2\/product\/25541","targetHints":{"allow":["GET"]}}],"collection":[{"href":"https:\/\/berti.net\/fr\/wp-json\/wp\/v2\/product"}],"about":[{"href":"https:\/\/berti.net\/fr\/wp-json\/wp\/v2\/types\/product"}],"author":[{"embeddable":true,"href":"https:\/\/berti.net\/fr\/wp-json\/wp\/v2\/users\/2"}],"wp:featuredmedia":[{"embeddable":true,"href":"https:\/\/berti.net\/fr\/wp-json\/wp\/v2\/media\/29122"}],"wp:attachment":[{"href":"https:\/\/berti.net\/fr\/wp-json\/wp\/v2\/media?parent=25541"}],"wp:term":[{"taxonomy":"product_collection","embeddable":true,"href":"https:\/\/berti.net\/fr\/wp-json\/wp\/v2\/product_collection?post=25541"},{"taxonomy":"product_type","embeddable":true,"href":"https:\/\/berti.net\/fr\/wp-json\/wp\/v2\/product_type?post=25541"},{"taxonomy":"product_color","embeddable":true,"href":"https:\/\/berti.net\/fr\/wp-json\/wp\/v2\/product_color?post=25541"}],"curies":[{"name":"wp","href":"https:\/\/api.w.org\/{rel}","templated":true}]}}