{"id":25546,"date":"2025-06-26T10:13:24","date_gmt":"2025-06-26T10:13:24","guid":{"rendered":"https:\/\/www.berti.net\/produits-de-parquet\/"},"modified":"2026-01-07T08:41:32","modified_gmt":"2026-01-07T08:41:32","slug":"produits-de-parquet","status":"publish","type":"page","link":"https:\/\/berti.net\/fr\/produits-de-parquet\/","title":{"rendered":"Produits Entretien Parquet"},"content":{"rendered":"\n<div class=\"wp-block-group alignfull hero-title-slider-pattern has-global-padding is-layout-constrained wp-block-group-is-layout-constrained\">\n<div class=\"wp-block-cover alignfull banner-hero has-aspect-ratio wp-duotone-unset-1\" style=\"padding-top:0px;padding-right:0;padding-bottom:0px;padding-left:0;aspect-ratio:auto;min-height:unset;\"><span aria-hidden=\"true\" class=\"wp-block-cover__background has-base-background-color has-background-dim-100 has-background-dim\"><\/span><div class=\"wp-block-cover__inner-container is-layout-flow wp-block-cover-is-layout-flow\">\n<div class=\"wp-block-group banner-hero-content has-global-padding is-layout-constrained wp-container-core-group-is-layout-ebc48d2c wp-block-group-is-layout-constrained\" style=\"padding-bottom:var(--wp--preset--spacing--80)\">\n<div class=\"wp-block-group has-global-padding is-layout-constrained wp-container-core-group-is-layout-b831be90 wp-block-group-is-layout-constrained\">\n<h1 class=\"wp-block-heading has-text-align-center has-white-color has-text-color has-xxl-font-size\" style=\"letter-spacing:0px;line-height:1\">Produits pour la parqueterie<\/h1>\n<\/div>\n<\/div>\n<\/div><\/div>\n<\/div>\n\n\n\n<div class=\"wp-block-group alignwide has-global-padding is-layout-constrained wp-container-core-group-is-layout-92dded1c wp-block-group-is-layout-constrained\" style=\"margin-top:var(--wp--preset--spacing--120);margin-bottom:var(--wp--preset--spacing--120)\">\n<div class=\"wp-block-group title-text-indented-pattern has-global-padding is-layout-constrained wp-container-core-group-is-layout-a31aa551 wp-block-group-is-layout-constrained\">\n<div class=\"wp-block-group animated fadeInUp has-global-padding is-layout-constrained wp-block-group-is-layout-constrained\">\n<p class=\"has-text-color has-m-22-font-size\" style=\"line-height:1.4\">La beaut\u00e9 et la durabilit\u00e9 du parquet commencent par le choix des bons produits.<\/p>\n\n\n\n<p class=\"has-m-22-font-size\">Cette section est enti\u00e8rement d\u00e9di\u00e9e \u00e0 ceux qui veulent le meilleur pour leur parquet : des <strong>solutions professionnelles pour la pose<\/strong> et des <strong>produits sp\u00e9cifiques pour le nettoyage et l&rsquo;entretien quotidiens<\/strong>.<\/p>\n\n\n\n<p class=\"has-text-color has-m-22-font-size\" style=\"line-height:1.4\">Chaque article a \u00e9t\u00e9 s\u00e9lectionn\u00e9 pour garantir des performances \u00e9lev\u00e9es, la s\u00e9curit\u00e9 de l&rsquo;utilisateur et le respect de ce mat\u00e9riau noble qu&rsquo;est le parquet. Des colles performantes aux nettoyants m\u00e9nagers respectueux de l&rsquo;environnement, nous vous proposons une gamme compl\u00e8te et fiable. <\/p>\n<\/div>\n<\/div>\n<\/div>\n\n\n\n<div class=\"wp-block-group alignwide has-global-padding is-layout-constrained wp-container-core-group-is-layout-92dded1c wp-block-group-is-layout-constrained\" style=\"margin-top:var(--wp--preset--spacing--120);margin-bottom:var(--wp--preset--spacing--120)\">\n<div class=\"wp-block-group title-text-indented-pattern has-global-padding is-layout-constrained wp-container-core-group-is-layout-a31aa551 wp-block-group-is-layout-constrained\">\n<h2 class=\"wp-block-heading animated fadeInUp has-text-color\" style=\"color:#000000\">Nettoyage et entretien des parquets<\/h2>\n\n\n\n<div class=\"wp-block-group animated fadeInUp has-global-padding is-layout-constrained wp-block-group-is-layout-constrained\">\n<p class=\"has-text-color has-m-font-size\" style=\"line-height:1.4\">La ligne domestique est destin\u00e9e \u00e0 ceux qui souhaitent pr\u00e9server la <strong>beaut\u00e9 du parquet dans le temps<\/strong>, en le gardant <strong>propre, prot\u00e9g\u00e9 et brillant<\/strong> avec facilit\u00e9.<\/p>\n\n\n\n<p class=\"has-text-color has-m-font-size\" style=\"line-height:1.4\">Il comprend un <strong>d\u00e9tergent assainissant<\/strong> \u00e0 base de tensioactifs v\u00e9g\u00e9taux et une <strong>finition satin\u00e9e<\/strong> pour r\u00e9g\u00e9n\u00e9rer la surface des sols huil\u00e9s et vernis.<\/p>\n\n\n\n<p class=\"has-text-color has-m-font-size\" style=\"line-height:1.4\">Les deux produits sont <strong>s\u00fbrs, faciles \u00e0 utiliser et exempts de substances nocives<\/strong>. Ils sont \u00e9galement id\u00e9aux pour les familles ayant des enfants ou des animaux domestiques. En quelques \u00e9tapes, le parquet sera comme neuf. <\/p>\n<\/div>\n<\/div>\n<\/div>\n\n\n\n<div class=\"wp-block-group is-style-default has-global-padding is-layout-constrained wp-container-core-group-is-layout-57f1f806 wp-block-group-is-layout-constrained\">\n<div class=\"wp-block-media-text is-stacked-on-mobile animated fadeIn is-style-default\" style=\"padding-right:6%;padding-left:6%;grid-template-columns:40% auto\"><figure class=\"wp-block-media-text__media\"><a href=\"https:\/\/www.berti.net\/fr\/produits-du-parquet\/refinir\/\"><img loading=\"lazy\" decoding=\"async\" width=\"814\" height=\"814\" src=\"https:\/\/www.berti.net\/wp-content\/uploads\/domestico_refine-thumb.jpg\" alt=\"\" class=\"wp-image-25339 size-full\" srcset=\"https:\/\/berti.net\/wp-content\/uploads\/domestico_refine-thumb.jpg 814w, https:\/\/berti.net\/wp-content\/uploads\/domestico_refine-thumb-812x812.jpg 812w, https:\/\/berti.net\/wp-content\/uploads\/domestico_refine-thumb-406x406.jpg 406w, https:\/\/berti.net\/wp-content\/uploads\/domestico_refine-thumb-768x768.jpg 768w\" sizes=\"auto, (max-width: 814px) 100vw, 814px\" \/><\/a><\/figure><div class=\"wp-block-media-text__content\">\n<div class=\"wp-block-group has-global-padding is-layout-constrained wp-block-group-is-layout-constrained\">\n<p class=\"has-m-22-font-size\" style=\"margin-top:0;margin-bottom:0\"><strong>R\u00c9FINIR<\/strong><\/p>\n\n\n\n<p class=\"has-m-font-size\" style=\"margin-top:0;margin-bottom:0\"><strong>Nettoyant, d\u00e9sinfectant et produit de rin\u00e7age polyvalent<\/strong><\/p>\n\n\n\n<p>Sp\u00e9cialement con\u00e7u pour les parquets et les surfaces d\u00e9licates, REFINE est un d\u00e9tergent assainissant \u00e0 base de <strong>tensioactifs v\u00e9g\u00e9taux<\/strong>.<br>Il ne n\u00e9cessite pas de rin\u00e7age, laisse un agr\u00e9able parfum de <strong>menthe<\/strong> et de <strong>pin<\/strong> et apporte <strong>brillance et nettoyage en profondeur<\/strong> tout en respectant le bois.<\/p>\n\n\n\n<div class=\"wp-block-buttons is-layout-flex wp-block-buttons-is-layout-flex\">\n<div class=\"wp-block-button\"><a class=\"wp-block-button__link has-contrast-2-color has-base-background-color has-text-color has-background has-link-color wp-element-button\" href=\"https:\/\/www.berti.net\/fr\/produits-du-parquet\/refinir\/\">AFFINER LA <strong>FICHE PRODUIT<\/strong> <\/a><\/div>\n<\/div>\n<\/div>\n<\/div><\/div>\n\n\n\n<div class=\"wp-block-media-text is-stacked-on-mobile animated fadeIn is-style-default\" style=\"padding-right:6%;padding-left:6%;grid-template-columns:40% auto\"><figure class=\"wp-block-media-text__media\"><a href=\"https:\/\/www.berti.net\/fr\/produits-du-parquet\/vitaliser\/\"><img loading=\"lazy\" decoding=\"async\" width=\"814\" height=\"814\" src=\"https:\/\/www.berti.net\/wp-content\/uploads\/domestico_Vitalize-thumb.jpg\" alt=\"\" class=\"wp-image-25351 size-full\" srcset=\"https:\/\/berti.net\/wp-content\/uploads\/domestico_Vitalize-thumb.jpg 814w, https:\/\/berti.net\/wp-content\/uploads\/domestico_Vitalize-thumb-812x812.jpg 812w, https:\/\/berti.net\/wp-content\/uploads\/domestico_Vitalize-thumb-406x406.jpg 406w, https:\/\/berti.net\/wp-content\/uploads\/domestico_Vitalize-thumb-768x768.jpg 768w\" sizes=\"auto, (max-width: 814px) 100vw, 814px\" \/><\/a><\/figure><div class=\"wp-block-media-text__content\">\n<div class=\"wp-block-group has-global-padding is-layout-constrained wp-block-group-is-layout-constrained\">\n<p class=\"has-m-22-font-size\" style=\"margin-top:0;margin-bottom:0\"><strong>VITALISER<\/strong><\/p>\n\n\n\n<p class=\"has-m-font-size\" style=\"margin-top:0;margin-bottom:0\"><strong>Satinisateur protecteur pour parquets huil\u00e9s et vernis<\/strong><\/p>\n\n\n\n<p>VITALIZE est un traitement nourrissant et r\u00e9g\u00e9n\u00e9rant qui <strong>prot\u00e8ge la surface du parquet de<\/strong> l&rsquo;usure et des taches.<br>A base d&rsquo;<strong>huiles et de cires naturelles<\/strong>, il est pr\u00eat \u00e0 l&#8217;emploi et facile \u00e0 appliquer avec des r\u00e9sultats esth\u00e9tiques qui mettent en valeur le naturel du bois.<\/p>\n\n\n\n<div class=\"wp-block-buttons is-layout-flex wp-block-buttons-is-layout-flex\">\n<div class=\"wp-block-button\"><a class=\"wp-block-button__link has-contrast-2-color has-base-background-color has-text-color has-background has-link-color wp-element-button\" href=\"https:\/\/www.berti.net\/fr\/produits-du-parquet\/vitaliser\/\"><strong>FICHE PRODUIT<\/strong> VITALIZE<\/a><\/div>\n<\/div>\n<\/div>\n<\/div><\/div>\n<\/div>\n\n\n\n<div class=\"wp-block-group alignwide has-global-padding is-layout-constrained wp-container-core-group-is-layout-92dded1c wp-block-group-is-layout-constrained\" style=\"margin-top:var(--wp--preset--spacing--120);margin-bottom:var(--wp--preset--spacing--120)\">\n<div class=\"wp-block-group title-text-indented-pattern has-global-padding is-layout-constrained wp-container-core-group-is-layout-a31aa551 wp-block-group-is-layout-constrained\">\n<h2 class=\"wp-block-heading animated fadeInUp has-text-color\" style=\"color:#000000\">Qualit\u00e9, s\u00e9curit\u00e9 et durabilit\u00e9<\/h2>\n\n\n\n<div class=\"wp-block-group animated fadeInUp has-global-padding is-layout-constrained wp-block-group-is-layout-constrained\">\n<p class=\"has-text-color has-m-font-size\" style=\"line-height:1.4\">Tous les produits sont con\u00e7us pour offrir des <strong>performances maximales<\/strong> tout en respectant l&rsquo;environnement et la sant\u00e9.<\/p>\n\n\n\n<ul class=\"wp-block-list\">\n<li><strong>Faible \u00e9mission de substances volatiles (COV)<\/strong><\/li>\n\n\n\n<li>Formulations <strong>biod\u00e9gradables et v\u00e9g\u00e9tales<\/strong> dans la mesure du possible<\/li>\n\n\n\n<li>Pas de symboles de danger pour les produits nationaux<\/li>\n\n\n\n<li><strong>Facilit\u00e9 d&rsquo;utilisation<\/strong>, m\u00eame dans les environnements r\u00e9sidentiels<\/li>\n<\/ul>\n<\/div>\n<\/div>\n<\/div>\n\n\n\n<div class=\"wp-block-group alignwide has-global-padding is-layout-constrained wp-container-core-group-is-layout-92dded1c wp-block-group-is-layout-constrained\" style=\"margin-top:var(--wp--preset--spacing--120);margin-bottom:var(--wp--preset--spacing--120)\">\n<div class=\"wp-block-group title-text-indented-pattern has-global-padding is-layout-constrained wp-container-core-group-is-layout-a31aa551 wp-block-group-is-layout-constrained\">\n<h2 class=\"wp-block-heading animated fadeInUp has-text-color\" style=\"color:#000000\">Adh\u00e9sifs pour une installation professionnelle<\/h2>\n\n\n\n<div class=\"wp-block-group animated fadeInUp has-global-padding is-layout-constrained wp-block-group-is-layout-constrained\">\n<p class=\"has-text-color has-m-font-size\" style=\"line-height:1.4\">La ligne professionnelle est destin\u00e9e aux personnes qui travaillent quotidiennement avec le parquet : installateurs, artisans et professionnels des rev\u00eatements de sol en bois.<\/p>\n\n\n\n<p class=\"has-text-color has-m-font-size\" style=\"line-height:1.4\">Nous proposons des <strong>adh\u00e9sifs techniques \u00e0 un ou deux composants<\/strong> adapt\u00e9s \u00e0 tous les types de parquets et de surfaces, m\u00eame dans des conditions critiques telles que des substrats chauff\u00e9s ou des mat\u00e9riaux non absorbants.<\/p>\n\n\n\n<p class=\"has-text-color has-m-font-size\" style=\"line-height:1.4\">Formulations performantes, pr\u00eates \u00e0 l&#8217;emploi ou \u00e0 m\u00e9langer, qui offrent <strong>adh\u00e9rence, flexibilit\u00e9 et durabilit\u00e9<\/strong>, tout en mettant l&rsquo;accent sur la s\u00e9curit\u00e9 et la facilit\u00e9 d&rsquo;application.<\/p>\n<\/div>\n<\/div>\n<\/div>\n\n\n\n<div class=\"wp-block-group is-style-default has-global-padding is-layout-constrained wp-container-core-group-is-layout-57f1f806 wp-block-group-is-layout-constrained\">\n<div class=\"wp-block-media-text is-stacked-on-mobile animated fadeIn is-style-default\" style=\"padding-right:6%;padding-left:6%;grid-template-columns:40% auto\"><figure class=\"wp-block-media-text__media\"><a href=\"https:\/\/www.berti.net\/fr\/produits-du-parquet\/grippix\/\"><img loading=\"lazy\" decoding=\"async\" width=\"814\" height=\"814\" src=\"https:\/\/www.berti.net\/wp-content\/uploads\/GRIPPIX_thumb.jpg\" alt=\"\" class=\"wp-image-29110 size-full\" srcset=\"https:\/\/berti.net\/wp-content\/uploads\/GRIPPIX_thumb.jpg 814w, https:\/\/berti.net\/wp-content\/uploads\/GRIPPIX_thumb-812x812.jpg 812w, https:\/\/berti.net\/wp-content\/uploads\/GRIPPIX_thumb-406x406.jpg 406w, https:\/\/berti.net\/wp-content\/uploads\/GRIPPIX_thumb-768x768.jpg 768w\" sizes=\"auto, (max-width: 814px) 100vw, 814px\" \/><\/a><\/figure><div class=\"wp-block-media-text__content\">\n<div class=\"wp-block-group has-global-padding is-layout-constrained wp-block-group-is-layout-constrained\">\n<p class=\"has-m-22-font-size\" style=\"margin-top:0;margin-bottom:0\"><strong>GRIPPIX<\/strong><\/p>\n\n\n\n<p class=\"has-m-font-size\" style=\"margin-top:0;margin-bottom:0\"><strong>Colle polyur\u00e9thane monocomposante pour parquet multicouche pr\u00e9fini<\/strong><\/p>\n\n\n\n<p>Adh\u00e9sif <strong>pr\u00eat \u00e0 l&#8217;emploi<\/strong>, id\u00e9al pour les environnements o\u00f9 les substrats sont chauff\u00e9s et pour les professionnels sensibles aux compos\u00e9s \u00e9poxy.<br>Sans solvant, il offre un <strong>rendement \u00e9lev\u00e9<\/strong>, une excellente tenue et une <strong>faible \u00e9mission de COV<\/strong>, pour une installation s\u00fbre et durable.<\/p>\n\n\n\n<div class=\"wp-block-buttons is-layout-flex wp-block-buttons-is-layout-flex\">\n<div class=\"wp-block-button\"><a class=\"wp-block-button__link has-contrast-2-color has-base-background-color has-text-color has-background has-link-color wp-element-button\" href=\"https:\/\/www.berti.net\/fr\/produits-du-parquet\/grippix\/\"><strong>FICHE PRODUIT<\/strong> <strong>GRIPPIX<\/strong><\/a><\/div>\n<\/div>\n<\/div>\n<\/div><\/div>\n\n\n\n<div class=\"wp-block-media-text is-stacked-on-mobile animated fadeIn is-style-default\" style=\"padding-right:6%;padding-left:6%;grid-template-columns:40% auto\"><figure class=\"wp-block-media-text__media\"><a href=\"https:\/\/www.berti.net\/fr\/produits-du-parquet\/bi-power\/\"><img loading=\"lazy\" decoding=\"async\" width=\"814\" height=\"814\" src=\"https:\/\/www.berti.net\/wp-content\/uploads\/BIPOWER_thumb.jpg\" alt=\"\" class=\"wp-image-29120 size-full\" srcset=\"https:\/\/berti.net\/wp-content\/uploads\/BIPOWER_thumb.jpg 814w, https:\/\/berti.net\/wp-content\/uploads\/BIPOWER_thumb-812x812.jpg 812w, https:\/\/berti.net\/wp-content\/uploads\/BIPOWER_thumb-406x406.jpg 406w, https:\/\/berti.net\/wp-content\/uploads\/BIPOWER_thumb-768x768.jpg 768w\" sizes=\"auto, (max-width: 814px) 100vw, 814px\" \/><\/a><\/figure><div class=\"wp-block-media-text__content\">\n<div class=\"wp-block-group has-global-padding is-layout-constrained wp-block-group-is-layout-constrained\">\n<p class=\"has-m-22-font-size\" style=\"margin-top:0;margin-bottom:0\"><strong>BI POWER<\/strong><\/p>\n\n\n\n<p class=\"has-m-font-size\" style=\"margin-top:0;margin-bottom:0\"><strong>Colle \u00e9poxy-polyur\u00e9thane \u00e0 deux composants pour tous types de parquets<\/strong><\/p>\n\n\n\n<p>Parfait pour les applications sur les surfaces non absorbantes telles que la c\u00e9ramique ou le marbre.<br>Offre une <strong>adh\u00e9rence et une flexibilit\u00e9 \u00e9lev\u00e9es<\/strong>, avec un grip professionnel fort.<br>Id\u00e9al pour ceux qui recherchent une <strong>performance maximale m\u00eame dans des conditions exigeantes<\/strong>.<\/p>\n\n\n\n<div class=\"wp-block-buttons is-layout-flex wp-block-buttons-is-layout-flex\">\n<div class=\"wp-block-button\"><a class=\"wp-block-button__link has-contrast-2-color has-base-background-color has-text-color has-background has-link-color wp-element-button\" href=\"https:\/\/www.berti.net\/fr\/produits-du-parquet\/bi-power\/\"><strong>FICHE PRODUIT BI POWER<\/strong><\/a><\/div>\n<\/div>\n<\/div>\n<\/div><\/div>\n<\/div>\n\n\n\n<div style=\"height:100px\" aria-hidden=\"true\" class=\"wp-block-spacer\"><\/div>\n\n\n\n<div class=\"wp-block-cover alignfull is-light estimate-request-content animated fadeIn\" style=\"margin-top:0\"><img decoding=\"async\" class=\"wp-block-cover__image-background\" alt=\"\" src=\"https:\/\/staging.berti.net\/wp-content\/themes\/thombase\/public\/images\/estimateBanner.webp\" data-object-fit=\"cover\"\/><span aria-hidden=\"true\" class=\"wp-block-cover__background has-background-dim-0 has-background-dim\"><\/span><div class=\"wp-block-cover__inner-container has-global-padding is-layout-constrained wp-block-cover-is-layout-constrained\">\n<div id=\"estimate\" class=\"wp-block-group alignleft estimate-request-content-inner has-global-padding is-content-justification-left is-layout-constrained wp-container-core-group-is-layout-94054b8f wp-block-group-is-layout-constrained\">\n<h5 class=\"wp-block-heading\">Demandez un <strong>devis<\/strong>,<br>entrez dans le monde Berti<\/h5>\n\n\n\n<p>\n  Remplissez le formulaire pour demander un devis. Vous recevrez une r\u00e9ponse de notre \u00e9quipe dans les plus brefs d\u00e9lais. \n            <\/p>\n\n\n\n<div class=\"wp-block-buttons is-layout-flex wp-block-buttons-is-layout-flex\">\n<div class=\"wp-block-button is-style-link\"><a class=\"wp-block-button__link wp-element-button\" href=\"https:\/\/www.berti.net\/fr\/demander-un-devis-2\/\">POSEZ VOTRE CANDIDATURE D\u00c8S MAINTENANT<\/a><\/div>\n<\/div>\n<\/div>\n<\/div><\/div>\n","protected":false},"excerpt":{"rendered":"<p>La beaut\u00e9 et la durabilit\u00e9 du parquet commencent par le choix des bons produits. Cette section est enti\u00e8rement d\u00e9di\u00e9e \u00e0 ceux qui veulent le meilleur pour leur parquet : des solutions professionnelles pour la pose et des produits sp\u00e9cifiques pour le nettoyage et l&rsquo;entretien quotidiens. Chaque article a \u00e9t\u00e9 s\u00e9lectionn\u00e9 pour garantir des performances \u00e9lev\u00e9es, la s\u00e9curit\u00e9 de l&rsquo;utilisateur et [&hellip;]<\/p>\n","protected":false},"author":2,"featured_media":0,"parent":0,"menu_order":0,"comment_status":"closed","ping_status":"closed","template":"page-with-overlying-header","meta":{"footnotes":""},"class_list":["post-25546","page","type-page","status-publish","hentry"],"_links":{"self":[{"href":"https:\/\/berti.net\/fr\/wp-json\/wp\/v2\/pages\/25546","targetHints":{"allow":["GET"]}}],"collection":[{"href":"https:\/\/berti.net\/fr\/wp-json\/wp\/v2\/pages"}],"about":[{"href":"https:\/\/berti.net\/fr\/wp-json\/wp\/v2\/types\/page"}],"author":[{"embeddable":true,"href":"https:\/\/berti.net\/fr\/wp-json\/wp\/v2\/users\/2"}],"replies":[{"embeddable":true,"href":"https:\/\/berti.net\/fr\/wp-json\/wp\/v2\/comments?post=25546"}],"version-history":[{"count":17,"href":"https:\/\/berti.net\/fr\/wp-json\/wp\/v2\/pages\/25546\/revisions"}],"predecessor-version":[{"id":29309,"href":"https:\/\/berti.net\/fr\/wp-json\/wp\/v2\/pages\/25546\/revisions\/29309"}],"wp:attachment":[{"href":"https:\/\/berti.net\/fr\/wp-json\/wp\/v2\/media?parent=25546"}],"curies":[{"name":"wp","href":"https:\/\/api.w.org\/{rel}","templated":true}]}}