{"id":15101,"date":"2025-02-04T10:17:31","date_gmt":"2025-02-04T10:17:31","guid":{"rendered":"https:\/\/www.berti.net\/couleurs-du-parquet\/parquet-fonce\/"},"modified":"2025-05-16T10:07:41","modified_gmt":"2025-05-16T10:07:41","slug":"parquet-fonce","status":"publish","type":"page","link":"https:\/\/berti.net\/fr\/couleurs-du-parquet\/parquet-fonce\/","title":{"rendered":"Parquet fonc\u00e9"},"content":{"rendered":"\n<div class=\"wp-block-cover alignfull banner-hero has-aspect-ratio wp-duotone-unset-1\" style=\"padding-top:0px;padding-right:0;padding-bottom:0px;padding-left:0;min-height:516px;aspect-ratio:auto;min-height:unset;\"><span aria-hidden=\"true\" class=\"wp-block-cover__background has-background-dim-90 has-background-dim wp-block-cover__gradient-background has-background-gradient\" style=\"background:linear-gradient(0deg,#19191900 0%,#191919 100%)\"><\/span><img loading=\"lazy\" decoding=\"async\" width=\"2400\" height=\"1024\" class=\"wp-block-cover__image-background wp-image-13343\" alt=\"\" src=\"https:\/\/www.berti.net\/wp-content\/uploads\/berti_pavimenti-legno_parquet_colori-scuri.jpg\" data-object-fit=\"cover\" srcset=\"https:\/\/berti.net\/wp-content\/uploads\/berti_pavimenti-legno_parquet_colori-scuri.jpg 2400w, https:\/\/berti.net\/wp-content\/uploads\/berti_pavimenti-legno_parquet_colori-scuri-812x346.jpg 812w, https:\/\/berti.net\/wp-content\/uploads\/berti_pavimenti-legno_parquet_colori-scuri-1920x819.jpg 1920w, https:\/\/berti.net\/wp-content\/uploads\/berti_pavimenti-legno_parquet_colori-scuri-768x328.jpg 768w, https:\/\/berti.net\/wp-content\/uploads\/berti_pavimenti-legno_parquet_colori-scuri-1536x655.jpg 1536w, https:\/\/berti.net\/wp-content\/uploads\/berti_pavimenti-legno_parquet_colori-scuri-2048x874.jpg 2048w\" sizes=\"auto, (max-width: 2400px) 100vw, 2400px\" \/><div class=\"wp-block-cover__inner-container is-layout-flow wp-block-cover-is-layout-flow\">\n<div class=\"wp-block-group banner-hero-content has-global-padding is-layout-constrained wp-container-core-group-is-layout-a05d3a21 wp-block-group-is-layout-constrained\">\n<div class=\"wp-block-group has-global-padding is-layout-constrained wp-container-core-group-is-layout-b831be90 wp-block-group-is-layout-constrained\">\n<h1 class=\"wp-block-heading has-text-align-center has-white-color has-text-color has-xxxl-font-size\" style=\"letter-spacing:0px;line-height:1;text-transform:uppercase\">Parquet fonc\u00e9<\/h1>\n<\/div>\n<\/div>\n<\/div><\/div>\n\n<div class=\"wp-block-group alignfull hero-title-slider-pattern has-global-padding is-layout-constrained wp-block-group-is-layout-constrained\">\n<div class=\"wp-block-group banner-hero-content has-global-padding is-layout-constrained wp-container-core-group-is-layout-09a7d114 wp-block-group-is-layout-constrained\" style=\"margin-top:var(--wp--preset--spacing--70);margin-bottom:var(--wp--preset--spacing--30)\">\n<div class=\"wp-block-group is-style-container has-global-padding is-layout-constrained wp-container-core-group-is-layout-a816393c wp-block-group-is-layout-constrained\">\n<p class=\"has-text-align-center animated fadeInUp has-m-22-font-size\" style=\"line-height:1.45\">Les sols en bois dans les tons fonc\u00e9s ou bruns ne se d\u00e9modent jamais.<br\/>Le bois fonc\u00e9 est par nature le <strong>weng\u00e9<\/strong> et le noyer dans sa variante am\u00e9ricaine, qui compte parmi les essences de bois les plus populaires dans l&rsquo;ameublement en raison de sa teinte \u00e9l\u00e9gante et de son beau grain, mais aussi le ch\u00eane trait\u00e9 \u00e0 la chaleur ou teint\u00e9. De couleur <strong>brun fonc\u00e9<\/strong>, avec des <strong>veines violac\u00e9es<\/strong> tendant vers le <strong>noir chaud<\/strong>, le bois de weng\u00e9 est particuli\u00e8rement d\u00e9coratif. <\/p>\n\n\n\n<p class=\"has-text-align-center animated fadeInUp has-m-22-font-size\" style=\"line-height:1.45\">Un <strong>parquet en bois fonc\u00e9<\/strong> peut \u00eatre pos\u00e9 dans n&rsquo;importe quelle pi\u00e8ce de la maison, mais il est particuli\u00e8rement adapt\u00e9 aux pi\u00e8ces d\u00e9di\u00e9es au repos, telles que les chambres et les salons. Cette s\u00e9lection de <strong>parquets en bois fonc\u00e9<\/strong> pr\u00e9finis est disponible dans diff\u00e9rents tons de couleurs et essences de bois dans les diff\u00e9rentes collections de parquets Berti. <\/p>\n<\/div>\n<\/div>\n<\/div>\n\n<div class=\"wp-block-group products-group is-style-container has-global-padding is-content-justification-left is-layout-constrained wp-container-core-group-is-layout-62b5276d wp-block-group-is-layout-constrained\" style=\"margin-top:var(--wp--preset--spacing--80);margin-bottom:var(--wp--preset--spacing--80)\">\n<div class=\"wp-block-query products-grid-4-col is-layout-flow wp-block-query-is-layout-flow\"><ul class=\"has-link-color columns-4 products-grid-4-col-template wp-elements-46c9de2ec6190c6d8a2a9e5a61982672 wp-block-post-template has-text-color has-base-color is-layout-grid wp-container-core-post-template-is-layout-e7fd85f5 wp-block-post-template-is-layout-grid\"><li class=\"wp-block-post post-15310 product type-product status-publish has-post-thumbnail hentry product_collection-dalles-de-parquet-square-space product_type-floral-fr product_color-scuro\">\n<figure class=\"wp-block-post-featured-image wp-elements-46c9de2ec6190c6d8a2a9e5a61982672\"><a href=\"https:\/\/berti.net\/fr\/parquet\/dalles-de-parquet-square-space\/lotus\/\" target=\"_self\"  ><img loading=\"lazy\" decoding=\"async\" width=\"812\" height=\"812\" src=\"https:\/\/berti.net\/wp-content\/uploads\/berti-pavimenti-in-legno_parquet-quadrotta-lotus-812x812.jpg\" class=\"attachment-medium size-medium\" alt=\"Lotus\" srcset=\"https:\/\/berti.net\/wp-content\/uploads\/berti-pavimenti-in-legno_parquet-quadrotta-lotus-812x812.jpg 812w, https:\/\/berti.net\/wp-content\/uploads\/berti-pavimenti-in-legno_parquet-quadrotta-lotus-406x406.jpg 406w, https:\/\/berti.net\/wp-content\/uploads\/berti-pavimenti-in-legno_parquet-quadrotta-lotus-768x768.jpg 768w, https:\/\/berti.net\/wp-content\/uploads\/berti-pavimenti-in-legno_parquet-quadrotta-lotus-1536x1536.jpg 1536w, https:\/\/berti.net\/wp-content\/uploads\/berti-pavimenti-in-legno_parquet-quadrotta-lotus-300x300.jpg 300w, https:\/\/berti.net\/wp-content\/uploads\/berti-pavimenti-in-legno_parquet-quadrotta-lotus-400x400.jpg 400w, https:\/\/berti.net\/wp-content\/uploads\/berti-pavimenti-in-legno_parquet-quadrotta-lotus-600x600.jpg 600w, https:\/\/berti.net\/wp-content\/uploads\/berti-pavimenti-in-legno_parquet-quadrotta-lotus.jpg 1908w\" sizes=\"auto, (max-width: 812px) 100vw, 812px\" \/><\/a><\/figure>\n\n<h2 style=\"font-size:clamp(15.747px, 0.984rem + ((1vw - 3.2px) * 0.645), 24px);font-style:normal;font-weight:700;\" class=\"wp-block-post-title\"><a href=\"https:\/\/berti.net\/fr\/parquet\/dalles-de-parquet-square-space\/lotus\/\" target=\"_self\" >Lotus<\/a><\/h2>\n\n<div style=\"font-size:clamp(14px, 0.875rem + ((1vw - 3.2px) * 0.313), 18px)\" class=\"taxonomy-product_collection wp-block-post-terms\"><a href=\"https:\/\/berti.net\/fr\/magazine\/products\/collection\/parquet\/dalles-de-parquet-square-space\/\" rel=\"tag\">Dalles de Parquet Square Space<\/a><\/div>\n<\/li><li class=\"wp-block-post post-15308 product type-product status-publish has-post-thumbnail hentry product_collection-dalles-de-parquet-square-space product_type-floral-fr product_color-scuro\">\n<figure class=\"wp-block-post-featured-image wp-elements-46c9de2ec6190c6d8a2a9e5a61982672\"><a href=\"https:\/\/berti.net\/fr\/parquet\/dalles-de-parquet-square-space\/magnolia\/\" target=\"_self\"  ><img loading=\"lazy\" decoding=\"async\" width=\"812\" height=\"812\" src=\"https:\/\/berti.net\/wp-content\/uploads\/berti-pavimenti-in-legno_parquet-quadrotta-lotus-2-812x812.jpg\" class=\"attachment-medium size-medium\" alt=\"Lotus\" srcset=\"https:\/\/berti.net\/wp-content\/uploads\/berti-pavimenti-in-legno_parquet-quadrotta-lotus-2-812x812.jpg 812w, https:\/\/berti.net\/wp-content\/uploads\/berti-pavimenti-in-legno_parquet-quadrotta-lotus-2-406x406.jpg 406w, https:\/\/berti.net\/wp-content\/uploads\/berti-pavimenti-in-legno_parquet-quadrotta-lotus-2-768x768.jpg 768w, https:\/\/berti.net\/wp-content\/uploads\/berti-pavimenti-in-legno_parquet-quadrotta-lotus-2-1536x1536.jpg 1536w, https:\/\/berti.net\/wp-content\/uploads\/berti-pavimenti-in-legno_parquet-quadrotta-lotus-2-300x300.jpg 300w, https:\/\/berti.net\/wp-content\/uploads\/berti-pavimenti-in-legno_parquet-quadrotta-lotus-2-400x400.jpg 400w, https:\/\/berti.net\/wp-content\/uploads\/berti-pavimenti-in-legno_parquet-quadrotta-lotus-2-600x600.jpg 600w, https:\/\/berti.net\/wp-content\/uploads\/berti-pavimenti-in-legno_parquet-quadrotta-lotus-2.jpg 1908w\" sizes=\"auto, (max-width: 812px) 100vw, 812px\" \/><\/a><\/figure>\n\n<h2 style=\"font-size:clamp(15.747px, 0.984rem + ((1vw - 3.2px) * 0.645), 24px);font-style:normal;font-weight:700;\" class=\"wp-block-post-title\"><a href=\"https:\/\/berti.net\/fr\/parquet\/dalles-de-parquet-square-space\/magnolia\/\" target=\"_self\" >Magnolia<\/a><\/h2>\n\n<div style=\"font-size:clamp(14px, 0.875rem + ((1vw - 3.2px) * 0.313), 18px)\" class=\"taxonomy-product_collection wp-block-post-terms\"><a href=\"https:\/\/berti.net\/fr\/magazine\/products\/collection\/parquet\/dalles-de-parquet-square-space\/\" rel=\"tag\">Dalles de Parquet Square Space<\/a><\/div>\n<\/li><li class=\"wp-block-post post-15287 product type-product status-publish has-post-thumbnail hentry product_collection-dalles-de-parquet-square-space product_type-geometrique product_color-scuro\">\n<figure class=\"wp-block-post-featured-image wp-elements-46c9de2ec6190c6d8a2a9e5a61982672\"><a href=\"https:\/\/berti.net\/fr\/parquet\/dalles-de-parquet-square-space\/tamagnino\/\" target=\"_self\"  ><img loading=\"lazy\" decoding=\"async\" width=\"297\" height=\"300\" src=\"https:\/\/berti.net\/wp-content\/uploads\/2024\/10\/berti-quadrotte-tamagnino-square-space-297x300.jpeg\" class=\"attachment-medium size-medium\" alt=\"Tamagnino\" srcset=\"https:\/\/berti.net\/wp-content\/uploads\/2024\/10\/berti-quadrotte-tamagnino-square-space-297x300.jpeg 297w, https:\/\/berti.net\/wp-content\/uploads\/2024\/10\/berti-quadrotte-tamagnino-square-space.jpeg 653w\" sizes=\"auto, (max-width: 297px) 100vw, 297px\" \/><\/a><\/figure>\n\n<h2 style=\"font-size:clamp(15.747px, 0.984rem + ((1vw - 3.2px) * 0.645), 24px);font-style:normal;font-weight:700;\" class=\"wp-block-post-title\"><a href=\"https:\/\/berti.net\/fr\/parquet\/dalles-de-parquet-square-space\/tamagnino\/\" target=\"_self\" >Tamagnino<\/a><\/h2>\n\n<div style=\"font-size:clamp(14px, 0.875rem + ((1vw - 3.2px) * 0.313), 18px)\" class=\"taxonomy-product_collection wp-block-post-terms\"><a href=\"https:\/\/berti.net\/fr\/magazine\/products\/collection\/parquet\/dalles-de-parquet-square-space\/\" rel=\"tag\">Dalles de Parquet Square Space<\/a><\/div>\n<\/li><li class=\"wp-block-post post-15657 product type-product status-publish has-post-thumbnail hentry product_collection-dalles-de-parquet-square-space product_type-floral-fr product_color-scuro\">\n<figure class=\"wp-block-post-featured-image wp-elements-46c9de2ec6190c6d8a2a9e5a61982672\"><a href=\"https:\/\/berti.net\/fr\/parquet\/dalles-de-parquet-square-space\/carraretto\/\" target=\"_self\"  ><img loading=\"lazy\" decoding=\"async\" width=\"297\" height=\"300\" src=\"https:\/\/berti.net\/wp-content\/uploads\/2024\/10\/berti-quadrotte-carraretto-square-space-297x300.jpeg\" class=\"attachment-medium size-medium\" alt=\"Carraretto\" srcset=\"https:\/\/berti.net\/wp-content\/uploads\/2024\/10\/berti-quadrotte-carraretto-square-space-297x300.jpeg 297w, https:\/\/berti.net\/wp-content\/uploads\/2024\/10\/berti-quadrotte-carraretto-square-space.jpeg 653w\" sizes=\"auto, (max-width: 297px) 100vw, 297px\" \/><\/a><\/figure>\n\n<h2 style=\"font-size:clamp(15.747px, 0.984rem + ((1vw - 3.2px) * 0.645), 24px);font-style:normal;font-weight:700;\" class=\"wp-block-post-title\"><a href=\"https:\/\/berti.net\/fr\/parquet\/dalles-de-parquet-square-space\/carraretto\/\" target=\"_self\" >Carraretto<\/a><\/h2>\n\n<div style=\"font-size:clamp(14px, 0.875rem + ((1vw - 3.2px) * 0.313), 18px)\" class=\"taxonomy-product_collection wp-block-post-terms\"><a href=\"https:\/\/berti.net\/fr\/magazine\/products\/collection\/parquet\/dalles-de-parquet-square-space\/\" rel=\"tag\">Dalles de Parquet Square Space<\/a><\/div>\n<\/li><li class=\"wp-block-post post-15645 product type-product status-publish has-post-thumbnail hentry product_collection-dalles-de-parquet-square-space product_type-geometrique product_color-scuro\">\n<figure class=\"wp-block-post-featured-image wp-elements-46c9de2ec6190c6d8a2a9e5a61982672\"><a href=\"https:\/\/berti.net\/fr\/parquet\/dalles-de-parquet-square-space\/san-jose\/\" target=\"_self\"  ><img loading=\"lazy\" decoding=\"async\" width=\"300\" height=\"300\" src=\"https:\/\/berti.net\/wp-content\/uploads\/2024\/10\/berti-pavimenti-in-legno_parquet-square-space_san-jose-300x300.jpeg\" class=\"attachment-medium size-medium\" alt=\"San Jos\u00e8\" srcset=\"https:\/\/berti.net\/wp-content\/uploads\/2024\/10\/berti-pavimenti-in-legno_parquet-square-space_san-jose-300x300.jpeg 300w, https:\/\/berti.net\/wp-content\/uploads\/2024\/10\/berti-pavimenti-in-legno_parquet-square-space_san-jose-1024x1024.jpeg 1024w, https:\/\/berti.net\/wp-content\/uploads\/2024\/10\/berti-pavimenti-in-legno_parquet-square-space_san-jose-150x150.jpeg 150w, https:\/\/berti.net\/wp-content\/uploads\/2024\/10\/berti-pavimenti-in-legno_parquet-square-space_san-jose-768x768.jpeg 768w, https:\/\/berti.net\/wp-content\/uploads\/2024\/10\/berti-pavimenti-in-legno_parquet-square-space_san-jose-1536x1536.jpeg 1536w, https:\/\/berti.net\/wp-content\/uploads\/2024\/10\/berti-pavimenti-in-legno_parquet-square-space_san-jose.jpeg 1908w\" sizes=\"auto, (max-width: 300px) 100vw, 300px\" \/><\/a><\/figure>\n\n<h2 style=\"font-size:clamp(15.747px, 0.984rem + ((1vw - 3.2px) * 0.645), 24px);font-style:normal;font-weight:700;\" class=\"wp-block-post-title\"><a href=\"https:\/\/berti.net\/fr\/parquet\/dalles-de-parquet-square-space\/san-jose\/\" target=\"_self\" >San Jos\u00e8<\/a><\/h2>\n\n<div style=\"font-size:clamp(14px, 0.875rem + ((1vw - 3.2px) * 0.313), 18px)\" class=\"taxonomy-product_collection wp-block-post-terms\"><a href=\"https:\/\/berti.net\/fr\/magazine\/products\/collection\/parquet\/dalles-de-parquet-square-space\/\" rel=\"tag\">Dalles de Parquet Square Space<\/a><\/div>\n<\/li><li class=\"wp-block-post post-15643 product type-product status-publish has-post-thumbnail hentry product_collection-dalles-de-parquet-square-space product_type-geometrique product_color-scuro\">\n<figure class=\"wp-block-post-featured-image wp-elements-46c9de2ec6190c6d8a2a9e5a61982672\"><a href=\"https:\/\/berti.net\/fr\/parquet\/dalles-de-parquet-square-space\/playa-del-carmen\/\" target=\"_self\"  ><img loading=\"lazy\" decoding=\"async\" width=\"300\" height=\"300\" src=\"https:\/\/berti.net\/wp-content\/uploads\/2024\/10\/berti-pavimenti-in-legno_parquet-square-space_playa-del-carmen-300x300.jpeg\" class=\"attachment-medium size-medium\" alt=\"Playa del Carmen\" srcset=\"https:\/\/berti.net\/wp-content\/uploads\/2024\/10\/berti-pavimenti-in-legno_parquet-square-space_playa-del-carmen-300x300.jpeg 300w, https:\/\/berti.net\/wp-content\/uploads\/2024\/10\/berti-pavimenti-in-legno_parquet-square-space_playa-del-carmen-1024x1024.jpeg 1024w, https:\/\/berti.net\/wp-content\/uploads\/2024\/10\/berti-pavimenti-in-legno_parquet-square-space_playa-del-carmen-150x150.jpeg 150w, https:\/\/berti.net\/wp-content\/uploads\/2024\/10\/berti-pavimenti-in-legno_parquet-square-space_playa-del-carmen-768x768.jpeg 768w, https:\/\/berti.net\/wp-content\/uploads\/2024\/10\/berti-pavimenti-in-legno_parquet-square-space_playa-del-carmen-1536x1536.jpeg 1536w, https:\/\/berti.net\/wp-content\/uploads\/2024\/10\/berti-pavimenti-in-legno_parquet-square-space_playa-del-carmen.jpeg 1908w\" sizes=\"auto, (max-width: 300px) 100vw, 300px\" \/><\/a><\/figure>\n\n<h2 style=\"font-size:clamp(15.747px, 0.984rem + ((1vw - 3.2px) * 0.645), 24px);font-style:normal;font-weight:700;\" class=\"wp-block-post-title\"><a href=\"https:\/\/berti.net\/fr\/parquet\/dalles-de-parquet-square-space\/playa-del-carmen\/\" target=\"_self\" >Playa del Carmen<\/a><\/h2>\n\n<div style=\"font-size:clamp(14px, 0.875rem + ((1vw - 3.2px) * 0.313), 18px)\" class=\"taxonomy-product_collection wp-block-post-terms\"><a href=\"https:\/\/berti.net\/fr\/magazine\/products\/collection\/parquet\/dalles-de-parquet-square-space\/\" rel=\"tag\">Dalles de Parquet Square Space<\/a><\/div>\n<\/li><li class=\"wp-block-post post-15641 product type-product status-publish has-post-thumbnail hentry product_collection-dalles-de-parquet-square-space product_type-floral-fr product_color-scuro\">\n<figure class=\"wp-block-post-featured-image wp-elements-46c9de2ec6190c6d8a2a9e5a61982672\"><a href=\"https:\/\/berti.net\/fr\/parquet\/dalles-de-parquet-square-space\/santiago\/\" target=\"_self\"  ><img loading=\"lazy\" decoding=\"async\" width=\"300\" height=\"300\" src=\"https:\/\/berti.net\/wp-content\/uploads\/2024\/10\/berti-pavimenti-in-legno_parquet-square-space_santiago-300x300.jpeg\" class=\"attachment-medium size-medium\" alt=\"Santiago\" srcset=\"https:\/\/berti.net\/wp-content\/uploads\/2024\/10\/berti-pavimenti-in-legno_parquet-square-space_santiago-300x300.jpeg 300w, https:\/\/berti.net\/wp-content\/uploads\/2024\/10\/berti-pavimenti-in-legno_parquet-square-space_santiago-1024x1024.jpeg 1024w, https:\/\/berti.net\/wp-content\/uploads\/2024\/10\/berti-pavimenti-in-legno_parquet-square-space_santiago-150x150.jpeg 150w, https:\/\/berti.net\/wp-content\/uploads\/2024\/10\/berti-pavimenti-in-legno_parquet-square-space_santiago-768x768.jpeg 768w, https:\/\/berti.net\/wp-content\/uploads\/2024\/10\/berti-pavimenti-in-legno_parquet-square-space_santiago-1536x1536.jpeg 1536w, https:\/\/berti.net\/wp-content\/uploads\/2024\/10\/berti-pavimenti-in-legno_parquet-square-space_santiago.jpeg 1908w\" sizes=\"auto, (max-width: 300px) 100vw, 300px\" \/><\/a><\/figure>\n\n<h2 style=\"font-size:clamp(15.747px, 0.984rem + ((1vw - 3.2px) * 0.645), 24px);font-style:normal;font-weight:700;\" class=\"wp-block-post-title\"><a href=\"https:\/\/berti.net\/fr\/parquet\/dalles-de-parquet-square-space\/santiago\/\" target=\"_self\" >Santiago<\/a><\/h2>\n\n<div style=\"font-size:clamp(14px, 0.875rem + ((1vw - 3.2px) * 0.313), 18px)\" class=\"taxonomy-product_collection wp-block-post-terms\"><a href=\"https:\/\/berti.net\/fr\/magazine\/products\/collection\/parquet\/dalles-de-parquet-square-space\/\" rel=\"tag\">Dalles de Parquet Square Space<\/a><\/div>\n<\/li><li class=\"wp-block-post post-15644 product type-product status-publish has-post-thumbnail hentry product_collection-dalles-de-parquet-square-space product_type-geometrique product_color-scuro\">\n<figure class=\"wp-block-post-featured-image wp-elements-46c9de2ec6190c6d8a2a9e5a61982672\"><a href=\"https:\/\/berti.net\/fr\/parquet\/dalles-de-parquet-square-space\/oakland\/\" target=\"_self\"  ><img loading=\"lazy\" decoding=\"async\" width=\"300\" height=\"300\" src=\"https:\/\/berti.net\/wp-content\/uploads\/2024\/10\/berti-pavimenti-in-legno_parquet-square-space_oakland-300x300.jpeg\" class=\"attachment-medium size-medium\" alt=\"Oakland\" srcset=\"https:\/\/berti.net\/wp-content\/uploads\/2024\/10\/berti-pavimenti-in-legno_parquet-square-space_oakland-300x300.jpeg 300w, https:\/\/berti.net\/wp-content\/uploads\/2024\/10\/berti-pavimenti-in-legno_parquet-square-space_oakland-1024x1024.jpeg 1024w, https:\/\/berti.net\/wp-content\/uploads\/2024\/10\/berti-pavimenti-in-legno_parquet-square-space_oakland-150x150.jpeg 150w, https:\/\/berti.net\/wp-content\/uploads\/2024\/10\/berti-pavimenti-in-legno_parquet-square-space_oakland-768x768.jpeg 768w, https:\/\/berti.net\/wp-content\/uploads\/2024\/10\/berti-pavimenti-in-legno_parquet-square-space_oakland-1536x1536.jpeg 1536w, https:\/\/berti.net\/wp-content\/uploads\/2024\/10\/berti-pavimenti-in-legno_parquet-square-space_oakland.jpeg 1908w\" sizes=\"auto, (max-width: 300px) 100vw, 300px\" \/><\/a><\/figure>\n\n<h2 style=\"font-size:clamp(15.747px, 0.984rem + ((1vw - 3.2px) * 0.645), 24px);font-style:normal;font-weight:700;\" class=\"wp-block-post-title\"><a href=\"https:\/\/berti.net\/fr\/parquet\/dalles-de-parquet-square-space\/oakland\/\" target=\"_self\" >Oakland<\/a><\/h2>\n\n<div style=\"font-size:clamp(14px, 0.875rem + ((1vw - 3.2px) * 0.313), 18px)\" class=\"taxonomy-product_collection wp-block-post-terms\"><a href=\"https:\/\/berti.net\/fr\/magazine\/products\/collection\/parquet\/dalles-de-parquet-square-space\/\" rel=\"tag\">Dalles de Parquet Square Space<\/a><\/div>\n<\/li><li class=\"wp-block-post post-15638 product type-product status-publish has-post-thumbnail hentry product_collection-dalles-de-parquet-square-space product_type-geometrique product_color-scuro\">\n<figure class=\"wp-block-post-featured-image wp-elements-46c9de2ec6190c6d8a2a9e5a61982672\"><a href=\"https:\/\/berti.net\/fr\/parquet\/dalles-de-parquet-square-space\/kamakura\/\" target=\"_self\"  ><img loading=\"lazy\" decoding=\"async\" width=\"300\" height=\"300\" src=\"https:\/\/berti.net\/wp-content\/uploads\/2024\/10\/berti-pavimenti-in-legno_parquet-quadrotta-modasco-300x300.jpeg\" class=\"attachment-medium size-medium\" alt=\"Kamakura Modasco\" srcset=\"https:\/\/berti.net\/wp-content\/uploads\/2024\/10\/berti-pavimenti-in-legno_parquet-quadrotta-modasco-300x300.jpeg 300w, https:\/\/berti.net\/wp-content\/uploads\/2024\/10\/berti-pavimenti-in-legno_parquet-quadrotta-modasco-1024x1024.jpeg 1024w, https:\/\/berti.net\/wp-content\/uploads\/2024\/10\/berti-pavimenti-in-legno_parquet-quadrotta-modasco-150x150.jpeg 150w, https:\/\/berti.net\/wp-content\/uploads\/2024\/10\/berti-pavimenti-in-legno_parquet-quadrotta-modasco-768x768.jpeg 768w, https:\/\/berti.net\/wp-content\/uploads\/2024\/10\/berti-pavimenti-in-legno_parquet-quadrotta-modasco-1536x1536.jpeg 1536w, https:\/\/berti.net\/wp-content\/uploads\/2024\/10\/berti-pavimenti-in-legno_parquet-quadrotta-modasco.jpeg 1908w\" sizes=\"auto, (max-width: 300px) 100vw, 300px\" \/><\/a><\/figure>\n\n<h2 style=\"font-size:clamp(15.747px, 0.984rem + ((1vw - 3.2px) * 0.645), 24px);font-style:normal;font-weight:700;\" class=\"wp-block-post-title\"><a href=\"https:\/\/berti.net\/fr\/parquet\/dalles-de-parquet-square-space\/kamakura\/\" target=\"_self\" >Kamakura<\/a><\/h2>\n\n<div style=\"font-size:clamp(14px, 0.875rem + ((1vw - 3.2px) * 0.313), 18px)\" class=\"taxonomy-product_collection wp-block-post-terms\"><a href=\"https:\/\/berti.net\/fr\/magazine\/products\/collection\/parquet\/dalles-de-parquet-square-space\/\" rel=\"tag\">Dalles de Parquet Square Space<\/a><\/div>\n<\/li><li class=\"wp-block-post post-15634 product type-product status-publish has-post-thumbnail hentry product_collection-dalles-de-parquet-square-space product_type-geometrique product_color-scuro\">\n<figure class=\"wp-block-post-featured-image wp-elements-46c9de2ec6190c6d8a2a9e5a61982672\"><a href=\"https:\/\/berti.net\/fr\/parquet\/dalles-de-parquet-square-space\/new-york-en-anglais\/\" target=\"_self\"  ><img loading=\"lazy\" decoding=\"async\" width=\"300\" height=\"300\" src=\"https:\/\/berti.net\/wp-content\/uploads\/2024\/10\/berti-pavimenti-in-legno_parquet-quadrotta-malcontenta-300x300.jpeg\" class=\"attachment-medium size-medium\" alt=\"New York\" srcset=\"https:\/\/berti.net\/wp-content\/uploads\/2024\/10\/berti-pavimenti-in-legno_parquet-quadrotta-malcontenta-300x300.jpeg 300w, https:\/\/berti.net\/wp-content\/uploads\/2024\/10\/berti-pavimenti-in-legno_parquet-quadrotta-malcontenta-1024x1024.jpeg 1024w, https:\/\/berti.net\/wp-content\/uploads\/2024\/10\/berti-pavimenti-in-legno_parquet-quadrotta-malcontenta-150x150.jpeg 150w, https:\/\/berti.net\/wp-content\/uploads\/2024\/10\/berti-pavimenti-in-legno_parquet-quadrotta-malcontenta-768x768.jpeg 768w, https:\/\/berti.net\/wp-content\/uploads\/2024\/10\/berti-pavimenti-in-legno_parquet-quadrotta-malcontenta-1536x1536.jpeg 1536w, https:\/\/berti.net\/wp-content\/uploads\/2024\/10\/berti-pavimenti-in-legno_parquet-quadrotta-malcontenta.jpeg 1908w\" sizes=\"auto, (max-width: 300px) 100vw, 300px\" \/><\/a><\/figure>\n\n<h2 style=\"font-size:clamp(15.747px, 0.984rem + ((1vw - 3.2px) * 0.645), 24px);font-style:normal;font-weight:700;\" class=\"wp-block-post-title\"><a href=\"https:\/\/berti.net\/fr\/parquet\/dalles-de-parquet-square-space\/new-york-en-anglais\/\" target=\"_self\" >New York<\/a><\/h2>\n\n<div style=\"font-size:clamp(14px, 0.875rem + ((1vw - 3.2px) * 0.313), 18px)\" class=\"taxonomy-product_collection wp-block-post-terms\"><a href=\"https:\/\/berti.net\/fr\/magazine\/products\/collection\/parquet\/dalles-de-parquet-square-space\/\" rel=\"tag\">Dalles de Parquet Square Space<\/a><\/div>\n<\/li><li class=\"wp-block-post post-15628 product type-product status-publish has-post-thumbnail hentry product_collection-dalles-de-parquet-square-space product_type-geometrique product_color-scuro\">\n<figure class=\"wp-block-post-featured-image wp-elements-46c9de2ec6190c6d8a2a9e5a61982672\"><a href=\"https:\/\/berti.net\/fr\/parquet\/dalles-de-parquet-square-space\/serego\/\" target=\"_self\"  ><img loading=\"lazy\" decoding=\"async\" width=\"298\" height=\"300\" src=\"https:\/\/berti.net\/wp-content\/uploads\/2024\/10\/berti-quadrotte-serego-square-space-298x300.jpeg\" class=\"attachment-medium size-medium\" alt=\"Serego\" srcset=\"https:\/\/berti.net\/wp-content\/uploads\/2024\/10\/berti-quadrotte-serego-square-space-298x300.jpeg 298w, https:\/\/berti.net\/wp-content\/uploads\/2024\/10\/berti-quadrotte-serego-square-space-150x150.jpeg 150w, https:\/\/berti.net\/wp-content\/uploads\/2024\/10\/berti-quadrotte-serego-square-space.jpeg 653w\" sizes=\"auto, (max-width: 298px) 100vw, 298px\" \/><\/a><\/figure>\n\n<h2 style=\"font-size:clamp(15.747px, 0.984rem + ((1vw - 3.2px) * 0.645), 24px);font-style:normal;font-weight:700;\" class=\"wp-block-post-title\"><a href=\"https:\/\/berti.net\/fr\/parquet\/dalles-de-parquet-square-space\/serego\/\" target=\"_self\" >Serego<\/a><\/h2>\n\n<div style=\"font-size:clamp(14px, 0.875rem + ((1vw - 3.2px) * 0.313), 18px)\" class=\"taxonomy-product_collection wp-block-post-terms\"><a href=\"https:\/\/berti.net\/fr\/magazine\/products\/collection\/parquet\/dalles-de-parquet-square-space\/\" rel=\"tag\">Dalles de Parquet Square Space<\/a><\/div>\n<\/li><li class=\"wp-block-post post-15626 product type-product status-publish has-post-thumbnail hentry product_collection-dalles-de-parquet-square-space product_type-geometrique product_color-scuro\">\n<figure class=\"wp-block-post-featured-image wp-elements-46c9de2ec6190c6d8a2a9e5a61982672\"><a href=\"https:\/\/berti.net\/fr\/parquet\/dalles-de-parquet-square-space\/almerico\/\" target=\"_self\"  ><img loading=\"lazy\" decoding=\"async\" width=\"300\" height=\"300\" src=\"https:\/\/berti.net\/wp-content\/uploads\/2024\/10\/quadrotte-almerico-berti-square-space-300x300.jpeg\" class=\"attachment-medium size-medium\" alt=\"Almerico\" srcset=\"https:\/\/berti.net\/wp-content\/uploads\/2024\/10\/quadrotte-almerico-berti-square-space-300x300.jpeg 300w, https:\/\/berti.net\/wp-content\/uploads\/2024\/10\/quadrotte-almerico-berti-square-space-150x150.jpeg 150w, https:\/\/berti.net\/wp-content\/uploads\/2024\/10\/quadrotte-almerico-berti-square-space.jpeg 653w\" sizes=\"auto, (max-width: 300px) 100vw, 300px\" \/><\/a><\/figure>\n\n<h2 style=\"font-size:clamp(15.747px, 0.984rem + ((1vw - 3.2px) * 0.645), 24px);font-style:normal;font-weight:700;\" class=\"wp-block-post-title\"><a href=\"https:\/\/berti.net\/fr\/parquet\/dalles-de-parquet-square-space\/almerico\/\" target=\"_self\" >Almerico<\/a><\/h2>\n\n<div style=\"font-size:clamp(14px, 0.875rem + ((1vw - 3.2px) * 0.313), 18px)\" class=\"taxonomy-product_collection wp-block-post-terms\"><a href=\"https:\/\/berti.net\/fr\/magazine\/products\/collection\/parquet\/dalles-de-parquet-square-space\/\" rel=\"tag\">Dalles de Parquet Square Space<\/a><\/div>\n<\/li><li class=\"wp-block-post post-15612 product type-product status-publish has-post-thumbnail hentry product_collection-dalles-de-parquet-square-space product_type-geometrique product_color-scuro\">\n<figure class=\"wp-block-post-featured-image wp-elements-46c9de2ec6190c6d8a2a9e5a61982672\"><a href=\"https:\/\/berti.net\/fr\/parquet\/dalles-de-parquet-square-space\/dese\/\" target=\"_self\"  ><img loading=\"lazy\" decoding=\"async\" width=\"300\" height=\"300\" src=\"https:\/\/berti.net\/wp-content\/uploads\/2024\/10\/quadrotte-dese-berti-square-space-300x300.jpeg\" class=\"attachment-medium size-medium\" alt=\"Dese\" srcset=\"https:\/\/berti.net\/wp-content\/uploads\/2024\/10\/quadrotte-dese-berti-square-space-300x300.jpeg 300w, https:\/\/berti.net\/wp-content\/uploads\/2024\/10\/quadrotte-dese-berti-square-space-150x150.jpeg 150w, https:\/\/berti.net\/wp-content\/uploads\/2024\/10\/quadrotte-dese-berti-square-space.jpeg 653w\" sizes=\"auto, (max-width: 300px) 100vw, 300px\" \/><\/a><\/figure>\n\n<h2 style=\"font-size:clamp(15.747px, 0.984rem + ((1vw - 3.2px) * 0.645), 24px);font-style:normal;font-weight:700;\" class=\"wp-block-post-title\"><a href=\"https:\/\/berti.net\/fr\/parquet\/dalles-de-parquet-square-space\/dese\/\" target=\"_self\" >Dese<\/a><\/h2>\n\n<div style=\"font-size:clamp(14px, 0.875rem + ((1vw - 3.2px) * 0.313), 18px)\" class=\"taxonomy-product_collection wp-block-post-terms\"><a href=\"https:\/\/berti.net\/fr\/magazine\/products\/collection\/parquet\/dalles-de-parquet-square-space\/\" rel=\"tag\">Dalles de Parquet Square Space<\/a><\/div>\n<\/li><li class=\"wp-block-post post-15613 product type-product status-publish has-post-thumbnail hentry product_collection-dalles-de-parquet-square-space product_type-geometrique product_color-scuro\">\n<figure class=\"wp-block-post-featured-image wp-elements-46c9de2ec6190c6d8a2a9e5a61982672\"><a href=\"https:\/\/berti.net\/fr\/parquet\/dalles-de-parquet-square-space\/camerini\/\" target=\"_self\"  ><img loading=\"lazy\" decoding=\"async\" width=\"300\" height=\"300\" src=\"https:\/\/berti.net\/wp-content\/uploads\/2024\/10\/quadrotte-noce-camerini-berti-square-space-300x300.jpeg\" class=\"attachment-medium size-medium\" alt=\"Camerini\" srcset=\"https:\/\/berti.net\/wp-content\/uploads\/2024\/10\/quadrotte-noce-camerini-berti-square-space-300x300.jpeg 300w, https:\/\/berti.net\/wp-content\/uploads\/2024\/10\/quadrotte-noce-camerini-berti-square-space-150x150.jpeg 150w, https:\/\/berti.net\/wp-content\/uploads\/2024\/10\/quadrotte-noce-camerini-berti-square-space.jpeg 653w\" sizes=\"auto, (max-width: 300px) 100vw, 300px\" \/><\/a><\/figure>\n\n<h2 style=\"font-size:clamp(15.747px, 0.984rem + ((1vw - 3.2px) * 0.645), 24px);font-style:normal;font-weight:700;\" class=\"wp-block-post-title\"><a href=\"https:\/\/berti.net\/fr\/parquet\/dalles-de-parquet-square-space\/camerini\/\" target=\"_self\" >Camerini<\/a><\/h2>\n\n<div style=\"font-size:clamp(14px, 0.875rem + ((1vw - 3.2px) * 0.313), 18px)\" class=\"taxonomy-product_collection wp-block-post-terms\"><a href=\"https:\/\/berti.net\/fr\/magazine\/products\/collection\/parquet\/dalles-de-parquet-square-space\/\" rel=\"tag\">Dalles de Parquet Square Space<\/a><\/div>\n<\/li><li class=\"wp-block-post post-15672 product type-product status-publish has-post-thumbnail hentry product_collection-berti-studio-chene product_color-scuro\">\n<figure class=\"wp-block-post-featured-image wp-elements-46c9de2ec6190c6d8a2a9e5a61982672\"><a href=\"https:\/\/berti.net\/fr\/parquet\/berti-studio\/berti-studio-chene\/declaration-huile\/\" target=\"_self\"  ><img loading=\"lazy\" decoding=\"async\" width=\"300\" height=\"300\" src=\"https:\/\/berti.net\/wp-content\/uploads\/2024\/09\/berti-studio_pavimenti-in-legno_parquet-rovere-declaration-oil-1-300x300.jpeg\" class=\"attachment-medium size-medium\" alt=\"Declaration Oil\" srcset=\"https:\/\/berti.net\/wp-content\/uploads\/2024\/09\/berti-studio_pavimenti-in-legno_parquet-rovere-declaration-oil-1-300x300.jpeg 300w, https:\/\/berti.net\/wp-content\/uploads\/2024\/09\/berti-studio_pavimenti-in-legno_parquet-rovere-declaration-oil-1-1024x1024.jpeg 1024w, https:\/\/berti.net\/wp-content\/uploads\/2024\/09\/berti-studio_pavimenti-in-legno_parquet-rovere-declaration-oil-1-150x150.jpeg 150w, https:\/\/berti.net\/wp-content\/uploads\/2024\/09\/berti-studio_pavimenti-in-legno_parquet-rovere-declaration-oil-1-768x768.jpeg 768w, https:\/\/berti.net\/wp-content\/uploads\/2024\/09\/berti-studio_pavimenti-in-legno_parquet-rovere-declaration-oil-1-1536x1536.jpeg 1536w, https:\/\/berti.net\/wp-content\/uploads\/2024\/09\/berti-studio_pavimenti-in-legno_parquet-rovere-declaration-oil-1.jpeg 1908w\" sizes=\"auto, (max-width: 300px) 100vw, 300px\" \/><\/a><\/figure>\n\n<h2 style=\"font-size:clamp(15.747px, 0.984rem + ((1vw - 3.2px) * 0.645), 24px);font-style:normal;font-weight:700;\" class=\"wp-block-post-title\"><a href=\"https:\/\/berti.net\/fr\/parquet\/berti-studio\/berti-studio-chene\/declaration-huile\/\" target=\"_self\" >Declaration Oil<\/a><\/h2>\n\n<div style=\"font-size:clamp(14px, 0.875rem + ((1vw - 3.2px) * 0.313), 18px)\" class=\"taxonomy-product_collection wp-block-post-terms\"><a href=\"https:\/\/berti.net\/fr\/magazine\/products\/collection\/parquet\/berti-studio\/berti-studio-chene\/\" rel=\"tag\">Berti Studio Ch\u00eane<\/a><\/div>\n<\/li><li class=\"wp-block-post post-15676 product type-product status-publish has-post-thumbnail hentry product_collection-parquet-essential product_color-scuro\">\n<figure class=\"wp-block-post-featured-image wp-elements-46c9de2ec6190c6d8a2a9e5a61982672\"><a href=\"https:\/\/berti.net\/fr\/parquet\/parquet-essential\/chene-moka\/\" target=\"_self\"  ><img loading=\"lazy\" decoding=\"async\" width=\"300\" height=\"300\" src=\"https:\/\/berti.net\/wp-content\/uploads\/2024\/09\/berti-pavimenti-in-legno_parquet-rovere-essential-moka-300x300.jpeg\" class=\"attachment-medium size-medium\" alt=\"Rovere Moka\" srcset=\"https:\/\/berti.net\/wp-content\/uploads\/2024\/09\/berti-pavimenti-in-legno_parquet-rovere-essential-moka-300x300.jpeg 300w, https:\/\/berti.net\/wp-content\/uploads\/2024\/09\/berti-pavimenti-in-legno_parquet-rovere-essential-moka-1024x1024.jpeg 1024w, https:\/\/berti.net\/wp-content\/uploads\/2024\/09\/berti-pavimenti-in-legno_parquet-rovere-essential-moka-150x150.jpeg 150w, https:\/\/berti.net\/wp-content\/uploads\/2024\/09\/berti-pavimenti-in-legno_parquet-rovere-essential-moka-768x768.jpeg 768w, https:\/\/berti.net\/wp-content\/uploads\/2024\/09\/berti-pavimenti-in-legno_parquet-rovere-essential-moka-1536x1536.jpeg 1536w, https:\/\/berti.net\/wp-content\/uploads\/2024\/09\/berti-pavimenti-in-legno_parquet-rovere-essential-moka.jpeg 1908w\" sizes=\"auto, (max-width: 300px) 100vw, 300px\" \/><\/a><\/figure>\n\n<h2 style=\"font-size:clamp(15.747px, 0.984rem + ((1vw - 3.2px) * 0.645), 24px);font-style:normal;font-weight:700;\" class=\"wp-block-post-title\"><a href=\"https:\/\/berti.net\/fr\/parquet\/parquet-essential\/chene-moka\/\" target=\"_self\" >Ch\u00eane moka<\/a><\/h2>\n\n<div style=\"font-size:clamp(14px, 0.875rem + ((1vw - 3.2px) * 0.313), 18px)\" class=\"taxonomy-product_collection wp-block-post-terms\"><a href=\"https:\/\/berti.net\/fr\/magazine\/products\/collection\/parquet\/parquet-essential\/\" rel=\"tag\">Parquet Essential<\/a><\/div>\n<\/li><li class=\"wp-block-post post-15681 product type-product status-publish has-post-thumbnail hentry product_collection-parquet-essential product_color-scuro\">\n<figure class=\"wp-block-post-featured-image wp-elements-46c9de2ec6190c6d8a2a9e5a61982672\"><a href=\"https:\/\/berti.net\/fr\/parquet\/parquet-essential\/noyer-americain-antique\/\" target=\"_self\"  ><img loading=\"lazy\" decoding=\"async\" width=\"300\" height=\"300\" src=\"https:\/\/berti.net\/wp-content\/uploads\/2024\/09\/berti-pavimenti-in-legno_parquet-noce_americano_essential-300x300.jpeg\" class=\"attachment-medium size-medium\" alt=\"Noce Americano Antico\" srcset=\"https:\/\/berti.net\/wp-content\/uploads\/2024\/09\/berti-pavimenti-in-legno_parquet-noce_americano_essential-300x300.jpeg 300w, https:\/\/berti.net\/wp-content\/uploads\/2024\/09\/berti-pavimenti-in-legno_parquet-noce_americano_essential-1024x1024.jpeg 1024w, https:\/\/berti.net\/wp-content\/uploads\/2024\/09\/berti-pavimenti-in-legno_parquet-noce_americano_essential-150x150.jpeg 150w, https:\/\/berti.net\/wp-content\/uploads\/2024\/09\/berti-pavimenti-in-legno_parquet-noce_americano_essential-768x768.jpeg 768w, https:\/\/berti.net\/wp-content\/uploads\/2024\/09\/berti-pavimenti-in-legno_parquet-noce_americano_essential-1536x1536.jpeg 1536w, https:\/\/berti.net\/wp-content\/uploads\/2024\/09\/berti-pavimenti-in-legno_parquet-noce_americano_essential.jpeg 1908w\" sizes=\"auto, (max-width: 300px) 100vw, 300px\" \/><\/a><\/figure>\n\n<h2 style=\"font-size:clamp(15.747px, 0.984rem + ((1vw - 3.2px) * 0.645), 24px);font-style:normal;font-weight:700;\" class=\"wp-block-post-title\"><a href=\"https:\/\/berti.net\/fr\/parquet\/parquet-essential\/noyer-americain-antique\/\" target=\"_self\" >Noyer am\u00e9ricain antique<\/a><\/h2>\n\n<div style=\"font-size:clamp(14px, 0.875rem + ((1vw - 3.2px) * 0.313), 18px)\" class=\"taxonomy-product_collection wp-block-post-terms\"><a href=\"https:\/\/berti.net\/fr\/magazine\/products\/collection\/parquet\/parquet-essential\/\" rel=\"tag\">Parquet Essential<\/a><\/div>\n<\/li><li class=\"wp-block-post post-15675 product type-product status-publish has-post-thumbnail hentry product_collection-parquet-essential product_color-scuro\">\n<figure class=\"wp-block-post-featured-image wp-elements-46c9de2ec6190c6d8a2a9e5a61982672\"><a href=\"https:\/\/berti.net\/fr\/parquet\/parquet-essential\/noyer-europeen-rabote-morciato\/\" target=\"_self\"  ><img loading=\"lazy\" decoding=\"async\" width=\"300\" height=\"300\" src=\"https:\/\/berti.net\/wp-content\/uploads\/2024\/09\/parquet-noce-nazionale-piallato-morciato-1-300x300.jpeg\" class=\"attachment-medium size-medium\" alt=\"Noce Piallato Morciato\" srcset=\"https:\/\/berti.net\/wp-content\/uploads\/2024\/09\/parquet-noce-nazionale-piallato-morciato-1-300x300.jpeg 300w, https:\/\/berti.net\/wp-content\/uploads\/2024\/09\/parquet-noce-nazionale-piallato-morciato-1-1024x1024.jpeg 1024w, https:\/\/berti.net\/wp-content\/uploads\/2024\/09\/parquet-noce-nazionale-piallato-morciato-1-150x150.jpeg 150w, https:\/\/berti.net\/wp-content\/uploads\/2024\/09\/parquet-noce-nazionale-piallato-morciato-1-768x768.jpeg 768w, https:\/\/berti.net\/wp-content\/uploads\/2024\/09\/parquet-noce-nazionale-piallato-morciato-1-1536x1536.jpeg 1536w, https:\/\/berti.net\/wp-content\/uploads\/2024\/09\/parquet-noce-nazionale-piallato-morciato-1.jpeg 1908w\" sizes=\"auto, (max-width: 300px) 100vw, 300px\" \/><\/a><\/figure>\n\n<h2 style=\"font-size:clamp(15.747px, 0.984rem + ((1vw - 3.2px) * 0.645), 24px);font-style:normal;font-weight:700;\" class=\"wp-block-post-title\"><a href=\"https:\/\/berti.net\/fr\/parquet\/parquet-essential\/noyer-europeen-rabote-morciato\/\" target=\"_self\" >Noyer europ\u00e9en rabot\u00e9 Morciato<\/a><\/h2>\n\n<div style=\"font-size:clamp(14px, 0.875rem + ((1vw - 3.2px) * 0.313), 18px)\" class=\"taxonomy-product_collection wp-block-post-terms\"><a href=\"https:\/\/berti.net\/fr\/magazine\/products\/collection\/parquet\/parquet-essential\/\" rel=\"tag\">Parquet Essential<\/a><\/div>\n<\/li><li class=\"wp-block-post post-15608 product type-product status-publish has-post-thumbnail hentry product_collection-parquet-diesel-living product_color-scuro\">\n<figure class=\"wp-block-post-featured-image wp-elements-46c9de2ec6190c6d8a2a9e5a61982672\"><a href=\"https:\/\/berti.net\/fr\/parquet\/parquet-diesel-living\/chene-ombrage-naturel\/\" target=\"_self\"  ><img loading=\"lazy\" decoding=\"async\" width=\"300\" height=\"300\" src=\"https:\/\/berti.net\/wp-content\/uploads\/2024\/10\/berti-diesel_pavimenti-in-legno_parquet-rovere-naturalshadow-300x300.jpeg\" class=\"attachment-medium size-medium\" alt=\"Rovere Natural Shadow\" srcset=\"https:\/\/berti.net\/wp-content\/uploads\/2024\/10\/berti-diesel_pavimenti-in-legno_parquet-rovere-naturalshadow-300x300.jpeg 300w, https:\/\/berti.net\/wp-content\/uploads\/2024\/10\/berti-diesel_pavimenti-in-legno_parquet-rovere-naturalshadow-1024x1024.jpeg 1024w, https:\/\/berti.net\/wp-content\/uploads\/2024\/10\/berti-diesel_pavimenti-in-legno_parquet-rovere-naturalshadow-150x150.jpeg 150w, https:\/\/berti.net\/wp-content\/uploads\/2024\/10\/berti-diesel_pavimenti-in-legno_parquet-rovere-naturalshadow-768x768.jpeg 768w, https:\/\/berti.net\/wp-content\/uploads\/2024\/10\/berti-diesel_pavimenti-in-legno_parquet-rovere-naturalshadow-1536x1536.jpeg 1536w, https:\/\/berti.net\/wp-content\/uploads\/2024\/10\/berti-diesel_pavimenti-in-legno_parquet-rovere-naturalshadow.jpeg 1908w\" sizes=\"auto, (max-width: 300px) 100vw, 300px\" \/><\/a><\/figure>\n\n<h2 style=\"font-size:clamp(15.747px, 0.984rem + ((1vw - 3.2px) * 0.645), 24px);font-style:normal;font-weight:700;\" class=\"wp-block-post-title\"><a href=\"https:\/\/berti.net\/fr\/parquet\/parquet-diesel-living\/chene-ombrage-naturel\/\" target=\"_self\" >Ch\u00eane Natural Shadow<\/a><\/h2>\n\n<div style=\"font-size:clamp(14px, 0.875rem + ((1vw - 3.2px) * 0.313), 18px)\" class=\"taxonomy-product_collection wp-block-post-terms\"><a href=\"https:\/\/berti.net\/fr\/magazine\/products\/collection\/parquet\/parquet-diesel-living\/\" rel=\"tag\">Parquet Diesel living<\/a><\/div>\n<\/li><li class=\"wp-block-post post-15656 product type-product status-publish has-post-thumbnail hentry product_collection-parquet-diesel-living product_color-scuro\">\n<figure class=\"wp-block-post-featured-image wp-elements-46c9de2ec6190c6d8a2a9e5a61982672\"><a href=\"https:\/\/berti.net\/fr\/parquet\/parquet-diesel-living\/chene-noir-ombre\/\" target=\"_self\"  ><img loading=\"lazy\" decoding=\"async\" width=\"300\" height=\"300\" src=\"https:\/\/berti.net\/wp-content\/uploads\/2024\/09\/berti-diesel_pavimenti-in-legno_parquet-rovere-blackshadow-1-300x300.jpeg\" class=\"attachment-medium size-medium\" alt=\"Rovere Black Shadow\" srcset=\"https:\/\/berti.net\/wp-content\/uploads\/2024\/09\/berti-diesel_pavimenti-in-legno_parquet-rovere-blackshadow-1-300x300.jpeg 300w, https:\/\/berti.net\/wp-content\/uploads\/2024\/09\/berti-diesel_pavimenti-in-legno_parquet-rovere-blackshadow-1-1024x1024.jpeg 1024w, https:\/\/berti.net\/wp-content\/uploads\/2024\/09\/berti-diesel_pavimenti-in-legno_parquet-rovere-blackshadow-1-150x150.jpeg 150w, https:\/\/berti.net\/wp-content\/uploads\/2024\/09\/berti-diesel_pavimenti-in-legno_parquet-rovere-blackshadow-1-768x768.jpeg 768w, https:\/\/berti.net\/wp-content\/uploads\/2024\/09\/berti-diesel_pavimenti-in-legno_parquet-rovere-blackshadow-1-1536x1536.jpeg 1536w, https:\/\/berti.net\/wp-content\/uploads\/2024\/09\/berti-diesel_pavimenti-in-legno_parquet-rovere-blackshadow-1.jpeg 1908w\" sizes=\"auto, (max-width: 300px) 100vw, 300px\" \/><\/a><\/figure>\n\n<h2 style=\"font-size:clamp(15.747px, 0.984rem + ((1vw - 3.2px) * 0.645), 24px);font-style:normal;font-weight:700;\" class=\"wp-block-post-title\"><a href=\"https:\/\/berti.net\/fr\/parquet\/parquet-diesel-living\/chene-noir-ombre\/\" target=\"_self\" >Ch\u00eane Black Shadow<\/a><\/h2>\n\n<div style=\"font-size:clamp(14px, 0.875rem + ((1vw - 3.2px) * 0.313), 18px)\" class=\"taxonomy-product_collection wp-block-post-terms\"><a href=\"https:\/\/berti.net\/fr\/magazine\/products\/collection\/parquet\/parquet-diesel-living\/\" rel=\"tag\">Parquet Diesel living<\/a><\/div>\n<\/li><li class=\"wp-block-post post-15662 product type-product status-publish has-post-thumbnail hentry product_collection-parquet-diesel-living product_color-scuro\">\n<figure class=\"wp-block-post-featured-image wp-elements-46c9de2ec6190c6d8a2a9e5a61982672\"><a href=\"https:\/\/berti.net\/fr\/parquet\/parquet-diesel-living\/chene-coupe\/\" target=\"_self\"  ><img loading=\"lazy\" decoding=\"async\" width=\"300\" height=\"300\" src=\"https:\/\/berti.net\/wp-content\/uploads\/2024\/09\/berti-diesel_pavimenti-in-legno_parquet-rovere-cutoff-1-300x300.jpeg\" class=\"attachment-medium size-medium\" alt=\"Rovere Cut Off\" srcset=\"https:\/\/berti.net\/wp-content\/uploads\/2024\/09\/berti-diesel_pavimenti-in-legno_parquet-rovere-cutoff-1-300x300.jpeg 300w, https:\/\/berti.net\/wp-content\/uploads\/2024\/09\/berti-diesel_pavimenti-in-legno_parquet-rovere-cutoff-1-1024x1024.jpeg 1024w, https:\/\/berti.net\/wp-content\/uploads\/2024\/09\/berti-diesel_pavimenti-in-legno_parquet-rovere-cutoff-1-150x150.jpeg 150w, https:\/\/berti.net\/wp-content\/uploads\/2024\/09\/berti-diesel_pavimenti-in-legno_parquet-rovere-cutoff-1-768x768.jpeg 768w, https:\/\/berti.net\/wp-content\/uploads\/2024\/09\/berti-diesel_pavimenti-in-legno_parquet-rovere-cutoff-1-1536x1536.jpeg 1536w, https:\/\/berti.net\/wp-content\/uploads\/2024\/09\/berti-diesel_pavimenti-in-legno_parquet-rovere-cutoff-1.jpeg 1908w\" sizes=\"auto, (max-width: 300px) 100vw, 300px\" \/><\/a><\/figure>\n\n<h2 style=\"font-size:clamp(15.747px, 0.984rem + ((1vw - 3.2px) * 0.645), 24px);font-style:normal;font-weight:700;\" class=\"wp-block-post-title\"><a href=\"https:\/\/berti.net\/fr\/parquet\/parquet-diesel-living\/chene-coupe\/\" target=\"_self\" >Ch\u00eane Cut Off<\/a><\/h2>\n\n<div style=\"font-size:clamp(14px, 0.875rem + ((1vw - 3.2px) * 0.313), 18px)\" class=\"taxonomy-product_collection wp-block-post-terms\"><a href=\"https:\/\/berti.net\/fr\/magazine\/products\/collection\/parquet\/parquet-diesel-living\/\" rel=\"tag\">Parquet Diesel living<\/a><\/div>\n<\/li><li class=\"wp-block-post post-15594 product type-product status-publish has-post-thumbnail hentry product_collection-parquet-diesel-living product_color-scuro\">\n<figure class=\"wp-block-post-featured-image wp-elements-46c9de2ec6190c6d8a2a9e5a61982672\"><a href=\"https:\/\/berti.net\/fr\/parquet\/parquet-diesel-living\/chene-contrast-canvas\/\" target=\"_self\"  ><img loading=\"lazy\" decoding=\"async\" width=\"300\" height=\"300\" src=\"https:\/\/berti.net\/wp-content\/uploads\/2024\/10\/berti-diesel_pavimenti-in-legno_parquet-rovere-contrastcanvas-300x300.jpeg\" class=\"attachment-medium size-medium\" alt=\"Rovere Contrast Canvas\" srcset=\"https:\/\/berti.net\/wp-content\/uploads\/2024\/10\/berti-diesel_pavimenti-in-legno_parquet-rovere-contrastcanvas-300x300.jpeg 300w, https:\/\/berti.net\/wp-content\/uploads\/2024\/10\/berti-diesel_pavimenti-in-legno_parquet-rovere-contrastcanvas-1024x1024.jpeg 1024w, https:\/\/berti.net\/wp-content\/uploads\/2024\/10\/berti-diesel_pavimenti-in-legno_parquet-rovere-contrastcanvas-150x150.jpeg 150w, https:\/\/berti.net\/wp-content\/uploads\/2024\/10\/berti-diesel_pavimenti-in-legno_parquet-rovere-contrastcanvas-768x768.jpeg 768w, https:\/\/berti.net\/wp-content\/uploads\/2024\/10\/berti-diesel_pavimenti-in-legno_parquet-rovere-contrastcanvas-1536x1536.jpeg 1536w, https:\/\/berti.net\/wp-content\/uploads\/2024\/10\/berti-diesel_pavimenti-in-legno_parquet-rovere-contrastcanvas.jpeg 1908w\" sizes=\"auto, (max-width: 300px) 100vw, 300px\" \/><\/a><\/figure>\n\n<h2 style=\"font-size:clamp(15.747px, 0.984rem + ((1vw - 3.2px) * 0.645), 24px);font-style:normal;font-weight:700;\" class=\"wp-block-post-title\"><a href=\"https:\/\/berti.net\/fr\/parquet\/parquet-diesel-living\/chene-contrast-canvas\/\" target=\"_self\" >Ch\u00eane Contrast Canvas<\/a><\/h2>\n\n<div style=\"font-size:clamp(14px, 0.875rem + ((1vw - 3.2px) * 0.313), 18px)\" class=\"taxonomy-product_collection wp-block-post-terms\"><a href=\"https:\/\/berti.net\/fr\/magazine\/products\/collection\/parquet\/parquet-diesel-living\/\" rel=\"tag\">Parquet Diesel living<\/a><\/div>\n<\/li><li class=\"wp-block-post post-15589 product type-product status-publish has-post-thumbnail hentry product_collection-parquet-diesel-living product_color-scuro\">\n<figure class=\"wp-block-post-featured-image wp-elements-46c9de2ec6190c6d8a2a9e5a61982672\"><a href=\"https:\/\/berti.net\/fr\/parquet\/parquet-diesel-living\/chene-indigo-veritable\/\" target=\"_self\"  ><img loading=\"lazy\" decoding=\"async\" width=\"300\" height=\"300\" src=\"https:\/\/berti.net\/wp-content\/uploads\/2024\/10\/berti-diesel_pavimenti-in-legno_parquet-rovere-trueindigo-300x300.jpeg\" class=\"attachment-medium size-medium\" alt=\"Rovere True Indigo\" srcset=\"https:\/\/berti.net\/wp-content\/uploads\/2024\/10\/berti-diesel_pavimenti-in-legno_parquet-rovere-trueindigo-300x300.jpeg 300w, https:\/\/berti.net\/wp-content\/uploads\/2024\/10\/berti-diesel_pavimenti-in-legno_parquet-rovere-trueindigo-1024x1024.jpeg 1024w, https:\/\/berti.net\/wp-content\/uploads\/2024\/10\/berti-diesel_pavimenti-in-legno_parquet-rovere-trueindigo-150x150.jpeg 150w, https:\/\/berti.net\/wp-content\/uploads\/2024\/10\/berti-diesel_pavimenti-in-legno_parquet-rovere-trueindigo-768x768.jpeg 768w, https:\/\/berti.net\/wp-content\/uploads\/2024\/10\/berti-diesel_pavimenti-in-legno_parquet-rovere-trueindigo-1536x1536.jpeg 1536w, https:\/\/berti.net\/wp-content\/uploads\/2024\/10\/berti-diesel_pavimenti-in-legno_parquet-rovere-trueindigo.jpeg 1908w\" sizes=\"auto, (max-width: 300px) 100vw, 300px\" \/><\/a><\/figure>\n\n<h2 style=\"font-size:clamp(15.747px, 0.984rem + ((1vw - 3.2px) * 0.645), 24px);font-style:normal;font-weight:700;\" class=\"wp-block-post-title\"><a href=\"https:\/\/berti.net\/fr\/parquet\/parquet-diesel-living\/chene-indigo-veritable\/\" target=\"_self\" >Ch\u00eane True Indigo<\/a><\/h2>\n\n<div style=\"font-size:clamp(14px, 0.875rem + ((1vw - 3.2px) * 0.313), 18px)\" class=\"taxonomy-product_collection wp-block-post-terms\"><a href=\"https:\/\/berti.net\/fr\/magazine\/products\/collection\/parquet\/parquet-diesel-living\/\" rel=\"tag\">Parquet Diesel living<\/a><\/div>\n<\/li><li class=\"wp-block-post post-15587 product type-product status-publish has-post-thumbnail hentry product_collection-parquet-diesel-living product_color-scuro\">\n<figure class=\"wp-block-post-featured-image wp-elements-46c9de2ec6190c6d8a2a9e5a61982672\"><a href=\"https:\/\/berti.net\/fr\/parquet\/parquet-diesel-living\/chene-indigene\/\" target=\"_self\"  ><img loading=\"lazy\" decoding=\"async\" width=\"300\" height=\"300\" src=\"https:\/\/berti.net\/wp-content\/uploads\/2024\/10\/berti-diesel_pavimenti-in-legno_parquet-rovere-native-300x300.jpeg\" class=\"attachment-medium size-medium\" alt=\"Rovere Native\" srcset=\"https:\/\/berti.net\/wp-content\/uploads\/2024\/10\/berti-diesel_pavimenti-in-legno_parquet-rovere-native-300x300.jpeg 300w, https:\/\/berti.net\/wp-content\/uploads\/2024\/10\/berti-diesel_pavimenti-in-legno_parquet-rovere-native-1024x1024.jpeg 1024w, https:\/\/berti.net\/wp-content\/uploads\/2024\/10\/berti-diesel_pavimenti-in-legno_parquet-rovere-native-150x150.jpeg 150w, https:\/\/berti.net\/wp-content\/uploads\/2024\/10\/berti-diesel_pavimenti-in-legno_parquet-rovere-native-768x768.jpeg 768w, https:\/\/berti.net\/wp-content\/uploads\/2024\/10\/berti-diesel_pavimenti-in-legno_parquet-rovere-native-1536x1536.jpeg 1536w, https:\/\/berti.net\/wp-content\/uploads\/2024\/10\/berti-diesel_pavimenti-in-legno_parquet-rovere-native.jpeg 1908w\" sizes=\"auto, (max-width: 300px) 100vw, 300px\" \/><\/a><\/figure>\n\n<h2 style=\"font-size:clamp(15.747px, 0.984rem + ((1vw - 3.2px) * 0.645), 24px);font-style:normal;font-weight:700;\" class=\"wp-block-post-title\"><a href=\"https:\/\/berti.net\/fr\/parquet\/parquet-diesel-living\/chene-indigene\/\" target=\"_self\" >Ch\u00eane Native<\/a><\/h2>\n\n<div style=\"font-size:clamp(14px, 0.875rem + ((1vw - 3.2px) * 0.313), 18px)\" class=\"taxonomy-product_collection wp-block-post-terms\"><a href=\"https:\/\/berti.net\/fr\/magazine\/products\/collection\/parquet\/parquet-diesel-living\/\" rel=\"tag\">Parquet Diesel living<\/a><\/div>\n<\/li><li class=\"wp-block-post post-15593 product type-product status-publish has-post-thumbnail hentry product_collection-parquet-diesel-living product_color-scuro\">\n<figure class=\"wp-block-post-featured-image wp-elements-46c9de2ec6190c6d8a2a9e5a61982672\"><a href=\"https:\/\/berti.net\/fr\/parquet\/parquet-diesel-living\/chene-total-noir\/\" target=\"_self\"  ><img loading=\"lazy\" decoding=\"async\" width=\"653\" height=\"653\" src=\"https:\/\/berti.net\/wp-content\/uploads\/diesel-totalblack.jpg\" class=\"attachment-medium size-medium\" alt=\"\" srcset=\"https:\/\/berti.net\/wp-content\/uploads\/diesel-totalblack.jpg 653w, https:\/\/berti.net\/wp-content\/uploads\/diesel-totalblack-406x406.jpg 406w\" sizes=\"auto, (max-width: 653px) 100vw, 653px\" \/><\/a><\/figure>\n\n<h2 style=\"font-size:clamp(15.747px, 0.984rem + ((1vw - 3.2px) * 0.645), 24px);font-style:normal;font-weight:700;\" class=\"wp-block-post-title\"><a href=\"https:\/\/berti.net\/fr\/parquet\/parquet-diesel-living\/chene-total-noir\/\" target=\"_self\" >Ch\u00eane Total Black<\/a><\/h2>\n\n<div style=\"font-size:clamp(14px, 0.875rem + ((1vw - 3.2px) * 0.313), 18px)\" class=\"taxonomy-product_collection wp-block-post-terms\"><a href=\"https:\/\/berti.net\/fr\/magazine\/products\/collection\/parquet\/parquet-diesel-living\/\" rel=\"tag\">Parquet Diesel living<\/a><\/div>\n<\/li><li class=\"wp-block-post post-15586 product type-product status-publish has-post-thumbnail hentry product_collection-parquet-diesel-living product_color-scuro\">\n<figure class=\"wp-block-post-featured-image wp-elements-46c9de2ec6190c6d8a2a9e5a61982672\"><a href=\"https:\/\/berti.net\/fr\/parquet\/parquet-diesel-living\/chene-a-colombages\/\" target=\"_self\"  ><img loading=\"lazy\" decoding=\"async\" width=\"300\" height=\"300\" src=\"https:\/\/berti.net\/wp-content\/uploads\/2024\/10\/berti-diesel_pavimenti-in-legno_parquet-rovere-stud-oak-300x300.jpeg\" class=\"attachment-medium size-medium\" alt=\"Stud Oak\" srcset=\"https:\/\/berti.net\/wp-content\/uploads\/2024\/10\/berti-diesel_pavimenti-in-legno_parquet-rovere-stud-oak-300x300.jpeg 300w, https:\/\/berti.net\/wp-content\/uploads\/2024\/10\/berti-diesel_pavimenti-in-legno_parquet-rovere-stud-oak-1024x1024.jpeg 1024w, https:\/\/berti.net\/wp-content\/uploads\/2024\/10\/berti-diesel_pavimenti-in-legno_parquet-rovere-stud-oak-150x150.jpeg 150w, https:\/\/berti.net\/wp-content\/uploads\/2024\/10\/berti-diesel_pavimenti-in-legno_parquet-rovere-stud-oak-768x768.jpeg 768w, https:\/\/berti.net\/wp-content\/uploads\/2024\/10\/berti-diesel_pavimenti-in-legno_parquet-rovere-stud-oak-1536x1536.jpeg 1536w, https:\/\/berti.net\/wp-content\/uploads\/2024\/10\/berti-diesel_pavimenti-in-legno_parquet-rovere-stud-oak.jpeg 1908w\" sizes=\"auto, (max-width: 300px) 100vw, 300px\" \/><\/a><\/figure>\n\n<h2 style=\"font-size:clamp(15.747px, 0.984rem + ((1vw - 3.2px) * 0.645), 24px);font-style:normal;font-weight:700;\" class=\"wp-block-post-title\"><a href=\"https:\/\/berti.net\/fr\/parquet\/parquet-diesel-living\/chene-a-colombages\/\" target=\"_self\" >Stud Oak<\/a><\/h2>\n\n<div style=\"font-size:clamp(14px, 0.875rem + ((1vw - 3.2px) * 0.313), 18px)\" class=\"taxonomy-product_collection wp-block-post-terms\"><a href=\"https:\/\/berti.net\/fr\/magazine\/products\/collection\/parquet\/parquet-diesel-living\/\" rel=\"tag\">Parquet Diesel living<\/a><\/div>\n<\/li><li class=\"wp-block-post post-15584 product type-product status-publish has-post-thumbnail hentry product_collection-parquet-diesel-living product_color-scuro\">\n<figure class=\"wp-block-post-featured-image wp-elements-46c9de2ec6190c6d8a2a9e5a61982672\"><a href=\"https:\/\/berti.net\/fr\/parquet\/parquet-diesel-living\/stud-noir\/\" target=\"_self\"  ><img loading=\"lazy\" decoding=\"async\" width=\"300\" height=\"300\" src=\"https:\/\/berti.net\/wp-content\/uploads\/2024\/10\/berti-diesel_pavimenti-in-legno_parquet-rovere-stud-black-300x300.jpeg\" class=\"attachment-medium size-medium\" alt=\"Stud Black\" srcset=\"https:\/\/berti.net\/wp-content\/uploads\/2024\/10\/berti-diesel_pavimenti-in-legno_parquet-rovere-stud-black-300x300.jpeg 300w, https:\/\/berti.net\/wp-content\/uploads\/2024\/10\/berti-diesel_pavimenti-in-legno_parquet-rovere-stud-black-1024x1024.jpeg 1024w, https:\/\/berti.net\/wp-content\/uploads\/2024\/10\/berti-diesel_pavimenti-in-legno_parquet-rovere-stud-black-150x150.jpeg 150w, https:\/\/berti.net\/wp-content\/uploads\/2024\/10\/berti-diesel_pavimenti-in-legno_parquet-rovere-stud-black-768x768.jpeg 768w, https:\/\/berti.net\/wp-content\/uploads\/2024\/10\/berti-diesel_pavimenti-in-legno_parquet-rovere-stud-black-1536x1536.jpeg 1536w, https:\/\/berti.net\/wp-content\/uploads\/2024\/10\/berti-diesel_pavimenti-in-legno_parquet-rovere-stud-black.jpeg 1908w\" sizes=\"auto, (max-width: 300px) 100vw, 300px\" \/><\/a><\/figure>\n\n<h2 style=\"font-size:clamp(15.747px, 0.984rem + ((1vw - 3.2px) * 0.645), 24px);font-style:normal;font-weight:700;\" class=\"wp-block-post-title\"><a href=\"https:\/\/berti.net\/fr\/parquet\/parquet-diesel-living\/stud-noir\/\" target=\"_self\" >Stud Black<\/a><\/h2>\n\n<div style=\"font-size:clamp(14px, 0.875rem + ((1vw - 3.2px) * 0.313), 18px)\" class=\"taxonomy-product_collection wp-block-post-terms\"><a href=\"https:\/\/berti.net\/fr\/magazine\/products\/collection\/parquet\/parquet-diesel-living\/\" rel=\"tag\">Parquet Diesel living<\/a><\/div>\n<\/li><\/ul><\/div>\n<\/div>\n\n<div class=\"wp-block-cover alignfull is-light estimate-request-content animated fadeIn\" style=\"margin-top:0\"><span aria-hidden=\"true\" class=\"wp-block-cover__background has-background-dim-0 has-background-dim\"><\/span><img decoding=\"async\" class=\"wp-block-cover__image-background\" alt=\"\" src=\"https:\/\/www.berti.net\/wp-content\/themes\/thombase\/public\/images\/estimateBanner.webp\" data-object-fit=\"cover\"\/><div class=\"wp-block-cover__inner-container has-global-padding is-layout-constrained wp-block-cover-is-layout-constrained\">\n<div id=\"estimate\" class=\"wp-block-group alignleft estimate-request-content-inner has-global-padding is-content-justification-left is-layout-constrained wp-container-core-group-is-layout-94054b8f wp-block-group-is-layout-constrained\">\n<h5 class=\"wp-block-heading\">Demandez un <strong>devis<\/strong><br\/>entrez dans le monde Berti<\/h5>\n\n\n\n<p>Remplissez le formulaire pour demander une devis.  <br\/>Vous recevrez une r\u00e9ponse de notre personnel dans les plus brefs d\u00e9lais.  <\/p>\n\n\n\n<div class=\"wp-block-buttons is-layout-flex wp-block-buttons-is-layout-flex\">\n<div class=\"wp-block-button is-style-link\"><a class=\"wp-block-button__link wp-element-button\" href=\"https:\/\/www.berti.net\/fr\/demander-un-devis\/\">POSEZ VOTRE CANDIDATURE D\u00c8S MAINTENANT<\/a><\/div>\n<\/div>\n<\/div>\n<\/div><\/div>\n","protected":false},"excerpt":{"rendered":"<p>Les sols en bois dans les tons fonc\u00e9s ou bruns ne se d\u00e9modent jamais.Le bois fonc\u00e9 est par nature le weng\u00e9 et le noyer dans sa variante am\u00e9ricaine, qui compte parmi les essences de bois les plus populaires dans l&rsquo;ameublement en raison de sa teinte \u00e9l\u00e9gante et de son beau grain, mais aussi le ch\u00eane trait\u00e9 \u00e0 la chaleur ou [&hellip;]<\/p>\n","protected":false},"author":2,"featured_media":0,"parent":14946,"menu_order":0,"comment_status":"closed","ping_status":"closed","template":"page-with-overlying-header","meta":{"footnotes":""},"class_list":["post-15101","page","type-page","status-publish","hentry"],"_links":{"self":[{"href":"https:\/\/berti.net\/fr\/wp-json\/wp\/v2\/pages\/15101","targetHints":{"allow":["GET"]}}],"collection":[{"href":"https:\/\/berti.net\/fr\/wp-json\/wp\/v2\/pages"}],"about":[{"href":"https:\/\/berti.net\/fr\/wp-json\/wp\/v2\/types\/page"}],"author":[{"embeddable":true,"href":"https:\/\/berti.net\/fr\/wp-json\/wp\/v2\/users\/2"}],"replies":[{"embeddable":true,"href":"https:\/\/berti.net\/fr\/wp-json\/wp\/v2\/comments?post=15101"}],"version-history":[{"count":3,"href":"https:\/\/berti.net\/fr\/wp-json\/wp\/v2\/pages\/15101\/revisions"}],"predecessor-version":[{"id":18619,"href":"https:\/\/berti.net\/fr\/wp-json\/wp\/v2\/pages\/15101\/revisions\/18619"}],"up":[{"embeddable":true,"href":"https:\/\/berti.net\/fr\/wp-json\/wp\/v2\/pages\/14946"}],"wp:attachment":[{"href":"https:\/\/berti.net\/fr\/wp-json\/wp\/v2\/media?parent=15101"}],"curies":[{"name":"wp","href":"https:\/\/api.w.org\/{rel}","templated":true}]}}