{"id":15099,"date":"2025-02-04T10:19:14","date_gmt":"2025-02-04T10:19:14","guid":{"rendered":"https:\/\/www.berti.net\/couleurs-du-parquet\/bois-rouges\/"},"modified":"2025-09-26T07:50:15","modified_gmt":"2025-09-26T07:50:15","slug":"bois-rouges","status":"publish","type":"page","link":"https:\/\/berti.net\/fr\/couleurs-du-parquet\/bois-rouges\/","title":{"rendered":"Bois rouges"},"content":{"rendered":"\n<div class=\"wp-block-cover alignfull banner-hero has-aspect-ratio wp-duotone-unset-1\" style=\"padding-top:0px;padding-right:0;padding-bottom:0px;padding-left:0;min-height:516px;aspect-ratio:auto;min-height:unset;\"><img loading=\"lazy\" decoding=\"async\" width=\"2400\" height=\"1024\" class=\"wp-block-cover__image-background wp-image-13338\" alt=\"\" src=\"https:\/\/www.berti.net\/wp-content\/uploads\/berti-pavimenti-in-legno_colori-parquet-rossi-1-1.jpg\" data-object-fit=\"cover\" srcset=\"https:\/\/berti.net\/wp-content\/uploads\/berti-pavimenti-in-legno_colori-parquet-rossi-1-1.jpg 2400w, https:\/\/berti.net\/wp-content\/uploads\/berti-pavimenti-in-legno_colori-parquet-rossi-1-1-812x346.jpg 812w, https:\/\/berti.net\/wp-content\/uploads\/berti-pavimenti-in-legno_colori-parquet-rossi-1-1-1920x819.jpg 1920w, https:\/\/berti.net\/wp-content\/uploads\/berti-pavimenti-in-legno_colori-parquet-rossi-1-1-768x328.jpg 768w, https:\/\/berti.net\/wp-content\/uploads\/berti-pavimenti-in-legno_colori-parquet-rossi-1-1-1536x655.jpg 1536w, https:\/\/berti.net\/wp-content\/uploads\/berti-pavimenti-in-legno_colori-parquet-rossi-1-1-2048x874.jpg 2048w\" sizes=\"auto, (max-width: 2400px) 100vw, 2400px\" \/><span aria-hidden=\"true\" class=\"wp-block-cover__background has-background-dim-90 has-background-dim wp-block-cover__gradient-background has-background-gradient\" style=\"background:linear-gradient(0deg,#19191900 0%,#191919 100%)\"><\/span><div class=\"wp-block-cover__inner-container is-layout-flow wp-block-cover-is-layout-flow\">\n<div class=\"wp-block-group banner-hero-content has-global-padding is-layout-constrained wp-container-core-group-is-layout-a05d3a21 wp-block-group-is-layout-constrained\">\n<div class=\"wp-block-group has-global-padding is-layout-constrained wp-container-core-group-is-layout-b831be90 wp-block-group-is-layout-constrained\">\n<h1 class=\"wp-block-heading has-text-align-center has-white-color has-text-color has-xxxl-font-size\" style=\"letter-spacing:0px;line-height:1;text-transform:uppercase\">Parquet ROSSI<\/h1>\n<\/div>\n<\/div>\n<\/div><\/div>\n\n<div class=\"wp-block-group alignfull hero-title-slider-pattern has-global-padding is-layout-constrained wp-block-group-is-layout-constrained\">\n<div class=\"wp-block-group banner-hero-content has-global-padding is-layout-constrained wp-container-core-group-is-layout-09a7d114 wp-block-group-is-layout-constrained\" style=\"margin-top:var(--wp--preset--spacing--70);margin-bottom:var(--wp--preset--spacing--30)\">\n<div class=\"wp-block-group is-style-container has-global-padding is-layout-constrained wp-container-core-group-is-layout-a816393c wp-block-group-is-layout-constrained\">\n<p class=\"has-text-align-center animated fadeInUp has-m-22-font-size\" style=\"line-height:1.5\">Les sols en bois dans des teintes allant du <strong>rouge caramel<\/strong> au <strong>brun dor\u00e9<\/strong> sont parfaits pour un choix exclusif, cr\u00e9ant des pi\u00e8ces lumineuses, surtout lorsqu&rsquo;ils sont associ\u00e9s \u00e0 des murs contrast\u00e9s ou ton sur ton.  <\/p>\n\n\n\n<p class=\"has-text-align-center animated fadeInUp has-m-22-font-size\" style=\"line-height:1.5\">Lorsque vous recherchez la combinaison parfaite pour un parquet rouge, il est essentiel de tenir compte non seulement de la teinte, mais aussi du format et de la texture. <strong>Doussi\u00e8<\/strong>, <strong>Iroko<\/strong>, <strong>Teck burma<\/strong> s&rsquo;inscrivent dans le style classique, splendide lorsqu&rsquo;il est associ\u00e9 \u00e0 une pose en incrustation, pour une v\u00e9ritable touche de luxe.  <\/p>\n\n\n\n<p class=\"has-text-align-center animated fadeInUp has-m-22-font-size\" style=\"line-height:1.5\">Des planches aux chevrons en passant par les carr\u00e9s, le <strong>parquet rouge<\/strong> de Berti Pavimenti mettra en valeur votre int\u00e9rieur.<\/p>\n<\/div>\n<\/div>\n<\/div>\n\n<div class=\"wp-block-group products-group is-style-container has-global-padding is-content-justification-left is-layout-constrained wp-container-core-group-is-layout-62b5276d wp-block-group-is-layout-constrained\" style=\"margin-top:var(--wp--preset--spacing--80);margin-bottom:var(--wp--preset--spacing--80)\">\n<div class=\"wp-block-query products-grid-4-col is-layout-flow wp-block-query-is-layout-flow\"><ul class=\"has-link-color columns-4 products-grid-4-col-template wp-elements-46c9de2ec6190c6d8a2a9e5a61982672 wp-block-post-template has-text-color has-base-color is-layout-grid wp-container-core-post-template-is-layout-e7fd85f5 wp-block-post-template-is-layout-grid\"><li class=\"wp-block-post post-15289 product type-product status-publish has-post-thumbnail hentry product_collection-dalles-de-parquet-square-space product_type-floral-fr product_color-rosso\">\n<figure class=\"wp-block-post-featured-image wp-elements-46c9de2ec6190c6d8a2a9e5a61982672\"><a href=\"https:\/\/berti.net\/fr\/parquet\/dalles-de-parquet-square-space\/chiericati\/\" target=\"_self\"  ><img loading=\"lazy\" decoding=\"async\" width=\"297\" height=\"300\" src=\"https:\/\/berti.net\/wp-content\/uploads\/2024\/10\/berti-quadrotte-chiericati-square-space-297x300.jpeg\" class=\"attachment-medium size-medium\" alt=\"\" srcset=\"https:\/\/berti.net\/wp-content\/uploads\/2024\/10\/berti-quadrotte-chiericati-square-space-297x300.jpeg 297w, https:\/\/berti.net\/wp-content\/uploads\/2024\/10\/berti-quadrotte-chiericati-square-space.jpeg 653w\" sizes=\"auto, (max-width: 297px) 100vw, 297px\" \/><\/a><\/figure>\n\n<h2 style=\"font-size:clamp(15.747px, 0.984rem + ((1vw - 3.2px) * 0.645), 24px);font-style:normal;font-weight:700;\" class=\"wp-block-post-title\"><a href=\"https:\/\/berti.net\/fr\/parquet\/dalles-de-parquet-square-space\/chiericati\/\" target=\"_self\" >Chiericati<\/a><\/h2>\n\n<div style=\"font-size:clamp(14px, 0.875rem + ((1vw - 3.2px) * 0.313), 18px)\" class=\"taxonomy-product_collection wp-block-post-terms\"><a href=\"https:\/\/berti.net\/fr\/magazine\/products\/collection\/parquet\/dalles-de-parquet-square-space\/\" rel=\"tag\">Dalles de Parquet Square Space<\/a><\/div>\n<\/li><li class=\"wp-block-post post-15288 product type-product status-publish has-post-thumbnail hentry product_collection-dalles-de-parquet-square-space product_type-floral-fr product_color-rosso\">\n<figure class=\"wp-block-post-featured-image wp-elements-46c9de2ec6190c6d8a2a9e5a61982672\"><a href=\"https:\/\/berti.net\/fr\/parquet\/dalles-de-parquet-square-space\/mistrotigo\/\" target=\"_self\"  ><img loading=\"lazy\" decoding=\"async\" width=\"297\" height=\"300\" src=\"https:\/\/berti.net\/wp-content\/uploads\/2024\/10\/berti-quadrotte-mistrotigo-square-space-297x300.jpeg\" class=\"attachment-medium size-medium\" alt=\"\" srcset=\"https:\/\/berti.net\/wp-content\/uploads\/2024\/10\/berti-quadrotte-mistrotigo-square-space-297x300.jpeg 297w, https:\/\/berti.net\/wp-content\/uploads\/2024\/10\/berti-quadrotte-mistrotigo-square-space.jpeg 653w\" sizes=\"auto, (max-width: 297px) 100vw, 297px\" \/><\/a><\/figure>\n\n<h2 style=\"font-size:clamp(15.747px, 0.984rem + ((1vw - 3.2px) * 0.645), 24px);font-style:normal;font-weight:700;\" class=\"wp-block-post-title\"><a href=\"https:\/\/berti.net\/fr\/parquet\/dalles-de-parquet-square-space\/mistrotigo\/\" target=\"_self\" >Mistrotigo<\/a><\/h2>\n\n<div style=\"font-size:clamp(14px, 0.875rem + ((1vw - 3.2px) * 0.313), 18px)\" class=\"taxonomy-product_collection wp-block-post-terms\"><a href=\"https:\/\/berti.net\/fr\/magazine\/products\/collection\/parquet\/dalles-de-parquet-square-space\/\" rel=\"tag\">Dalles de Parquet Square Space<\/a><\/div>\n<\/li><li class=\"wp-block-post post-15291 product type-product status-publish has-post-thumbnail hentry product_collection-dalles-de-parquet-square-space product_type-floral-fr product_color-rosso\">\n<figure class=\"wp-block-post-featured-image wp-elements-46c9de2ec6190c6d8a2a9e5a61982672\"><a href=\"https:\/\/berti.net\/fr\/parquet\/dalles-de-parquet-square-space\/grandenigo\/\" target=\"_self\"  ><img loading=\"lazy\" decoding=\"async\" width=\"653\" height=\"659\" src=\"https:\/\/berti.net\/wp-content\/uploads\/berti-quadrotte-grandenigo-square-space.jpg\" class=\"attachment-medium size-medium\" alt=\"\" \/><\/a><\/figure>\n\n<h2 style=\"font-size:clamp(15.747px, 0.984rem + ((1vw - 3.2px) * 0.645), 24px);font-style:normal;font-weight:700;\" class=\"wp-block-post-title\"><a href=\"https:\/\/berti.net\/fr\/parquet\/dalles-de-parquet-square-space\/grandenigo\/\" target=\"_self\" >Grandenigo<\/a><\/h2>\n\n<div style=\"font-size:clamp(14px, 0.875rem + ((1vw - 3.2px) * 0.313), 18px)\" class=\"taxonomy-product_collection wp-block-post-terms\"><a href=\"https:\/\/berti.net\/fr\/magazine\/products\/collection\/parquet\/dalles-de-parquet-square-space\/\" rel=\"tag\">Dalles de Parquet Square Space<\/a><\/div>\n<\/li><li class=\"wp-block-post post-15659 product type-product status-publish has-post-thumbnail hentry product_collection-dalles-de-parquet-square-space product_type-floral-fr product_color-rosso\">\n<figure class=\"wp-block-post-featured-image wp-elements-46c9de2ec6190c6d8a2a9e5a61982672\"><a href=\"https:\/\/berti.net\/fr\/parquet\/dalles-de-parquet-square-space\/careggi\/\" target=\"_self\"  ><img loading=\"lazy\" decoding=\"async\" width=\"297\" height=\"300\" src=\"https:\/\/berti.net\/wp-content\/uploads\/2024\/10\/berti-quadrotte-careggi-square-space-297x300.jpeg\" class=\"attachment-medium size-medium\" alt=\"\" srcset=\"https:\/\/berti.net\/wp-content\/uploads\/2024\/10\/berti-quadrotte-careggi-square-space-297x300.jpeg 297w, https:\/\/berti.net\/wp-content\/uploads\/2024\/10\/berti-quadrotte-careggi-square-space.jpeg 653w\" sizes=\"auto, (max-width: 297px) 100vw, 297px\" \/><\/a><\/figure>\n\n<h2 style=\"font-size:clamp(15.747px, 0.984rem + ((1vw - 3.2px) * 0.645), 24px);font-style:normal;font-weight:700;\" class=\"wp-block-post-title\"><a href=\"https:\/\/berti.net\/fr\/parquet\/dalles-de-parquet-square-space\/careggi\/\" target=\"_self\" >Careggi<\/a><\/h2>\n\n<div style=\"font-size:clamp(14px, 0.875rem + ((1vw - 3.2px) * 0.313), 18px)\" class=\"taxonomy-product_collection wp-block-post-terms\"><a href=\"https:\/\/berti.net\/fr\/magazine\/products\/collection\/parquet\/dalles-de-parquet-square-space\/\" rel=\"tag\">Dalles de Parquet Square Space<\/a><\/div>\n<\/li><li class=\"wp-block-post post-15652 product type-product status-publish has-post-thumbnail hentry product_collection-dalles-de-parquet-square-space product_type-geometrique product_color-rosso\">\n<figure class=\"wp-block-post-featured-image wp-elements-46c9de2ec6190c6d8a2a9e5a61982672\"><a href=\"https:\/\/berti.net\/fr\/parquet\/dalles-de-parquet-square-space\/zordan\/\" target=\"_self\"  ><img loading=\"lazy\" decoding=\"async\" width=\"297\" height=\"300\" src=\"https:\/\/berti.net\/wp-content\/uploads\/2024\/10\/berti-quadrotte-zordan-square-space-297x300.jpeg\" class=\"attachment-medium size-medium\" alt=\"\" srcset=\"https:\/\/berti.net\/wp-content\/uploads\/2024\/10\/berti-quadrotte-zordan-square-space-297x300.jpeg 297w, https:\/\/berti.net\/wp-content\/uploads\/2024\/10\/berti-quadrotte-zordan-square-space.jpeg 653w\" sizes=\"auto, (max-width: 297px) 100vw, 297px\" \/><\/a><\/figure>\n\n<h2 style=\"font-size:clamp(15.747px, 0.984rem + ((1vw - 3.2px) * 0.645), 24px);font-style:normal;font-weight:700;\" class=\"wp-block-post-title\"><a href=\"https:\/\/berti.net\/fr\/parquet\/dalles-de-parquet-square-space\/zordan\/\" target=\"_self\" >Zordan<\/a><\/h2>\n\n<div style=\"font-size:clamp(14px, 0.875rem + ((1vw - 3.2px) * 0.313), 18px)\" class=\"taxonomy-product_collection wp-block-post-terms\"><a href=\"https:\/\/berti.net\/fr\/magazine\/products\/collection\/parquet\/dalles-de-parquet-square-space\/\" rel=\"tag\">Dalles de Parquet Square Space<\/a><\/div>\n<\/li><li class=\"wp-block-post post-15649 product type-product status-publish has-post-thumbnail hentry product_collection-dalles-de-parquet-square-space product_type-geometrique product_color-rosso\">\n<figure class=\"wp-block-post-featured-image wp-elements-46c9de2ec6190c6d8a2a9e5a61982672\"><a href=\"https:\/\/berti.net\/fr\/parquet\/dalles-de-parquet-square-space\/kiev\/\" target=\"_self\"  ><img loading=\"lazy\" decoding=\"async\" width=\"297\" height=\"300\" src=\"https:\/\/berti.net\/wp-content\/uploads\/2024\/10\/berti-quadrotte-kiev-square-space-297x300.jpeg\" class=\"attachment-medium size-medium\" alt=\"\" srcset=\"https:\/\/berti.net\/wp-content\/uploads\/2024\/10\/berti-quadrotte-kiev-square-space-297x300.jpeg 297w, https:\/\/berti.net\/wp-content\/uploads\/2024\/10\/berti-quadrotte-kiev-square-space.jpeg 653w\" sizes=\"auto, (max-width: 297px) 100vw, 297px\" \/><\/a><\/figure>\n\n<h2 style=\"font-size:clamp(15.747px, 0.984rem + ((1vw - 3.2px) * 0.645), 24px);font-style:normal;font-weight:700;\" class=\"wp-block-post-title\"><a href=\"https:\/\/berti.net\/fr\/parquet\/dalles-de-parquet-square-space\/kiev\/\" target=\"_self\" >Kiev<\/a><\/h2>\n\n<div style=\"font-size:clamp(14px, 0.875rem + ((1vw - 3.2px) * 0.313), 18px)\" class=\"taxonomy-product_collection wp-block-post-terms\"><a href=\"https:\/\/berti.net\/fr\/magazine\/products\/collection\/parquet\/dalles-de-parquet-square-space\/\" rel=\"tag\">Dalles de Parquet Square Space<\/a><\/div>\n<\/li><li class=\"wp-block-post post-15647 product type-product status-publish has-post-thumbnail hentry product_collection-dalles-de-parquet-square-space product_type-floral-fr product_color-chiaro product_color-rosso\">\n<figure class=\"wp-block-post-featured-image wp-elements-46c9de2ec6190c6d8a2a9e5a61982672\"><a href=\"https:\/\/berti.net\/fr\/parquet\/dalles-de-parquet-square-space\/verlato\/\" target=\"_self\"  ><img loading=\"lazy\" decoding=\"async\" width=\"297\" height=\"300\" src=\"https:\/\/berti.net\/wp-content\/uploads\/2024\/10\/berti-quadrotte-legno-resina-verlato-square-space-297x300.jpeg\" class=\"attachment-medium size-medium\" alt=\"verlato\" srcset=\"https:\/\/berti.net\/wp-content\/uploads\/2024\/10\/berti-quadrotte-legno-resina-verlato-square-space-297x300.jpeg 297w, https:\/\/berti.net\/wp-content\/uploads\/2024\/10\/berti-quadrotte-legno-resina-verlato-square-space.jpeg 653w\" sizes=\"auto, (max-width: 297px) 100vw, 297px\" \/><\/a><\/figure>\n\n<h2 style=\"font-size:clamp(15.747px, 0.984rem + ((1vw - 3.2px) * 0.645), 24px);font-style:normal;font-weight:700;\" class=\"wp-block-post-title\"><a href=\"https:\/\/berti.net\/fr\/parquet\/dalles-de-parquet-square-space\/verlato\/\" target=\"_self\" >Verlato<\/a><\/h2>\n\n<div style=\"font-size:clamp(14px, 0.875rem + ((1vw - 3.2px) * 0.313), 18px)\" class=\"taxonomy-product_collection wp-block-post-terms\"><a href=\"https:\/\/berti.net\/fr\/magazine\/products\/collection\/parquet\/dalles-de-parquet-square-space\/\" rel=\"tag\">Dalles de Parquet Square Space<\/a><\/div>\n<\/li><li class=\"wp-block-post post-15639 product type-product status-publish has-post-thumbnail hentry product_collection-dalles-de-parquet-square-space product_type-geometrique product_color-rosso\">\n<figure class=\"wp-block-post-featured-image wp-elements-46c9de2ec6190c6d8a2a9e5a61982672\"><a href=\"https:\/\/berti.net\/fr\/parquet\/dalles-de-parquet-square-space\/guangzhou\/\" target=\"_self\"  ><img loading=\"lazy\" decoding=\"async\" width=\"300\" height=\"300\" src=\"https:\/\/berti.net\/wp-content\/uploads\/2024\/10\/berti-pavimenti-in-legno_parquet-square-space_guangzhou-300x300.jpeg\" class=\"attachment-medium size-medium\" alt=\"\" srcset=\"https:\/\/berti.net\/wp-content\/uploads\/2024\/10\/berti-pavimenti-in-legno_parquet-square-space_guangzhou-300x300.jpeg 300w, https:\/\/berti.net\/wp-content\/uploads\/2024\/10\/berti-pavimenti-in-legno_parquet-square-space_guangzhou-1024x1024.jpeg 1024w, https:\/\/berti.net\/wp-content\/uploads\/2024\/10\/berti-pavimenti-in-legno_parquet-square-space_guangzhou-150x150.jpeg 150w, https:\/\/berti.net\/wp-content\/uploads\/2024\/10\/berti-pavimenti-in-legno_parquet-square-space_guangzhou-768x768.jpeg 768w, https:\/\/berti.net\/wp-content\/uploads\/2024\/10\/berti-pavimenti-in-legno_parquet-square-space_guangzhou-1536x1536.jpeg 1536w, https:\/\/berti.net\/wp-content\/uploads\/2024\/10\/berti-pavimenti-in-legno_parquet-square-space_guangzhou.jpeg 1908w\" sizes=\"auto, (max-width: 300px) 100vw, 300px\" \/><\/a><\/figure>\n\n<h2 style=\"font-size:clamp(15.747px, 0.984rem + ((1vw - 3.2px) * 0.645), 24px);font-style:normal;font-weight:700;\" class=\"wp-block-post-title\"><a href=\"https:\/\/berti.net\/fr\/parquet\/dalles-de-parquet-square-space\/guangzhou\/\" target=\"_self\" >Guangzhou<\/a><\/h2>\n\n<div style=\"font-size:clamp(14px, 0.875rem + ((1vw - 3.2px) * 0.313), 18px)\" class=\"taxonomy-product_collection wp-block-post-terms\"><a href=\"https:\/\/berti.net\/fr\/magazine\/products\/collection\/parquet\/dalles-de-parquet-square-space\/\" rel=\"tag\">Dalles de Parquet Square Space<\/a><\/div>\n<\/li><li class=\"wp-block-post post-15622 product type-product status-publish has-post-thumbnail hentry product_collection-dalles-de-parquet-square-space product_type-geometrique product_color-rosso\">\n<figure class=\"wp-block-post-featured-image wp-elements-46c9de2ec6190c6d8a2a9e5a61982672\"><a href=\"https:\/\/berti.net\/fr\/parquet\/dalles-de-parquet-square-space\/emo\/\" target=\"_self\"  ><img loading=\"lazy\" decoding=\"async\" width=\"300\" height=\"300\" src=\"https:\/\/berti.net\/wp-content\/uploads\/2024\/10\/quadrotte-emo-berti-square-space-300x300.jpeg\" class=\"attachment-medium size-medium\" alt=\"\" srcset=\"https:\/\/berti.net\/wp-content\/uploads\/2024\/10\/quadrotte-emo-berti-square-space-300x300.jpeg 300w, https:\/\/berti.net\/wp-content\/uploads\/2024\/10\/quadrotte-emo-berti-square-space-150x150.jpeg 150w, https:\/\/berti.net\/wp-content\/uploads\/2024\/10\/quadrotte-emo-berti-square-space.jpeg 653w\" sizes=\"auto, (max-width: 300px) 100vw, 300px\" \/><\/a><\/figure>\n\n<h2 style=\"font-size:clamp(15.747px, 0.984rem + ((1vw - 3.2px) * 0.645), 24px);font-style:normal;font-weight:700;\" class=\"wp-block-post-title\"><a href=\"https:\/\/berti.net\/fr\/parquet\/dalles-de-parquet-square-space\/emo\/\" target=\"_self\" >Emo<\/a><\/h2>\n\n<div style=\"font-size:clamp(14px, 0.875rem + ((1vw - 3.2px) * 0.313), 18px)\" class=\"taxonomy-product_collection wp-block-post-terms\"><a href=\"https:\/\/berti.net\/fr\/magazine\/products\/collection\/parquet\/dalles-de-parquet-square-space\/\" rel=\"tag\">Dalles de Parquet Square Space<\/a><\/div>\n<\/li><li class=\"wp-block-post post-15621 product type-product status-publish has-post-thumbnail hentry product_collection-dalles-de-parquet-square-space product_type-geometrique product_color-rosso\">\n<figure class=\"wp-block-post-featured-image wp-elements-46c9de2ec6190c6d8a2a9e5a61982672\"><a href=\"https:\/\/berti.net\/fr\/parquet\/dalles-de-parquet-square-space\/barbare\/\" target=\"_self\"  ><img loading=\"lazy\" decoding=\"async\" width=\"300\" height=\"300\" src=\"https:\/\/berti.net\/wp-content\/uploads\/2024\/10\/quadrotte-barbaro-berti-square-space-300x300.jpeg\" class=\"attachment-medium size-medium\" alt=\"\" srcset=\"https:\/\/berti.net\/wp-content\/uploads\/2024\/10\/quadrotte-barbaro-berti-square-space-300x300.jpeg 300w, https:\/\/berti.net\/wp-content\/uploads\/2024\/10\/quadrotte-barbaro-berti-square-space-150x150.jpeg 150w, https:\/\/berti.net\/wp-content\/uploads\/2024\/10\/quadrotte-barbaro-berti-square-space.jpeg 653w\" sizes=\"auto, (max-width: 300px) 100vw, 300px\" \/><\/a><\/figure>\n\n<h2 style=\"font-size:clamp(15.747px, 0.984rem + ((1vw - 3.2px) * 0.645), 24px);font-style:normal;font-weight:700;\" class=\"wp-block-post-title\"><a href=\"https:\/\/berti.net\/fr\/parquet\/dalles-de-parquet-square-space\/barbare\/\" target=\"_self\" >Barbaro<\/a><\/h2>\n\n<div style=\"font-size:clamp(14px, 0.875rem + ((1vw - 3.2px) * 0.313), 18px)\" class=\"taxonomy-product_collection wp-block-post-terms\"><a href=\"https:\/\/berti.net\/fr\/magazine\/products\/collection\/parquet\/dalles-de-parquet-square-space\/\" rel=\"tag\">Dalles de Parquet Square Space<\/a><\/div>\n<\/li><li class=\"wp-block-post post-15617 product type-product status-publish has-post-thumbnail hentry product_collection-dalles-de-parquet-square-space product_type-geometrique product_color-rosso\">\n<figure class=\"wp-block-post-featured-image wp-elements-46c9de2ec6190c6d8a2a9e5a61982672\"><a href=\"https:\/\/berti.net\/fr\/parquet\/dalles-de-parquet-square-space\/zanetti\/\" target=\"_self\"  ><img loading=\"lazy\" decoding=\"async\" width=\"300\" height=\"300\" src=\"https:\/\/berti.net\/wp-content\/uploads\/2024\/10\/quadrotte-zanetti-berti-square-space-300x300.jpeg\" class=\"attachment-medium size-medium\" alt=\"\" srcset=\"https:\/\/berti.net\/wp-content\/uploads\/2024\/10\/quadrotte-zanetti-berti-square-space-300x300.jpeg 300w, https:\/\/berti.net\/wp-content\/uploads\/2024\/10\/quadrotte-zanetti-berti-square-space-150x150.jpeg 150w, https:\/\/berti.net\/wp-content\/uploads\/2024\/10\/quadrotte-zanetti-berti-square-space.jpeg 653w\" sizes=\"auto, (max-width: 300px) 100vw, 300px\" \/><\/a><\/figure>\n\n<h2 style=\"font-size:clamp(15.747px, 0.984rem + ((1vw - 3.2px) * 0.645), 24px);font-style:normal;font-weight:700;\" class=\"wp-block-post-title\"><a href=\"https:\/\/berti.net\/fr\/parquet\/dalles-de-parquet-square-space\/zanetti\/\" target=\"_self\" >Zanetti<\/a><\/h2>\n\n<div style=\"font-size:clamp(14px, 0.875rem + ((1vw - 3.2px) * 0.313), 18px)\" class=\"taxonomy-product_collection wp-block-post-terms\"><a href=\"https:\/\/berti.net\/fr\/magazine\/products\/collection\/parquet\/dalles-de-parquet-square-space\/\" rel=\"tag\">Dalles de Parquet Square Space<\/a><\/div>\n<\/li><li class=\"wp-block-post post-15607 product type-product status-publish has-post-thumbnail hentry product_collection-dalles-de-parquet-square-space product_type-geometrique product_color-rosso\">\n<figure class=\"wp-block-post-featured-image wp-elements-46c9de2ec6190c6d8a2a9e5a61982672\"><a href=\"https:\/\/berti.net\/fr\/parquet\/dalles-de-parquet-square-space\/valmarana\/\" target=\"_self\"  ><img loading=\"lazy\" decoding=\"async\" width=\"300\" height=\"300\" src=\"https:\/\/berti.net\/wp-content\/uploads\/2024\/10\/quadrotte-teak-valmarana-berti-square-space-1-300x300.jpeg\" class=\"attachment-medium size-medium\" alt=\"\" srcset=\"https:\/\/berti.net\/wp-content\/uploads\/2024\/10\/quadrotte-teak-valmarana-berti-square-space-1-300x300.jpeg 300w, https:\/\/berti.net\/wp-content\/uploads\/2024\/10\/quadrotte-teak-valmarana-berti-square-space-1-150x150.jpeg 150w, https:\/\/berti.net\/wp-content\/uploads\/2024\/10\/quadrotte-teak-valmarana-berti-square-space-1.jpeg 653w\" sizes=\"auto, (max-width: 300px) 100vw, 300px\" \/><\/a><\/figure>\n\n<h2 style=\"font-size:clamp(15.747px, 0.984rem + ((1vw - 3.2px) * 0.645), 24px);font-style:normal;font-weight:700;\" class=\"wp-block-post-title\"><a href=\"https:\/\/berti.net\/fr\/parquet\/dalles-de-parquet-square-space\/valmarana\/\" target=\"_self\" >Valmarana<\/a><\/h2>\n\n<div style=\"font-size:clamp(14px, 0.875rem + ((1vw - 3.2px) * 0.313), 18px)\" class=\"taxonomy-product_collection wp-block-post-terms\"><a href=\"https:\/\/berti.net\/fr\/magazine\/products\/collection\/parquet\/dalles-de-parquet-square-space\/\" rel=\"tag\">Dalles de Parquet Square Space<\/a><\/div>\n<\/li><li class=\"wp-block-post post-15693 product type-product status-publish has-post-thumbnail hentry product_collection-berti-studio-chene product_color-rosso\">\n<figure class=\"wp-block-post-featured-image wp-elements-46c9de2ec6190c6d8a2a9e5a61982672\"><a href=\"https:\/\/berti.net\/fr\/parquet\/berti-studio\/berti-studio-chene\/terra-gold\/\" target=\"_self\"  ><img loading=\"lazy\" decoding=\"async\" width=\"300\" height=\"300\" src=\"https:\/\/berti.net\/wp-content\/uploads\/2024\/09\/berti-studio_pavimenti-in-legno_parquet-rovere-terragold-2-300x300.jpeg\" class=\"attachment-medium size-medium\" alt=\"\" srcset=\"https:\/\/berti.net\/wp-content\/uploads\/2024\/09\/berti-studio_pavimenti-in-legno_parquet-rovere-terragold-2-300x300.jpeg 300w, https:\/\/berti.net\/wp-content\/uploads\/2024\/09\/berti-studio_pavimenti-in-legno_parquet-rovere-terragold-2-1024x1024.jpeg 1024w, https:\/\/berti.net\/wp-content\/uploads\/2024\/09\/berti-studio_pavimenti-in-legno_parquet-rovere-terragold-2-150x150.jpeg 150w, https:\/\/berti.net\/wp-content\/uploads\/2024\/09\/berti-studio_pavimenti-in-legno_parquet-rovere-terragold-2-768x768.jpeg 768w, https:\/\/berti.net\/wp-content\/uploads\/2024\/09\/berti-studio_pavimenti-in-legno_parquet-rovere-terragold-2-1536x1536.jpeg 1536w, https:\/\/berti.net\/wp-content\/uploads\/2024\/09\/berti-studio_pavimenti-in-legno_parquet-rovere-terragold-2.jpeg 1908w\" sizes=\"auto, (max-width: 300px) 100vw, 300px\" \/><\/a><\/figure>\n\n<h2 style=\"font-size:clamp(15.747px, 0.984rem + ((1vw - 3.2px) * 0.645), 24px);font-style:normal;font-weight:700;\" class=\"wp-block-post-title\"><a href=\"https:\/\/berti.net\/fr\/parquet\/berti-studio\/berti-studio-chene\/terra-gold\/\" target=\"_self\" >Terra Gold<\/a><\/h2>\n\n<div style=\"font-size:clamp(14px, 0.875rem + ((1vw - 3.2px) * 0.313), 18px)\" class=\"taxonomy-product_collection wp-block-post-terms\"><a href=\"https:\/\/berti.net\/fr\/magazine\/products\/collection\/parquet\/berti-studio\/berti-studio-chene\/\" rel=\"tag\">Berti Studio Ch\u00eane<\/a><\/div>\n<\/li><li class=\"wp-block-post post-15689 product type-product status-publish has-post-thumbnail hentry product_collection-berti-studio-chene product_color-rosso\">\n<figure class=\"wp-block-post-featured-image wp-elements-46c9de2ec6190c6d8a2a9e5a61982672\"><a href=\"https:\/\/berti.net\/fr\/parquet\/berti-studio\/berti-studio-chene\/cristal\/\" target=\"_self\"  ><img loading=\"lazy\" decoding=\"async\" width=\"300\" height=\"300\" src=\"https:\/\/berti.net\/wp-content\/uploads\/2024\/09\/berti-studio_pavimenti-in-legno_parquet-rovere-crystal-1-300x300.jpeg\" class=\"attachment-medium size-medium\" alt=\"\" srcset=\"https:\/\/berti.net\/wp-content\/uploads\/2024\/09\/berti-studio_pavimenti-in-legno_parquet-rovere-crystal-1-300x300.jpeg 300w, https:\/\/berti.net\/wp-content\/uploads\/2024\/09\/berti-studio_pavimenti-in-legno_parquet-rovere-crystal-1-1024x1024.jpeg 1024w, https:\/\/berti.net\/wp-content\/uploads\/2024\/09\/berti-studio_pavimenti-in-legno_parquet-rovere-crystal-1-150x150.jpeg 150w, https:\/\/berti.net\/wp-content\/uploads\/2024\/09\/berti-studio_pavimenti-in-legno_parquet-rovere-crystal-1-768x768.jpeg 768w, https:\/\/berti.net\/wp-content\/uploads\/2024\/09\/berti-studio_pavimenti-in-legno_parquet-rovere-crystal-1-1536x1536.jpeg 1536w, https:\/\/berti.net\/wp-content\/uploads\/2024\/09\/berti-studio_pavimenti-in-legno_parquet-rovere-crystal-1.jpeg 1908w\" sizes=\"auto, (max-width: 300px) 100vw, 300px\" \/><\/a><\/figure>\n\n<h2 style=\"font-size:clamp(15.747px, 0.984rem + ((1vw - 3.2px) * 0.645), 24px);font-style:normal;font-weight:700;\" class=\"wp-block-post-title\"><a href=\"https:\/\/berti.net\/fr\/parquet\/berti-studio\/berti-studio-chene\/cristal\/\" target=\"_self\" >Crystal<\/a><\/h2>\n\n<div style=\"font-size:clamp(14px, 0.875rem + ((1vw - 3.2px) * 0.313), 18px)\" class=\"taxonomy-product_collection wp-block-post-terms\"><a href=\"https:\/\/berti.net\/fr\/magazine\/products\/collection\/parquet\/berti-studio\/berti-studio-chene\/\" rel=\"tag\">Berti Studio Ch\u00eane<\/a><\/div>\n<\/li><li class=\"wp-block-post post-15661 product type-product status-publish has-post-thumbnail hentry product_collection-berti-studio-chene product_color-rosso\">\n<figure class=\"wp-block-post-featured-image wp-elements-46c9de2ec6190c6d8a2a9e5a61982672\"><a href=\"https:\/\/berti.net\/fr\/parquet\/berti-studio\/berti-studio-chene\/iris\/\" target=\"_self\"  ><img loading=\"lazy\" decoding=\"async\" width=\"300\" height=\"300\" src=\"https:\/\/berti.net\/wp-content\/uploads\/2024\/09\/berti-studio_pavimenti-in-legno_parquet-rovere-iris-1-300x300.jpeg\" class=\"attachment-medium size-medium\" alt=\"\" srcset=\"https:\/\/berti.net\/wp-content\/uploads\/2024\/09\/berti-studio_pavimenti-in-legno_parquet-rovere-iris-1-300x300.jpeg 300w, https:\/\/berti.net\/wp-content\/uploads\/2024\/09\/berti-studio_pavimenti-in-legno_parquet-rovere-iris-1-1024x1024.jpeg 1024w, https:\/\/berti.net\/wp-content\/uploads\/2024\/09\/berti-studio_pavimenti-in-legno_parquet-rovere-iris-1-150x150.jpeg 150w, https:\/\/berti.net\/wp-content\/uploads\/2024\/09\/berti-studio_pavimenti-in-legno_parquet-rovere-iris-1-768x768.jpeg 768w, https:\/\/berti.net\/wp-content\/uploads\/2024\/09\/berti-studio_pavimenti-in-legno_parquet-rovere-iris-1-1536x1536.jpeg 1536w, https:\/\/berti.net\/wp-content\/uploads\/2024\/09\/berti-studio_pavimenti-in-legno_parquet-rovere-iris-1.jpeg 1908w\" sizes=\"auto, (max-width: 300px) 100vw, 300px\" \/><\/a><\/figure>\n\n<h2 style=\"font-size:clamp(15.747px, 0.984rem + ((1vw - 3.2px) * 0.645), 24px);font-style:normal;font-weight:700;\" class=\"wp-block-post-title\"><a href=\"https:\/\/berti.net\/fr\/parquet\/berti-studio\/berti-studio-chene\/iris\/\" target=\"_self\" >Iris<\/a><\/h2>\n\n<div style=\"font-size:clamp(14px, 0.875rem + ((1vw - 3.2px) * 0.313), 18px)\" class=\"taxonomy-product_collection wp-block-post-terms\"><a href=\"https:\/\/berti.net\/fr\/magazine\/products\/collection\/parquet\/berti-studio\/berti-studio-chene\/\" rel=\"tag\">Berti Studio Ch\u00eane<\/a><\/div>\n<\/li><li class=\"wp-block-post post-15686 product type-product status-publish has-post-thumbnail hentry product_collection-parquet-essential product_color-rosso\">\n<figure class=\"wp-block-post-featured-image wp-elements-46c9de2ec6190c6d8a2a9e5a61982672\"><a href=\"https:\/\/berti.net\/fr\/parquet\/parquet-essential\/chene-antique\/\" target=\"_self\"  ><img loading=\"lazy\" decoding=\"async\" width=\"812\" height=\"812\" src=\"https:\/\/berti.net\/wp-content\/uploads\/BertiEssential_2026_Macro_Rovere_Antico-812x812.jpg\" class=\"attachment-medium size-medium\" alt=\"\" srcset=\"https:\/\/berti.net\/wp-content\/uploads\/BertiEssential_2026_Macro_Rovere_Antico-812x812.jpg 812w, https:\/\/berti.net\/wp-content\/uploads\/BertiEssential_2026_Macro_Rovere_Antico-406x406.jpg 406w, https:\/\/berti.net\/wp-content\/uploads\/BertiEssential_2026_Macro_Rovere_Antico-768x768.jpg 768w, https:\/\/berti.net\/wp-content\/uploads\/BertiEssential_2026_Macro_Rovere_Antico-1536x1536.jpg 1536w, https:\/\/berti.net\/wp-content\/uploads\/BertiEssential_2026_Macro_Rovere_Antico.jpg 1908w\" sizes=\"auto, (max-width: 812px) 100vw, 812px\" \/><\/a><\/figure>\n\n<h2 style=\"font-size:clamp(15.747px, 0.984rem + ((1vw - 3.2px) * 0.645), 24px);font-style:normal;font-weight:700;\" class=\"wp-block-post-title\"><a href=\"https:\/\/berti.net\/fr\/parquet\/parquet-essential\/chene-antique\/\" target=\"_self\" >Ch\u00eane antique<\/a><\/h2>\n\n<div style=\"font-size:clamp(14px, 0.875rem + ((1vw - 3.2px) * 0.313), 18px)\" class=\"taxonomy-product_collection wp-block-post-terms\"><a href=\"https:\/\/berti.net\/fr\/magazine\/products\/collection\/parquet\/parquet-essential\/\" rel=\"tag\">Parquet Essential<\/a><\/div>\n<\/li><li class=\"wp-block-post post-15667 product type-product status-publish has-post-thumbnail hentry product_collection-parquet-essential product_color-rosso\">\n<figure class=\"wp-block-post-featured-image wp-elements-46c9de2ec6190c6d8a2a9e5a61982672\"><a href=\"https:\/\/berti.net\/fr\/parquet\/parquet-essential\/iroko-antique\/\" target=\"_self\"  ><img loading=\"lazy\" decoding=\"async\" width=\"300\" height=\"300\" src=\"https:\/\/berti.net\/wp-content\/uploads\/2024\/09\/parquet-prefinito-iroko-antico-300x300.jpeg\" class=\"attachment-medium size-medium\" alt=\"Iroko Antico\" srcset=\"https:\/\/berti.net\/wp-content\/uploads\/2024\/09\/parquet-prefinito-iroko-antico-300x300.jpeg 300w, https:\/\/berti.net\/wp-content\/uploads\/2024\/09\/parquet-prefinito-iroko-antico-1024x1024.jpeg 1024w, https:\/\/berti.net\/wp-content\/uploads\/2024\/09\/parquet-prefinito-iroko-antico-150x150.jpeg 150w, https:\/\/berti.net\/wp-content\/uploads\/2024\/09\/parquet-prefinito-iroko-antico-768x768.jpeg 768w, https:\/\/berti.net\/wp-content\/uploads\/2024\/09\/parquet-prefinito-iroko-antico-1536x1536.jpeg 1536w, https:\/\/berti.net\/wp-content\/uploads\/2024\/09\/parquet-prefinito-iroko-antico.jpeg 1908w\" sizes=\"auto, (max-width: 300px) 100vw, 300px\" \/><\/a><\/figure>\n\n<h2 style=\"font-size:clamp(15.747px, 0.984rem + ((1vw - 3.2px) * 0.645), 24px);font-style:normal;font-weight:700;\" class=\"wp-block-post-title\"><a href=\"https:\/\/berti.net\/fr\/parquet\/parquet-essential\/iroko-antique\/\" target=\"_self\" >Iroko antique<\/a><\/h2>\n\n<div style=\"font-size:clamp(14px, 0.875rem + ((1vw - 3.2px) * 0.313), 18px)\" class=\"taxonomy-product_collection wp-block-post-terms\"><a href=\"https:\/\/berti.net\/fr\/magazine\/products\/collection\/parquet\/parquet-essential\/\" rel=\"tag\">Parquet Essential<\/a><\/div>\n<\/li><li class=\"wp-block-post post-15665 product type-product status-publish has-post-thumbnail hentry product_collection-parquet-essential product_color-rosso\">\n<figure class=\"wp-block-post-featured-image wp-elements-46c9de2ec6190c6d8a2a9e5a61982672\"><a href=\"https:\/\/berti.net\/fr\/parquet\/parquet-essential\/doussie-neutre\/\" target=\"_self\"  ><img loading=\"lazy\" decoding=\"async\" width=\"300\" height=\"300\" src=\"https:\/\/berti.net\/wp-content\/uploads\/2024\/09\/berti-pavimenti-in-legno_parquet-doussie-essential-1-300x300.jpeg\" class=\"attachment-medium size-medium\" alt=\"Doussi\u00e8\" srcset=\"https:\/\/berti.net\/wp-content\/uploads\/2024\/09\/berti-pavimenti-in-legno_parquet-doussie-essential-1-300x300.jpeg 300w, https:\/\/berti.net\/wp-content\/uploads\/2024\/09\/berti-pavimenti-in-legno_parquet-doussie-essential-1-1024x1024.jpeg 1024w, https:\/\/berti.net\/wp-content\/uploads\/2024\/09\/berti-pavimenti-in-legno_parquet-doussie-essential-1-150x150.jpeg 150w, https:\/\/berti.net\/wp-content\/uploads\/2024\/09\/berti-pavimenti-in-legno_parquet-doussie-essential-1-768x768.jpeg 768w, https:\/\/berti.net\/wp-content\/uploads\/2024\/09\/berti-pavimenti-in-legno_parquet-doussie-essential-1-1536x1536.jpeg 1536w, https:\/\/berti.net\/wp-content\/uploads\/2024\/09\/berti-pavimenti-in-legno_parquet-doussie-essential-1.jpeg 1908w\" sizes=\"auto, (max-width: 300px) 100vw, 300px\" \/><\/a><\/figure>\n\n<h2 style=\"font-size:clamp(15.747px, 0.984rem + ((1vw - 3.2px) * 0.645), 24px);font-style:normal;font-weight:700;\" class=\"wp-block-post-title\"><a href=\"https:\/\/berti.net\/fr\/parquet\/parquet-essential\/doussie-neutre\/\" target=\"_self\" >Doussi\u00e8 neutre<\/a><\/h2>\n\n<div style=\"font-size:clamp(14px, 0.875rem + ((1vw - 3.2px) * 0.313), 18px)\" class=\"taxonomy-product_collection wp-block-post-terms\"><a href=\"https:\/\/berti.net\/fr\/magazine\/products\/collection\/parquet\/parquet-essential\/\" rel=\"tag\">Parquet Essential<\/a><\/div>\n<\/li><li class=\"wp-block-post post-15600 product type-product status-publish has-post-thumbnail hentry product_collection-parquet-diesel-living product_color-rosso\">\n<figure class=\"wp-block-post-featured-image wp-elements-46c9de2ec6190c6d8a2a9e5a61982672\"><a href=\"https:\/\/berti.net\/fr\/parquet\/parquet-diesel-living\/chene-rouge\/\" target=\"_self\"  ><img loading=\"lazy\" decoding=\"async\" width=\"300\" height=\"300\" src=\"https:\/\/berti.net\/wp-content\/uploads\/2024\/10\/berti-diesel_pavimenti-in-legno_parquet-rovere-rrred-300x300.jpeg\" class=\"attachment-medium size-medium\" alt=\"\" srcset=\"https:\/\/berti.net\/wp-content\/uploads\/2024\/10\/berti-diesel_pavimenti-in-legno_parquet-rovere-rrred-300x300.jpeg 300w, https:\/\/berti.net\/wp-content\/uploads\/2024\/10\/berti-diesel_pavimenti-in-legno_parquet-rovere-rrred-1024x1024.jpeg 1024w, https:\/\/berti.net\/wp-content\/uploads\/2024\/10\/berti-diesel_pavimenti-in-legno_parquet-rovere-rrred-150x150.jpeg 150w, https:\/\/berti.net\/wp-content\/uploads\/2024\/10\/berti-diesel_pavimenti-in-legno_parquet-rovere-rrred-768x768.jpeg 768w, https:\/\/berti.net\/wp-content\/uploads\/2024\/10\/berti-diesel_pavimenti-in-legno_parquet-rovere-rrred-1536x1536.jpeg 1536w, https:\/\/berti.net\/wp-content\/uploads\/2024\/10\/berti-diesel_pavimenti-in-legno_parquet-rovere-rrred.jpeg 1908w\" sizes=\"auto, (max-width: 300px) 100vw, 300px\" \/><\/a><\/figure>\n\n<h2 style=\"font-size:clamp(15.747px, 0.984rem + ((1vw - 3.2px) * 0.645), 24px);font-style:normal;font-weight:700;\" class=\"wp-block-post-title\"><a href=\"https:\/\/berti.net\/fr\/parquet\/parquet-diesel-living\/chene-rouge\/\" target=\"_self\" >Ch\u00eane Rrred<\/a><\/h2>\n\n<div style=\"font-size:clamp(14px, 0.875rem + ((1vw - 3.2px) * 0.313), 18px)\" class=\"taxonomy-product_collection wp-block-post-terms\"><a href=\"https:\/\/berti.net\/fr\/magazine\/products\/collection\/parquet\/parquet-diesel-living\/\" rel=\"tag\">Parquet Diesel living<\/a><\/div>\n<\/li><\/ul><\/div>\n<\/div>\n\n<div class=\"wp-block-cover alignfull is-light estimate-request-content animated fadeIn\" style=\"margin-top:0\"><img decoding=\"async\" class=\"wp-block-cover__image-background\" alt=\"\" src=\"https:\/\/www.berti.net\/wp-content\/themes\/thombase\/public\/images\/estimateBanner.webp\" data-object-fit=\"cover\"\/><span aria-hidden=\"true\" class=\"wp-block-cover__background has-background-dim-0 has-background-dim\"><\/span><div class=\"wp-block-cover__inner-container has-global-padding is-layout-constrained wp-block-cover-is-layout-constrained\">\n<div id=\"estimate\" class=\"wp-block-group alignleft estimate-request-content-inner has-global-padding is-content-justification-left is-layout-constrained wp-container-core-group-is-layout-94054b8f wp-block-group-is-layout-constrained\">\n<h5 class=\"wp-block-heading\">Demandez un <strong>devis<\/strong>,<br\/>entrez dans le monde Berti<\/h5>\n\n\n\n<p style=\"line-height:1.5\">Remplissez le formulaire pour demander un devis.  <br\/>Vous recevrez une r\u00e9ponse de notre personnel dans les plus brefs d\u00e9lais.  <\/p>\n\n\n\n<div class=\"wp-block-buttons is-layout-flex wp-block-buttons-is-layout-flex\">\n<div class=\"wp-block-button is-style-link\"><a class=\"wp-block-button__link wp-element-button\" href=\"https:\/\/www.berti.net\/fr\/demander-un-devis\/\">POSEZ VOTRE CANDIDATURE D\u00c8S MAINTENANT<\/a><\/div>\n<\/div>\n<\/div>\n<\/div><\/div>\n","protected":false},"excerpt":{"rendered":"<p>Les sols en bois dans des teintes allant du rouge caramel au brun dor\u00e9 sont parfaits pour un choix exclusif, cr\u00e9ant des pi\u00e8ces lumineuses, surtout lorsqu&rsquo;ils sont associ\u00e9s \u00e0 des murs contrast\u00e9s ou ton sur ton. Lorsque vous recherchez la combinaison parfaite pour un parquet rouge, il est essentiel de tenir compte non seulement de la teinte, mais aussi du [&hellip;]<\/p>\n","protected":false},"author":2,"featured_media":0,"parent":14946,"menu_order":0,"comment_status":"closed","ping_status":"closed","template":"page-with-overlying-header","meta":{"footnotes":""},"class_list":["post-15099","page","type-page","status-publish","hentry"],"_links":{"self":[{"href":"https:\/\/berti.net\/fr\/wp-json\/wp\/v2\/pages\/15099","targetHints":{"allow":["GET"]}}],"collection":[{"href":"https:\/\/berti.net\/fr\/wp-json\/wp\/v2\/pages"}],"about":[{"href":"https:\/\/berti.net\/fr\/wp-json\/wp\/v2\/types\/page"}],"author":[{"embeddable":true,"href":"https:\/\/berti.net\/fr\/wp-json\/wp\/v2\/users\/2"}],"replies":[{"embeddable":true,"href":"https:\/\/berti.net\/fr\/wp-json\/wp\/v2\/comments?post=15099"}],"version-history":[{"count":4,"href":"https:\/\/berti.net\/fr\/wp-json\/wp\/v2\/pages\/15099\/revisions"}],"predecessor-version":[{"id":27233,"href":"https:\/\/berti.net\/fr\/wp-json\/wp\/v2\/pages\/15099\/revisions\/27233"}],"up":[{"embeddable":true,"href":"https:\/\/berti.net\/fr\/wp-json\/wp\/v2\/pages\/14946"}],"wp:attachment":[{"href":"https:\/\/berti.net\/fr\/wp-json\/wp\/v2\/media?parent=15099"}],"curies":[{"name":"wp","href":"https:\/\/api.w.org\/{rel}","templated":true}]}}