{"id":14949,"date":"2024-09-11T08:01:02","date_gmt":"2024-09-11T08:01:02","guid":{"rendered":"https:\/\/www.berti.net\/entreprise\/"},"modified":"2025-09-26T07:53:50","modified_gmt":"2025-09-26T07:53:50","slug":"entreprise","status":"publish","type":"page","link":"https:\/\/berti.net\/fr\/entreprise\/","title":{"rendered":"Entreprise"},"content":{"rendered":"\n<div class=\"wp-block-group alignfull has-global-padding is-layout-constrained wp-container-core-group-is-layout-071fe3a8 wp-block-group-is-layout-constrained\">\n<div class=\"wp-block-media-text has-media-on-the-right is-stacked-on-mobile is-vertically-aligned-top is-style-text-indent\" style=\"margin-top:var(--wp--preset--spacing--130);margin-bottom:var(--wp--preset--spacing--130);grid-template-columns:auto 25%\"><div class=\"wp-block-media-text__content\">\n<div class=\"wp-block-group has-global-padding is-layout-constrained wp-container-core-group-is-layout-e52e509d wp-block-group-is-layout-constrained\">\n<h2 class=\"wp-block-heading animated fadeIn has-text-color\" style=\"color:#000000\">Lasers et sols, une combinaison sophistiqu\u00e9e\n <\/h2>\n\n\n\n<div class=\"wp-block-group has-global-padding is-layout-constrained wp-block-group-is-layout-constrained\">\n<p class=\"animated fadeIn has-m-22-font-size\" style=\"line-height:1.5\">L<strong>&lsquo;entreprise a \u00e9t\u00e9 la premi\u00e8re au monde<\/strong> \u00e0 \u00e9tudier l&rsquo;application de la technologie laser \u00e0 la cr\u00e9ation de parquets et de sols marquet\u00e9s, v\u00e9ritables \u0153uvres d&rsquo;art qui ont fait de <strong>Berti Pavimenti Legno<\/strong> un point de r\u00e9f\u00e9rence in\u00e9gal\u00e9 pour cette technique d&rsquo;usinage avanc\u00e9e et pour la demande de parquets de luxe. Gr\u00e2ce \u00e0 cette technologie, de simples planches de bois massif ou pr\u00e9finies se transforment en d&rsquo;\u00e9l\u00e9gantes d\u00e9corations. De minuscules morceaux de bois, combin\u00e9s et assembl\u00e9s avec go\u00fbt, peuvent cr\u00e9er de v\u00e9ritables chefs-d&rsquo;\u0153uvre.    <\/p>\n<\/div>\n<\/div>\n<\/div><figure class=\"wp-block-media-text__media\"><img loading=\"lazy\" decoding=\"async\" width=\"880\" height=\"1180\" src=\"https:\/\/www.berti.net\/wp-content\/uploads\/berti-pavimenti-legno_parquet_laser_hand-made-in-italy.jpg\" alt=\"\" class=\"wp-image-12382 size-full\" srcset=\"https:\/\/berti.net\/wp-content\/uploads\/berti-pavimenti-legno_parquet_laser_hand-made-in-italy.jpg 880w, https:\/\/berti.net\/wp-content\/uploads\/berti-pavimenti-legno_parquet_laser_hand-made-in-italy-606x812.jpg 606w, https:\/\/berti.net\/wp-content\/uploads\/berti-pavimenti-legno_parquet_laser_hand-made-in-italy-768x1030.jpg 768w\" sizes=\"auto, (max-width: 880px) 100vw, 880px\" \/><\/figure><\/div>\n<\/div>\n\n<div class=\"wp-block-group alignfull references-banner-pattern animated fadeIn has-base-background-color has-background has-global-padding is-layout-constrained wp-container-core-group-is-layout-f170806e wp-block-group-is-layout-constrained\">\n<div class=\"wp-block-group alignwide has-global-padding is-layout-constrained wp-block-group-is-layout-constrained\">\n<div class=\"wp-block-columns alignwide has-base-3-color has-text-color has-link-color wp-elements-f8dfda5d3170bf8df326f78fd49ff3f9 is-layout-flex wp-container-core-columns-is-layout-f0342b05 wp-block-columns-is-layout-flex\" style=\"margin-top:0;margin-bottom:0\">\n<div class=\"wp-block-column references-colum-image has-global-padding is-layout-constrained wp-block-column-is-layout-constrained\" style=\"flex-basis:40%\">\n<figure class=\"wp-block-image\"><img decoding=\"async\" src=\"https:\/\/www.berti.net\/wp-content\/themes\/thombase\/public\/images\/reference.webp\" alt=\"\"\/><\/figure>\n<\/div>\n\n\n\n<div class=\"wp-block-column references-colum-text is-layout-flow wp-block-column-is-layout-flow\" style=\"flex-basis:60%\">\n<div class=\"wp-block-group has-global-padding is-content-justification-left is-layout-constrained wp-container-core-group-is-layout-8ef2fb18 wp-block-group-is-layout-constrained\">\n<h2 class=\"wp-block-heading has-base-3-color has-text-color has-link-color has-xl-font-size wp-elements-8990c817f60842ae416965737750ec3e\">Chaque projet est l&rsquo;occasion pour nous de cr\u00e9er de la beaut\u00e9, en r\u00e9alisant des d\u00e9sirs.<\/h2>\n\n\n\n<p class=\"has-m-22-font-size\"><strong>Berti Pavimenti legno<\/strong> a \u00e9lev\u00e9 le patrimoine qu&rsquo;elle a recueilli au rang d&rsquo;art authentique, en faisant briller l&rsquo;\u00e9l\u00e9gance du bois dans des r\u00e9alisations et des r\u00e9f\u00e9rences prestigieuses qui distinguent la marque dans le monde entier.<\/p>\n\n\n\n<div style=\"height:1.3vw\" aria-hidden=\"true\" class=\"wp-block-spacer\"><\/div>\n\n\n\n<div class=\"wp-block-buttons is-layout-flex wp-block-buttons-is-layout-flex\">\n<div class=\"wp-block-button is-style-link\"><a class=\"wp-block-button__link has-base-3-color has-text-color has-link-color wp-element-button\" href=\"\/referenze\">D\u00c9COUVREZ LES R\u00c9F\u00c9RENCES<\/a><\/div>\n<\/div>\n<\/div>\n<\/div>\n<\/div>\n<\/div>\n<\/div>\n\n<div class=\"wp-block-cover alignfull is-light estimate-request-content animated fadeIn\" style=\"margin-top:0\"><img decoding=\"async\" class=\"wp-block-cover__image-background\" alt=\"\" src=\"https:\/\/www.berti.net\/wp-content\/themes\/thombase\/public\/images\/estimateBanner.webp\" data-object-fit=\"cover\"\/><span aria-hidden=\"true\" class=\"wp-block-cover__background has-background-dim-0 has-background-dim\"><\/span><div class=\"wp-block-cover__inner-container has-global-padding is-layout-constrained wp-block-cover-is-layout-constrained\">\n<div id=\"estimate\" class=\"wp-block-group alignleft estimate-request-content-inner has-global-padding is-content-justification-left is-layout-constrained wp-container-core-group-is-layout-94054b8f wp-block-group-is-layout-constrained\">\n<h5 class=\"wp-block-heading\">Demandez un <strong>devis<\/strong>,<br\/>entrez dans le monde Berti<\/h5>\n\n\n\n<p style=\"line-height:1.5\">Remplissez le formulaire pour demander un devis.  <br\/>Vous recevrez une r\u00e9ponse de notre personnel dans les plus brefs d\u00e9lais.<\/p>\n\n\n\n<div class=\"wp-block-buttons is-layout-flex wp-block-buttons-is-layout-flex\">\n<div class=\"wp-block-button is-style-link\"><a class=\"wp-block-button__link wp-element-button\" href=\"https:\/\/www.berti.net\/fr\/demander-un-devis\/\">POSEZ VOTRE CANDIDATURE D\u00c8S MAINTENANT<\/a><\/div>\n<\/div>\n<\/div>\n<\/div><\/div>\n\n<div class=\"wp-block-group alignwide animated fadeIn has-base-color has-base-3-background-color has-text-color has-background has-link-color wp-elements-732fe26ae7777e3531de1c4d68afad49 has-global-padding is-layout-constrained wp-container-core-group-is-layout-4e081920 wp-block-group-is-layout-constrained\" style=\"margin-top:10%;margin-bottom:10%;padding-top:0;padding-right:var(--wp--preset--spacing--70);padding-bottom:0;padding-left:var(--wp--preset--spacing--70);line-height:1\">\n<div class=\"wp-block-group has-global-padding is-layout-constrained wp-container-core-group-is-layout-a31aa551 wp-block-group-is-layout-constrained\">\n<h3 class=\"wp-block-heading has-text-align-center has-base-color has-text-color has-link-color has-xxl-font-size wp-elements-83ceff4a947fc55a8bf1323c4258fdcb\" style=\"line-height:1\">Qualit\u00e9 sans compromis : parquet fabriqu\u00e9 en Italie, enrichi par les techniques d&rsquo;usinage exclusives de Berti.<\/h3>\n<\/div>\n<\/div>\n\n<div class=\"wp-block-group alignwide animated fadeInUp has-global-padding is-layout-constrained wp-container-core-group-is-layout-d427c859 wp-block-group-is-layout-constrained\" style=\"margin-top:var(--wp--preset--spacing--50);margin-bottom:var(--wp--preset--spacing--50);padding-right:16px;padding-left:16px\">\n<div class=\"wp-block-columns alignwide is-not-stacked-on-mobile is-layout-flex wp-container-core-columns-is-layout-ff4b9c61 wp-block-columns-is-layout-flex\" style=\"margin-top:0;margin-bottom:0\">\n<div class=\"wp-block-column is-vertically-aligned-center is-layout-flow wp-container-core-column-is-layout-8a368f38 wp-block-column-is-layout-flow\">\n<figure class=\"wp-block-image size-full is-style-default\"><img decoding=\"async\" src=\"https:\/\/www.berti.net\/wp-content\/themes\/thombase\/public\/images\/brand_01.webp\" alt=\"\" style=\"aspect-ratio:1;object-fit:cover\"\/><\/figure>\n<\/div>\n\n\n\n<div class=\"wp-block-column is-vertically-aligned-center is-layout-flow wp-container-core-column-is-layout-8a368f38 wp-block-column-is-layout-flow\">\n<figure class=\"wp-block-image size-large is-style-default\"><img decoding=\"async\" src=\"https:\/\/www.berti.net\/wp-content\/themes\/thombase\/public\/images\/brand_02.webp\" alt=\"\"\/><\/figure>\n<\/div>\n<\/div>\n<\/div>\n\n<div class=\"wp-block-group alignwide animated fadeIn has-global-padding is-layout-constrained wp-container-core-group-is-layout-fa40e266 wp-block-group-is-layout-constrained\" style=\"padding-top:var(--wp--preset--spacing--90);padding-bottom:var(--wp--preset--spacing--90)\">\n<h3 class=\"wp-block-heading has-text-color has-l-48-font-size\" style=\"color:#000000\">Une couche noble<\/h3>\n\n\n\n<div class=\"wp-block-group has-global-padding is-layout-constrained wp-block-group-is-layout-constrained\">\n<p class=\"has-m-22-font-size\" style=\"line-height:1.5\">Berti accorde une attention particuli\u00e8re \u00e0 la pr\u00e9paration du bois noble et du support, en privil\u00e9giant les qualit\u00e9s techniques du bouleau pour garantir une stabilit\u00e9 maximale. En respectant scrupuleusement le temps de collage, la possibilit\u00e9 que la premi\u00e8re couche se d\u00e9tache de la seconde est \u00e9limin\u00e9e. <\/p>\n<\/div>\n<\/div>\n\n<div class=\"wp-block-group animated fadeInUp has-global-padding is-layout-constrained wp-container-core-group-is-layout-a576007d wp-block-group-is-layout-constrained\" style=\"padding-right:16px;padding-left:16px\">\n<figure class=\"wp-block-image size-large\"><img decoding=\"async\" src=\"https:\/\/www.berti.net\/wp-content\/themes\/thombase\/public\/images\/brand_03.webp\" alt=\"\"\/><\/figure>\n<\/div>\n\n<div class=\"wp-block-group alignwide animated fadeIn has-global-padding is-layout-constrained wp-container-core-group-is-layout-35bb1be9 wp-block-group-is-layout-constrained\" style=\"padding-top:var(--wp--preset--spacing--100);padding-bottom:var(--wp--preset--spacing--100)\">\n<h3 class=\"wp-block-heading has-text-align-center has-l-48-font-size\">Peinture Hi-Tech <br\/>Strictly Italian<\/h3>\n\n\n\n<p class=\"has-text-align-center has-m-22-font-size\" style=\"line-height:1.5\">Berti a d\u00e9velopp\u00e9 une technique innovante de finition des parquets utilisant un vernis \u00e0 base d&rsquo;eau appliqu\u00e9 au rouleau, garantissant ainsi un sol r\u00e9sistant aux taches et \u00e0 l&rsquo;usure. Ce vernis HI-tech, soigneusement ex\u00e9cut\u00e9 sur une installation industrielle de s\u00e9chage UV, offre une duret\u00e9 exceptionnelle et un effet textur\u00e9 naturel, tout en assurant un contr\u00f4le pr\u00e9cis du processus de s\u00e9chage et de durcissement. Parquet antibact\u00e9rien avec BERTI SILVER PROTECTOR, une finition sp\u00e9ciale qui utilise l&rsquo;action puissante des ions d&rsquo;argent pour prot\u00e9ger votre environnement en \u00e9liminant 99 % des bact\u00e9ries en seulement 24 heures. La solution id\u00e9ale pour les environnements aux exigences hygi\u00e9niques \u00e9lev\u00e9es : cabinets m\u00e9dicaux, salons de beaut\u00e9, restaurants ou pour les pi\u00e8ces plus saines de la maison telles que les salles de bains, les cuisines ou les chambres d&rsquo;enfants.   <\/p>\n<\/div>\n\n<div class=\"wp-block-group alignwide certificates-list-pattern animated fadeIn has-global-padding is-layout-constrained wp-container-core-group-is-layout-fff56076 wp-block-group-is-layout-constrained\">\n<div class=\"wp-block-group has-global-padding is-layout-constrained wp-container-core-group-is-layout-6dea37ad wp-block-group-is-layout-constrained\">\n<h3 class=\"wp-block-heading has-text-align-center has-l-48-font-size\" style=\"margin-bottom:var(--wp--preset--spacing--60);padding-right:5%;padding-left:5%\">Tout le naturel certifi\u00e9 d&rsquo;un parquet de qualit\u00e9<\/h3>\n<\/div>\n\n\n\n<div style=\"margin-top:8%;height:0px\" aria-hidden=\"true\" class=\"wp-block-spacer\"><\/div>\n\n\n\n<div class=\"wp-block-columns is-layout-flex wp-container-core-columns-is-layout-192be23c wp-block-columns-is-layout-flex\">\n<div class=\"wp-block-column is-layout-flow wp-block-column-is-layout-flow\">\n<div class=\"wp-block-columns is-not-stacked-on-mobile is-layout-flex wp-container-core-columns-is-layout-7fc3d43a wp-block-columns-is-layout-flex\">\n<div class=\"wp-block-column is-layout-flow wp-block-column-is-layout-flow\" style=\"flex-basis:10%\">\n<figure class=\"wp-block-image size-full\"><img decoding=\"async\" src=\"https:\/\/www.berti.net\/wp-content\/themes\/thombase\/public\/images\/ce.webp\" alt=\"\" style=\"aspect-ratio:1;object-fit:contain\"\/><\/figure>\n<\/div>\n\n\n\n<div class=\"wp-block-column has-s-font-size is-layout-flow wp-block-column-is-layout-flow\">\n<h6 class=\"wp-block-heading has-body-font-family\" style=\"line-height:1.3\"><strong>Certifi\u00e9 CE<\/strong><\/h6>\n\n\n\n<p style=\"margin-top:0;line-height:1.3\">Les produits Berti portent le marquage CE. Il garantit leur conformit\u00e9 aux exigences essentielles des directives applicables en mati\u00e8re de s\u00e9curit\u00e9, de sant\u00e9 publique et de protection des consommateurs. <\/p>\n\n\n\n<div class=\"wp-block-buttons is-layout-flex wp-block-buttons-is-layout-flex\" style=\"margin-bottom:var(--wp--preset--spacing--10)\">\n<div class=\"wp-block-button is-style-link\"><a class=\"wp-block-button__link wp-element-button\" href=\"https:\/\/www.berti.net\/wp-content\/uploads\/2024\/09\/berti_pavimenti-legno_dop.pdf\" target=\"_blank\" rel=\"noreferrer noopener\">T\u00c9L\u00c9CHARGER LE CERTIFICAT<\/a><\/div>\n<\/div>\n<\/div>\n<\/div>\n<\/div>\n\n\n\n<div class=\"wp-block-column is-layout-flow wp-block-column-is-layout-flow\">\n<div class=\"wp-block-columns is-not-stacked-on-mobile is-layout-flex wp-container-core-columns-is-layout-7fc3d43a wp-block-columns-is-layout-flex\">\n<div class=\"wp-block-column is-layout-flow wp-block-column-is-layout-flow\" style=\"flex-basis:10%\">\n<figure class=\"wp-block-image size-full\"><img loading=\"lazy\" decoding=\"async\" width=\"80\" height=\"80\" src=\"https:\/\/www.berti.net\/wp-content\/uploads\/2024\/09\/berti-pavimenti-legno_parquet-certificati-ZERO-VOC-1.png\" alt=\"\" class=\"wp-image-201\" style=\"aspect-ratio:1;object-fit:contain\"\/><\/figure>\n<\/div>\n\n\n\n<div class=\"wp-block-column has-s-font-size is-layout-flow wp-block-column-is-layout-flow\">\n<h6 class=\"wp-block-heading has-body-font-family\" style=\"line-height:1.3\"><strong>COV<\/strong><\/h6>\n\n\n\n<p style=\"margin-top:0;line-height:1.3\">La certification COV ou VOC (Volatile Organic Compounds) d\u00e9finit les compos\u00e9s volatils pr\u00e9sents dans un produit en fonction de leur impact sur l&rsquo;air que nous respirons dans l&rsquo;environnement.<\/p>\n\n\n\n<div class=\"wp-block-buttons is-layout-flex wp-block-buttons-is-layout-flex\" style=\"margin-bottom:var(--wp--preset--spacing--10)\">\n<div class=\"wp-block-button is-style-link\"><a class=\"wp-block-button__link wp-element-button\" href=\"https:\/\/www.berti.net\/wp-content\/uploads\/2024\/09\/berti-pavimenti-legno_parquet_certificato_voc.pdf\" target=\"_blank\" rel=\"noreferrer noopener\">T\u00c9L\u00c9CHARGER LE CERTIFICAT<\/a><\/div>\n<\/div>\n<\/div>\n<\/div>\n<\/div>\n<\/div>\n\n\n\n<div class=\"wp-block-columns is-layout-flex wp-container-core-columns-is-layout-468f3750 wp-block-columns-is-layout-flex\" style=\"margin-top:var(--wp--preset--spacing--60);margin-bottom:var(--wp--preset--spacing--60)\">\n<div class=\"wp-block-column is-layout-flow wp-block-column-is-layout-flow\">\n<div class=\"wp-block-columns is-not-stacked-on-mobile is-layout-flex wp-container-core-columns-is-layout-7fc3d43a wp-block-columns-is-layout-flex\">\n<div class=\"wp-block-column is-layout-flow wp-block-column-is-layout-flow\" style=\"flex-basis:10%\">\n<figure class=\"wp-block-image size-full\"><img loading=\"lazy\" decoding=\"async\" width=\"61\" height=\"71\" src=\"https:\/\/www.berti.net\/wp-content\/uploads\/2024\/09\/berti_fsc.png\" alt=\"\" class=\"wp-image-202\"\/><\/figure>\n<\/div>\n\n\n\n<div class=\"wp-block-column has-s-font-size is-layout-flow wp-block-column-is-layout-flow\">\n<h6 class=\"wp-block-heading has-body-font-family\" style=\"line-height:1.3\"><strong>FSC<\/strong><\/h6>\n\n\n\n<p style=\"margin-top:0;line-height:1.3\">Demandez un parquet certifi\u00e9 FSC\u00ae. La certification du Forest Steward Council\u00ae prouve que la mati\u00e8re premi\u00e8re provient de for\u00eats g\u00e9r\u00e9es de mani\u00e8re correcte, transparente et contr\u00f4l\u00e9e selon les normes FSC\u00ae. <\/p>\n\n\n\n<div class=\"wp-block-buttons is-layout-flex wp-block-buttons-is-layout-flex\" style=\"margin-bottom:var(--wp--preset--spacing--10)\">\n<div class=\"wp-block-button is-style-link\"><a class=\"wp-block-button__link wp-element-button\" href=\"https:\/\/www.berti.net\/wp-content\/uploads\/2024\/09\/ICILA-COC-002959.pdf\" target=\"_blank\" rel=\"noreferrer noopener\">T\u00c9L\u00c9CHARGER LE CERTIFICAT<\/a><\/div>\n<\/div>\n<\/div>\n<\/div>\n<\/div>\n\n\n\n<div class=\"wp-block-column is-layout-flow wp-block-column-is-layout-flow\">\n<div class=\"wp-block-columns is-not-stacked-on-mobile is-layout-flex wp-container-core-columns-is-layout-7fc3d43a wp-block-columns-is-layout-flex\">\n<div class=\"wp-block-column is-layout-flow wp-block-column-is-layout-flow\" style=\"flex-basis:10%\">\n<figure class=\"wp-block-image size-full\"><img loading=\"lazy\" decoding=\"async\" width=\"80\" height=\"80\" src=\"https:\/\/www.berti.net\/wp-content\/uploads\/2024\/09\/berti-pavimenti-legno_parquet-certificati-carb-1.png\" alt=\"\" class=\"wp-image-203\"\/><\/figure>\n<\/div>\n\n\n\n<div class=\"wp-block-column has-s-font-size is-layout-flow wp-block-column-is-layout-flow\">\n<h6 class=\"wp-block-heading has-body-font-family\" style=\"line-height:1.3\"><strong>CARB<\/strong><\/h6>\n\n\n\n<p style=\"margin-top:0;line-height:1.3\">La certification CARB, bien qu&rsquo;elle ne soit obligatoire qu&rsquo;en Californie, est devenue la norme am\u00e9ricaine, ce qui a incit\u00e9 de nombreux fabricants europ\u00e9ens de produits semi-finis ou finis \u00e0 contr\u00f4ler les \u00e9missions de formald\u00e9hyde.<\/p>\n\n\n\n<div class=\"wp-block-buttons is-layout-flex wp-block-buttons-is-layout-flex\" style=\"margin-bottom:var(--wp--preset--spacing--10)\">\n<div class=\"wp-block-button is-style-link\"><a class=\"wp-block-button__link wp-element-button\" href=\"https:\/\/www.berti.net\/wp-content\/uploads\/2024\/09\/berti-pavimenti-legno_parquet_certificato_CARB-TSCA.pdf\" target=\"_blank\" rel=\"noreferrer noopener\">T\u00c9L\u00c9CHARGER LE CERTIFICAT<\/a><\/div>\n<\/div>\n<\/div>\n<\/div>\n<\/div>\n<\/div>\n\n\n\n<div class=\"wp-block-columns is-layout-flex wp-container-core-columns-is-layout-468f3750 wp-block-columns-is-layout-flex\" style=\"margin-top:var(--wp--preset--spacing--60);margin-bottom:var(--wp--preset--spacing--60)\">\n<div class=\"wp-block-column is-layout-flow wp-block-column-is-layout-flow\">\n<div class=\"wp-block-columns is-not-stacked-on-mobile is-layout-flex wp-container-core-columns-is-layout-7fc3d43a wp-block-columns-is-layout-flex\">\n<div class=\"wp-block-column is-layout-flow wp-block-column-is-layout-flow\" style=\"flex-basis:10%\">\n<figure class=\"wp-block-image size-full\"><img loading=\"lazy\" decoding=\"async\" width=\"80\" height=\"80\" src=\"https:\/\/www.berti.net\/wp-content\/uploads\/2024\/09\/berti-pavimenti-legno_parquet-certificati-dolomiti-energia-2.png\" alt=\"\" class=\"wp-image-204\"\/><\/figure>\n<\/div>\n\n\n\n<div class=\"wp-block-column has-s-font-size is-layout-flow wp-block-column-is-layout-flow\">\n<h6 class=\"wp-block-heading has-body-font-family\" style=\"line-height:1.3\"><strong>Dolomiti Energia<\/strong><\/h6>\n\n\n\n<p style=\"margin-top:0;line-height:1.3\">La marque \u00a0\u00bb100% clean energy Dolomiti Energia\u00a0\u00bb identifie l&rsquo;origine de l&rsquo;\u00e9lectricit\u00e9 provenant d&rsquo;une source renouvelable et repr\u00e9sente un nouveau concept de consommation d&rsquo;\u00e9nergie.<\/p>\n\n\n\n<div class=\"wp-block-buttons is-layout-flex wp-block-buttons-is-layout-flex\" style=\"margin-bottom:var(--wp--preset--spacing--10)\">\n<div class=\"wp-block-button is-style-link\"><a class=\"wp-block-button__link wp-element-button\" href=\"https:\/\/www.berti.net\/wp-content\/uploads\/2024\/09\/Report_CO2_FREE_EE_EE_B_2022_2410053.pdf\" target=\"_blank\" rel=\"noreferrer noopener\">T\u00c9L\u00c9CHARGER LE CERTIFICAT<\/a><\/div>\n<\/div>\n<\/div>\n<\/div>\n<\/div>\n\n\n\n<div class=\"wp-block-column is-layout-flow wp-block-column-is-layout-flow\"><\/div>\n<\/div>\n<\/div>\n\n<div class=\"wp-block-group alignwide icon-with-text-wrapper animated fadeIn has-base-color has-contrast-2-background-color has-text-color has-background has-link-color wp-elements-b526c850242a6553ae0bd38540ee222d has-global-padding is-layout-constrained wp-container-core-group-is-layout-680b948d wp-block-group-is-layout-constrained\" style=\"padding-top:var(--wp--preset--spacing--70);padding-bottom:var(--wp--preset--spacing--80)\">\n<figure class=\"wp-block-image aligncenter icon\"><img decoding=\"async\" src=\"https:\/\/www.berti.net\/wp-content\/themes\/thombase\/public\/images\/icon-1.webp\" alt=\"\"\/><\/figure>\n\n\n\n<p class=\"has-text-align-center has-m-32-font-size\" style=\"margin-top:0;line-height:1.45\">L&rsquo;homme et l&rsquo;environnement. Construire et am\u00e9nager l&rsquo;espace de l&rsquo;un, respecter la vie et l&rsquo;int\u00e9grit\u00e9 de l&rsquo;autre. Il est dans la nature m\u00eame des <strong>produits Berti<\/strong> de prendre soin de la sant\u00e9 de ceux qui vivent, marchent et travaillent sur ses sols, ainsi que de contribuer \u00e0 l&rsquo;\u00e9quilibre \u00e9nerg\u00e9tique des environnements dans lesquels ils sont plac\u00e9s.  <\/p>\n<\/div>\n","protected":false},"excerpt":{"rendered":"<p>Lasers et sols, une combinaison sophistiqu\u00e9e L&lsquo;entreprise a \u00e9t\u00e9 la premi\u00e8re au monde \u00e0 \u00e9tudier l&rsquo;application de la technologie laser \u00e0 la cr\u00e9ation de parquets et de sols marquet\u00e9s, v\u00e9ritables \u0153uvres d&rsquo;art qui ont fait de Berti Pavimenti Legno un point de r\u00e9f\u00e9rence in\u00e9gal\u00e9 pour cette technique d&rsquo;usinage avanc\u00e9e et pour la demande de parquets de luxe. Gr\u00e2ce \u00e0 cette [&hellip;]<\/p>\n","protected":false},"author":2,"featured_media":13521,"parent":0,"menu_order":0,"comment_status":"closed","ping_status":"closed","template":"page-with-timeline","meta":{"footnotes":""},"class_list":["post-14949","page","type-page","status-publish","has-post-thumbnail","hentry"],"_links":{"self":[{"href":"https:\/\/berti.net\/fr\/wp-json\/wp\/v2\/pages\/14949","targetHints":{"allow":["GET"]}}],"collection":[{"href":"https:\/\/berti.net\/fr\/wp-json\/wp\/v2\/pages"}],"about":[{"href":"https:\/\/berti.net\/fr\/wp-json\/wp\/v2\/types\/page"}],"author":[{"embeddable":true,"href":"https:\/\/berti.net\/fr\/wp-json\/wp\/v2\/users\/2"}],"replies":[{"embeddable":true,"href":"https:\/\/berti.net\/fr\/wp-json\/wp\/v2\/comments?post=14949"}],"version-history":[{"count":2,"href":"https:\/\/berti.net\/fr\/wp-json\/wp\/v2\/pages\/14949\/revisions"}],"predecessor-version":[{"id":27243,"href":"https:\/\/berti.net\/fr\/wp-json\/wp\/v2\/pages\/14949\/revisions\/27243"}],"wp:featuredmedia":[{"embeddable":true,"href":"https:\/\/berti.net\/fr\/wp-json\/wp\/v2\/media\/13521"}],"wp:attachment":[{"href":"https:\/\/berti.net\/fr\/wp-json\/wp\/v2\/media?parent=14949"}],"curies":[{"name":"wp","href":"https:\/\/api.w.org\/{rel}","templated":true}]}}