{"id":14927,"date":"2024-09-17T20:52:49","date_gmt":"2024-09-17T20:52:49","guid":{"rendered":"https:\/\/www.berti.net\/parquet-essentiel\/"},"modified":"2025-05-16T10:00:55","modified_gmt":"2025-05-16T10:00:55","slug":"parquet-essentiel","status":"publish","type":"page","link":"https:\/\/berti.net\/fr\/parquet\/parquet-essentiel\/","title":{"rendered":"Parquet Essential"},"content":{"rendered":"\n<div class=\"wp-block-group alignfull hero-title-slider-pattern has-global-padding is-layout-constrained wp-block-group-is-layout-constrained\">\n<div class=\"wp-block-cover alignfull banner-hero has-aspect-ratio wp-duotone-unset-1\" style=\"padding-top:0px;padding-right:0;padding-bottom:0px;padding-left:0;min-height:516px;aspect-ratio:auto;min-height:unset;\"><span aria-hidden=\"true\" class=\"wp-block-cover__background has-background-dim wp-block-cover__gradient-background has-background-gradient has-gradient-2-gradient-background\"><\/span><img loading=\"lazy\" decoding=\"async\" width=\"1355\" height=\"733\" class=\"wp-block-cover__image-background wp-image-1000\" alt=\"\" src=\"https:\/\/www.berti.net\/wp-content\/uploads\/2024\/10\/berti_essential_noce-eu_sbiancato-5.jpg\" data-object-fit=\"cover\" srcset=\"https:\/\/berti.net\/wp-content\/uploads\/2024\/10\/berti_essential_noce-eu_sbiancato-5.jpg 1355w, https:\/\/berti.net\/wp-content\/uploads\/2024\/10\/berti_essential_noce-eu_sbiancato-5-300x162.jpg 300w, https:\/\/berti.net\/wp-content\/uploads\/2024\/10\/berti_essential_noce-eu_sbiancato-5-1024x554.jpg 1024w, https:\/\/berti.net\/wp-content\/uploads\/2024\/10\/berti_essential_noce-eu_sbiancato-5-768x415.jpg 768w\" sizes=\"auto, (max-width: 1355px) 100vw, 1355px\" \/><div class=\"wp-block-cover__inner-container is-layout-flow wp-block-cover-is-layout-flow\">\n<div class=\"wp-block-group banner-hero-content has-global-padding is-layout-constrained wp-container-core-group-is-layout-a05d3a21 wp-block-group-is-layout-constrained\">\n<div class=\"wp-block-group has-global-padding is-layout-constrained wp-container-core-group-is-layout-b831be90 wp-block-group-is-layout-constrained\"><h1 style=\"line-height:1;text-transform:uppercase;\" class=\"has-text-align-center has-link-color wp-elements-a5fdec94e3cace30e3d3b888b881736c wp-block-post-title has-text-color has-base-3-color has-heading-font-family\">Parquet Essential<\/h1><\/div>\n<\/div>\n<\/div><\/div>\n\n\n\n<div class=\"wp-block-group alignfull slider-hero has-global-padding is-layout-constrained wp-block-group-is-layout-constrained\">\n<div style=\"margin-top:0%;margin-bottom:0;\" class=\"swiper alignfull is-style-zoom wp-block-wpe-thom-slider-block\" data-swiper=\"{&quot;autoplay&quot;:false,&quot;navigation&quot;:false,&quot;pagination&quot;:false,&quot;loop&quot;:false,&quot;centeredSlides&quot;:true,&quot;slidesPerView&quot;:1.5,&quot;slidesPerViewMobile&quot;:1.5}\">\n\n\t<div class=\"swiper-wrapper\">\n\t\t\n\n<div class=\"wp-block-cover aligncenter has-custom-content-position is-position-bottom-left swiper-slide has-text-color has-link-color wp-elements-6b9652318e72dc53f48390efb18ce344\" style=\"color:#ffffff;padding-top:var(--wp--preset--spacing--large);padding-right:var(--wp--preset--spacing--large);padding-bottom:var(--wp--preset--spacing--large);padding-left:var(--wp--preset--spacing--large)\"><span aria-hidden=\"true\" class=\"wp-block-cover__background has-background-dim-20 has-background-dim\" style=\"background-color:#827f78\"><\/span><img loading=\"lazy\" decoding=\"async\" width=\"1355\" height=\"733\" class=\"wp-block-cover__image-background wp-image-926\" alt=\"\" src=\"https:\/\/www.berti.net\/wp-content\/uploads\/2024\/10\/berti_essential_teak-antico_ambientato_01.jpg\" data-object-fit=\"cover\" srcset=\"https:\/\/berti.net\/wp-content\/uploads\/2024\/10\/berti_essential_teak-antico_ambientato_01.jpg 1355w, https:\/\/berti.net\/wp-content\/uploads\/2024\/10\/berti_essential_teak-antico_ambientato_01-300x162.jpg 300w, https:\/\/berti.net\/wp-content\/uploads\/2024\/10\/berti_essential_teak-antico_ambientato_01-1024x554.jpg 1024w, https:\/\/berti.net\/wp-content\/uploads\/2024\/10\/berti_essential_teak-antico_ambientato_01-768x415.jpg 768w\" sizes=\"auto, (max-width: 1355px) 100vw, 1355px\" \/><div class=\"wp-block-cover__inner-container has-global-padding is-layout-constrained wp-container-core-cover-is-layout-e20e7e2d wp-block-cover-is-layout-constrained\">\n<div class=\"wp-block-group has-global-padding is-layout-constrained wp-block-group-is-layout-constrained\"><\/div>\n<\/div><\/div>\n\n\n\n<div class=\"wp-block-cover aligncenter is-light has-custom-content-position is-position-bottom-left swiper-slide has-text-color has-link-color wp-elements-a17c7d322224caa3f5c174c898043e33\" style=\"color:#ffffff;padding-top:var(--wp--preset--spacing--large);padding-right:var(--wp--preset--spacing--large);padding-bottom:var(--wp--preset--spacing--large);padding-left:var(--wp--preset--spacing--large)\"><span aria-hidden=\"true\" class=\"wp-block-cover__background has-background-dim-20 has-background-dim\" style=\"background-color:#837a73\"><\/span><img loading=\"lazy\" decoding=\"async\" width=\"1355\" height=\"733\" class=\"wp-block-cover__image-background wp-image-922\" alt=\"\" src=\"https:\/\/www.berti.net\/wp-content\/uploads\/2024\/10\/berti_essential_noce-eu-antico_ambientato_02.jpg\" data-object-fit=\"cover\" srcset=\"https:\/\/berti.net\/wp-content\/uploads\/2024\/10\/berti_essential_noce-eu-antico_ambientato_02.jpg 1355w, https:\/\/berti.net\/wp-content\/uploads\/2024\/10\/berti_essential_noce-eu-antico_ambientato_02-300x162.jpg 300w, https:\/\/berti.net\/wp-content\/uploads\/2024\/10\/berti_essential_noce-eu-antico_ambientato_02-1024x554.jpg 1024w, https:\/\/berti.net\/wp-content\/uploads\/2024\/10\/berti_essential_noce-eu-antico_ambientato_02-768x415.jpg 768w\" sizes=\"auto, (max-width: 1355px) 100vw, 1355px\" \/><div class=\"wp-block-cover__inner-container has-global-padding is-layout-constrained wp-container-core-cover-is-layout-e20e7e2d wp-block-cover-is-layout-constrained\">\n<div class=\"wp-block-group has-global-padding is-layout-constrained wp-block-group-is-layout-constrained\"><\/div>\n<\/div><\/div>\n\n\n\n<div class=\"wp-block-cover aligncenter is-light has-custom-content-position is-position-bottom-left swiper-slide has-text-color has-link-color wp-elements-d4fc73711263c049391c9cfb44396c54\" style=\"color:#ffffff;padding-top:var(--wp--preset--spacing--large);padding-right:var(--wp--preset--spacing--large);padding-bottom:var(--wp--preset--spacing--large);padding-left:var(--wp--preset--spacing--large)\"><span aria-hidden=\"true\" class=\"wp-block-cover__background has-background-dim-20 has-background-dim\" style=\"background-color:#988b7f\"><\/span><img loading=\"lazy\" decoding=\"async\" width=\"1355\" height=\"733\" class=\"wp-block-cover__image-background wp-image-920\" alt=\"\" src=\"https:\/\/www.berti.net\/wp-content\/uploads\/2024\/10\/berti_essential_rovere-nebula_ambientato_01.jpg\" data-object-fit=\"cover\" srcset=\"https:\/\/berti.net\/wp-content\/uploads\/2024\/10\/berti_essential_rovere-nebula_ambientato_01.jpg 1355w, https:\/\/berti.net\/wp-content\/uploads\/2024\/10\/berti_essential_rovere-nebula_ambientato_01-300x162.jpg 300w, https:\/\/berti.net\/wp-content\/uploads\/2024\/10\/berti_essential_rovere-nebula_ambientato_01-1024x554.jpg 1024w, https:\/\/berti.net\/wp-content\/uploads\/2024\/10\/berti_essential_rovere-nebula_ambientato_01-768x415.jpg 768w\" sizes=\"auto, (max-width: 1355px) 100vw, 1355px\" \/><div class=\"wp-block-cover__inner-container has-global-padding is-layout-constrained wp-container-core-cover-is-layout-e20e7e2d wp-block-cover-is-layout-constrained\">\n<div class=\"wp-block-group has-global-padding is-layout-constrained wp-block-group-is-layout-constrained\"><\/div>\n<\/div><\/div>\n\n\t<\/div>\n\n<\/div><!-- .swiper -->\n<\/div>\n<\/div>\n\n<div class=\"wp-block-group alignwide has-global-padding is-layout-constrained wp-container-core-group-is-layout-92dded1c wp-block-group-is-layout-constrained\" style=\"margin-top:var(--wp--preset--spacing--120);margin-bottom:var(--wp--preset--spacing--120)\">\n<div class=\"wp-block-group title-text-indented-pattern has-global-padding is-layout-constrained wp-container-core-group-is-layout-a31aa551 wp-block-group-is-layout-constrained\">\n<h2 class=\"wp-block-heading has-text-color\" style=\"color:#000000\"><strong>Essential<\/strong> est la collection de rev\u00eatements de sol en bois \u00e0 l&rsquo;\u00e9l\u00e9gance moderne et essentielle qui se distingue par sa large s\u00e9lection d&rsquo;essences de bois et de couleurs fabriqu\u00e9es selon des normes de qualit\u00e9 \u00e9lev\u00e9es.<\/h2>\n\n\n\n<div class=\"wp-block-group has-global-padding is-layout-constrained wp-block-group-is-layout-constrained\">\n<p class=\"has-m-22-font-size\" style=\"line-height:1.4\">Ch\u00eane, teck de Birmanie, noyer am\u00e9ricain ou national, doussi\u00e8 africa et parquet iroko.<br\/>Toutes les finitions et tous les traitements des sols en bois sont con\u00e7us pour am\u00e9liorer la qualit\u00e9 et la beaut\u00e9 tout en garantissant la praticit\u00e9 d&rsquo;utilisation et l&rsquo;entretien quotidien.<\/p>\n<\/div>\n<\/div>\n<\/div>\n\n<div class=\"wp-block-group products-group is-style-container has-global-padding is-content-justification-left is-layout-constrained wp-container-core-group-is-layout-5c6e4e02 wp-block-group-is-layout-constrained\" style=\"margin-top:var(--wp--preset--spacing--30)\">\n<div class=\"wp-block-query products-grid-4-col is-layout-flow wp-block-query-is-layout-flow\"><ul class=\"has-link-color columns-4 products-grid-4-col-template wp-elements-2dbde3715c3c14d0e6a30d6c979a84b9 wp-block-post-template has-text-color has-base-color is-layout-grid wp-container-core-post-template-is-layout-e7fd85f5 wp-block-post-template-is-layout-grid\"><li class=\"wp-block-post post-15692 product type-product status-publish has-post-thumbnail hentry product_collection-parquet-essential product_color-chiaro\">\n<figure style=\"aspect-ratio:1;\" class=\"wp-block-post-featured-image wp-elements-2dbde3715c3c14d0e6a30d6c979a84b9\"><a href=\"https:\/\/berti.net\/fr\/parquet\/parquet-essential\/chene-de-duna\/\" target=\"_self\"  ><img loading=\"lazy\" decoding=\"async\" width=\"300\" height=\"300\" src=\"https:\/\/berti.net\/wp-content\/uploads\/2024\/09\/parquet-prefinito-spazzolato-rovere-duna-300x300.jpg\" class=\"attachment-medium size-medium\" alt=\"Rovere Duna\" srcset=\"https:\/\/berti.net\/wp-content\/uploads\/2024\/09\/parquet-prefinito-spazzolato-rovere-duna-300x300.jpg 300w, https:\/\/berti.net\/wp-content\/uploads\/2024\/09\/parquet-prefinito-spazzolato-rovere-duna-1024x1024.jpg 1024w, https:\/\/berti.net\/wp-content\/uploads\/2024\/09\/parquet-prefinito-spazzolato-rovere-duna-150x150.jpg 150w, https:\/\/berti.net\/wp-content\/uploads\/2024\/09\/parquet-prefinito-spazzolato-rovere-duna-768x768.jpg 768w, https:\/\/berti.net\/wp-content\/uploads\/2024\/09\/parquet-prefinito-spazzolato-rovere-duna-1536x1536.jpg 1536w, https:\/\/berti.net\/wp-content\/uploads\/2024\/09\/parquet-prefinito-spazzolato-rovere-duna.jpg 1908w\" sizes=\"auto, (max-width: 300px) 100vw, 300px\" \/><\/a><\/figure>\n\n<h2 style=\"font-size:clamp(15.747px, 0.984rem + ((1vw - 3.2px) * 0.645), 24px);font-style:normal;font-weight:700;\" class=\"wp-block-post-title\"><a href=\"https:\/\/berti.net\/fr\/parquet\/parquet-essential\/chene-de-duna\/\" target=\"_self\" >Ch\u00eane Duna<\/a><\/h2>\n\n<div class=\"acf_product_list_subtitle wp-block-post-field\"><a href=\"https:\/\/berti.net\/fr\/parquet\/parquet-essential\/chene-de-duna\/\">Parquet pr\u00e9fini clair<\/a><\/div>\n<\/li><li class=\"wp-block-post post-15690 product type-product status-publish has-post-thumbnail hentry product_collection-parquet-essential product_color-grigio\">\n<figure style=\"aspect-ratio:1;\" class=\"wp-block-post-featured-image wp-elements-2dbde3715c3c14d0e6a30d6c979a84b9\"><a href=\"https:\/\/berti.net\/fr\/parquet\/parquet-essential\/chene-nebuleux\/\" target=\"_self\"  ><img loading=\"lazy\" decoding=\"async\" width=\"300\" height=\"300\" src=\"https:\/\/berti.net\/wp-content\/uploads\/2024\/09\/parquet-prefinito-rovere-grigio-1-300x300.jpeg\" class=\"attachment-medium size-medium\" alt=\"Rovere grigio\" srcset=\"https:\/\/berti.net\/wp-content\/uploads\/2024\/09\/parquet-prefinito-rovere-grigio-1-300x300.jpeg 300w, https:\/\/berti.net\/wp-content\/uploads\/2024\/09\/parquet-prefinito-rovere-grigio-1-1024x1024.jpeg 1024w, https:\/\/berti.net\/wp-content\/uploads\/2024\/09\/parquet-prefinito-rovere-grigio-1-150x150.jpeg 150w, https:\/\/berti.net\/wp-content\/uploads\/2024\/09\/parquet-prefinito-rovere-grigio-1-768x768.jpeg 768w, https:\/\/berti.net\/wp-content\/uploads\/2024\/09\/parquet-prefinito-rovere-grigio-1-1536x1536.jpeg 1536w, https:\/\/berti.net\/wp-content\/uploads\/2024\/09\/parquet-prefinito-rovere-grigio-1.jpeg 1908w\" sizes=\"auto, (max-width: 300px) 100vw, 300px\" \/><\/a><\/figure>\n\n<h2 style=\"font-size:clamp(15.747px, 0.984rem + ((1vw - 3.2px) * 0.645), 24px);font-style:normal;font-weight:700;\" class=\"wp-block-post-title\"><a href=\"https:\/\/berti.net\/fr\/parquet\/parquet-essential\/chene-nebuleux\/\" target=\"_self\" >Ch\u00eane Nebula<\/a><\/h2>\n\n<div class=\"acf_product_list_subtitle wp-block-post-field\"><a href=\"https:\/\/berti.net\/fr\/parquet\/parquet-essential\/chene-nebuleux\/\">Parquet pr\u00e9fini gris<\/a><\/div>\n<\/li><li class=\"wp-block-post post-15687 product type-product status-publish has-post-thumbnail hentry product_collection-parquet-essential product_color-chiaro\">\n<figure style=\"aspect-ratio:1;\" class=\"wp-block-post-featured-image wp-elements-2dbde3715c3c14d0e6a30d6c979a84b9\"><a href=\"https:\/\/berti.net\/fr\/parquet\/parquet-essential\/chene-neutre\/\" target=\"_self\"  ><img loading=\"lazy\" decoding=\"async\" width=\"300\" height=\"300\" src=\"https:\/\/berti.net\/wp-content\/uploads\/2024\/09\/berti-pavimenti-in-legno_parquet-rovere-essential_neutro-1-scaled-7-300x300.jpeg\" class=\"attachment-medium size-medium\" alt=\"Rovere Neutro\" srcset=\"https:\/\/berti.net\/wp-content\/uploads\/2024\/09\/berti-pavimenti-in-legno_parquet-rovere-essential_neutro-1-scaled-7-300x300.jpeg 300w, https:\/\/berti.net\/wp-content\/uploads\/2024\/09\/berti-pavimenti-in-legno_parquet-rovere-essential_neutro-1-scaled-7-1024x1024.jpeg 1024w, https:\/\/berti.net\/wp-content\/uploads\/2024\/09\/berti-pavimenti-in-legno_parquet-rovere-essential_neutro-1-scaled-7-150x150.jpeg 150w, https:\/\/berti.net\/wp-content\/uploads\/2024\/09\/berti-pavimenti-in-legno_parquet-rovere-essential_neutro-1-scaled-7-768x768.jpeg 768w, https:\/\/berti.net\/wp-content\/uploads\/2024\/09\/berti-pavimenti-in-legno_parquet-rovere-essential_neutro-1-scaled-7-1536x1536.jpeg 1536w, https:\/\/berti.net\/wp-content\/uploads\/2024\/09\/berti-pavimenti-in-legno_parquet-rovere-essential_neutro-1-scaled-7-2048x2048.jpeg 2048w\" sizes=\"auto, (max-width: 300px) 100vw, 300px\" \/><\/a><\/figure>\n\n<h2 style=\"font-size:clamp(15.747px, 0.984rem + ((1vw - 3.2px) * 0.645), 24px);font-style:normal;font-weight:700;\" class=\"wp-block-post-title\"><a href=\"https:\/\/berti.net\/fr\/parquet\/parquet-essential\/chene-neutre\/\" target=\"_self\" >Ch\u00eane Neutro<\/a><\/h2>\n\n<div class=\"acf_product_list_subtitle wp-block-post-field\"><a href=\"https:\/\/berti.net\/fr\/parquet\/parquet-essential\/chene-neutre\/\">Parquet naturel pr\u00e9fini<\/a><\/div>\n<\/li><li class=\"wp-block-post post-15686 product type-product status-publish has-post-thumbnail hentry product_collection-parquet-essential product_color-rosso\">\n<figure style=\"aspect-ratio:1;\" class=\"wp-block-post-featured-image wp-elements-2dbde3715c3c14d0e6a30d6c979a84b9\"><a href=\"https:\/\/berti.net\/fr\/parquet\/parquet-essential\/chene-antique\/\" target=\"_self\"  ><img loading=\"lazy\" decoding=\"async\" width=\"812\" height=\"812\" src=\"https:\/\/berti.net\/wp-content\/uploads\/BertiEssential_2026_Macro_Rovere_Antico-812x812.jpg\" class=\"attachment-medium size-medium\" alt=\"\" srcset=\"https:\/\/berti.net\/wp-content\/uploads\/BertiEssential_2026_Macro_Rovere_Antico-812x812.jpg 812w, https:\/\/berti.net\/wp-content\/uploads\/BertiEssential_2026_Macro_Rovere_Antico-406x406.jpg 406w, https:\/\/berti.net\/wp-content\/uploads\/BertiEssential_2026_Macro_Rovere_Antico-768x768.jpg 768w, https:\/\/berti.net\/wp-content\/uploads\/BertiEssential_2026_Macro_Rovere_Antico-1536x1536.jpg 1536w, https:\/\/berti.net\/wp-content\/uploads\/BertiEssential_2026_Macro_Rovere_Antico.jpg 1908w\" sizes=\"auto, (max-width: 812px) 100vw, 812px\" \/><\/a><\/figure>\n\n<h2 style=\"font-size:clamp(15.747px, 0.984rem + ((1vw - 3.2px) * 0.645), 24px);font-style:normal;font-weight:700;\" class=\"wp-block-post-title\"><a href=\"https:\/\/berti.net\/fr\/parquet\/parquet-essential\/chene-antique\/\" target=\"_self\" >Ch\u00eane antique<\/a><\/h2>\n\n<div class=\"acf_product_list_subtitle wp-block-post-field\"><a href=\"https:\/\/berti.net\/fr\/parquet\/parquet-essential\/chene-antique\/\">Parquet fonc\u00e9 pr\u00e9fini<\/a><\/div>\n<\/li><li class=\"wp-block-post post-15685 product type-product status-publish has-post-thumbnail hentry product_collection-parquet-essential product_color-chiaro\">\n<figure style=\"aspect-ratio:1;\" class=\"wp-block-post-featured-image wp-elements-2dbde3715c3c14d0e6a30d6c979a84b9\"><a href=\"https:\/\/berti.net\/fr\/parquet\/parquet-essential\/chene-naturalise\/\" target=\"_self\"  ><img loading=\"lazy\" decoding=\"async\" width=\"300\" height=\"300\" src=\"https:\/\/berti.net\/wp-content\/uploads\/2024\/09\/parquet-prefinito-rovere-naturalizzato-5-300x300.jpeg\" class=\"attachment-medium size-medium\" alt=\"Rovere Naturalizzato\" srcset=\"https:\/\/berti.net\/wp-content\/uploads\/2024\/09\/parquet-prefinito-rovere-naturalizzato-5-300x300.jpeg 300w, https:\/\/berti.net\/wp-content\/uploads\/2024\/09\/parquet-prefinito-rovere-naturalizzato-5-1024x1024.jpeg 1024w, https:\/\/berti.net\/wp-content\/uploads\/2024\/09\/parquet-prefinito-rovere-naturalizzato-5-150x150.jpeg 150w, https:\/\/berti.net\/wp-content\/uploads\/2024\/09\/parquet-prefinito-rovere-naturalizzato-5-768x768.jpeg 768w, https:\/\/berti.net\/wp-content\/uploads\/2024\/09\/parquet-prefinito-rovere-naturalizzato-5-1536x1536.jpeg 1536w, https:\/\/berti.net\/wp-content\/uploads\/2024\/09\/parquet-prefinito-rovere-naturalizzato-5.jpeg 1908w\" sizes=\"auto, (max-width: 300px) 100vw, 300px\" \/><\/a><\/figure>\n\n<h2 style=\"font-size:clamp(15.747px, 0.984rem + ((1vw - 3.2px) * 0.645), 24px);font-style:normal;font-weight:700;\" class=\"wp-block-post-title\"><a href=\"https:\/\/berti.net\/fr\/parquet\/parquet-essential\/chene-naturalise\/\" target=\"_self\" >Ch\u00eane naturalis\u00e9<\/a><\/h2>\n\n<div class=\"acf_product_list_subtitle wp-block-post-field\"><a href=\"https:\/\/berti.net\/fr\/parquet\/parquet-essential\/chene-naturalise\/\">Parquet naturel pr\u00e9fini<\/a><\/div>\n<\/li><li class=\"wp-block-post post-15684 product type-product status-publish has-post-thumbnail hentry product_collection-parquet-essential product_color-chiaro\">\n<figure style=\"aspect-ratio:1;\" class=\"wp-block-post-featured-image wp-elements-2dbde3715c3c14d0e6a30d6c979a84b9\"><a href=\"https:\/\/berti.net\/fr\/parquet\/parquet-essential\/chene-sable\/\" target=\"_self\"  ><img loading=\"lazy\" decoding=\"async\" width=\"300\" height=\"300\" src=\"https:\/\/berti.net\/wp-content\/uploads\/2024\/09\/berti-pavimenti-in-legno_parquet-rovere-essential_sand-300x300.jpeg\" class=\"attachment-medium size-medium\" alt=\"Rovere Sand\" srcset=\"https:\/\/berti.net\/wp-content\/uploads\/2024\/09\/berti-pavimenti-in-legno_parquet-rovere-essential_sand-300x300.jpeg 300w, https:\/\/berti.net\/wp-content\/uploads\/2024\/09\/berti-pavimenti-in-legno_parquet-rovere-essential_sand-1024x1024.jpeg 1024w, https:\/\/berti.net\/wp-content\/uploads\/2024\/09\/berti-pavimenti-in-legno_parquet-rovere-essential_sand-150x150.jpeg 150w, https:\/\/berti.net\/wp-content\/uploads\/2024\/09\/berti-pavimenti-in-legno_parquet-rovere-essential_sand-768x768.jpeg 768w, https:\/\/berti.net\/wp-content\/uploads\/2024\/09\/berti-pavimenti-in-legno_parquet-rovere-essential_sand-1536x1536.jpeg 1536w, https:\/\/berti.net\/wp-content\/uploads\/2024\/09\/berti-pavimenti-in-legno_parquet-rovere-essential_sand.jpeg 1908w\" sizes=\"auto, (max-width: 300px) 100vw, 300px\" \/><\/a><\/figure>\n\n<h2 style=\"font-size:clamp(15.747px, 0.984rem + ((1vw - 3.2px) * 0.645), 24px);font-style:normal;font-weight:700;\" class=\"wp-block-post-title\"><a href=\"https:\/\/berti.net\/fr\/parquet\/parquet-essential\/chene-sable\/\" target=\"_self\" >Ch\u00eane Sand<\/a><\/h2>\n\n<div class=\"acf_product_list_subtitle wp-block-post-field\"><a href=\"https:\/\/berti.net\/fr\/parquet\/parquet-essential\/chene-sable\/\">Parquet pr\u00e9fini clair<\/a><\/div>\n<\/li><li class=\"wp-block-post post-15682 product type-product status-publish has-post-thumbnail hentry product_collection-parquet-essential product_color-grigio\">\n<figure style=\"aspect-ratio:1;\" class=\"wp-block-post-featured-image wp-elements-2dbde3715c3c14d0e6a30d6c979a84b9\"><a href=\"https:\/\/berti.net\/fr\/parquet\/parquet-essential\/lait-de-chene\/\" target=\"_self\"  ><img loading=\"lazy\" decoding=\"async\" width=\"300\" height=\"300\" src=\"https:\/\/berti.net\/wp-content\/uploads\/2024\/09\/berti-pavimenti-in-legno_parquet-rovere-essential_milk-300x300.jpeg\" class=\"attachment-medium size-medium\" alt=\"Rovere Milk\" srcset=\"https:\/\/berti.net\/wp-content\/uploads\/2024\/09\/berti-pavimenti-in-legno_parquet-rovere-essential_milk-300x300.jpeg 300w, https:\/\/berti.net\/wp-content\/uploads\/2024\/09\/berti-pavimenti-in-legno_parquet-rovere-essential_milk-1024x1024.jpeg 1024w, https:\/\/berti.net\/wp-content\/uploads\/2024\/09\/berti-pavimenti-in-legno_parquet-rovere-essential_milk-150x150.jpeg 150w, https:\/\/berti.net\/wp-content\/uploads\/2024\/09\/berti-pavimenti-in-legno_parquet-rovere-essential_milk-768x768.jpeg 768w, https:\/\/berti.net\/wp-content\/uploads\/2024\/09\/berti-pavimenti-in-legno_parquet-rovere-essential_milk-1536x1536.jpeg 1536w, https:\/\/berti.net\/wp-content\/uploads\/2024\/09\/berti-pavimenti-in-legno_parquet-rovere-essential_milk.jpeg 1908w\" sizes=\"auto, (max-width: 300px) 100vw, 300px\" \/><\/a><\/figure>\n\n<h2 style=\"font-size:clamp(15.747px, 0.984rem + ((1vw - 3.2px) * 0.645), 24px);font-style:normal;font-weight:700;\" class=\"wp-block-post-title\"><a href=\"https:\/\/berti.net\/fr\/parquet\/parquet-essential\/lait-de-chene\/\" target=\"_self\" >Ch\u00eane Milk<\/a><\/h2>\n\n<div class=\"acf_product_list_subtitle wp-block-post-field\"><a href=\"https:\/\/berti.net\/fr\/parquet\/parquet-essential\/lait-de-chene\/\">Parquet pr\u00e9fini clair<\/a><\/div>\n<\/li><li class=\"wp-block-post post-15680 product type-product status-publish has-post-thumbnail hentry product_collection-parquet-essential product_color-chiaro\">\n<figure style=\"aspect-ratio:1;\" class=\"wp-block-post-featured-image wp-elements-2dbde3715c3c14d0e6a30d6c979a84b9\"><a href=\"https:\/\/berti.net\/fr\/parquet\/parquet-essential\/chene-creme\/\" target=\"_self\"  ><img loading=\"lazy\" decoding=\"async\" width=\"300\" height=\"300\" src=\"https:\/\/berti.net\/wp-content\/uploads\/2024\/09\/berti-pavimenti-in-legno_parquet-rovere-essential_cream-300x300.jpeg\" class=\"attachment-medium size-medium\" alt=\"Rovere Cream\" srcset=\"https:\/\/berti.net\/wp-content\/uploads\/2024\/09\/berti-pavimenti-in-legno_parquet-rovere-essential_cream-300x300.jpeg 300w, https:\/\/berti.net\/wp-content\/uploads\/2024\/09\/berti-pavimenti-in-legno_parquet-rovere-essential_cream-1024x1024.jpeg 1024w, https:\/\/berti.net\/wp-content\/uploads\/2024\/09\/berti-pavimenti-in-legno_parquet-rovere-essential_cream-150x150.jpeg 150w, https:\/\/berti.net\/wp-content\/uploads\/2024\/09\/berti-pavimenti-in-legno_parquet-rovere-essential_cream-768x768.jpeg 768w, https:\/\/berti.net\/wp-content\/uploads\/2024\/09\/berti-pavimenti-in-legno_parquet-rovere-essential_cream-1536x1536.jpeg 1536w, https:\/\/berti.net\/wp-content\/uploads\/2024\/09\/berti-pavimenti-in-legno_parquet-rovere-essential_cream.jpeg 1908w\" sizes=\"auto, (max-width: 300px) 100vw, 300px\" \/><\/a><\/figure>\n\n<h2 style=\"font-size:clamp(15.747px, 0.984rem + ((1vw - 3.2px) * 0.645), 24px);font-style:normal;font-weight:700;\" class=\"wp-block-post-title\"><a href=\"https:\/\/berti.net\/fr\/parquet\/parquet-essential\/chene-creme\/\" target=\"_self\" >Ch\u00eane Cream<\/a><\/h2>\n\n<div class=\"acf_product_list_subtitle wp-block-post-field\"><a href=\"https:\/\/berti.net\/fr\/parquet\/parquet-essential\/chene-creme\/\">Parquet pr\u00e9fini clair<\/a><\/div>\n<\/li><li class=\"wp-block-post post-15678 product type-product status-publish has-post-thumbnail hentry product_collection-parquet-essential product_color-grigio\">\n<figure style=\"aspect-ratio:1;\" class=\"wp-block-post-featured-image wp-elements-2dbde3715c3c14d0e6a30d6c979a84b9\"><a href=\"https:\/\/berti.net\/fr\/parquet\/parquet-essential\/chene-nuageux\/\" target=\"_self\"  ><img loading=\"lazy\" decoding=\"async\" width=\"300\" height=\"300\" src=\"https:\/\/berti.net\/wp-content\/uploads\/2024\/09\/berti-pavimenti-in-legno_parquet-rovere-essential-cloud-300x300.jpeg\" class=\"attachment-medium size-medium\" alt=\"Rovere Cloud\" srcset=\"https:\/\/berti.net\/wp-content\/uploads\/2024\/09\/berti-pavimenti-in-legno_parquet-rovere-essential-cloud-300x300.jpeg 300w, https:\/\/berti.net\/wp-content\/uploads\/2024\/09\/berti-pavimenti-in-legno_parquet-rovere-essential-cloud-1024x1024.jpeg 1024w, https:\/\/berti.net\/wp-content\/uploads\/2024\/09\/berti-pavimenti-in-legno_parquet-rovere-essential-cloud-150x150.jpeg 150w, https:\/\/berti.net\/wp-content\/uploads\/2024\/09\/berti-pavimenti-in-legno_parquet-rovere-essential-cloud-768x768.jpeg 768w, https:\/\/berti.net\/wp-content\/uploads\/2024\/09\/berti-pavimenti-in-legno_parquet-rovere-essential-cloud-1536x1536.jpeg 1536w, https:\/\/berti.net\/wp-content\/uploads\/2024\/09\/berti-pavimenti-in-legno_parquet-rovere-essential-cloud.jpeg 1908w\" sizes=\"auto, (max-width: 300px) 100vw, 300px\" \/><\/a><\/figure>\n\n<h2 style=\"font-size:clamp(15.747px, 0.984rem + ((1vw - 3.2px) * 0.645), 24px);font-style:normal;font-weight:700;\" class=\"wp-block-post-title\"><a href=\"https:\/\/berti.net\/fr\/parquet\/parquet-essential\/chene-nuageux\/\" target=\"_self\" >Ch\u00eane Cloud<\/a><\/h2>\n\n<div class=\"acf_product_list_subtitle wp-block-post-field\"><a href=\"https:\/\/berti.net\/fr\/parquet\/parquet-essential\/chene-nuageux\/\">Parquet fonc\u00e9 pr\u00e9fini<\/a><\/div>\n<\/li><li class=\"wp-block-post post-15676 product type-product status-publish has-post-thumbnail hentry product_collection-parquet-essential product_color-scuro\">\n<figure style=\"aspect-ratio:1;\" class=\"wp-block-post-featured-image wp-elements-2dbde3715c3c14d0e6a30d6c979a84b9\"><a href=\"https:\/\/berti.net\/fr\/parquet\/parquet-essential\/chene-moka\/\" target=\"_self\"  ><img loading=\"lazy\" decoding=\"async\" width=\"300\" height=\"300\" src=\"https:\/\/berti.net\/wp-content\/uploads\/2024\/09\/berti-pavimenti-in-legno_parquet-rovere-essential-moka-300x300.jpeg\" class=\"attachment-medium size-medium\" alt=\"Rovere Moka\" srcset=\"https:\/\/berti.net\/wp-content\/uploads\/2024\/09\/berti-pavimenti-in-legno_parquet-rovere-essential-moka-300x300.jpeg 300w, https:\/\/berti.net\/wp-content\/uploads\/2024\/09\/berti-pavimenti-in-legno_parquet-rovere-essential-moka-1024x1024.jpeg 1024w, https:\/\/berti.net\/wp-content\/uploads\/2024\/09\/berti-pavimenti-in-legno_parquet-rovere-essential-moka-150x150.jpeg 150w, https:\/\/berti.net\/wp-content\/uploads\/2024\/09\/berti-pavimenti-in-legno_parquet-rovere-essential-moka-768x768.jpeg 768w, https:\/\/berti.net\/wp-content\/uploads\/2024\/09\/berti-pavimenti-in-legno_parquet-rovere-essential-moka-1536x1536.jpeg 1536w, https:\/\/berti.net\/wp-content\/uploads\/2024\/09\/berti-pavimenti-in-legno_parquet-rovere-essential-moka.jpeg 1908w\" sizes=\"auto, (max-width: 300px) 100vw, 300px\" \/><\/a><\/figure>\n\n<h2 style=\"font-size:clamp(15.747px, 0.984rem + ((1vw - 3.2px) * 0.645), 24px);font-style:normal;font-weight:700;\" class=\"wp-block-post-title\"><a href=\"https:\/\/berti.net\/fr\/parquet\/parquet-essential\/chene-moka\/\" target=\"_self\" >Ch\u00eane moka<\/a><\/h2>\n\n<div class=\"acf_product_list_subtitle wp-block-post-field\"><a href=\"https:\/\/berti.net\/fr\/parquet\/parquet-essential\/chene-moka\/\">Parquet fonc\u00e9 pr\u00e9fini<\/a><\/div>\n<\/li><li class=\"wp-block-post post-15683 product type-product status-publish has-post-thumbnail hentry product_collection-parquet-essential\">\n<figure style=\"aspect-ratio:1;\" class=\"wp-block-post-featured-image wp-elements-2dbde3715c3c14d0e6a30d6c979a84b9\"><a href=\"https:\/\/berti.net\/fr\/parquet\/parquet-essential\/noyer-americain-neutre\/\" target=\"_self\"  ><img loading=\"lazy\" decoding=\"async\" width=\"653\" height=\"653\" src=\"https:\/\/berti.net\/wp-content\/uploads\/noce-americano-neutro.jpg\" class=\"attachment-medium size-medium\" alt=\"Noce Americano Neutro\" srcset=\"https:\/\/berti.net\/wp-content\/uploads\/noce-americano-neutro.jpg 653w, https:\/\/berti.net\/wp-content\/uploads\/noce-americano-neutro-406x406.jpg 406w\" sizes=\"auto, (max-width: 653px) 100vw, 653px\" \/><\/a><\/figure>\n\n<h2 style=\"font-size:clamp(15.747px, 0.984rem + ((1vw - 3.2px) * 0.645), 24px);font-style:normal;font-weight:700;\" class=\"wp-block-post-title\"><a href=\"https:\/\/berti.net\/fr\/parquet\/parquet-essential\/noyer-americain-neutre\/\" target=\"_self\" >Noyer am\u00e9ricain Neutre<\/a><\/h2>\n\n<div class=\"acf_product_list_subtitle wp-block-post-field\"><a href=\"https:\/\/berti.net\/fr\/parquet\/parquet-essential\/noyer-americain-neutre\/\">Parquet pr\u00e9fini<\/a><\/div>\n<\/li><li class=\"wp-block-post post-15681 product type-product status-publish has-post-thumbnail hentry product_collection-parquet-essential product_color-scuro\">\n<figure style=\"aspect-ratio:1;\" class=\"wp-block-post-featured-image wp-elements-2dbde3715c3c14d0e6a30d6c979a84b9\"><a href=\"https:\/\/berti.net\/fr\/parquet\/parquet-essential\/noyer-americain-antique\/\" target=\"_self\"  ><img loading=\"lazy\" decoding=\"async\" width=\"300\" height=\"300\" src=\"https:\/\/berti.net\/wp-content\/uploads\/2024\/09\/berti-pavimenti-in-legno_parquet-noce_americano_essential-300x300.jpeg\" class=\"attachment-medium size-medium\" alt=\"Noce Americano Antico\" srcset=\"https:\/\/berti.net\/wp-content\/uploads\/2024\/09\/berti-pavimenti-in-legno_parquet-noce_americano_essential-300x300.jpeg 300w, https:\/\/berti.net\/wp-content\/uploads\/2024\/09\/berti-pavimenti-in-legno_parquet-noce_americano_essential-1024x1024.jpeg 1024w, https:\/\/berti.net\/wp-content\/uploads\/2024\/09\/berti-pavimenti-in-legno_parquet-noce_americano_essential-150x150.jpeg 150w, https:\/\/berti.net\/wp-content\/uploads\/2024\/09\/berti-pavimenti-in-legno_parquet-noce_americano_essential-768x768.jpeg 768w, https:\/\/berti.net\/wp-content\/uploads\/2024\/09\/berti-pavimenti-in-legno_parquet-noce_americano_essential-1536x1536.jpeg 1536w, https:\/\/berti.net\/wp-content\/uploads\/2024\/09\/berti-pavimenti-in-legno_parquet-noce_americano_essential.jpeg 1908w\" sizes=\"auto, (max-width: 300px) 100vw, 300px\" \/><\/a><\/figure>\n\n<h2 style=\"font-size:clamp(15.747px, 0.984rem + ((1vw - 3.2px) * 0.645), 24px);font-style:normal;font-weight:700;\" class=\"wp-block-post-title\"><a href=\"https:\/\/berti.net\/fr\/parquet\/parquet-essential\/noyer-americain-antique\/\" target=\"_self\" >Noyer am\u00e9ricain antique<\/a><\/h2>\n\n<div class=\"acf_product_list_subtitle wp-block-post-field\"><a href=\"https:\/\/berti.net\/fr\/parquet\/parquet-essential\/noyer-americain-antique\/\">Parquet pr\u00e9fini<\/a><\/div>\n<\/li><li class=\"wp-block-post post-15679 product type-product status-publish has-post-thumbnail hentry product_collection-parquet-essential\">\n<figure style=\"aspect-ratio:1;\" class=\"wp-block-post-featured-image wp-elements-2dbde3715c3c14d0e6a30d6c979a84b9\"><a href=\"https:\/\/berti.net\/fr\/parquet\/parquet-essential\/noyer-europeen-neutre\/\" target=\"_self\"  ><img loading=\"lazy\" decoding=\"async\" width=\"300\" height=\"300\" src=\"https:\/\/berti.net\/wp-content\/uploads\/2024\/09\/parquet-noce-nazionale-neutro-1-300x300.jpeg\" class=\"attachment-medium size-medium\" alt=\"Noce nazionale neutro\" srcset=\"https:\/\/berti.net\/wp-content\/uploads\/2024\/09\/parquet-noce-nazionale-neutro-1-300x300.jpeg 300w, https:\/\/berti.net\/wp-content\/uploads\/2024\/09\/parquet-noce-nazionale-neutro-1-1024x1024.jpeg 1024w, https:\/\/berti.net\/wp-content\/uploads\/2024\/09\/parquet-noce-nazionale-neutro-1-150x150.jpeg 150w, https:\/\/berti.net\/wp-content\/uploads\/2024\/09\/parquet-noce-nazionale-neutro-1-768x768.jpeg 768w, https:\/\/berti.net\/wp-content\/uploads\/2024\/09\/parquet-noce-nazionale-neutro-1-1536x1536.jpeg 1536w, https:\/\/berti.net\/wp-content\/uploads\/2024\/09\/parquet-noce-nazionale-neutro-1.jpeg 1908w\" sizes=\"auto, (max-width: 300px) 100vw, 300px\" \/><\/a><\/figure>\n\n<h2 style=\"font-size:clamp(15.747px, 0.984rem + ((1vw - 3.2px) * 0.645), 24px);font-style:normal;font-weight:700;\" class=\"wp-block-post-title\"><a href=\"https:\/\/berti.net\/fr\/parquet\/parquet-essential\/noyer-europeen-neutre\/\" target=\"_self\" >Noyer europ\u00e9en Neutre<\/a><\/h2>\n\n<div class=\"acf_product_list_subtitle wp-block-post-field\"><a href=\"https:\/\/berti.net\/fr\/parquet\/parquet-essential\/noyer-europeen-neutre\/\">Parquet pr\u00e9fini<\/a><\/div>\n<\/li><li class=\"wp-block-post post-15677 product type-product status-publish has-post-thumbnail hentry product_collection-parquet-essential product_color-chiaro\">\n<figure style=\"aspect-ratio:1;\" class=\"wp-block-post-featured-image wp-elements-2dbde3715c3c14d0e6a30d6c979a84b9\"><a href=\"https:\/\/berti.net\/fr\/parquet\/parquet-essential\/noyer-blanchi-europeen\/\" target=\"_self\"  ><img loading=\"lazy\" decoding=\"async\" width=\"300\" height=\"300\" src=\"https:\/\/berti.net\/wp-content\/uploads\/2024\/09\/parquet-noce-nazionale-sbiancato-300x300.jpeg\" class=\"attachment-medium size-medium\" alt=\"noce nazionale sbiancato\" srcset=\"https:\/\/berti.net\/wp-content\/uploads\/2024\/09\/parquet-noce-nazionale-sbiancato-300x300.jpeg 300w, https:\/\/berti.net\/wp-content\/uploads\/2024\/09\/parquet-noce-nazionale-sbiancato-1024x1024.jpeg 1024w, https:\/\/berti.net\/wp-content\/uploads\/2024\/09\/parquet-noce-nazionale-sbiancato-150x150.jpeg 150w, https:\/\/berti.net\/wp-content\/uploads\/2024\/09\/parquet-noce-nazionale-sbiancato-768x768.jpeg 768w, https:\/\/berti.net\/wp-content\/uploads\/2024\/09\/parquet-noce-nazionale-sbiancato-1536x1536.jpeg 1536w, https:\/\/berti.net\/wp-content\/uploads\/2024\/09\/parquet-noce-nazionale-sbiancato.jpeg 1908w\" sizes=\"auto, (max-width: 300px) 100vw, 300px\" \/><\/a><\/figure>\n\n<h2 style=\"font-size:clamp(15.747px, 0.984rem + ((1vw - 3.2px) * 0.645), 24px);font-style:normal;font-weight:700;\" class=\"wp-block-post-title\"><a href=\"https:\/\/berti.net\/fr\/parquet\/parquet-essential\/noyer-blanchi-europeen\/\" target=\"_self\" >Noyer blanchi europ\u00e9en<\/a><\/h2>\n\n<div class=\"acf_product_list_subtitle wp-block-post-field\"><a href=\"https:\/\/berti.net\/fr\/parquet\/parquet-essential\/noyer-blanchi-europeen\/\">Parquet pr\u00e9fini<\/a><\/div>\n<\/li><li class=\"wp-block-post post-15675 product type-product status-publish has-post-thumbnail hentry product_collection-parquet-essential product_color-scuro\">\n<figure style=\"aspect-ratio:1;\" class=\"wp-block-post-featured-image wp-elements-2dbde3715c3c14d0e6a30d6c979a84b9\"><a href=\"https:\/\/berti.net\/fr\/parquet\/parquet-essential\/noyer-europeen-rabote-morciato\/\" target=\"_self\"  ><img loading=\"lazy\" decoding=\"async\" width=\"300\" height=\"300\" src=\"https:\/\/berti.net\/wp-content\/uploads\/2024\/09\/parquet-noce-nazionale-piallato-morciato-1-300x300.jpeg\" class=\"attachment-medium size-medium\" alt=\"Noce Piallato Morciato\" srcset=\"https:\/\/berti.net\/wp-content\/uploads\/2024\/09\/parquet-noce-nazionale-piallato-morciato-1-300x300.jpeg 300w, https:\/\/berti.net\/wp-content\/uploads\/2024\/09\/parquet-noce-nazionale-piallato-morciato-1-1024x1024.jpeg 1024w, https:\/\/berti.net\/wp-content\/uploads\/2024\/09\/parquet-noce-nazionale-piallato-morciato-1-150x150.jpeg 150w, https:\/\/berti.net\/wp-content\/uploads\/2024\/09\/parquet-noce-nazionale-piallato-morciato-1-768x768.jpeg 768w, https:\/\/berti.net\/wp-content\/uploads\/2024\/09\/parquet-noce-nazionale-piallato-morciato-1-1536x1536.jpeg 1536w, https:\/\/berti.net\/wp-content\/uploads\/2024\/09\/parquet-noce-nazionale-piallato-morciato-1.jpeg 1908w\" sizes=\"auto, (max-width: 300px) 100vw, 300px\" \/><\/a><\/figure>\n\n<h2 style=\"font-size:clamp(15.747px, 0.984rem + ((1vw - 3.2px) * 0.645), 24px);font-style:normal;font-weight:700;\" class=\"wp-block-post-title\"><a href=\"https:\/\/berti.net\/fr\/parquet\/parquet-essential\/noyer-europeen-rabote-morciato\/\" target=\"_self\" >Noyer europ\u00e9en rabot\u00e9 Morciato<\/a><\/h2>\n\n<div class=\"acf_product_list_subtitle wp-block-post-field\"><a href=\"https:\/\/berti.net\/fr\/parquet\/parquet-essential\/noyer-europeen-rabote-morciato\/\">Parquet pr\u00e9fini<\/a><\/div>\n<\/li><li class=\"wp-block-post post-15673 product type-product status-publish has-post-thumbnail hentry product_collection-parquet-essential\">\n<figure style=\"aspect-ratio:1;\" class=\"wp-block-post-featured-image wp-elements-2dbde3715c3c14d0e6a30d6c979a84b9\"><a href=\"https:\/\/berti.net\/fr\/parquet\/parquet-essential\/teck-neutre\/\" target=\"_self\"  ><img loading=\"lazy\" decoding=\"async\" width=\"300\" height=\"300\" src=\"https:\/\/berti.net\/wp-content\/uploads\/2024\/09\/parquet-scuro-teak-burma-neutro-300x300.jpeg\" class=\"attachment-medium size-medium\" alt=\"Teak Burma Neutro\" srcset=\"https:\/\/berti.net\/wp-content\/uploads\/2024\/09\/parquet-scuro-teak-burma-neutro-300x300.jpeg 300w, https:\/\/berti.net\/wp-content\/uploads\/2024\/09\/parquet-scuro-teak-burma-neutro-1024x1024.jpeg 1024w, https:\/\/berti.net\/wp-content\/uploads\/2024\/09\/parquet-scuro-teak-burma-neutro-150x150.jpeg 150w, https:\/\/berti.net\/wp-content\/uploads\/2024\/09\/parquet-scuro-teak-burma-neutro-768x768.jpeg 768w, https:\/\/berti.net\/wp-content\/uploads\/2024\/09\/parquet-scuro-teak-burma-neutro-1536x1536.jpeg 1536w, https:\/\/berti.net\/wp-content\/uploads\/2024\/09\/parquet-scuro-teak-burma-neutro.jpeg 1908w\" sizes=\"auto, (max-width: 300px) 100vw, 300px\" \/><\/a><\/figure>\n\n<h2 style=\"font-size:clamp(15.747px, 0.984rem + ((1vw - 3.2px) * 0.645), 24px);font-style:normal;font-weight:700;\" class=\"wp-block-post-title\"><a href=\"https:\/\/berti.net\/fr\/parquet\/parquet-essential\/teck-neutre\/\" target=\"_self\" >Teck neutre<\/a><\/h2>\n\n<div class=\"acf_product_list_subtitle wp-block-post-field\"><a href=\"https:\/\/berti.net\/fr\/parquet\/parquet-essential\/teck-neutre\/\">Parquet pr\u00e9fini<\/a><\/div>\n<\/li><li class=\"wp-block-post post-15671 product type-product status-publish has-post-thumbnail hentry product_collection-parquet-essential\">\n<figure style=\"aspect-ratio:1;\" class=\"wp-block-post-featured-image wp-elements-2dbde3715c3c14d0e6a30d6c979a84b9\"><a href=\"https:\/\/berti.net\/fr\/parquet\/parquet-essential\/teck-antique\/\" target=\"_self\"  ><img loading=\"lazy\" decoding=\"async\" width=\"300\" height=\"300\" src=\"https:\/\/berti.net\/wp-content\/uploads\/2024\/09\/parquet-scuro-teak-burma-antico-300x300.jpeg\" class=\"attachment-medium size-medium\" alt=\"Teak Burma Antico\" srcset=\"https:\/\/berti.net\/wp-content\/uploads\/2024\/09\/parquet-scuro-teak-burma-antico-300x300.jpeg 300w, https:\/\/berti.net\/wp-content\/uploads\/2024\/09\/parquet-scuro-teak-burma-antico-1024x1024.jpeg 1024w, https:\/\/berti.net\/wp-content\/uploads\/2024\/09\/parquet-scuro-teak-burma-antico-150x150.jpeg 150w, https:\/\/berti.net\/wp-content\/uploads\/2024\/09\/parquet-scuro-teak-burma-antico-768x768.jpeg 768w, https:\/\/berti.net\/wp-content\/uploads\/2024\/09\/parquet-scuro-teak-burma-antico-1536x1536.jpeg 1536w, https:\/\/berti.net\/wp-content\/uploads\/2024\/09\/parquet-scuro-teak-burma-antico.jpeg 1908w\" sizes=\"auto, (max-width: 300px) 100vw, 300px\" \/><\/a><\/figure>\n\n<h2 style=\"font-size:clamp(15.747px, 0.984rem + ((1vw - 3.2px) * 0.645), 24px);font-style:normal;font-weight:700;\" class=\"wp-block-post-title\"><a href=\"https:\/\/berti.net\/fr\/parquet\/parquet-essential\/teck-antique\/\" target=\"_self\" >Teck antique<\/a><\/h2>\n\n<div class=\"acf_product_list_subtitle wp-block-post-field\"><a href=\"https:\/\/berti.net\/fr\/parquet\/parquet-essential\/teck-antique\/\">Parquet pr\u00e9fini<\/a><\/div>\n<\/li><li class=\"wp-block-post post-15669 product type-product status-publish has-post-thumbnail hentry product_collection-parquet-essential\">\n<figure style=\"aspect-ratio:1;\" class=\"wp-block-post-featured-image wp-elements-2dbde3715c3c14d0e6a30d6c979a84b9\"><a href=\"https:\/\/berti.net\/fr\/parquet\/parquet-essential\/iroko-neutre\/\" target=\"_self\"  ><img loading=\"lazy\" decoding=\"async\" width=\"300\" height=\"300\" src=\"https:\/\/berti.net\/wp-content\/uploads\/2024\/09\/parquet-prefinito-iroko-neutro-300x300.jpeg\" class=\"attachment-medium size-medium\" alt=\"Iroko Neutro\" srcset=\"https:\/\/berti.net\/wp-content\/uploads\/2024\/09\/parquet-prefinito-iroko-neutro-300x300.jpeg 300w, https:\/\/berti.net\/wp-content\/uploads\/2024\/09\/parquet-prefinito-iroko-neutro-1024x1024.jpeg 1024w, https:\/\/berti.net\/wp-content\/uploads\/2024\/09\/parquet-prefinito-iroko-neutro-150x150.jpeg 150w, https:\/\/berti.net\/wp-content\/uploads\/2024\/09\/parquet-prefinito-iroko-neutro-768x768.jpeg 768w, https:\/\/berti.net\/wp-content\/uploads\/2024\/09\/parquet-prefinito-iroko-neutro-1536x1536.jpeg 1536w, https:\/\/berti.net\/wp-content\/uploads\/2024\/09\/parquet-prefinito-iroko-neutro.jpeg 1908w\" sizes=\"auto, (max-width: 300px) 100vw, 300px\" \/><\/a><\/figure>\n\n<h2 style=\"font-size:clamp(15.747px, 0.984rem + ((1vw - 3.2px) * 0.645), 24px);font-style:normal;font-weight:700;\" class=\"wp-block-post-title\"><a href=\"https:\/\/berti.net\/fr\/parquet\/parquet-essential\/iroko-neutre\/\" target=\"_self\" >Iroko neutre<\/a><\/h2>\n\n<div class=\"acf_product_list_subtitle wp-block-post-field\"><a href=\"https:\/\/berti.net\/fr\/parquet\/parquet-essential\/iroko-neutre\/\">Parquet pr\u00e9fini<\/a><\/div>\n<\/li><li class=\"wp-block-post post-15667 product type-product status-publish has-post-thumbnail hentry product_collection-parquet-essential product_color-rosso\">\n<figure style=\"aspect-ratio:1;\" class=\"wp-block-post-featured-image wp-elements-2dbde3715c3c14d0e6a30d6c979a84b9\"><a href=\"https:\/\/berti.net\/fr\/parquet\/parquet-essential\/iroko-antique\/\" target=\"_self\"  ><img loading=\"lazy\" decoding=\"async\" width=\"300\" height=\"300\" src=\"https:\/\/berti.net\/wp-content\/uploads\/2024\/09\/parquet-prefinito-iroko-antico-300x300.jpeg\" class=\"attachment-medium size-medium\" alt=\"Iroko Antico\" srcset=\"https:\/\/berti.net\/wp-content\/uploads\/2024\/09\/parquet-prefinito-iroko-antico-300x300.jpeg 300w, https:\/\/berti.net\/wp-content\/uploads\/2024\/09\/parquet-prefinito-iroko-antico-1024x1024.jpeg 1024w, https:\/\/berti.net\/wp-content\/uploads\/2024\/09\/parquet-prefinito-iroko-antico-150x150.jpeg 150w, https:\/\/berti.net\/wp-content\/uploads\/2024\/09\/parquet-prefinito-iroko-antico-768x768.jpeg 768w, https:\/\/berti.net\/wp-content\/uploads\/2024\/09\/parquet-prefinito-iroko-antico-1536x1536.jpeg 1536w, https:\/\/berti.net\/wp-content\/uploads\/2024\/09\/parquet-prefinito-iroko-antico.jpeg 1908w\" sizes=\"auto, (max-width: 300px) 100vw, 300px\" \/><\/a><\/figure>\n\n<h2 style=\"font-size:clamp(15.747px, 0.984rem + ((1vw - 3.2px) * 0.645), 24px);font-style:normal;font-weight:700;\" class=\"wp-block-post-title\"><a href=\"https:\/\/berti.net\/fr\/parquet\/parquet-essential\/iroko-antique\/\" target=\"_self\" >Iroko antique<\/a><\/h2>\n\n<div class=\"acf_product_list_subtitle wp-block-post-field\"><a href=\"https:\/\/berti.net\/fr\/parquet\/parquet-essential\/iroko-antique\/\">Parquet pr\u00e9fini<\/a><\/div>\n<\/li><li class=\"wp-block-post post-15665 product type-product status-publish has-post-thumbnail hentry product_collection-parquet-essential product_color-rosso\">\n<figure style=\"aspect-ratio:1;\" class=\"wp-block-post-featured-image wp-elements-2dbde3715c3c14d0e6a30d6c979a84b9\"><a href=\"https:\/\/berti.net\/fr\/parquet\/parquet-essential\/doussie-neutre\/\" target=\"_self\"  ><img loading=\"lazy\" decoding=\"async\" width=\"300\" height=\"300\" src=\"https:\/\/berti.net\/wp-content\/uploads\/2024\/09\/berti-pavimenti-in-legno_parquet-doussie-essential-1-300x300.jpeg\" class=\"attachment-medium size-medium\" alt=\"Doussi\u00e8\" srcset=\"https:\/\/berti.net\/wp-content\/uploads\/2024\/09\/berti-pavimenti-in-legno_parquet-doussie-essential-1-300x300.jpeg 300w, https:\/\/berti.net\/wp-content\/uploads\/2024\/09\/berti-pavimenti-in-legno_parquet-doussie-essential-1-1024x1024.jpeg 1024w, https:\/\/berti.net\/wp-content\/uploads\/2024\/09\/berti-pavimenti-in-legno_parquet-doussie-essential-1-150x150.jpeg 150w, https:\/\/berti.net\/wp-content\/uploads\/2024\/09\/berti-pavimenti-in-legno_parquet-doussie-essential-1-768x768.jpeg 768w, https:\/\/berti.net\/wp-content\/uploads\/2024\/09\/berti-pavimenti-in-legno_parquet-doussie-essential-1-1536x1536.jpeg 1536w, https:\/\/berti.net\/wp-content\/uploads\/2024\/09\/berti-pavimenti-in-legno_parquet-doussie-essential-1.jpeg 1908w\" sizes=\"auto, (max-width: 300px) 100vw, 300px\" \/><\/a><\/figure>\n\n<h2 style=\"font-size:clamp(15.747px, 0.984rem + ((1vw - 3.2px) * 0.645), 24px);font-style:normal;font-weight:700;\" class=\"wp-block-post-title\"><a href=\"https:\/\/berti.net\/fr\/parquet\/parquet-essential\/doussie-neutre\/\" target=\"_self\" >Doussi\u00e8 neutre<\/a><\/h2>\n\n<div class=\"acf_product_list_subtitle wp-block-post-field\"><a href=\"https:\/\/berti.net\/fr\/parquet\/parquet-essential\/doussie-neutre\/\">Parquet pr\u00e9fini<\/a><\/div>\n<\/li><li class=\"wp-block-post post-15674 product type-product status-publish has-post-thumbnail hentry product_collection-parquet-essential\">\n<figure style=\"aspect-ratio:1;\" class=\"wp-block-post-featured-image wp-elements-2dbde3715c3c14d0e6a30d6c979a84b9\"><a href=\"https:\/\/berti.net\/fr\/parquet\/parquet-essential\/doussie-antique\/\" target=\"_self\"  ><img loading=\"lazy\" decoding=\"async\" width=\"300\" height=\"300\" src=\"https:\/\/berti.net\/wp-content\/uploads\/2024\/09\/berti-pavimenti-in-legno_parquet-doussie-antico_essential-300x300.jpeg\" class=\"attachment-medium size-medium\" alt=\"Doussi\u00e8 Antico\" srcset=\"https:\/\/berti.net\/wp-content\/uploads\/2024\/09\/berti-pavimenti-in-legno_parquet-doussie-antico_essential-300x300.jpeg 300w, https:\/\/berti.net\/wp-content\/uploads\/2024\/09\/berti-pavimenti-in-legno_parquet-doussie-antico_essential-1024x1024.jpeg 1024w, https:\/\/berti.net\/wp-content\/uploads\/2024\/09\/berti-pavimenti-in-legno_parquet-doussie-antico_essential-150x150.jpeg 150w, https:\/\/berti.net\/wp-content\/uploads\/2024\/09\/berti-pavimenti-in-legno_parquet-doussie-antico_essential-768x768.jpeg 768w, https:\/\/berti.net\/wp-content\/uploads\/2024\/09\/berti-pavimenti-in-legno_parquet-doussie-antico_essential-1536x1536.jpeg 1536w, https:\/\/berti.net\/wp-content\/uploads\/2024\/09\/berti-pavimenti-in-legno_parquet-doussie-antico_essential.jpeg 1908w\" sizes=\"auto, (max-width: 300px) 100vw, 300px\" \/><\/a><\/figure>\n\n<h2 style=\"font-size:clamp(15.747px, 0.984rem + ((1vw - 3.2px) * 0.645), 24px);font-style:normal;font-weight:700;\" class=\"wp-block-post-title\"><a href=\"https:\/\/berti.net\/fr\/parquet\/parquet-essential\/doussie-antique\/\" target=\"_self\" >Doussi\u00e8 Antique<\/a><\/h2>\n\n<div class=\"acf_product_list_subtitle wp-block-post-field\"><a href=\"https:\/\/berti.net\/fr\/parquet\/parquet-essential\/doussie-antique\/\">Parquet pr\u00e9fini<\/a><\/div>\n<\/li><\/ul><\/div>\n<\/div>\n\n<div class=\"wp-block-cover alignfull has-custom-content-position is-position-bottom-left is-style-full-linked\" style=\"margin-bottom:var(--wp--preset--spacing--80);padding-top:4vw;padding-right:4vw;padding-bottom:4vw;padding-left:4vw;min-height:45vw;aspect-ratio:unset;\"><span aria-hidden=\"true\" class=\"wp-block-cover__background has-background-dim-0 has-background-dim\"><\/span><img loading=\"lazy\" decoding=\"async\" width=\"2400\" height=\"1086\" class=\"wp-block-cover__image-background wp-image-13796\" alt=\"\" src=\"https:\/\/www.berti.net\/wp-content\/uploads\/banner.jpg\" data-object-fit=\"cover\" srcset=\"https:\/\/berti.net\/wp-content\/uploads\/banner.jpg 2400w, https:\/\/berti.net\/wp-content\/uploads\/banner-812x367.jpg 812w, https:\/\/berti.net\/wp-content\/uploads\/banner-1920x869.jpg 1920w, https:\/\/berti.net\/wp-content\/uploads\/banner-768x348.jpg 768w, https:\/\/berti.net\/wp-content\/uploads\/banner-1536x695.jpg 1536w, https:\/\/berti.net\/wp-content\/uploads\/banner-2048x927.jpg 2048w\" sizes=\"auto, (max-width: 2400px) 100vw, 2400px\" \/><div class=\"wp-block-cover__inner-container is-layout-flow wp-block-cover-is-layout-flow\">\n<div class=\"wp-block-group has-contrast-2-color has-text-color has-link-color wp-elements-fab932860d79f4bce59bacb1951268ee has-global-padding is-content-justification-left is-layout-constrained wp-container-core-group-is-layout-a3c13640 wp-block-group-is-layout-constrained\">\n<h6 class=\"wp-block-heading has-text-align-left has-contrast-2-color has-text-color has-ml-font-size\" style=\"letter-spacing:0px;line-height:1.2\"><a href=\"https:\/\/berti.local\/parquet-spina\/\" target=\"_blank\" rel=\"noopener\">D\u00e9couvrez les sols \u00e0 chevrons de Berti<\/a><\/h6>\n<\/div>\n<\/div><\/div>\n\n<div class=\"wp-block-group is-style-default has-global-padding is-layout-constrained wp-block-group-is-layout-constrained\" style=\"margin-top:var(--wp--preset--spacing--60)\">\n<figure class=\"wp-block-embed aligncenter is-type-video is-provider-youtube wp-block-embed-youtube wp-embed-aspect-16-9 wp-has-aspect-ratio\"><div class=\"wp-block-embed__wrapper\">\n<iframe loading=\"lazy\" title=\"Collezione Essential\" width=\"500\" height=\"281\" src=\"https:\/\/www.youtube.com\/embed\/8D64dAL0QFY?feature=oembed\" frameborder=\"0\" allow=\"accelerometer; autoplay; clipboard-write; encrypted-media; gyroscope; picture-in-picture; web-share\" referrerpolicy=\"strict-origin-when-cross-origin\" allowfullscreen><\/iframe>\n<\/div><\/figure>\n<\/div>\n\n<div class=\"wp-block-group alignwide is-style-container has-contrast-2-background-color has-background has-global-padding is-layout-constrained wp-container-core-group-is-layout-87315055 wp-block-group-is-layout-constrained\" style=\"margin-top:0\">\n<div class=\"wp-block-columns alignwide are-vertically-aligned-center is-layout-flex wp-container-core-columns-is-layout-e4e53ecd wp-block-columns-is-layout-flex\" style=\"margin-top:var(--wp--preset--spacing--100);margin-bottom:var(--wp--preset--spacing--100)\">\n<div class=\"wp-block-column is-layout-flow wp-block-column-is-layout-flow\" style=\"flex-basis:50%\">\n<figure class=\"wp-block-image size-full\"><img loading=\"lazy\" decoding=\"async\" width=\"1428\" height=\"1427\" src=\"https:\/\/www.berti.net\/wp-content\/uploads\/2024\/10\/catalogo-essential.jpg\" alt=\"\" class=\"wp-image-9925\" style=\"box-shadow:var(--wp--preset--shadow--deep)\" srcset=\"https:\/\/berti.net\/wp-content\/uploads\/2024\/10\/catalogo-essential.jpg 1428w, https:\/\/berti.net\/wp-content\/uploads\/2024\/10\/catalogo-essential-812x812.jpg 812w, https:\/\/berti.net\/wp-content\/uploads\/2024\/10\/catalogo-essential-406x406.jpg 406w, https:\/\/berti.net\/wp-content\/uploads\/2024\/10\/catalogo-essential-768x767.jpg 768w\" sizes=\"auto, (max-width: 1428px) 100vw, 1428px\" \/><\/figure>\n<\/div>\n\n\n\n<div class=\"wp-block-column is-layout-flow wp-block-column-is-layout-flow\" style=\"flex-basis:50%\">\n<h4 class=\"wp-block-heading\" style=\"margin-top:var(--wp--preset--spacing--20);margin-bottom:var(--wp--preset--spacing--20);font-size:clamp(26.944px, 1.684rem + ((1vw - 3.2px) * 1.489), 46px);line-height:1\">D\u00e9couvrez le catalogue Essential<\/h4>\n\n\n\n<p class=\"has-text-color has-body-font-family\" style=\"color:#000000;padding-right:16%;font-size:14px\">Parcourez ou t\u00e9l\u00e9chargez le catalogue pour d\u00e9couvrir la nouvelle collection Essential de Berti Pavimenti Legno.<\/p>\n\n\n\n<div class=\"wp-block-buttons is-layout-flex wp-block-buttons-is-layout-flex\" style=\"margin-top:var(--wp--preset--spacing--30)\">\n<div class=\"wp-block-button has-custom-font-size is-style-fill\" style=\"font-size:clamp(14px, 0.875rem + ((1vw - 3.2px) * 0.156), 16px);\"><a class=\"wp-block-button__link has-base-3-color has-base-background-color has-text-color has-background has-link-color wp-element-button\" href=\"https:\/\/www.berti.net\/wp-content\/uploads\/2024\/10\/berti-parquet-catalogo-prefiniti_2022.pdf\" style=\"padding-top:15px;padding-right:40px;padding-bottom:15px;padding-left:40px\" target=\"_blank\" rel=\"noreferrer noopener\">T\u00c9L\u00c9CHARGER<\/a><\/div>\n<\/div>\n<\/div>\n<\/div>\n<\/div>\n\n<div class=\"wp-block-cover alignfull is-light estimate-request-content\" style=\"margin-top:0\"><span aria-hidden=\"true\" class=\"wp-block-cover__background has-background-dim-0 has-background-dim\"><\/span><img decoding=\"async\" class=\"wp-block-cover__image-background\" alt=\"\" src=\"https:\/\/www.berti.net\/wp-content\/themes\/thombase\/public\/images\/estimateBanner.webp\" data-object-fit=\"cover\"\/><div class=\"wp-block-cover__inner-container has-global-padding is-layout-constrained wp-block-cover-is-layout-constrained\">\n<div id=\"estimate\" class=\"wp-block-group alignleft estimate-request-content-inner has-global-padding is-content-justification-left is-layout-constrained wp-container-core-group-is-layout-94054b8f wp-block-group-is-layout-constrained\">\n<h5 class=\"wp-block-heading\">Demandez un <strong>devis<\/strong>,<br\/>entrez dans le monde Berti<\/h5>\n\n\n\n<p>Remplissez le formulaire pour demander un devis.  <br\/>Vous recevrez une r\u00e9ponse de notre personnel dans les plus brefs d\u00e9lais.<\/p>\n\n\n\n<div class=\"wp-block-buttons is-layout-flex wp-block-buttons-is-layout-flex\">\n<div class=\"wp-block-button is-style-link\"><a class=\"wp-block-button__link wp-element-button\" href=\"https:\/\/www.berti.net\/fr\/demander-un-devis\/\">POSEZ VOTRE CANDIDATURE D\u00c8S MAINTENANT<\/a><\/div>\n<\/div>\n<\/div>\n<\/div><\/div>\n","protected":false},"excerpt":{"rendered":"<p>Essential est la collection de rev\u00eatements de sol en bois \u00e0 l&rsquo;\u00e9l\u00e9gance moderne et essentielle qui se distingue par sa large s\u00e9lection d&rsquo;essences de bois et de couleurs fabriqu\u00e9es selon des normes de qualit\u00e9 \u00e9lev\u00e9es. Ch\u00eane, teck de Birmanie, noyer am\u00e9ricain ou national, doussi\u00e8 africa et parquet iroko.Toutes les finitions et tous les traitements des sols en bois sont con\u00e7us [&hellip;]<\/p>\n","protected":false},"author":2,"featured_media":0,"parent":15085,"menu_order":0,"comment_status":"closed","ping_status":"closed","template":"page-with-overlying-header","meta":{"footnotes":""},"class_list":["post-14927","page","type-page","status-publish","hentry"],"_links":{"self":[{"href":"https:\/\/berti.net\/fr\/wp-json\/wp\/v2\/pages\/14927","targetHints":{"allow":["GET"]}}],"collection":[{"href":"https:\/\/berti.net\/fr\/wp-json\/wp\/v2\/pages"}],"about":[{"href":"https:\/\/berti.net\/fr\/wp-json\/wp\/v2\/types\/page"}],"author":[{"embeddable":true,"href":"https:\/\/berti.net\/fr\/wp-json\/wp\/v2\/users\/2"}],"replies":[{"embeddable":true,"href":"https:\/\/berti.net\/fr\/wp-json\/wp\/v2\/comments?post=14927"}],"version-history":[{"count":2,"href":"https:\/\/berti.net\/fr\/wp-json\/wp\/v2\/pages\/14927\/revisions"}],"predecessor-version":[{"id":15801,"href":"https:\/\/berti.net\/fr\/wp-json\/wp\/v2\/pages\/14927\/revisions\/15801"}],"up":[{"embeddable":true,"href":"https:\/\/berti.net\/fr\/wp-json\/wp\/v2\/pages\/15085"}],"wp:attachment":[{"href":"https:\/\/berti.net\/fr\/wp-json\/wp\/v2\/media?parent=14927"}],"curies":[{"name":"wp","href":"https:\/\/api.w.org\/{rel}","templated":true}]}}