{"id":11934,"date":"2024-09-18T14:30:00","date_gmt":"2024-09-18T14:30:00","guid":{"rendered":"https:\/\/www.berti.net\/?page_id=11934"},"modified":"2025-09-26T07:38:17","modified_gmt":"2025-09-26T07:38:17","slug":"produits-berti","status":"publish","type":"page","link":"https:\/\/berti.net\/fr\/produits-berti\/","title":{"rendered":"Produits Berti"},"content":{"rendered":"\n<div class=\"wp-block-group alignfull hero-title-slider-pattern has-global-padding is-layout-constrained wp-block-group-is-layout-constrained\">\n<div class=\"wp-block-cover alignfull banner-hero has-aspect-ratio wp-duotone-unset-1\" style=\"padding-top:0px;padding-right:0;padding-bottom:0px;padding-left:0;min-height:516px;aspect-ratio:auto;min-height:unset;\"><img loading=\"lazy\" decoding=\"async\" width=\"1600\" height=\"1200\" class=\"wp-block-cover__image-background wp-image-233\" alt=\"\" src=\"https:\/\/www.berti.net\/wp-content\/uploads\/2024\/09\/Hero_1.jpg\" data-object-fit=\"cover\" srcset=\"https:\/\/berti.net\/wp-content\/uploads\/2024\/09\/Hero_1.jpg 1600w, https:\/\/berti.net\/wp-content\/uploads\/2024\/09\/Hero_1-300x225.jpg 300w, https:\/\/berti.net\/wp-content\/uploads\/2024\/09\/Hero_1-1024x768.jpg 1024w, https:\/\/berti.net\/wp-content\/uploads\/2024\/09\/Hero_1-768x576.jpg 768w, https:\/\/berti.net\/wp-content\/uploads\/2024\/09\/Hero_1-1536x1152.jpg 1536w\" sizes=\"auto, (max-width: 1600px) 100vw, 1600px\" \/><span aria-hidden=\"true\" class=\"wp-block-cover__background has-base-background-color has-background-dim\"><\/span><div class=\"wp-block-cover__inner-container is-layout-flow wp-block-cover-is-layout-flow\">\n<div class=\"wp-block-group banner-hero-content has-global-padding is-layout-constrained wp-container-core-group-is-layout-a05d3a21 wp-block-group-is-layout-constrained\">\n<div class=\"wp-block-group has-global-padding is-layout-constrained wp-container-core-group-is-layout-b831be90 wp-block-group-is-layout-constrained\">\n<h1 class=\"wp-block-heading has-text-align-center has-white-color has-text-color has-xxl-font-size\" style=\"letter-spacing:0px;line-height:1\">Produits Berti<\/h1>\n<\/div>\n<\/div>\n<\/div><\/div>\n\n\n\n<div class=\"wp-block-group alignfull slider-hero has-global-padding is-layout-constrained wp-block-group-is-layout-constrained\">\n<div class=\"wp-block-group alignfull moving-gallery has-global-padding is-layout-constrained wp-block-group-is-layout-constrained\" style=\"margin-top:0\">\n<div class=\"wp-block-group wrapper-gallery is-nowrap is-layout-flex wp-container-core-group-is-layout-5c4495dd wp-block-group-is-layout-flex\">\n<figure class=\"wp-block-image size-full is-resized\"><img decoding=\"async\" src=\"https:\/\/www.berti.net\/wp-content\/themes\/thombase\/public\/images\/hz-gallery-01.webp\" alt=\"parquet de salle de bains\" style=\"width:436px\"\/><\/figure>\n\n\n\n<figure class=\"wp-block-image size-full is-resized\"><img decoding=\"async\" src=\"https:\/\/www.berti.net\/wp-content\/themes\/thombase\/public\/images\/hz-gallery-02.webp\" alt=\"Chevrons de parquet\" style=\"width:400px\"\/><\/figure>\n\n\n\n<figure class=\"wp-block-image size-full is-resized\"><img decoding=\"async\" src=\"https:\/\/www.berti.net\/wp-content\/themes\/thombase\/public\/images\/hz-gallery-03.webp\" alt=\"Chevrons de parquet salon\" style=\"width:436px\"\/><\/figure>\n\n\n\n<figure class=\"wp-block-image size-full is-resized\"><img decoding=\"async\" src=\"https:\/\/www.berti.net\/wp-content\/themes\/thombase\/public\/images\/hz-gallery-04.webp\" alt=\"Chevrons de parquet salon\" style=\"width:280px\"\/><\/figure>\n\n\n\n<figure class=\"wp-block-image size-full is-resized\"><img decoding=\"async\" src=\"https:\/\/www.berti.net\/wp-content\/themes\/thombase\/public\/images\/hz-gallery-05.webp\" alt=\"Chevrons de parquet salon\" style=\"width:436px\"\/><\/figure>\n\n\n\n<figure class=\"wp-block-image size-full is-resized\"><img decoding=\"async\" src=\"https:\/\/www.berti.net\/wp-content\/themes\/thombase\/public\/images\/hz-gallery-06.webp\" alt=\"\" style=\"width:455px\"\/><\/figure>\n\n\n\n<figure class=\"wp-block-image size-full is-resized\"><img decoding=\"async\" src=\"https:\/\/www.berti.net\/wp-content\/themes\/thombase\/public\/images\/hz-gallery-07.webp\" alt=\"\" style=\"width:436px\"\/><\/figure>\n<\/div>\n<\/div>\n<\/div>\n<\/div>\n\n<div class=\"wp-block-group alignwide has-global-padding is-layout-constrained wp-container-core-group-is-layout-92dded1c wp-block-group-is-layout-constrained\" style=\"margin-top:var(--wp--preset--spacing--120);margin-bottom:var(--wp--preset--spacing--120)\">\n<div class=\"wp-block-group title-text-indented-pattern has-global-padding is-layout-constrained wp-container-core-group-is-layout-a31aa551 wp-block-group-is-layout-constrained\">\n<h2 class=\"wp-block-heading has-text-color\" style=\"color:#000000\">D\u00e9couvrez toutes les collections <strong>Berti Pavimenti Legno<\/strong>: parquets et rev\u00eatements de sol en bois pr\u00e9finis, du ch\u00eane au noyer, du style contemporain aux incrustations les plus artistiques.<\/h2>\n\n\n\n<div class=\"wp-block-group has-global-padding is-layout-constrained wp-block-group-is-layout-constrained\">\n<p class=\"has-text-color has-m-22-font-size\" style=\"line-height:1.5\">Le bois est le mat\u00e9riau naturel par excellence : toujours pl\u00e9biscit\u00e9 comme mat\u00e9riau vivant, il est le choix du bien-\u00eatre. L&rsquo;\u00e9motion et la chaleur du bois naturel ne peuvent \u00eatre compar\u00e9es \u00e0 aucun autre choix en mati\u00e8re de rev\u00eatement, associ\u00e9es \u00e0 de hautes performances et \u00e0 une remarquable \u00e9l\u00e9gance esth\u00e9tique et d\u00e9corative. Vous connaissez la qualit\u00e9 de nos produits : le bois et le parquet sont nos passions.  <\/p>\n<\/div>\n<\/div>\n<\/div>\n\n<div class=\"wp-block-group alignwide has-global-padding is-layout-constrained wp-container-core-group-is-layout-d427c859 wp-block-group-is-layout-constrained\" style=\"margin-top:var(--wp--preset--spacing--50);margin-bottom:var(--wp--preset--spacing--50);padding-right:16px;padding-left:16px\">\n<figure class=\"wp-block-image size-large\"><a href=\"https:\/\/www.berti.net\/fr\/parquet\/\"><img loading=\"lazy\" decoding=\"async\" width=\"1024\" height=\"576\" src=\"https:\/\/www.berti.net\/wp-content\/uploads\/2024\/09\/berti-pavimenti-in-legno_parquet-rovere_essential-sand-1024x576.jpg\" alt=\"collection de parquets\" class=\"wp-image-602\" srcset=\"https:\/\/berti.net\/wp-content\/uploads\/2024\/09\/berti-pavimenti-in-legno_parquet-rovere_essential-sand-1024x576.jpg 1024w, https:\/\/berti.net\/wp-content\/uploads\/2024\/09\/berti-pavimenti-in-legno_parquet-rovere_essential-sand-300x169.jpg 300w, https:\/\/berti.net\/wp-content\/uploads\/2024\/09\/berti-pavimenti-in-legno_parquet-rovere_essential-sand-768x432.jpg 768w, https:\/\/berti.net\/wp-content\/uploads\/2024\/09\/berti-pavimenti-in-legno_parquet-rovere_essential-sand-1536x864.jpg 1536w, https:\/\/berti.net\/wp-content\/uploads\/2024\/09\/berti-pavimenti-in-legno_parquet-rovere_essential-sand.jpg 1928w\" sizes=\"auto, (max-width: 1024px) 100vw, 1024px\" \/><\/a><\/figure>\n<\/div>\n\n<div class=\"wp-block-group alignwide has-base-color has-text-color has-link-color wp-elements-d88392d5c475684148ed755ebbd1255c has-global-padding is-layout-constrained wp-container-core-group-is-layout-e7f6fb82 wp-block-group-is-layout-constrained\" style=\"padding-top:0;padding-bottom:var(--wp--preset--spacing--90)\">\n<h3 class=\"wp-block-heading has-text-color has-l-48-font-size\" style=\"color:#000000\"><a href=\"https:\/\/www.berti.net\/fr\/parquet\/\">Parquet<\/a><\/h3>\n\n\n\n<div class=\"wp-block-group has-global-padding is-layout-constrained wp-block-group-is-layout-constrained\">\n<p class=\"has-m-22-font-size\" style=\"line-height:1.5\">D\u00e9couvrez toutes les collections Berti Pavimenti Legno : parquets et rev\u00eatements de sol en bois pr\u00e9finis, du ch\u00eane au noyer, du style contemporain aux incrustations les plus artistiques.<\/p>\n\n\n\n<p class=\"has-m-22-font-size\" style=\"line-height:1.5\">Le bois est le mat\u00e9riau naturel par excellence : toujours pl\u00e9biscit\u00e9 comme mat\u00e9riau vivant, il est un choix de bien-\u00eatre. L&rsquo;\u00e9motion et la chaleur du bois naturel ne peuvent \u00eatre compar\u00e9es \u00e0 aucun autre choix en mati\u00e8re de rev\u00eatement, alli\u00e9es \u00e0 de hautes performances et \u00e0 une remarquable \u00e9l\u00e9gance esth\u00e9tique et d\u00e9corative.<br\/>Vous connaissez la qualit\u00e9 de nos produits : le bois et le parquet sont notre passion. <\/p>\n\n\n\n<div class=\"wp-block-buttons is-layout-flex wp-block-buttons-is-layout-flex\" style=\"margin-top:var(--wp--preset--spacing--40)\">\n<div class=\"wp-block-button is-style-fill\"><a class=\"wp-block-button__link has-contrast-2-color has-base-background-color has-text-color has-background has-link-color wp-element-button\" href=\"https:\/\/www.berti.net\/fr\/parquet\/\" style=\"padding-top:15px;padding-right:30px;padding-bottom:15px;padding-left:30px\">D\u00e9couvrez les collections<\/a><\/div>\n<\/div>\n<\/div>\n<\/div>\n\n<div class=\"wp-block-group alignwide has-global-padding is-layout-constrained wp-container-core-group-is-layout-d427c859 wp-block-group-is-layout-constrained\" style=\"margin-top:var(--wp--preset--spacing--50);margin-bottom:var(--wp--preset--spacing--50);padding-right:16px;padding-left:16px\">\n<figure class=\"wp-block-image size-large\"><a href=\"https:\/\/www.berti.net\/fr\/i-wood\/\"><img loading=\"lazy\" decoding=\"async\" width=\"1024\" height=\"554\" src=\"https:\/\/www.berti.net\/wp-content\/uploads\/2024\/09\/quadrotte-rivestimento-iwood-berti-4-1024x554.jpg\" alt=\"Boiserie de la collection I-Wood\" class=\"wp-image-617\" srcset=\"https:\/\/berti.net\/wp-content\/uploads\/2024\/09\/quadrotte-rivestimento-iwood-berti-4-1024x554.jpg 1024w, https:\/\/berti.net\/wp-content\/uploads\/2024\/09\/quadrotte-rivestimento-iwood-berti-4-300x162.jpg 300w, https:\/\/berti.net\/wp-content\/uploads\/2024\/09\/quadrotte-rivestimento-iwood-berti-4-768x415.jpg 768w, https:\/\/berti.net\/wp-content\/uploads\/2024\/09\/quadrotte-rivestimento-iwood-berti-4-1536x831.jpg 1536w, https:\/\/berti.net\/wp-content\/uploads\/2024\/09\/quadrotte-rivestimento-iwood-berti-4.jpg 1928w\" sizes=\"auto, (max-width: 1024px) 100vw, 1024px\" \/><\/a><\/figure>\n<\/div>\n\n<div class=\"wp-block-group alignwide has-global-padding is-layout-constrained wp-container-core-group-is-layout-e7f6fb82 wp-block-group-is-layout-constrained\" style=\"padding-top:0;padding-bottom:var(--wp--preset--spacing--90)\">\n<h3 class=\"wp-block-heading has-text-color has-l-48-font-size\" style=\"color:#000000\"><a href=\"https:\/\/www.berti.net\/fr\/i-wood\/\">Rev\u00eatement en bois<\/a><\/h3>\n\n\n\n<div class=\"wp-block-group has-global-padding is-layout-constrained wp-block-group-is-layout-constrained\">\n<p class=\"has-m-22-font-size\" style=\"line-height:1.5\"><strong>Bois innovant et intelligent<\/strong><br\/>Berti pr\u00e9sente I-Wood, le nouveau syst\u00e8me de Boiserie. Un projet tr\u00e8s innovant r\u00e9alis\u00e9 \u00e0 partir de mat\u00e9riaux certifi\u00e9s pour un produit durable et durable avec un design Made in Italy. <br\/><br\/>Une solution rentable et durable : du bois qui repousse facilement et rapidement est s\u00e9lectionn\u00e9 afin d&rsquo;utiliser des couches fines et r\u00e9sistantes et de cr\u00e9er une structure solide \u00e0 trois couches d&rsquo;une \u00e9paisseur totale de 10,2 mm.<\/p>\n\n\n\n<div class=\"wp-block-buttons is-layout-flex wp-block-buttons-is-layout-flex\" style=\"margin-top:var(--wp--preset--spacing--40)\">\n<div class=\"wp-block-button is-style-fill\"><a class=\"wp-block-button__link has-contrast-2-color has-base-background-color has-text-color has-background has-link-color wp-element-button\" href=\"https:\/\/www.berti.net\/fr\/i-wood\/\" style=\"padding-top:15px;padding-right:30px;padding-bottom:15px;padding-left:30px\">D\u00e9couvrez les collections<\/a><\/div>\n<\/div>\n<\/div>\n<\/div>\n\n<div class=\"wp-block-group alignwide has-global-padding is-layout-constrained wp-container-core-group-is-layout-d427c859 wp-block-group-is-layout-constrained\" style=\"margin-top:var(--wp--preset--spacing--50);margin-bottom:var(--wp--preset--spacing--50);padding-right:16px;padding-left:16px\">\n<figure class=\"wp-block-image size-large\"><a href=\"https:\/\/www.berti.net\/fr\/collection-salle-de-bain\/\"><img loading=\"lazy\" decoding=\"async\" width=\"1024\" height=\"574\" src=\"https:\/\/www.berti.net\/wp-content\/uploads\/2024\/09\/berti-pavimenti-in-legno_parquet_piano-bagno_vanity_01-1024x574.jpg\" alt=\"collection de salles de bains\" class=\"wp-image-596\" srcset=\"https:\/\/berti.net\/wp-content\/uploads\/2024\/09\/berti-pavimenti-in-legno_parquet_piano-bagno_vanity_01-1024x574.jpg 1024w, https:\/\/berti.net\/wp-content\/uploads\/2024\/09\/berti-pavimenti-in-legno_parquet_piano-bagno_vanity_01-300x168.jpg 300w, https:\/\/berti.net\/wp-content\/uploads\/2024\/09\/berti-pavimenti-in-legno_parquet_piano-bagno_vanity_01-768x430.jpg 768w, https:\/\/berti.net\/wp-content\/uploads\/2024\/09\/berti-pavimenti-in-legno_parquet_piano-bagno_vanity_01-1536x860.jpg 1536w, https:\/\/berti.net\/wp-content\/uploads\/2024\/09\/berti-pavimenti-in-legno_parquet_piano-bagno_vanity_01.jpg 1928w\" sizes=\"auto, (max-width: 1024px) 100vw, 1024px\" \/><\/a><\/figure>\n<\/div>\n\n<div class=\"wp-block-group alignwide has-base-color has-text-color has-link-color wp-elements-5d5b0edcd3901dcdf0aa16681c4254ac has-global-padding is-layout-constrained wp-container-core-group-is-layout-6de9c66b wp-block-group-is-layout-constrained\" style=\"padding-top:0;padding-bottom:0\">\n<h3 class=\"wp-block-heading has-text-color has-l-48-font-size\" style=\"color:#000000\"><a href=\"https:\/\/www.berti.net\/fr\/collection-salle-de-bain\/\">Collection de salles de bains<\/a><\/h3>\n\n\n\n<div class=\"wp-block-group has-global-padding is-layout-constrained wp-block-group-is-layout-constrained\">\n<p class=\"has-m-22-font-size\" style=\"line-height:1.5\">Berti pr\u00e9sente la collection exclusive Piano Bagno.<br\/>La vaste gamme d&rsquo;essences de bois et de finitions permet de personnaliser de mani\u00e8re cr\u00e9ative l&rsquo;espace de votre salle de bains en choisissant entre deux designs diff\u00e9rents, minimaux, \u00e9l\u00e9gants et toujours contemporains.<br\/><br\/>Le parquet, mat\u00e9riau vivant et \u00e9quilibrant, est adapt\u00e9 \u00e0 tous les espaces.<\/p>\n\n\n\n<p class=\"has-m-22-font-size\" style=\"line-height:1.5\">Outre ses qualit\u00e9s techniques, ce mat\u00e9riau de rev\u00eatement mural est un \u00e9l\u00e9ment d&rsquo;ameublement capable d&rsquo;inspirer des choix globaux&#8230; qui, parfois,<br\/>ne s&rsquo;arr\u00eatent pas aux sols !<\/p>\n\n\n\n<div class=\"wp-block-buttons is-layout-flex wp-block-buttons-is-layout-flex\" style=\"margin-top:var(--wp--preset--spacing--40)\">\n<div class=\"wp-block-button is-style-fill\"><a class=\"wp-block-button__link has-contrast-2-color has-base-background-color has-text-color has-background has-link-color wp-element-button\" href=\"https:\/\/www.berti.net\/fr\/collection-salle-de-bain\/\" style=\"padding-top:15px;padding-right:30px;padding-bottom:15px;padding-left:30px\">D\u00e9couvrez la collection<\/a><\/div>\n<\/div>\n<\/div>\n<\/div>\n\n<div style=\"height:100px\" aria-hidden=\"true\" class=\"wp-block-spacer\"><\/div>\n\n<div class=\"wp-block-cover alignfull is-light estimate-request-content\" style=\"margin-top:0\"><img decoding=\"async\" class=\"wp-block-cover__image-background\" alt=\"\" src=\"https:\/\/www.berti.net\/wp-content\/themes\/thombase\/public\/images\/estimateBanner.webp\" data-object-fit=\"cover\"\/><span aria-hidden=\"true\" class=\"wp-block-cover__background has-background-dim-0 has-background-dim\"><\/span><div class=\"wp-block-cover__inner-container has-global-padding is-layout-constrained wp-block-cover-is-layout-constrained\">\n<div id=\"estimate\" class=\"wp-block-group alignleft estimate-request-content-inner has-global-padding is-content-justification-left is-layout-constrained wp-container-core-group-is-layout-94054b8f wp-block-group-is-layout-constrained\">\n<h5 class=\"wp-block-heading\">Demandez un <strong>devis<\/strong>,<br\/>entrez dans le monde Berti<\/h5>\n\n\n\n<p style=\"line-height:1.5\">Remplissez le formulaire de demande de devis. Vous recevrez une r\u00e9ponse de notre \u00e9quipe dans les plus brefs d\u00e9lais. <\/p>\n\n\n\n<div class=\"wp-block-buttons is-layout-flex wp-block-buttons-is-layout-flex\">\n<div class=\"wp-block-button is-style-link\"><a class=\"wp-block-button__link wp-element-button\" href=\"https:\/\/www.berti.net\/fr\/demander-un-devis\/\">POSEZ VOTRE CANDIDATURE D\u00c8S MAINTENANT<\/a><\/div>\n<\/div>\n<\/div>\n<\/div><\/div>\n\n<p><\/p>\n","protected":false},"excerpt":{"rendered":"<p>D\u00e9couvrez toutes les collections Berti Pavimenti Legno: parquets et rev\u00eatements de sol en bois pr\u00e9finis, du ch\u00eane au noyer, du style contemporain aux incrustations les plus artistiques. Le bois est le mat\u00e9riau naturel par excellence : toujours pl\u00e9biscit\u00e9 comme mat\u00e9riau vivant, il est le choix du bien-\u00eatre. L&rsquo;\u00e9motion et la chaleur du bois naturel ne peuvent \u00eatre compar\u00e9es \u00e0 aucun [&hellip;]<\/p>\n","protected":false},"author":2,"featured_media":0,"parent":0,"menu_order":0,"comment_status":"closed","ping_status":"closed","template":"page-with-overlying-header","meta":{"footnotes":""},"class_list":["post-11934","page","type-page","status-publish","hentry"],"_links":{"self":[{"href":"https:\/\/berti.net\/fr\/wp-json\/wp\/v2\/pages\/11934","targetHints":{"allow":["GET"]}}],"collection":[{"href":"https:\/\/berti.net\/fr\/wp-json\/wp\/v2\/pages"}],"about":[{"href":"https:\/\/berti.net\/fr\/wp-json\/wp\/v2\/types\/page"}],"author":[{"embeddable":true,"href":"https:\/\/berti.net\/fr\/wp-json\/wp\/v2\/users\/2"}],"replies":[{"embeddable":true,"href":"https:\/\/berti.net\/fr\/wp-json\/wp\/v2\/comments?post=11934"}],"version-history":[{"count":8,"href":"https:\/\/berti.net\/fr\/wp-json\/wp\/v2\/pages\/11934\/revisions"}],"predecessor-version":[{"id":27192,"href":"https:\/\/berti.net\/fr\/wp-json\/wp\/v2\/pages\/11934\/revisions\/27192"}],"wp:attachment":[{"href":"https:\/\/berti.net\/fr\/wp-json\/wp\/v2\/media?parent=11934"}],"curies":[{"name":"wp","href":"https:\/\/api.w.org\/{rel}","templated":true}]}}