{"id":19184,"date":"2025-01-15T15:05:28","date_gmt":"2025-01-15T15:05:28","guid":{"rendered":"https:\/\/www.berti.net\/references\/residencia-privada-bulgaria\/"},"modified":"2025-06-06T12:22:29","modified_gmt":"2025-06-06T12:22:29","slug":"residencia-privada-bulgaria","status":"publish","type":"reference","link":"https:\/\/berti.net\/es\/referencias\/residencia-privada-bulgaria\/","title":{"rendered":"Residencia privada Bulgaria"},"content":{"rendered":"\n<div class=\"wp-block-group alignfull hero-title-slider-pattern has-global-padding is-layout-constrained wp-block-group-is-layout-constrained\">\n<div class=\"wp-block-group banner-hero-content has-global-padding is-layout-constrained wp-container-core-group-is-layout-cd4cad2f wp-block-group-is-layout-constrained\" style=\"margin-top:var(--wp--preset--spacing--70);margin-bottom:var(--wp--preset--spacing--60)\">\n<div class=\"wp-block-group is-style-container has-global-padding is-layout-constrained wp-container-core-group-is-layout-a816393c wp-block-group-is-layout-constrained\">\n<h1 class=\"wp-block-heading has-text-align-center has-xxl-font-size\" style=\"margin-bottom:16px;letter-spacing:0px;line-height:1\">Residencia privada<\/h1>\n\n\n\n<h2 class=\"wp-block-heading has-m-22-font-size\" style=\"margin-top:var(--wp--preset--spacing--50)\">Lujo y artesan\u00eda en los suelos de marqueter\u00eda<\/h2>\n\n\n\n<p>Situada en <strong>Bulgaria<\/strong>, esta prestigiosa villa es una<strong>obra de arte arquitect\u00f3nica<\/strong> dise\u00f1ada por<strong>el arquitecto Pietro Del Vaglio<\/strong>. Toda la estructura, de <strong>5.000 metros cuadrados<\/strong>, est\u00e1 inspirada en la<strong>elegancia intemporal del Renacimiento<\/strong>, un estilo que se adapta perfectamente a la funci\u00f3n de los espacios y a su uso previsto. <\/p>\n\n\n\n<p>Cada habitaci\u00f3n se ha dise\u00f1ado para <strong>reflejar el refinamiento y la majestuosidad de las residencias hist\u00f3ricas<\/strong>, combinando <strong>el dise\u00f1o cl\u00e1sico con materiales nobles<\/strong> y artesan\u00eda del m\u00e1s alto nivel.<\/p>\n<\/div>\n<\/div>\n<\/div>\n\n<div class=\"wp-block-group is-style-container has-global-padding is-layout-constrained wp-block-group-is-layout-constrained\">\n<figure class=\"wp-block-image alignfull size-large\"><img loading=\"lazy\" decoding=\"async\" width=\"1920\" height=\"1076\" src=\"https:\/\/www.berti.net\/wp-content\/uploads\/berti-pavimenti-in-legno_parquet-referenze-bulgaria_particolare-intarsio-04-scaled-1-1920x1076.jpg\" alt=\"\" class=\"wp-image-11672\" srcset=\"https:\/\/berti.net\/wp-content\/uploads\/berti-pavimenti-in-legno_parquet-referenze-bulgaria_particolare-intarsio-04-scaled-1-1920x1076.jpg 1920w, https:\/\/berti.net\/wp-content\/uploads\/berti-pavimenti-in-legno_parquet-referenze-bulgaria_particolare-intarsio-04-scaled-1-812x455.jpg 812w, https:\/\/berti.net\/wp-content\/uploads\/berti-pavimenti-in-legno_parquet-referenze-bulgaria_particolare-intarsio-04-scaled-1-768x430.jpg 768w, https:\/\/berti.net\/wp-content\/uploads\/berti-pavimenti-in-legno_parquet-referenze-bulgaria_particolare-intarsio-04-scaled-1-1536x860.jpg 1536w, https:\/\/berti.net\/wp-content\/uploads\/berti-pavimenti-in-legno_parquet-referenze-bulgaria_particolare-intarsio-04-scaled-1-2048x1147.jpg 2048w\" sizes=\"auto, (max-width: 1920px) 100vw, 1920px\" \/><\/figure>\n<\/div>\n\n<div class=\"wp-block-group banner-hero-content has-global-padding is-layout-constrained wp-container-core-group-is-layout-b09daadc wp-block-group-is-layout-constrained\" style=\"margin-top:var(--wp--preset--spacing--30);margin-bottom:var(--wp--preset--spacing--60)\">\n<div class=\"wp-block-group is-style-container has-global-padding is-layout-constrained wp-container-core-group-is-layout-a816393c wp-block-group-is-layout-constrained\">\n<h2 class=\"wp-block-heading has-m-22-font-size\">Suelos de marqueter\u00eda &#8211; Una obra de Berti Pavimenti<\/h2>\n\n\n\n<p>Elemento distintivo del proyecto, <strong>los suelos de madera taraceada de Berti<\/strong> est\u00e1n en el coraz\u00f3n de la residencia, a\u00f1adiendo un toque de <strong>elegancia, tradici\u00f3n y lujo<\/strong>.<\/p>\n\n\n\n<p>\u2714 <strong>Materiales preciosos<\/strong>: uso de <strong>teca y weng\u00e9<\/strong>, dos maderas de primera calidad conocidas por su durabilidad y belleza natural.<br\/>\u2714 <strong>Dise\u00f1o de inspiraci\u00f3n renacentista<\/strong>: sofisticados motivos incrustados, con patrones geom\u00e9tricos y cenefas decorativas, tomados de antiguas residencias nobiliarias.<br\/>\u2714 <strong>Tecnolog\u00eda y artesan\u00eda<\/strong>: incrustaciones cortadas con l\u00e1ser para una precisi\u00f3n absoluta, combinadas con la maestr\u00eda de los artesanos de Berti.<br\/>\u2714 <strong>Coherencia est\u00e9tica con la arquitectura<\/strong>: el parquet dialoga perfectamente con los elementos arquitect\u00f3nicos y de mobiliario, creando un <strong>ambiente armonioso y sofisticado<\/strong>.<\/p>\n\n\n\n<p>El uso de la madera, trabajada con <strong>esmero y atenci\u00f3n al detalle<\/strong>, realza la belleza de la arquitectura, haciendo los espacios <strong>acogedores y de gran impacto visual<\/strong>.Berti Flooring &#8211; Tradici\u00f3n artesanal al servicio de la arquitectura de prestigio<\/p>\n\n\n\n<h2 class=\"wp-block-heading has-m-22-font-size\">Suelos Berti &#8211; La tradici\u00f3n artesanal al servicio de la arquitectura de prestigio<\/h2>\n\n\n\n<p>La colaboraci\u00f3n con <strong>Berti Pavimenti<\/strong> permiti\u00f3 crear un suelo \u00fanico, capaz de expresar el <strong>prestigio y el valor art\u00edstico<\/strong> de la residencia.<\/p>\n\n\n\n<p>Gracias a la combinaci\u00f3n de <strong>tecnolog\u00eda innovadora y artesan\u00eda<\/strong>, los suelos de parquet Berti son un elemento distintivo para proyectos de alto perfil en los que <strong>los detalles marcan la diferencia<\/strong>.<\/p>\n<\/div>\n<\/div>\n\n<div class=\"wp-block-group is-style-container has-global-padding is-layout-constrained wp-block-group-is-layout-constrained\" style=\"margin-top:var(--wp--preset--spacing--50)\">\n<div class=\"thom-isotope-gallery-wrapper wp-block-wpe-thom-masonry-gallery-block\">\n\t\n<div class=\"wp-block-wpe-thom-masonry-gallery-block isotope-gallery grid lightbox dc__3 tc__2 pc__1 dg__16 tg__16 pg__12\" id=\"68606f83\" data-id=\"68606f83\"><div class=\"grid-sizer\"><\/div><div class=\"gutter-sizer\"><\/div><a class=\"grid-item single-gallery-image none dg__16 tg__16 pg__12\" href=\"https:\/\/www.berti.net\/wp-content\/uploads\/berti-pavimenti-in-legno_parquet-referenze-bulgaria_particolare-intarsio-02.jpg\" data-pswp-width=\"1265\" data-pswp-height=\"1580\"><img decoding=\"async\" width=\"1265\" height=\"1580\" src=\"https:\/\/www.berti.net\/wp-content\/uploads\/berti-pavimenti-in-legno_parquet-referenze-bulgaria_particolare-intarsio-02.jpg\" alt=\"Galer\u00eda de im\u00e1genes\" class=\"wp-image-11675\" loading=\"lazy\" srcset=\"https:\/\/berti.net\/wp-content\/uploads\/berti-pavimenti-in-legno_parquet-referenze-bulgaria_particolare-intarsio-02.jpg 1265w, https:\/\/berti.net\/wp-content\/uploads\/berti-pavimenti-in-legno_parquet-referenze-bulgaria_particolare-intarsio-02-650x812.jpg 650w, https:\/\/berti.net\/wp-content\/uploads\/berti-pavimenti-in-legno_parquet-referenze-bulgaria_particolare-intarsio-02-768x959.jpg 768w, https:\/\/berti.net\/wp-content\/uploads\/berti-pavimenti-in-legno_parquet-referenze-bulgaria_particolare-intarsio-02-1230x1536.jpg 1230w\" sizes=\"auto, (max-width: 1265px) 100vw, 1265px\" \/><\/a><a class=\"grid-item single-gallery-image none dg__16 tg__16 pg__12\" href=\"https:\/\/www.berti.net\/wp-content\/uploads\/berti-pavimenti-in-legno_parquet-referenze-bulgaria_particolare-intarsio-05-scaled-1.jpg\" data-pswp-width=\"2560\" data-pswp-height=\"1434\"><img decoding=\"async\" width=\"2560\" height=\"1434\" src=\"https:\/\/www.berti.net\/wp-content\/uploads\/berti-pavimenti-in-legno_parquet-referenze-bulgaria_particolare-intarsio-05-scaled-1.jpg\" alt=\"Galer\u00eda de im\u00e1genes\" class=\"wp-image-11678\" loading=\"lazy\" srcset=\"https:\/\/berti.net\/wp-content\/uploads\/berti-pavimenti-in-legno_parquet-referenze-bulgaria_particolare-intarsio-05-scaled-1.jpg 2560w, https:\/\/berti.net\/wp-content\/uploads\/berti-pavimenti-in-legno_parquet-referenze-bulgaria_particolare-intarsio-05-scaled-1-812x455.jpg 812w, https:\/\/berti.net\/wp-content\/uploads\/berti-pavimenti-in-legno_parquet-referenze-bulgaria_particolare-intarsio-05-scaled-1-1920x1076.jpg 1920w, https:\/\/berti.net\/wp-content\/uploads\/berti-pavimenti-in-legno_parquet-referenze-bulgaria_particolare-intarsio-05-scaled-1-768x430.jpg 768w, https:\/\/berti.net\/wp-content\/uploads\/berti-pavimenti-in-legno_parquet-referenze-bulgaria_particolare-intarsio-05-scaled-1-1536x860.jpg 1536w, https:\/\/berti.net\/wp-content\/uploads\/berti-pavimenti-in-legno_parquet-referenze-bulgaria_particolare-intarsio-05-scaled-1-2048x1147.jpg 2048w\" sizes=\"auto, (max-width: 2560px) 100vw, 2560px\" \/><\/a><a class=\"grid-item single-gallery-image none dg__16 tg__16 pg__12\" href=\"https:\/\/www.berti.net\/wp-content\/uploads\/berti-pavimenti-in-legno_parquet-referenze-bulgaria_particolare-intarsio-03.jpg\" data-pswp-width=\"1265\" data-pswp-height=\"1580\"><img decoding=\"async\" width=\"1265\" height=\"1580\" src=\"https:\/\/www.berti.net\/wp-content\/uploads\/berti-pavimenti-in-legno_parquet-referenze-bulgaria_particolare-intarsio-03.jpg\" alt=\"Galer\u00eda de im\u00e1genes\" class=\"wp-image-11681\" loading=\"lazy\" srcset=\"https:\/\/berti.net\/wp-content\/uploads\/berti-pavimenti-in-legno_parquet-referenze-bulgaria_particolare-intarsio-03.jpg 1265w, https:\/\/berti.net\/wp-content\/uploads\/berti-pavimenti-in-legno_parquet-referenze-bulgaria_particolare-intarsio-03-650x812.jpg 650w, https:\/\/berti.net\/wp-content\/uploads\/berti-pavimenti-in-legno_parquet-referenze-bulgaria_particolare-intarsio-03-768x959.jpg 768w, https:\/\/berti.net\/wp-content\/uploads\/berti-pavimenti-in-legno_parquet-referenze-bulgaria_particolare-intarsio-03-1230x1536.jpg 1230w\" sizes=\"auto, (max-width: 1265px) 100vw, 1265px\" \/><\/a><a class=\"grid-item single-gallery-image none dg__16 tg__16 pg__12\" href=\"https:\/\/www.berti.net\/wp-content\/uploads\/berti-pavimenti-in-legno_parquet-referenze-bulgaria_particolare-intarsio-01.jpg\" data-pswp-width=\"1265\" data-pswp-height=\"1580\"><img decoding=\"async\" width=\"1265\" height=\"1580\" src=\"https:\/\/www.berti.net\/wp-content\/uploads\/berti-pavimenti-in-legno_parquet-referenze-bulgaria_particolare-intarsio-01.jpg\" alt=\"Galer\u00eda de im\u00e1genes\" class=\"wp-image-11684\" loading=\"lazy\" srcset=\"https:\/\/berti.net\/wp-content\/uploads\/berti-pavimenti-in-legno_parquet-referenze-bulgaria_particolare-intarsio-01.jpg 1265w, https:\/\/berti.net\/wp-content\/uploads\/berti-pavimenti-in-legno_parquet-referenze-bulgaria_particolare-intarsio-01-650x812.jpg 650w, https:\/\/berti.net\/wp-content\/uploads\/berti-pavimenti-in-legno_parquet-referenze-bulgaria_particolare-intarsio-01-768x959.jpg 768w, https:\/\/berti.net\/wp-content\/uploads\/berti-pavimenti-in-legno_parquet-referenze-bulgaria_particolare-intarsio-01-1230x1536.jpg 1230w\" sizes=\"auto, (max-width: 1265px) 100vw, 1265px\" \/><\/a><\/div>\n<\/div>\n<\/div>\n\n<div class=\"wp-block-group is-style-container has-global-padding is-layout-constrained wp-block-group-is-layout-constrained\" style=\"margin-top:var(--wp--preset--spacing--60);margin-bottom:var(--wp--preset--spacing--120)\">\n<div class=\"wp-block-group is-content-justification-center is-nowrap is-layout-flex wp-container-core-group-is-layout-9193781b wp-block-group-is-layout-flex\" style=\"line-height:1\">\n<p class=\"dashicons dashicons-arrow-left-alt\" style=\"line-height:1\"><\/p>\n\n\n\n<div class=\"wp-block-buttons is-layout-flex wp-block-buttons-is-layout-flex\">\n<div class=\"wp-block-button is-style-link\"><a class=\"wp-block-button__link wp-element-button\" href=\"\/es\/referencias\/\">Volver a las referencias<\/a><\/div>\n<\/div>\n<\/div>\n<\/div>\n\n<div class=\"wp-block-group alignwide is-style-container has-contrast-2-background-color has-background has-global-padding is-layout-constrained wp-container-core-group-is-layout-69c462cb wp-block-group-is-layout-constrained\" style=\"margin-top:0;margin-bottom:0\">\n<div class=\"wp-block-columns alignwide are-vertically-aligned-center is-layout-flex wp-container-core-columns-is-layout-e4e53ecd wp-block-columns-is-layout-flex\" style=\"margin-top:var(--wp--preset--spacing--100);margin-bottom:var(--wp--preset--spacing--100)\">\n<div class=\"wp-block-column is-layout-flow wp-block-column-is-layout-flow\" style=\"flex-basis:50%\">\n<figure class=\"wp-block-image size-full\"><img loading=\"lazy\" decoding=\"async\" width=\"1176\" height=\"1178\" src=\"https:\/\/www.berti.net\/wp-content\/uploads\/catalogo-referenze-1.png\" alt=\"\" class=\"wp-image-13452\" style=\"box-shadow:var(--wp--preset--shadow--deep)\" srcset=\"https:\/\/berti.net\/wp-content\/uploads\/catalogo-referenze-1.png 1176w, https:\/\/berti.net\/wp-content\/uploads\/catalogo-referenze-1-812x812.png 812w, https:\/\/berti.net\/wp-content\/uploads\/catalogo-referenze-1-406x406.png 406w, https:\/\/berti.net\/wp-content\/uploads\/catalogo-referenze-1-768x769.png 768w, https:\/\/berti.net\/wp-content\/uploads\/catalogo-referenze-1-300x300.png 300w, https:\/\/berti.net\/wp-content\/uploads\/catalogo-referenze-1-400x400.png 400w, https:\/\/berti.net\/wp-content\/uploads\/catalogo-referenze-1-600x600.png 600w\" sizes=\"auto, (max-width: 1176px) 100vw, 1176px\" \/><\/figure>\n<\/div>\n\n\n\n<div class=\"wp-block-column is-layout-flow wp-block-column-is-layout-flow\" style=\"flex-basis:50%\">\n<h4 class=\"wp-block-heading\" style=\"margin-top:var(--wp--preset--spacing--20);margin-bottom:var(--wp--preset--spacing--20);font-size:clamp(26.944px, 1.684rem + ((1vw - 3.2px) * 1.489), 46px);line-height:1\">Descubre el cat\u00e1logo Referencias<\/h4>\n\n\n\n<p class=\"has-text-color has-body-font-family\" style=\"color:#000000;padding-right:16%;font-size:14px\">Descarga el cat\u00e1logo para descubrir las referencias de Berti Pavimenti Legno.<\/p>\n\n\n\n<div class=\"wp-block-buttons is-layout-flex wp-block-buttons-is-layout-flex\" style=\"margin-top:var(--wp--preset--spacing--30)\">\n<div class=\"wp-block-button has-custom-font-size is-style-fill\" style=\"font-size:clamp(14px, 0.875rem + ((1vw - 3.2px) * 0.156), 16px);\"><a class=\"wp-block-button__link has-base-3-color has-base-background-color has-text-color has-background has-link-color wp-element-button\" href=\"https:\/\/www.berti.net\/wp-content\/uploads\/berti_pavimenti-legno_parquet_reference-profile-IT-1.pdf\" style=\"padding-top:15px;padding-right:40px;padding-bottom:15px;padding-left:40px\" target=\"_blank\" rel=\"noreferrer noopener\">DESCARGA<\/a><\/div>\n<\/div>\n<\/div>\n<\/div>\n<\/div>\n","protected":false},"excerpt":{"rendered":"<p>Residencia privada Lujo y artesan\u00eda en los suelos de marqueter\u00eda Situada en Bulgaria, esta prestigiosa villa es unaobra de arte arquitect\u00f3nica dise\u00f1ada porel arquitecto Pietro Del Vaglio. Toda la estructura, de 5.000 metros cuadrados, est\u00e1 inspirada en laelegancia intemporal del Renacimiento, un estilo que se adapta perfectamente a la funci\u00f3n de los espacios y a su uso previsto. Cada habitaci\u00f3n [&hellip;]<\/p>\n","protected":false},"author":2,"featured_media":19190,"template":"","class_list":["post-19184","reference","type-reference","status-publish","has-post-thumbnail","hentry"],"_links":{"self":[{"href":"https:\/\/berti.net\/es\/wp-json\/wp\/v2\/reference\/19184","targetHints":{"allow":["GET"]}}],"collection":[{"href":"https:\/\/berti.net\/es\/wp-json\/wp\/v2\/reference"}],"about":[{"href":"https:\/\/berti.net\/es\/wp-json\/wp\/v2\/types\/reference"}],"author":[{"embeddable":true,"href":"https:\/\/berti.net\/es\/wp-json\/wp\/v2\/users\/2"}],"wp:featuredmedia":[{"embeddable":true,"href":"https:\/\/berti.net\/es\/wp-json\/wp\/v2\/media\/19190"}],"wp:attachment":[{"href":"https:\/\/berti.net\/es\/wp-json\/wp\/v2\/media?parent=19184"}],"curies":[{"name":"wp","href":"https:\/\/api.w.org\/{rel}","templated":true}]}}