{"id":19160,"date":"2025-01-15T14:57:52","date_gmt":"2025-01-15T14:57:52","guid":{"rendered":"https:\/\/www.berti.net\/references\/hotel-byblos-art\/"},"modified":"2025-06-06T12:21:33","modified_gmt":"2025-06-06T12:21:33","slug":"hotel-byblos-art","status":"publish","type":"reference","link":"https:\/\/berti.net\/es\/referencias\/hotel-byblos-art\/","title":{"rendered":"Hotel Byblos Art"},"content":{"rendered":"\n<div class=\"wp-block-group alignfull hero-title-slider-pattern has-global-padding is-layout-constrained wp-block-group-is-layout-constrained\">\n<div class=\"wp-block-group banner-hero-content has-global-padding is-layout-constrained wp-container-core-group-is-layout-cd4cad2f wp-block-group-is-layout-constrained\" style=\"margin-top:var(--wp--preset--spacing--70);margin-bottom:var(--wp--preset--spacing--60)\">\n<div class=\"wp-block-group is-style-container has-global-padding is-layout-constrained wp-container-core-group-is-layout-a816393c wp-block-group-is-layout-constrained\">\n<h1 class=\"wp-block-heading has-text-align-center has-xxl-font-size\" style=\"margin-bottom:var(--wp--preset--spacing--30);letter-spacing:0px;line-height:1\">Hotel Byblos Art<\/h1>\n\n\n\n<h2 class=\"wp-block-heading has-m-22-font-size\" style=\"margin-top:var(--wp--preset--spacing--50)\">El dise\u00f1o de autor se une a la excelencia del parquet Berti<\/h2>\n\n\n\n<p>En el coraz\u00f3n de <strong>las colinas de Valpolicella<\/strong>, a pocos kil\u00f3metros de <strong>Verona<\/strong>, se alza el prestigioso <strong>Byblos Art Hotel Villa Amist\u00e0<\/strong>, un icono del dise\u00f1o y la hospitalidad de lujo.<\/p>\n\n\n\n<p>Esta <strong>villa veneciana del siglo XVI<\/strong> ha sido h\u00e1bilmente restaurada por el arquitecto <strong>Iglis Zorzi<\/strong> y transformada en una fusi\u00f3n perfecta de <strong>dise\u00f1o barroco y contempor\u00e1neo<\/strong>, gracias a la intervenci\u00f3n visionaria del renombrado dise\u00f1ador <strong>Alessandro<\/strong> <strong>Mendini<\/strong> y su <strong>Atelier Mendini<\/strong>.<\/p>\n\n\n\n<p>Un lugar donde <strong>lo cl\u00e1sico y lo moderno<\/strong> se encuentran en un sofisticado equilibrio, con detalles arquitect\u00f3nicos que se combinan con instalaciones art\u00edsticas y mobiliario firmado por algunos de los grandes nombres del dise\u00f1o internacional. En este entorno de dise\u00f1o, <strong>el parquet Berti<\/strong> tambi\u00e9n desempe\u00f1a un papel clave, completando la experiencia sensorial y estil\u00edstica del hotel. <\/p>\n\n\n\n<h2 class=\"wp-block-heading has-m-22-font-size\">El papel del parquet Berti en los proyectos de interiorismo<\/h2>\n\n\n\n<p>Para el Byblos Art Hotel, el objetivo del proyecto <strong>del Atelier Mendini<\/strong> era crear un entorno en el que <strong>el arte, la arquitectura y el dise\u00f1o<\/strong> dialogaran entre s\u00ed de forma armoniosa y din\u00e1mica. <strong>Berti Pavimenti<\/strong> fue elegida para fabricar el parquet, gracias a su capacidad para combinar <strong>la artesan\u00eda tradicional y la innovaci\u00f3n tecnol\u00f3gica<\/strong>.<\/p>\n\n\n\n<p>\u2714 <strong>Materiales nobles<\/strong>: selecci\u00f3n de maderas nobles para resaltar la belleza y durabilidad de las superficies.<br\/>\u2714 <strong>Dise\u00f1o a medida<\/strong>: personalizaci\u00f3n de texturas y acabados para adaptarse a la est\u00e9tica \u00fanica del hotel.<br\/>\u2714 <strong>Excelencia artesanal<\/strong>: incrustaciones realizadas con tecnolog\u00eda avanzada para garantizar la m\u00e1xima precisi\u00f3n en los detalles decorativos.<br\/>\u2714 <strong>Armon\u00eda con el entorno<\/strong>: los suelos de parqu\u00e9 contribuyen a crear un ambiente acogedor y sofisticado, en perfecta armon\u00eda con el estilo neobarroco y moderno del hotel.Una Experiencia Sensorial de Color, Arte y Materiales Prestigiosos<\/p>\n<\/div>\n<\/div>\n<\/div>\n\n<div class=\"wp-block-group is-style-container has-global-padding is-layout-constrained wp-block-group-is-layout-constrained\">\n<div class=\"thom-isotope-gallery-wrapper wp-block-wpe-thom-masonry-gallery-block\">\n\t\n<div class=\"wp-block-wpe-thom-masonry-gallery-block isotope-gallery grid lightbox dc__2 tc__2 pc__1 dg__16 tg__16 pg__12\" id=\"85f82bb2\" data-id=\"85f82bb2\"><div class=\"grid-sizer\"><\/div><div class=\"gutter-sizer\"><\/div><a class=\"grid-item single-gallery-image none dg__16 tg__16 pg__12\" href=\"https:\/\/www.berti.net\/wp-content\/uploads\/berti-pavimenti-in-legno_parquet-referenze-byblos-hotel_verona_01-1.jpg\" data-pswp-width=\"1265\" data-pswp-height=\"1580\"><img decoding=\"async\" width=\"1265\" height=\"1580\" src=\"https:\/\/www.berti.net\/wp-content\/uploads\/berti-pavimenti-in-legno_parquet-referenze-byblos-hotel_verona_01-1.jpg\" alt=\"Galer\u00eda de im\u00e1genes\" class=\"wp-image-11646\" loading=\"lazy\" srcset=\"https:\/\/berti.net\/wp-content\/uploads\/berti-pavimenti-in-legno_parquet-referenze-byblos-hotel_verona_01-1.jpg 1265w, https:\/\/berti.net\/wp-content\/uploads\/berti-pavimenti-in-legno_parquet-referenze-byblos-hotel_verona_01-1-650x812.jpg 650w, https:\/\/berti.net\/wp-content\/uploads\/berti-pavimenti-in-legno_parquet-referenze-byblos-hotel_verona_01-1-768x959.jpg 768w, https:\/\/berti.net\/wp-content\/uploads\/berti-pavimenti-in-legno_parquet-referenze-byblos-hotel_verona_01-1-1230x1536.jpg 1230w\" sizes=\"auto, (max-width: 1265px) 100vw, 1265px\" \/><\/a><a class=\"grid-item single-gallery-image none dg__16 tg__16 pg__12\" href=\"https:\/\/www.berti.net\/wp-content\/uploads\/berti-pavimenti-in-legno_parquet-referenze-byblos-hotel_verona_02-1.jpg\" data-pswp-width=\"1265\" data-pswp-height=\"1580\"><img decoding=\"async\" width=\"1265\" height=\"1580\" src=\"https:\/\/www.berti.net\/wp-content\/uploads\/berti-pavimenti-in-legno_parquet-referenze-byblos-hotel_verona_02-1.jpg\" alt=\"Galer\u00eda de im\u00e1genes\" class=\"wp-image-11649\" loading=\"lazy\" srcset=\"https:\/\/berti.net\/wp-content\/uploads\/berti-pavimenti-in-legno_parquet-referenze-byblos-hotel_verona_02-1.jpg 1265w, https:\/\/berti.net\/wp-content\/uploads\/berti-pavimenti-in-legno_parquet-referenze-byblos-hotel_verona_02-1-650x812.jpg 650w, https:\/\/berti.net\/wp-content\/uploads\/berti-pavimenti-in-legno_parquet-referenze-byblos-hotel_verona_02-1-768x959.jpg 768w, https:\/\/berti.net\/wp-content\/uploads\/berti-pavimenti-in-legno_parquet-referenze-byblos-hotel_verona_02-1-1230x1536.jpg 1230w\" sizes=\"auto, (max-width: 1265px) 100vw, 1265px\" \/><\/a><\/div>\n<\/div>\n<\/div>\n\n<div class=\"wp-block-group banner-hero-content has-global-padding is-layout-constrained wp-container-core-group-is-layout-b09daadc wp-block-group-is-layout-constrained\" style=\"margin-top:var(--wp--preset--spacing--30);margin-bottom:var(--wp--preset--spacing--60)\">\n<div class=\"wp-block-group is-style-container has-global-padding is-layout-constrained wp-container-core-group-is-layout-a816393c wp-block-group-is-layout-constrained\">\n<h2 class=\"wp-block-heading has-m-22-font-size\">Una experiencia sensorial de color, arte y materiales de prestigio<\/h2>\n\n\n\n<p>El <strong>Byblos Art Hotel Villa Amist\u00e0<\/strong> es un lugar donde el dise\u00f1o se convierte en una experiencia envolvente. Cada habitaci\u00f3n est\u00e1 dise\u00f1ada para sorprender a los hu\u00e9spedes con una mezcla ecl\u00e9ctica de estilos y colores, mientras que el suelo de madera aporta <strong>continuidad y elegancia<\/strong> al interior. <\/p>\n\n\n\n<p>El uso de parquet de maderas preciosas confiere <strong>calidez y prestigio<\/strong> a las habitaciones, realzando la luz natural que brilla a trav\u00e9s de los frescos y el mobiliario de dise\u00f1adores de renombre internacional. El contraste entre el <strong>suelo de madera y los elementos art\u00edsticos<\/strong> crea un equilibrio visual \u00fanico, expresi\u00f3n perfecta del estilo <strong>Mendini<\/strong>. <\/p>\n\n\n\n<h2 class=\"wp-block-heading has-m-22-font-size\">Byblos Art Hotel &#8211; Una excelencia en hospitalidad de lujo<\/h2>\n\n\n\n<p>Este prestigioso hotel se considera actualmente uno de los <strong>destinos hoteleros de dise\u00f1o italianos m\u00e1s exclusivos<\/strong>, frecuentado por artistas, dise\u00f1adores y hu\u00e9spedes que buscan una experiencia fuera de lo com\u00fan.<\/p>\n\n\n\n<p>La intervenci\u00f3n de <strong>Berti Pavimenti<\/strong> ha realzado a\u00fan m\u00e1s la refinada est\u00e9tica de la villa, demostrando c\u00f3mo <strong>la artesan\u00eda, la innovaci\u00f3n y el dise\u00f1o<\/strong> pueden unirse para crear entornos <strong>lujosos con un fuerte impacto est\u00e9tico.<\/strong><\/p>\n<\/div>\n<\/div>\n\n<div class=\"wp-block-group is-style-container has-global-padding is-layout-constrained wp-block-group-is-layout-constrained\">\n<div class=\"thom-isotope-gallery-wrapper wp-block-wpe-thom-masonry-gallery-block\">\n\t\n<div class=\"wp-block-wpe-thom-masonry-gallery-block isotope-gallery grid lightbox dc__2 tc__2 pc__1 dg__16 tg__16 pg__12\" id=\"501a2944\" data-id=\"501a2944\"><div class=\"grid-sizer\"><\/div><div class=\"gutter-sizer\"><\/div><a class=\"grid-item single-gallery-image none dg__16 tg__16 pg__12\" href=\"https:\/\/www.berti.net\/wp-content\/uploads\/berti-pavimenti-in-legno_parquet-referenze-byblos-hotel_verona_03-1.jpg\" data-pswp-width=\"1265\" data-pswp-height=\"1580\"><img decoding=\"async\" width=\"1265\" height=\"1580\" src=\"https:\/\/www.berti.net\/wp-content\/uploads\/berti-pavimenti-in-legno_parquet-referenze-byblos-hotel_verona_03-1.jpg\" alt=\"Galer\u00eda de im\u00e1genes\" class=\"wp-image-11652\" loading=\"lazy\" srcset=\"https:\/\/berti.net\/wp-content\/uploads\/berti-pavimenti-in-legno_parquet-referenze-byblos-hotel_verona_03-1.jpg 1265w, https:\/\/berti.net\/wp-content\/uploads\/berti-pavimenti-in-legno_parquet-referenze-byblos-hotel_verona_03-1-650x812.jpg 650w, https:\/\/berti.net\/wp-content\/uploads\/berti-pavimenti-in-legno_parquet-referenze-byblos-hotel_verona_03-1-768x959.jpg 768w, https:\/\/berti.net\/wp-content\/uploads\/berti-pavimenti-in-legno_parquet-referenze-byblos-hotel_verona_03-1-1230x1536.jpg 1230w\" sizes=\"auto, (max-width: 1265px) 100vw, 1265px\" \/><\/a><a class=\"grid-item single-gallery-image none dg__16 tg__16 pg__12\" href=\"https:\/\/www.berti.net\/wp-content\/uploads\/berti-pavimenti-in-legno_parquet-referenze-byblos-hotel_verona_04-1.jpg\" data-pswp-width=\"1265\" data-pswp-height=\"1580\"><img decoding=\"async\" width=\"1265\" height=\"1580\" src=\"https:\/\/www.berti.net\/wp-content\/uploads\/berti-pavimenti-in-legno_parquet-referenze-byblos-hotel_verona_04-1.jpg\" alt=\"Galer\u00eda de im\u00e1genes\" class=\"wp-image-11688\" loading=\"lazy\" srcset=\"https:\/\/berti.net\/wp-content\/uploads\/berti-pavimenti-in-legno_parquet-referenze-byblos-hotel_verona_04-1.jpg 1265w, https:\/\/berti.net\/wp-content\/uploads\/berti-pavimenti-in-legno_parquet-referenze-byblos-hotel_verona_04-1-650x812.jpg 650w, https:\/\/berti.net\/wp-content\/uploads\/berti-pavimenti-in-legno_parquet-referenze-byblos-hotel_verona_04-1-768x959.jpg 768w, https:\/\/berti.net\/wp-content\/uploads\/berti-pavimenti-in-legno_parquet-referenze-byblos-hotel_verona_04-1-1230x1536.jpg 1230w\" sizes=\"auto, (max-width: 1265px) 100vw, 1265px\" \/><\/a><\/div>\n<\/div>\n<\/div>\n\n<div class=\"wp-block-group is-style-container has-global-padding is-layout-constrained wp-block-group-is-layout-constrained\" style=\"margin-top:var(--wp--preset--spacing--60);margin-bottom:var(--wp--preset--spacing--120)\">\n<div class=\"wp-block-group is-content-justification-center is-nowrap is-layout-flex wp-container-core-group-is-layout-9193781b wp-block-group-is-layout-flex\" style=\"line-height:1\">\n<p class=\"dashicons dashicons-arrow-left-alt\" style=\"line-height:1\"><\/p>\n\n\n\n<div class=\"wp-block-buttons is-layout-flex wp-block-buttons-is-layout-flex\">\n<div class=\"wp-block-button is-style-link\"><a class=\"wp-block-button__link wp-element-button\" href=\"\/es\/referencias\/\">Volver a las referencias<\/a><\/div>\n<\/div>\n<\/div>\n<\/div>\n\n<div class=\"wp-block-group alignwide is-style-container has-contrast-2-background-color has-background has-global-padding is-layout-constrained wp-container-core-group-is-layout-69c462cb wp-block-group-is-layout-constrained\" style=\"margin-top:0;margin-bottom:0\">\n<div class=\"wp-block-columns alignwide are-vertically-aligned-center is-layout-flex wp-container-core-columns-is-layout-e4e53ecd wp-block-columns-is-layout-flex\" style=\"margin-top:var(--wp--preset--spacing--100);margin-bottom:var(--wp--preset--spacing--100)\">\n<div class=\"wp-block-column is-layout-flow wp-block-column-is-layout-flow\" style=\"flex-basis:50%\">\n<figure class=\"wp-block-image size-full\"><img loading=\"lazy\" decoding=\"async\" width=\"1176\" height=\"1178\" src=\"https:\/\/www.berti.net\/wp-content\/uploads\/catalogo-referenze-1.png\" alt=\"\" class=\"wp-image-13452\" style=\"box-shadow:var(--wp--preset--shadow--deep)\" srcset=\"https:\/\/berti.net\/wp-content\/uploads\/catalogo-referenze-1.png 1176w, https:\/\/berti.net\/wp-content\/uploads\/catalogo-referenze-1-812x812.png 812w, https:\/\/berti.net\/wp-content\/uploads\/catalogo-referenze-1-406x406.png 406w, https:\/\/berti.net\/wp-content\/uploads\/catalogo-referenze-1-768x769.png 768w, https:\/\/berti.net\/wp-content\/uploads\/catalogo-referenze-1-300x300.png 300w, https:\/\/berti.net\/wp-content\/uploads\/catalogo-referenze-1-400x400.png 400w, https:\/\/berti.net\/wp-content\/uploads\/catalogo-referenze-1-600x600.png 600w\" sizes=\"auto, (max-width: 1176px) 100vw, 1176px\" \/><\/figure>\n<\/div>\n\n\n\n<div class=\"wp-block-column is-layout-flow wp-block-column-is-layout-flow\" style=\"flex-basis:50%\">\n<h4 class=\"wp-block-heading\" style=\"margin-top:var(--wp--preset--spacing--20);margin-bottom:var(--wp--preset--spacing--20);font-size:clamp(26.944px, 1.684rem + ((1vw - 3.2px) * 1.489), 46px);line-height:1\">Descubre el cat\u00e1logo Referencias<\/h4>\n\n\n\n<p class=\"has-text-color has-body-font-family\" style=\"color:#000000;padding-right:16%;font-size:14px\">Descarga el cat\u00e1logo para descubrir las referencias de Berti Pavimenti Legno.<\/p>\n\n\n\n<div class=\"wp-block-buttons is-layout-flex wp-block-buttons-is-layout-flex\" style=\"margin-top:var(--wp--preset--spacing--30)\">\n<div class=\"wp-block-button has-custom-font-size is-style-fill\" style=\"font-size:clamp(14px, 0.875rem + ((1vw - 3.2px) * 0.156), 16px);\"><a class=\"wp-block-button__link has-base-3-color has-base-background-color has-text-color has-background has-link-color wp-element-button\" href=\"https:\/\/www.berti.net\/wp-content\/uploads\/berti_pavimenti-legno_parquet_reference-profile-IT-1.pdf\" style=\"padding-top:15px;padding-right:40px;padding-bottom:15px;padding-left:40px\" target=\"_blank\" rel=\"noreferrer noopener\">DESCARGA<\/a><\/div>\n<\/div>\n<\/div>\n<\/div>\n<\/div>\n","protected":false},"excerpt":{"rendered":"<p>Hotel Byblos Art El dise\u00f1o de autor se une a la excelencia del parquet Berti En el coraz\u00f3n de las colinas de Valpolicella, a pocos kil\u00f3metros de Verona, se alza el prestigioso Byblos Art Hotel Villa Amist\u00e0, un icono del dise\u00f1o y la hospitalidad de lujo. Esta villa veneciana del siglo XVI ha sido h\u00e1bilmente restaurada por el arquitecto Iglis [&hellip;]<\/p>\n","protected":false},"author":2,"featured_media":19168,"template":"","class_list":["post-19160","reference","type-reference","status-publish","has-post-thumbnail","hentry"],"_links":{"self":[{"href":"https:\/\/berti.net\/es\/wp-json\/wp\/v2\/reference\/19160","targetHints":{"allow":["GET"]}}],"collection":[{"href":"https:\/\/berti.net\/es\/wp-json\/wp\/v2\/reference"}],"about":[{"href":"https:\/\/berti.net\/es\/wp-json\/wp\/v2\/types\/reference"}],"author":[{"embeddable":true,"href":"https:\/\/berti.net\/es\/wp-json\/wp\/v2\/users\/2"}],"wp:featuredmedia":[{"embeddable":true,"href":"https:\/\/berti.net\/es\/wp-json\/wp\/v2\/media\/19168"}],"wp:attachment":[{"href":"https:\/\/berti.net\/es\/wp-json\/wp\/v2\/media?parent=19160"}],"curies":[{"name":"wp","href":"https:\/\/api.w.org\/{rel}","templated":true}]}}