{"id":19144,"date":"2024-09-13T07:43:58","date_gmt":"2024-09-13T07:43:58","guid":{"rendered":"https:\/\/www.berti.net\/references\/residencia-privada-verona\/"},"modified":"2025-06-06T12:21:38","modified_gmt":"2025-06-06T12:21:38","slug":"residencia-privada-verona","status":"publish","type":"reference","link":"https:\/\/berti.net\/es\/referencias\/residencia-privada-verona\/","title":{"rendered":"Residencia privada &#8211; Verona"},"content":{"rendered":"\n<div class=\"wp-block-group alignfull hero-title-slider-pattern has-global-padding is-layout-constrained wp-block-group-is-layout-constrained\">\n<div class=\"wp-block-group banner-hero-content has-global-padding is-layout-constrained wp-container-core-group-is-layout-cd4cad2f wp-block-group-is-layout-constrained\" style=\"margin-top:var(--wp--preset--spacing--70);margin-bottom:var(--wp--preset--spacing--60)\">\n<div class=\"wp-block-group is-style-container has-global-padding is-layout-constrained wp-container-core-group-is-layout-a816393c wp-block-group-is-layout-constrained\">\n<h1 class=\"wp-block-heading has-text-align-center has-xxl-font-size\" style=\"margin-bottom:16px;letter-spacing:0px;line-height:1\">Residencia privada &#8211; Verona  <\/h1>\n\n\n\n<h2 class=\"wp-block-heading has-m-22-font-size\" style=\"margin-top:var(--wp--preset--spacing--50)\">Elegancia atemporal para una casa de lujo<\/h2>\n\n\n\n<p>En el coraz\u00f3n de <strong>Verona<\/strong>, ciudad de historia y arte, se alza esta <strong>lujosa<\/strong> residencia privada, una refinada vivienda en la que se han cuidado todos los detalles para realzar la belleza del interior.<\/p>\n\n\n\n<p>Para realzar las habitaciones, el proyecto requer\u00eda un <strong>suelo de taracea exclusivo<\/strong>, que combinara dise\u00f1o, artesan\u00eda y materiales nobles. <strong>Berti Parquet<\/strong>, en colaboraci\u00f3n con <strong>Santo Passaia<\/strong>, cre\u00f3 una superficie de madera de gran impacto, combinando mano de obra a medida y acabados de primera calidad.<\/p>\n\n\n\n<h2 class=\"wp-block-heading has-m-22-font-size\">El proyecto &#8211; 65 metros cuadrados de excelencia artesana<\/h2>\n\n\n\n<p>El suelo de esta residencia se distingue por un marco caracter\u00edstico y una combinaci\u00f3n de <strong>maderas nobles<\/strong>.<\/p>\n\n\n\n<p>\u2714 <strong>Material principal<\/strong>: <strong>Teca<\/strong> de la m\u00e1s alta calidad, conocida por su durabilidad y su tono c\u00e1lido y envolvente.<br\/>\u2714 <strong>Decoraci\u00f3n central<\/strong>: Motivo <strong>Rizzardi<\/strong>, con incrustaciones de <strong>arce y roble<\/strong>, para un efecto decorativo sofisticado y armonioso.<br\/>\u2714 <strong>Marco art\u00edstico<\/strong>: El dise\u00f1o est\u00e1 adornado con un <strong>borde de motivo Bigli<\/strong>, que alterna con el motivo <strong>Ghellini<\/strong>, creando un equilibrio perfecto entre <strong>clasicismo y modernidad<\/strong>.<\/p>\n\n\n\n<p>El resultado es un parquet que se convierte en <strong>protagonista de la estancia<\/strong>, realzando el car\u00e1cter lujoso de la residencia.La Realizaci\u00f3n &#8211; Artesan\u00eda y Tecnolog\u00eda al Servicio del Dise\u00f1o<\/p>\n<\/div>\n<\/div>\n<\/div>\n\n<div class=\"wp-block-group is-style-container has-global-padding is-layout-constrained wp-block-group-is-layout-constrained\">\n<figure class=\"wp-block-image alignfull size-large\"><img loading=\"lazy\" decoding=\"async\" width=\"1920\" height=\"1076\" src=\"https:\/\/www.berti.net\/wp-content\/uploads\/berti-pavimenti-in-legno_parquet-referenze-santo-passaia_verona_02-scaled-1-1920x1076.jpg\" alt=\"\" class=\"wp-image-11318\" srcset=\"https:\/\/berti.net\/wp-content\/uploads\/berti-pavimenti-in-legno_parquet-referenze-santo-passaia_verona_02-scaled-1-1920x1076.jpg 1920w, https:\/\/berti.net\/wp-content\/uploads\/berti-pavimenti-in-legno_parquet-referenze-santo-passaia_verona_02-scaled-1-812x455.jpg 812w, https:\/\/berti.net\/wp-content\/uploads\/berti-pavimenti-in-legno_parquet-referenze-santo-passaia_verona_02-scaled-1-768x430.jpg 768w, https:\/\/berti.net\/wp-content\/uploads\/berti-pavimenti-in-legno_parquet-referenze-santo-passaia_verona_02-scaled-1-1536x860.jpg 1536w, https:\/\/berti.net\/wp-content\/uploads\/berti-pavimenti-in-legno_parquet-referenze-santo-passaia_verona_02-scaled-1-2048x1147.jpg 2048w\" sizes=\"auto, (max-width: 1920px) 100vw, 1920px\" \/><\/figure>\n<\/div>\n\n<div class=\"wp-block-group banner-hero-content has-global-padding is-layout-constrained wp-container-core-group-is-layout-b09daadc wp-block-group-is-layout-constrained\" style=\"margin-top:var(--wp--preset--spacing--30);margin-bottom:var(--wp--preset--spacing--60)\">\n<div class=\"wp-block-group is-style-container has-global-padding is-layout-constrained wp-container-core-group-is-layout-a816393c wp-block-group-is-layout-constrained\">\n<h2 class=\"wp-block-heading has-m-22-font-size\">Artesan\u00eda y tecnolog\u00eda al servicio del dise\u00f1o<\/h2>\n\n\n\n<p>El dise\u00f1o y la instalaci\u00f3n del parquet requirieron <strong>una precisi\u00f3n extrema<\/strong>, prestando especial atenci\u00f3n a la continuidad de las decoraciones y a la perfecta integraci\u00f3n con el interior.<\/p>\n\n\n\n<p><strong>Fases de procesamiento:<\/strong><\/p>\n\n\n\n<ol class=\"wp-block-list\">\n<li><strong>Estudio de dise\u00f1o<\/strong>: definici\u00f3n del trazado y selecci\u00f3n de materiales para garantizar el m\u00e1ximo nivel de est\u00e9tica y funcionalidad.<\/li>\n\n\n\n<li><strong>Corte e incrustaci\u00f3n<\/strong> por l\u00e1ser: gracias a la tecnolog\u00eda l\u00e1ser, Berti ha conseguido una incrustaci\u00f3n impecable con detalles minuciosos.<\/li>\n\n\n\n<li><strong>Colocaci\u00f3n artesanal<\/strong>: el parquet se instal\u00f3 siguiendo m\u00e9todos tradicionales, respetando la disposici\u00f3n dise\u00f1ada para realzar cada elemento decorativo.<\/li>\n\n\n\n<li><strong>Acabado y protecci\u00f3n<\/strong>: el suelo se ha tratado con <strong>barnices naturales y aceites protectores<\/strong> para preservar su elegancia y durabilidad.<\/li>\n<\/ol>\n\n\n\n<h2 class=\"wp-block-heading has-m-22-font-size\">Un Parquet que Define el Estilo de la Residencia<\/h2>\n\n\n\n<p>El trabajo realizado por <strong>Berti Parquet<\/strong> para esta residencia privada de Verona no es s\u00f3lo un elemento arquitect\u00f3nico, sino una aut\u00e9ntica <strong>obra maestra de artesan\u00eda<\/strong>.<\/p>\n\n\n\n<p>La combinaci\u00f3n de <strong>esencias de madera exclusivas<\/strong>, la atenci\u00f3n al detalle y el equilibrio de los motivos decorativos hacen de este parquet <strong>un elemento de prestigio<\/strong>, capaz de transformar la estancia en un icono de <strong>lujo y refinamiento<\/strong>.<\/p>\n<\/div>\n<\/div>\n\n<div class=\"wp-block-group is-style-container has-global-padding is-layout-constrained wp-block-group-is-layout-constrained\">\n<div class=\"thom-isotope-gallery-wrapper wp-block-wpe-thom-masonry-gallery-block\">\n\t\n<div class=\"wp-block-wpe-thom-masonry-gallery-block isotope-gallery grid lightbox dc__3 tc__2 pc__1 dg__16 tg__16 pg__12\" id=\"21449677\" data-id=\"21449677\"><div class=\"grid-sizer\"><\/div><div class=\"gutter-sizer\"><\/div><a class=\"grid-item single-gallery-image none dg__16 tg__16 pg__12\" href=\"https:\/\/www.berti.net\/wp-content\/uploads\/berti-pavimenti-in-legno_parquet-referenze-santo-passaia_verona_03.jpg\" data-pswp-width=\"1265\" data-pswp-height=\"1580\"><img decoding=\"async\" width=\"1265\" height=\"1580\" src=\"https:\/\/www.berti.net\/wp-content\/uploads\/berti-pavimenti-in-legno_parquet-referenze-santo-passaia_verona_03.jpg\" alt=\"Galer\u00eda de im\u00e1genes\" class=\"wp-image-11324\" loading=\"lazy\" srcset=\"https:\/\/berti.net\/wp-content\/uploads\/berti-pavimenti-in-legno_parquet-referenze-santo-passaia_verona_03.jpg 1265w, https:\/\/berti.net\/wp-content\/uploads\/berti-pavimenti-in-legno_parquet-referenze-santo-passaia_verona_03-650x812.jpg 650w, https:\/\/berti.net\/wp-content\/uploads\/berti-pavimenti-in-legno_parquet-referenze-santo-passaia_verona_03-768x959.jpg 768w, https:\/\/berti.net\/wp-content\/uploads\/berti-pavimenti-in-legno_parquet-referenze-santo-passaia_verona_03-1230x1536.jpg 1230w\" sizes=\"auto, (max-width: 1265px) 100vw, 1265px\" \/><\/a><a class=\"grid-item single-gallery-image none dg__16 tg__16 pg__12\" href=\"https:\/\/www.berti.net\/wp-content\/uploads\/berti-pavimenti-in-legno_parquet-referenze-santo-passaia_verona_04.jpg\" data-pswp-width=\"1265\" data-pswp-height=\"1580\"><img decoding=\"async\" width=\"1265\" height=\"1580\" src=\"https:\/\/www.berti.net\/wp-content\/uploads\/berti-pavimenti-in-legno_parquet-referenze-santo-passaia_verona_04.jpg\" alt=\"Galer\u00eda de im\u00e1genes\" class=\"wp-image-11327\" loading=\"lazy\" srcset=\"https:\/\/berti.net\/wp-content\/uploads\/berti-pavimenti-in-legno_parquet-referenze-santo-passaia_verona_04.jpg 1265w, https:\/\/berti.net\/wp-content\/uploads\/berti-pavimenti-in-legno_parquet-referenze-santo-passaia_verona_04-650x812.jpg 650w, https:\/\/berti.net\/wp-content\/uploads\/berti-pavimenti-in-legno_parquet-referenze-santo-passaia_verona_04-768x959.jpg 768w, https:\/\/berti.net\/wp-content\/uploads\/berti-pavimenti-in-legno_parquet-referenze-santo-passaia_verona_04-1230x1536.jpg 1230w\" sizes=\"auto, (max-width: 1265px) 100vw, 1265px\" \/><\/a><a class=\"grid-item single-gallery-image none dg__16 tg__16 pg__12\" href=\"https:\/\/www.berti.net\/wp-content\/uploads\/berti-pavimenti-in-legno_parquet-referenze-santo-passaia_verona_01-scaled-1.jpg\" data-pswp-width=\"2560\" data-pswp-height=\"1434\"><img decoding=\"async\" width=\"2560\" height=\"1434\" src=\"https:\/\/www.berti.net\/wp-content\/uploads\/berti-pavimenti-in-legno_parquet-referenze-santo-passaia_verona_01-scaled-1.jpg\" alt=\"Galer\u00eda de im\u00e1genes\" class=\"wp-image-11321\" loading=\"lazy\" srcset=\"https:\/\/berti.net\/wp-content\/uploads\/berti-pavimenti-in-legno_parquet-referenze-santo-passaia_verona_01-scaled-1.jpg 2560w, https:\/\/berti.net\/wp-content\/uploads\/berti-pavimenti-in-legno_parquet-referenze-santo-passaia_verona_01-scaled-1-812x455.jpg 812w, https:\/\/berti.net\/wp-content\/uploads\/berti-pavimenti-in-legno_parquet-referenze-santo-passaia_verona_01-scaled-1-1920x1076.jpg 1920w, https:\/\/berti.net\/wp-content\/uploads\/berti-pavimenti-in-legno_parquet-referenze-santo-passaia_verona_01-scaled-1-768x430.jpg 768w, https:\/\/berti.net\/wp-content\/uploads\/berti-pavimenti-in-legno_parquet-referenze-santo-passaia_verona_01-scaled-1-1536x860.jpg 1536w, https:\/\/berti.net\/wp-content\/uploads\/berti-pavimenti-in-legno_parquet-referenze-santo-passaia_verona_01-scaled-1-2048x1147.jpg 2048w\" sizes=\"auto, (max-width: 2560px) 100vw, 2560px\" \/><\/a><a class=\"grid-item single-gallery-image none dg__16 tg__16 pg__12\" href=\"https:\/\/www.berti.net\/wp-content\/uploads\/berti-pavimenti-in-legno_parquet-referenze-santo-passaia_verona_07.jpg\" data-pswp-width=\"1265\" data-pswp-height=\"1580\"><img decoding=\"async\" width=\"1265\" height=\"1580\" src=\"https:\/\/www.berti.net\/wp-content\/uploads\/berti-pavimenti-in-legno_parquet-referenze-santo-passaia_verona_07.jpg\" alt=\"Galer\u00eda de im\u00e1genes\" class=\"wp-image-11330\" loading=\"lazy\" srcset=\"https:\/\/berti.net\/wp-content\/uploads\/berti-pavimenti-in-legno_parquet-referenze-santo-passaia_verona_07.jpg 1265w, https:\/\/berti.net\/wp-content\/uploads\/berti-pavimenti-in-legno_parquet-referenze-santo-passaia_verona_07-650x812.jpg 650w, https:\/\/berti.net\/wp-content\/uploads\/berti-pavimenti-in-legno_parquet-referenze-santo-passaia_verona_07-768x959.jpg 768w, https:\/\/berti.net\/wp-content\/uploads\/berti-pavimenti-in-legno_parquet-referenze-santo-passaia_verona_07-1230x1536.jpg 1230w\" sizes=\"auto, (max-width: 1265px) 100vw, 1265px\" \/><\/a><a class=\"grid-item single-gallery-image none dg__16 tg__16 pg__12\" href=\"https:\/\/www.berti.net\/wp-content\/uploads\/berti-pavimenti-in-legno_parquet-referenze-santo-passaia_verona_06.jpg\" data-pswp-width=\"1265\" data-pswp-height=\"1580\"><img decoding=\"async\" width=\"1265\" height=\"1580\" src=\"https:\/\/www.berti.net\/wp-content\/uploads\/berti-pavimenti-in-legno_parquet-referenze-santo-passaia_verona_06.jpg\" alt=\"Galer\u00eda de im\u00e1genes\" class=\"wp-image-11333\" loading=\"lazy\" srcset=\"https:\/\/berti.net\/wp-content\/uploads\/berti-pavimenti-in-legno_parquet-referenze-santo-passaia_verona_06.jpg 1265w, https:\/\/berti.net\/wp-content\/uploads\/berti-pavimenti-in-legno_parquet-referenze-santo-passaia_verona_06-650x812.jpg 650w, https:\/\/berti.net\/wp-content\/uploads\/berti-pavimenti-in-legno_parquet-referenze-santo-passaia_verona_06-768x959.jpg 768w, https:\/\/berti.net\/wp-content\/uploads\/berti-pavimenti-in-legno_parquet-referenze-santo-passaia_verona_06-1230x1536.jpg 1230w\" sizes=\"auto, (max-width: 1265px) 100vw, 1265px\" \/><\/a><a class=\"grid-item single-gallery-image none dg__16 tg__16 pg__12\" href=\"https:\/\/www.berti.net\/wp-content\/uploads\/berti-pavimenti-in-legno_parquet-referenze-santo-passaia_verona_05.jpg\" data-pswp-width=\"1265\" data-pswp-height=\"1580\"><img decoding=\"async\" width=\"1265\" height=\"1580\" src=\"https:\/\/www.berti.net\/wp-content\/uploads\/berti-pavimenti-in-legno_parquet-referenze-santo-passaia_verona_05.jpg\" alt=\"Galer\u00eda de im\u00e1genes\" class=\"wp-image-11336\" loading=\"lazy\" srcset=\"https:\/\/berti.net\/wp-content\/uploads\/berti-pavimenti-in-legno_parquet-referenze-santo-passaia_verona_05.jpg 1265w, https:\/\/berti.net\/wp-content\/uploads\/berti-pavimenti-in-legno_parquet-referenze-santo-passaia_verona_05-650x812.jpg 650w, https:\/\/berti.net\/wp-content\/uploads\/berti-pavimenti-in-legno_parquet-referenze-santo-passaia_verona_05-768x959.jpg 768w, https:\/\/berti.net\/wp-content\/uploads\/berti-pavimenti-in-legno_parquet-referenze-santo-passaia_verona_05-1230x1536.jpg 1230w\" sizes=\"auto, (max-width: 1265px) 100vw, 1265px\" \/><\/a><\/div>\n<\/div>\n<\/div>\n\n<div class=\"wp-block-group is-style-container has-global-padding is-layout-constrained wp-block-group-is-layout-constrained\" style=\"margin-top:var(--wp--preset--spacing--60);margin-bottom:var(--wp--preset--spacing--120)\">\n<div class=\"wp-block-group is-content-justification-center is-nowrap is-layout-flex wp-container-core-group-is-layout-9193781b wp-block-group-is-layout-flex\" style=\"line-height:1\">\n<p class=\"dashicons dashicons-arrow-left-alt\" style=\"line-height:1\"><\/p>\n\n\n\n<div class=\"wp-block-buttons is-layout-flex wp-block-buttons-is-layout-flex\">\n<div class=\"wp-block-button is-style-link\"><a class=\"wp-block-button__link wp-element-button\" href=\"\/es\/referencias\/\">Volver a las referencias<\/a><\/div>\n<\/div>\n<\/div>\n<\/div>\n\n<div class=\"wp-block-group alignwide is-style-container has-contrast-2-background-color has-background has-global-padding is-layout-constrained wp-container-core-group-is-layout-69c462cb wp-block-group-is-layout-constrained\" style=\"margin-top:0;margin-bottom:0\">\n<div class=\"wp-block-columns alignwide are-vertically-aligned-center is-layout-flex wp-container-core-columns-is-layout-e4e53ecd wp-block-columns-is-layout-flex\" style=\"margin-top:var(--wp--preset--spacing--100);margin-bottom:var(--wp--preset--spacing--100)\">\n<div class=\"wp-block-column is-layout-flow wp-block-column-is-layout-flow\" style=\"flex-basis:50%\">\n<figure class=\"wp-block-image size-full\"><img loading=\"lazy\" decoding=\"async\" width=\"1176\" height=\"1178\" src=\"https:\/\/www.berti.net\/wp-content\/uploads\/catalogo-referenze-1.png\" alt=\"\" class=\"wp-image-13452\" style=\"box-shadow:var(--wp--preset--shadow--deep)\" srcset=\"https:\/\/berti.net\/wp-content\/uploads\/catalogo-referenze-1.png 1176w, https:\/\/berti.net\/wp-content\/uploads\/catalogo-referenze-1-812x812.png 812w, https:\/\/berti.net\/wp-content\/uploads\/catalogo-referenze-1-406x406.png 406w, https:\/\/berti.net\/wp-content\/uploads\/catalogo-referenze-1-768x769.png 768w, https:\/\/berti.net\/wp-content\/uploads\/catalogo-referenze-1-300x300.png 300w, https:\/\/berti.net\/wp-content\/uploads\/catalogo-referenze-1-400x400.png 400w, https:\/\/berti.net\/wp-content\/uploads\/catalogo-referenze-1-600x600.png 600w\" sizes=\"auto, (max-width: 1176px) 100vw, 1176px\" \/><\/figure>\n<\/div>\n\n\n\n<div class=\"wp-block-column is-layout-flow wp-block-column-is-layout-flow\" style=\"flex-basis:50%\">\n<h4 class=\"wp-block-heading\" style=\"margin-top:var(--wp--preset--spacing--20);margin-bottom:var(--wp--preset--spacing--20);font-size:clamp(26.944px, 1.684rem + ((1vw - 3.2px) * 1.489), 46px);line-height:1\">Descubre el cat\u00e1logo Referencias<\/h4>\n\n\n\n<p class=\"has-text-color has-body-font-family\" style=\"color:#000000;padding-right:16%;font-size:14px\">Descarga el cat\u00e1logo para descubrir las referencias de Berti Pavimenti Legno.<\/p>\n\n\n\n<div class=\"wp-block-buttons is-layout-flex wp-block-buttons-is-layout-flex\" style=\"margin-top:var(--wp--preset--spacing--30)\">\n<div class=\"wp-block-button has-custom-font-size is-style-fill\" style=\"font-size:clamp(14px, 0.875rem + ((1vw - 3.2px) * 0.156), 16px);\"><a class=\"wp-block-button__link has-base-3-color has-base-background-color has-text-color has-background has-link-color wp-element-button\" href=\"https:\/\/www.berti.net\/wp-content\/uploads\/berti_pavimenti-legno_parquet_reference-profile-IT-1.pdf\" style=\"padding-top:15px;padding-right:40px;padding-bottom:15px;padding-left:40px\" target=\"_blank\" rel=\"noreferrer noopener\">DESCARGA<\/a><\/div>\n<\/div>\n<\/div>\n<\/div>\n<\/div>\n","protected":false},"excerpt":{"rendered":"<p>Residencia privada &#8211; Verona Elegancia atemporal para una casa de lujo En el coraz\u00f3n de Verona, ciudad de historia y arte, se alza esta lujosa residencia privada, una refinada vivienda en la que se han cuidado todos los detalles para realzar la belleza del interior. Para realzar las habitaciones, el proyecto requer\u00eda un suelo de taracea exclusivo, que combinara dise\u00f1o, [&hellip;]<\/p>\n","protected":false},"author":2,"featured_media":19147,"template":"","class_list":["post-19144","reference","type-reference","status-publish","has-post-thumbnail","hentry"],"_links":{"self":[{"href":"https:\/\/berti.net\/es\/wp-json\/wp\/v2\/reference\/19144","targetHints":{"allow":["GET"]}}],"collection":[{"href":"https:\/\/berti.net\/es\/wp-json\/wp\/v2\/reference"}],"about":[{"href":"https:\/\/berti.net\/es\/wp-json\/wp\/v2\/types\/reference"}],"author":[{"embeddable":true,"href":"https:\/\/berti.net\/es\/wp-json\/wp\/v2\/users\/2"}],"wp:featuredmedia":[{"embeddable":true,"href":"https:\/\/berti.net\/es\/wp-json\/wp\/v2\/media\/19147"}],"wp:attachment":[{"href":"https:\/\/berti.net\/es\/wp-json\/wp\/v2\/media?parent=19144"}],"curies":[{"name":"wp","href":"https:\/\/api.w.org\/{rel}","templated":true}]}}