{"id":25544,"date":"2025-06-26T10:13:24","date_gmt":"2025-06-26T10:13:24","guid":{"rendered":"https:\/\/www.berti.net\/productos-de-parquet\/"},"modified":"2026-01-07T08:41:59","modified_gmt":"2026-01-07T08:41:59","slug":"productos-de-parquet","status":"publish","type":"page","link":"https:\/\/berti.net\/es\/productos-de-parquet\/","title":{"rendered":"Productos Cuidado del Parqu\u00e9"},"content":{"rendered":"\n<div class=\"wp-block-group alignfull hero-title-slider-pattern has-global-padding is-layout-constrained wp-block-group-is-layout-constrained\">\n<div class=\"wp-block-cover alignfull banner-hero has-aspect-ratio wp-duotone-unset-1\" style=\"padding-top:0px;padding-right:0;padding-bottom:0px;padding-left:0;aspect-ratio:auto;min-height:unset;\"><span aria-hidden=\"true\" class=\"wp-block-cover__background has-base-background-color has-background-dim-100 has-background-dim\"><\/span><div class=\"wp-block-cover__inner-container is-layout-flow wp-block-cover-is-layout-flow\">\n<div class=\"wp-block-group banner-hero-content has-global-padding is-layout-constrained wp-container-core-group-is-layout-ebc48d2c wp-block-group-is-layout-constrained\" style=\"padding-bottom:var(--wp--preset--spacing--80)\">\n<div class=\"wp-block-group has-global-padding is-layout-constrained wp-container-core-group-is-layout-b831be90 wp-block-group-is-layout-constrained\">\n<h1 class=\"wp-block-heading has-text-align-center has-white-color has-text-color has-xxl-font-size\" style=\"letter-spacing:0px;line-height:1\">Productos para parquet<\/h1>\n<\/div>\n<\/div>\n<\/div><\/div>\n<\/div>\n\n\n\n<div class=\"wp-block-group alignwide has-global-padding is-layout-constrained wp-container-core-group-is-layout-92dded1c wp-block-group-is-layout-constrained\" style=\"margin-top:var(--wp--preset--spacing--120);margin-bottom:var(--wp--preset--spacing--120)\">\n<div class=\"wp-block-group title-text-indented-pattern has-global-padding is-layout-constrained wp-container-core-group-is-layout-a31aa551 wp-block-group-is-layout-constrained\">\n<div class=\"wp-block-group animated fadeInUp has-global-padding is-layout-constrained wp-block-group-is-layout-constrained\">\n<p class=\"has-text-color has-m-22-font-size\" style=\"line-height:1.4\">La belleza y durabilidad del parquet empieza por elegir los productos adecuados.<\/p>\n\n\n\n<p class=\"has-m-22-font-size\">Esta secci\u00f3n est\u00e1 totalmente dedicada a quienes desean lo mejor para su suelo de madera: <strong>soluciones profesionales para la colocaci\u00f3n<\/strong> y <strong>productos espec\u00edficos para la limpieza y el mantenimiento diarios<\/strong>.<\/p>\n\n\n\n<p class=\"has-text-color has-m-22-font-size\" style=\"line-height:1.4\">Cada art\u00edculo ha sido seleccionado para garantizar un alto rendimiento, seguridad para el usuario y respeto por el noble material que es el parquet. Desde adhesivos de alto rendimiento hasta limpiadores dom\u00e9sticos respetuosos con el medio ambiente, te ofrecemos una gama completa y fiable. <\/p>\n<\/div>\n<\/div>\n<\/div>\n\n\n\n<div class=\"wp-block-group alignwide has-global-padding is-layout-constrained wp-container-core-group-is-layout-92dded1c wp-block-group-is-layout-constrained\" style=\"margin-top:var(--wp--preset--spacing--120);margin-bottom:var(--wp--preset--spacing--120)\">\n<div class=\"wp-block-group title-text-indented-pattern has-global-padding is-layout-constrained wp-container-core-group-is-layout-a31aa551 wp-block-group-is-layout-constrained\">\n<h2 class=\"wp-block-heading animated fadeInUp has-text-color\" style=\"color:#000000\">Limpieza y mantenimiento del parquet<\/h2>\n\n\n\n<div class=\"wp-block-group animated fadeInUp has-global-padding is-layout-constrained wp-block-group-is-layout-constrained\">\n<p class=\"has-text-color has-m-font-size\" style=\"line-height:1.4\">La l\u00ednea dom\u00e9stica est\u00e1 pensada para quienes desean conservar <strong>la belleza del parquet a lo largo del tiempo<\/strong>, manteni\u00e9ndolo <strong>limpio, protegido y brillante<\/strong> con facilidad.<\/p>\n\n\n\n<p class=\"has-text-color has-m-font-size\" style=\"line-height:1.4\">Incluye un <strong>detergente higienizante<\/strong> a base de tensioactivos vegetales y un <strong>acabado satinado<\/strong> para regenerar la superficie de suelos aceitados y barnizados.<\/p>\n\n\n\n<p class=\"has-text-color has-m-font-size\" style=\"line-height:1.4\">Ambos productos son <strong>seguros, f\u00e1ciles de usar y no contienen sustancias nocivas<\/strong>, por lo que tambi\u00e9n son ideales para familias con ni\u00f1os o mascotas. Con unos pocos pasos, el parquet quedar\u00e1 como nuevo. <\/p>\n<\/div>\n<\/div>\n<\/div>\n\n\n\n<div class=\"wp-block-group is-style-default has-global-padding is-layout-constrained wp-container-core-group-is-layout-57f1f806 wp-block-group-is-layout-constrained\">\n<div class=\"wp-block-media-text is-stacked-on-mobile animated fadeIn is-style-default\" style=\"padding-right:6%;padding-left:6%;grid-template-columns:40% auto\"><figure class=\"wp-block-media-text__media\"><a href=\"https:\/\/www.berti.net\/es\/productos-de-parquet\/refinar\/\"><img loading=\"lazy\" decoding=\"async\" width=\"814\" height=\"814\" src=\"https:\/\/www.berti.net\/wp-content\/uploads\/domestico_refine-thumb.jpg\" alt=\"\" class=\"wp-image-25339 size-full\" srcset=\"https:\/\/berti.net\/wp-content\/uploads\/domestico_refine-thumb.jpg 814w, https:\/\/berti.net\/wp-content\/uploads\/domestico_refine-thumb-812x812.jpg 812w, https:\/\/berti.net\/wp-content\/uploads\/domestico_refine-thumb-406x406.jpg 406w, https:\/\/berti.net\/wp-content\/uploads\/domestico_refine-thumb-768x768.jpg 768w\" sizes=\"auto, (max-width: 814px) 100vw, 814px\" \/><\/a><\/figure><div class=\"wp-block-media-text__content\">\n<div class=\"wp-block-group has-global-padding is-layout-constrained wp-block-group-is-layout-constrained\">\n<p class=\"has-m-22-font-size\" style=\"margin-top:0;margin-bottom:0\"><strong>REFINAR<\/strong><\/p>\n\n\n\n<p class=\"has-m-font-size\" style=\"margin-top:0;margin-bottom:0\"><strong>Limpiador multiusos desinfectante y abrillantador<\/strong><\/p>\n\n\n\n<p>Espec\u00edfico para parquet y superficies delicadas, REFINE es un detergente higienizante a base de <strong>tensioactivos<\/strong> vegetales.<br>No necesita aclarado, deja una agradable fragancia <strong>a menta y pino<\/strong> y proporciona <strong>brillo y limpieza en profundidad<\/strong> respetando la madera.<\/p>\n\n\n\n<div class=\"wp-block-buttons is-layout-flex wp-block-buttons-is-layout-flex\">\n<div class=\"wp-block-button\"><a class=\"wp-block-button__link has-contrast-2-color has-base-background-color has-text-color has-background has-link-color wp-element-button\" href=\"https:\/\/www.berti.net\/es\/productos-de-parquet\/refinar\/\">REFINAR <strong>FICHA DE PRODUCTO<\/strong> <\/a><\/div>\n<\/div>\n<\/div>\n<\/div><\/div>\n\n\n\n<div class=\"wp-block-media-text is-stacked-on-mobile animated fadeIn is-style-default\" style=\"padding-right:6%;padding-left:6%;grid-template-columns:40% auto\"><figure class=\"wp-block-media-text__media\"><a href=\"https:\/\/www.berti.net\/es\/productos-de-parquet\/vitaliza\/\"><img loading=\"lazy\" decoding=\"async\" width=\"814\" height=\"814\" src=\"https:\/\/www.berti.net\/wp-content\/uploads\/domestico_Vitalize-thumb.jpg\" alt=\"\" class=\"wp-image-25351 size-full\" srcset=\"https:\/\/berti.net\/wp-content\/uploads\/domestico_Vitalize-thumb.jpg 814w, https:\/\/berti.net\/wp-content\/uploads\/domestico_Vitalize-thumb-812x812.jpg 812w, https:\/\/berti.net\/wp-content\/uploads\/domestico_Vitalize-thumb-406x406.jpg 406w, https:\/\/berti.net\/wp-content\/uploads\/domestico_Vitalize-thumb-768x768.jpg 768w\" sizes=\"auto, (max-width: 814px) 100vw, 814px\" \/><\/a><\/figure><div class=\"wp-block-media-text__content\">\n<div class=\"wp-block-group has-global-padding is-layout-constrained wp-block-group-is-layout-constrained\">\n<p class=\"has-m-22-font-size\" style=\"margin-top:0;margin-bottom:0\"><strong>VITALIZA<\/strong><\/p>\n\n\n\n<p class=\"has-m-font-size\" style=\"margin-top:0;margin-bottom:0\"><strong>Satinador protector para parquet aceitado y barnizado<\/strong><\/p>\n\n\n\n<p>VITALIZE es un tratamiento nutritivo y regenerador que <strong>protege la superficie del parquet<\/strong> del desgaste y las manchas.<br>A base de <strong>aceites y ceras naturales<\/strong>, est\u00e1 listo para usar y es f\u00e1cil de aplicar, con resultados est\u00e9ticos que realzan la naturalidad de la madera.<\/p>\n\n\n\n<div class=\"wp-block-buttons is-layout-flex wp-block-buttons-is-layout-flex\">\n<div class=\"wp-block-button\"><a class=\"wp-block-button__link has-contrast-2-color has-base-background-color has-text-color has-background has-link-color wp-element-button\" href=\"https:\/\/www.berti.net\/es\/productos-de-parquet\/vitaliza\/\"><strong>HOJA DE PRODUCTO<\/strong> VITALIZE<\/a><\/div>\n<\/div>\n<\/div>\n<\/div><\/div>\n<\/div>\n\n\n\n<div class=\"wp-block-group alignwide has-global-padding is-layout-constrained wp-container-core-group-is-layout-92dded1c wp-block-group-is-layout-constrained\" style=\"margin-top:var(--wp--preset--spacing--120);margin-bottom:var(--wp--preset--spacing--120)\">\n<div class=\"wp-block-group title-text-indented-pattern has-global-padding is-layout-constrained wp-container-core-group-is-layout-a31aa551 wp-block-group-is-layout-constrained\">\n<h2 class=\"wp-block-heading animated fadeInUp has-text-color\" style=\"color:#000000\">Calidad, seguridad y sostenibilidad<\/h2>\n\n\n\n<div class=\"wp-block-group animated fadeInUp has-global-padding is-layout-constrained wp-block-group-is-layout-constrained\">\n<p class=\"has-text-color has-m-font-size\" style=\"line-height:1.4\">Todos los productos est\u00e1n dise\u00f1ados para ofrecer <strong>el m\u00e1ximo rendimiento<\/strong> respetando el medio ambiente y la salud.<\/p>\n\n\n\n<ul class=\"wp-block-list\">\n<li><strong>Baja emisi\u00f3n de sustancias vol\u00e1tiles (COV)<\/strong><\/li>\n\n\n\n<li>F\u00f3rmulas <strong>biodegradables y vegetales<\/strong> siempre que sea posible<\/li>\n\n\n\n<li>No hay s\u00edmbolos de peligro para los productos dom\u00e9sticos<\/li>\n\n\n\n<li><strong>Facilidad de uso<\/strong>, incluso en entornos residenciales<\/li>\n<\/ul>\n<\/div>\n<\/div>\n<\/div>\n\n\n\n<div class=\"wp-block-group alignwide has-global-padding is-layout-constrained wp-container-core-group-is-layout-92dded1c wp-block-group-is-layout-constrained\" style=\"margin-top:var(--wp--preset--spacing--120);margin-bottom:var(--wp--preset--spacing--120)\">\n<div class=\"wp-block-group title-text-indented-pattern has-global-padding is-layout-constrained wp-container-core-group-is-layout-a31aa551 wp-block-group-is-layout-constrained\">\n<h2 class=\"wp-block-heading animated fadeInUp has-text-color\" style=\"color:#000000\">Adhesivos para una instalaci\u00f3n profesional<\/h2>\n\n\n\n<div class=\"wp-block-group animated fadeInUp has-global-padding is-layout-constrained wp-block-group-is-layout-constrained\">\n<p class=\"has-text-color has-m-font-size\" style=\"line-height:1.4\">La l\u00ednea profesional est\u00e1 pensada para las personas que trabajan a diario con parquet: instaladores, artesanos y profesionales de los suelos de madera.<\/p>\n\n\n\n<p class=\"has-text-color has-m-font-size\" style=\"line-height:1.4\">Ofrecemos <strong>adhesivos t\u00e9cnicos de uno y dos componentes<\/strong> adecuados para todo tipo de parquet y superficies, incluso en condiciones cr\u00edticas como sustratos calefactados o materiales no absorbentes.<\/p>\n\n\n\n<p class=\"has-text-color has-m-font-size\" style=\"line-height:1.4\">Formulaciones de alto rendimiento, listas para usar o mezclables, que proporcionan <strong>adherencia, flexibilidad y durabilidad<\/strong>, centr\u00e1ndose en la seguridad y la facilidad de aplicaci\u00f3n.<\/p>\n<\/div>\n<\/div>\n<\/div>\n\n\n\n<div class=\"wp-block-group is-style-default has-global-padding is-layout-constrained wp-container-core-group-is-layout-57f1f806 wp-block-group-is-layout-constrained\">\n<div class=\"wp-block-media-text is-stacked-on-mobile animated fadeIn is-style-default\" style=\"padding-right:6%;padding-left:6%;grid-template-columns:40% auto\"><figure class=\"wp-block-media-text__media\"><a href=\"https:\/\/www.berti.net\/es\/productos-de-parquet\/gripe-mono\/\"><img loading=\"lazy\" decoding=\"async\" width=\"814\" height=\"814\" src=\"https:\/\/www.berti.net\/wp-content\/uploads\/GRIPPIX_thumb.jpg\" alt=\"\" class=\"wp-image-29110 size-full\" srcset=\"https:\/\/berti.net\/wp-content\/uploads\/GRIPPIX_thumb.jpg 814w, https:\/\/berti.net\/wp-content\/uploads\/GRIPPIX_thumb-812x812.jpg 812w, https:\/\/berti.net\/wp-content\/uploads\/GRIPPIX_thumb-406x406.jpg 406w, https:\/\/berti.net\/wp-content\/uploads\/GRIPPIX_thumb-768x768.jpg 768w\" sizes=\"auto, (max-width: 814px) 100vw, 814px\" \/><\/a><\/figure><div class=\"wp-block-media-text__content\">\n<div class=\"wp-block-group has-global-padding is-layout-constrained wp-block-group-is-layout-constrained\">\n<p class=\"has-m-22-font-size\" style=\"margin-top:0;margin-bottom:0\"><strong>GRIPPIX<\/strong><\/p>\n\n\n\n<p class=\"has-m-font-size\" style=\"margin-top:0;margin-bottom:0\"><strong>Cola de poliuretano monocomponente para parquet preacabado multicapa<\/strong><\/p>\n\n\n\n<p>Un adhesivo <strong>listo para usar<\/strong>, ideal para entornos con sustratos calientes y para profesionales sensibles a los compuestos epox\u00eddicos.<br>Sin disolventes, ofrece <strong>un alto rendimiento<\/strong>, una excelente fijaci\u00f3n y <strong>una baja emisi\u00f3n de COV<\/strong>, para una instalaci\u00f3n segura y duradera.<\/p>\n\n\n\n<div class=\"wp-block-buttons is-layout-flex wp-block-buttons-is-layout-flex\">\n<div class=\"wp-block-button\"><a class=\"wp-block-button__link has-contrast-2-color has-base-background-color has-text-color has-background has-link-color wp-element-button\" href=\"https:\/\/www.berti.net\/es\/productos-de-parquet\/gripe-mono\/\"><strong>FICHA DE PRODUCTO<\/strong> <strong>GRIPPIX<\/strong><\/a><\/div>\n<\/div>\n<\/div>\n<\/div><\/div>\n\n\n\n<div class=\"wp-block-media-text is-stacked-on-mobile animated fadeIn is-style-default\" style=\"padding-right:6%;padding-left:6%;grid-template-columns:40% auto\"><figure class=\"wp-block-media-text__media\"><a href=\"https:\/\/www.berti.net\/es\/productos-de-parquet\/bi-potencia\/\"><img loading=\"lazy\" decoding=\"async\" width=\"814\" height=\"814\" src=\"https:\/\/www.berti.net\/wp-content\/uploads\/BIPOWER_thumb.jpg\" alt=\"\" class=\"wp-image-29120 size-full\" srcset=\"https:\/\/berti.net\/wp-content\/uploads\/BIPOWER_thumb.jpg 814w, https:\/\/berti.net\/wp-content\/uploads\/BIPOWER_thumb-812x812.jpg 812w, https:\/\/berti.net\/wp-content\/uploads\/BIPOWER_thumb-406x406.jpg 406w, https:\/\/berti.net\/wp-content\/uploads\/BIPOWER_thumb-768x768.jpg 768w\" sizes=\"auto, (max-width: 814px) 100vw, 814px\" \/><\/a><\/figure><div class=\"wp-block-media-text__content\">\n<div class=\"wp-block-group has-global-padding is-layout-constrained wp-block-group-is-layout-constrained\">\n<p class=\"has-m-22-font-size\" style=\"margin-top:0;margin-bottom:0\"><strong>BI POTENCIA<\/strong><\/p>\n\n\n\n<p class=\"has-m-font-size\" style=\"margin-top:0;margin-bottom:0\"><strong>Cola epoxi-poliuretano bicomponente para todo tipo de parquet<\/strong><\/p>\n\n\n\n<p>Perfecto para aplicaciones incluso en superficies no absorbentes, como cer\u00e1mica o m\u00e1rmol.<br>Ofrece <strong>una gran adherencia y flexibilidad<\/strong>, con un agarre fuerte y profesional.<br>Ideal para quienes buscan <strong>el m\u00e1ximo rendimiento incluso en condiciones exigentes.<\/strong><\/p>\n\n\n\n<div class=\"wp-block-buttons is-layout-flex wp-block-buttons-is-layout-flex\">\n<div class=\"wp-block-button\"><a class=\"wp-block-button__link has-contrast-2-color has-base-background-color has-text-color has-background has-link-color wp-element-button\" href=\"https:\/\/www.berti.net\/es\/productos-de-parquet\/bi-potencia\/\"><strong>FICHA DE PRODUCTO BI POWER<\/strong><\/a><\/div>\n<\/div>\n<\/div>\n<\/div><\/div>\n<\/div>\n\n\n\n<div style=\"height:100px\" aria-hidden=\"true\" class=\"wp-block-spacer\"><\/div>\n\n\n\n<div class=\"wp-block-cover alignfull is-light estimate-request-content animated fadeIn\" style=\"margin-top:0\"><img decoding=\"async\" class=\"wp-block-cover__image-background\" alt=\"\" src=\"https:\/\/staging.berti.net\/wp-content\/themes\/thombase\/public\/images\/estimateBanner.webp\" data-object-fit=\"cover\"\/><span aria-hidden=\"true\" class=\"wp-block-cover__background has-background-dim-0 has-background-dim\"><\/span><div class=\"wp-block-cover__inner-container has-global-padding is-layout-constrained wp-block-cover-is-layout-constrained\">\n<div id=\"estimate\" class=\"wp-block-group alignleft estimate-request-content-inner has-global-padding is-content-justification-left is-layout-constrained wp-container-core-group-is-layout-94054b8f wp-block-group-is-layout-constrained\">\n<h5 class=\"wp-block-heading\">Pide <strong>presupuesto<\/strong>,<br>entra en el mundo Berti<\/h5>\n\n\n\n<p>\n  Rellena el formulario para solicitar un presupuesto. Recibir\u00e1s una respuesta de nuestro personal en breve. \n            <\/p>\n\n\n\n<div class=\"wp-block-buttons is-layout-flex wp-block-buttons-is-layout-flex\">\n<div class=\"wp-block-button is-style-link\"><a class=\"wp-block-button__link wp-element-button\" href=\"https:\/\/www.berti.net\/es\/solicita-preventivo\/\">SOLICITA AHORA<\/a><\/div>\n<\/div>\n<\/div>\n<\/div><\/div>\n","protected":false},"excerpt":{"rendered":"<p>La belleza y durabilidad del parquet empieza por elegir los productos adecuados. Esta secci\u00f3n est\u00e1 totalmente dedicada a quienes desean lo mejor para su suelo de madera: soluciones profesionales para la colocaci\u00f3n y productos espec\u00edficos para la limpieza y el mantenimiento diarios. Cada art\u00edculo ha sido seleccionado para garantizar un alto rendimiento, seguridad para el usuario y respeto por el [&hellip;]<\/p>\n","protected":false},"author":2,"featured_media":0,"parent":0,"menu_order":0,"comment_status":"closed","ping_status":"closed","template":"page-with-overlying-header","meta":{"footnotes":""},"class_list":["post-25544","page","type-page","status-publish","hentry"],"_links":{"self":[{"href":"https:\/\/berti.net\/es\/wp-json\/wp\/v2\/pages\/25544","targetHints":{"allow":["GET"]}}],"collection":[{"href":"https:\/\/berti.net\/es\/wp-json\/wp\/v2\/pages"}],"about":[{"href":"https:\/\/berti.net\/es\/wp-json\/wp\/v2\/types\/page"}],"author":[{"embeddable":true,"href":"https:\/\/berti.net\/es\/wp-json\/wp\/v2\/users\/2"}],"replies":[{"embeddable":true,"href":"https:\/\/berti.net\/es\/wp-json\/wp\/v2\/comments?post=25544"}],"version-history":[{"count":16,"href":"https:\/\/berti.net\/es\/wp-json\/wp\/v2\/pages\/25544\/revisions"}],"predecessor-version":[{"id":29310,"href":"https:\/\/berti.net\/es\/wp-json\/wp\/v2\/pages\/25544\/revisions\/29310"}],"wp:attachment":[{"href":"https:\/\/berti.net\/es\/wp-json\/wp\/v2\/media?parent=25544"}],"curies":[{"name":"wp","href":"https:\/\/api.w.org\/{rel}","templated":true}]}}