{"id":17254,"date":"2024-09-18T14:30:00","date_gmt":"2024-09-18T14:30:00","guid":{"rendered":"https:\/\/www.berti.net\/productos-berti\/"},"modified":"2025-09-26T07:38:20","modified_gmt":"2025-09-26T07:38:20","slug":"productos-berti","status":"publish","type":"page","link":"https:\/\/berti.net\/es\/productos-berti\/","title":{"rendered":"Productos Berti"},"content":{"rendered":"\n<div class=\"wp-block-group alignfull hero-title-slider-pattern has-global-padding is-layout-constrained wp-block-group-is-layout-constrained\">\n<div class=\"wp-block-cover alignfull banner-hero has-aspect-ratio wp-duotone-unset-1\" style=\"padding-top:0px;padding-right:0;padding-bottom:0px;padding-left:0;min-height:516px;aspect-ratio:auto;min-height:unset;\"><img loading=\"lazy\" decoding=\"async\" width=\"1600\" height=\"1200\" class=\"wp-block-cover__image-background wp-image-233\" alt=\"\" src=\"https:\/\/www.berti.net\/wp-content\/uploads\/2024\/09\/Hero_1.jpg\" data-object-fit=\"cover\" srcset=\"https:\/\/berti.net\/wp-content\/uploads\/2024\/09\/Hero_1.jpg 1600w, https:\/\/berti.net\/wp-content\/uploads\/2024\/09\/Hero_1-300x225.jpg 300w, https:\/\/berti.net\/wp-content\/uploads\/2024\/09\/Hero_1-1024x768.jpg 1024w, https:\/\/berti.net\/wp-content\/uploads\/2024\/09\/Hero_1-768x576.jpg 768w, https:\/\/berti.net\/wp-content\/uploads\/2024\/09\/Hero_1-1536x1152.jpg 1536w\" sizes=\"auto, (max-width: 1600px) 100vw, 1600px\" \/><span aria-hidden=\"true\" class=\"wp-block-cover__background has-base-background-color has-background-dim\"><\/span><div class=\"wp-block-cover__inner-container is-layout-flow wp-block-cover-is-layout-flow\">\n<div class=\"wp-block-group banner-hero-content has-global-padding is-layout-constrained wp-container-core-group-is-layout-a05d3a21 wp-block-group-is-layout-constrained\">\n<div class=\"wp-block-group has-global-padding is-layout-constrained wp-container-core-group-is-layout-b831be90 wp-block-group-is-layout-constrained\">\n<h1 class=\"wp-block-heading has-text-align-center has-white-color has-text-color has-xxl-font-size\" style=\"letter-spacing:0px;line-height:1\">Productos Berti<\/h1>\n<\/div>\n<\/div>\n<\/div><\/div>\n\n\n\n<div class=\"wp-block-group alignfull slider-hero has-global-padding is-layout-constrained wp-block-group-is-layout-constrained\">\n<div class=\"wp-block-group alignfull moving-gallery has-global-padding is-layout-constrained wp-block-group-is-layout-constrained\" style=\"margin-top:0\">\n<div class=\"wp-block-group wrapper-gallery is-nowrap is-layout-flex wp-container-core-group-is-layout-5c4495dd wp-block-group-is-layout-flex\">\n<figure class=\"wp-block-image size-full is-resized\"><img decoding=\"async\" src=\"https:\/\/www.berti.net\/wp-content\/themes\/thombase\/public\/images\/hz-gallery-01.webp\" alt=\"parquet de ba&#xF1;o\" style=\"width:436px\"\/><\/figure>\n\n\n\n<figure class=\"wp-block-image size-full is-resized\"><img decoding=\"async\" src=\"https:\/\/www.berti.net\/wp-content\/themes\/thombase\/public\/images\/hz-gallery-02.webp\" alt=\"Espiga de parquet\" style=\"width:400px\"\/><\/figure>\n\n\n\n<figure class=\"wp-block-image size-full is-resized\"><img decoding=\"async\" src=\"https:\/\/www.berti.net\/wp-content\/themes\/thombase\/public\/images\/hz-gallery-03.webp\" alt=\"parquet Espiga sal&#xF3;n\" style=\"width:436px\"\/><\/figure>\n\n\n\n<figure class=\"wp-block-image size-full is-resized\"><img decoding=\"async\" src=\"https:\/\/www.berti.net\/wp-content\/themes\/thombase\/public\/images\/hz-gallery-04.webp\" alt=\"parquet Espiga sal&#xF3;n\" style=\"width:280px\"\/><\/figure>\n\n\n\n<figure class=\"wp-block-image size-full is-resized\"><img decoding=\"async\" src=\"https:\/\/www.berti.net\/wp-content\/themes\/thombase\/public\/images\/hz-gallery-05.webp\" alt=\"parquet Espiga sal&#xF3;n\" style=\"width:436px\"\/><\/figure>\n\n\n\n<figure class=\"wp-block-image size-full is-resized\"><img decoding=\"async\" src=\"https:\/\/www.berti.net\/wp-content\/themes\/thombase\/public\/images\/hz-gallery-06.webp\" alt=\"\" style=\"width:455px\"\/><\/figure>\n\n\n\n<figure class=\"wp-block-image size-full is-resized\"><img decoding=\"async\" src=\"https:\/\/www.berti.net\/wp-content\/themes\/thombase\/public\/images\/hz-gallery-07.webp\" alt=\"\" style=\"width:436px\"\/><\/figure>\n<\/div>\n<\/div>\n<\/div>\n<\/div>\n\n<div class=\"wp-block-group alignwide has-global-padding is-layout-constrained wp-container-core-group-is-layout-92dded1c wp-block-group-is-layout-constrained\" style=\"margin-top:var(--wp--preset--spacing--120);margin-bottom:var(--wp--preset--spacing--120)\">\n<div class=\"wp-block-group title-text-indented-pattern has-global-padding is-layout-constrained wp-container-core-group-is-layout-a31aa551 wp-block-group-is-layout-constrained\">\n<h2 class=\"wp-block-heading has-text-color\" style=\"color:#000000\">Descubre todas las colecciones <strong>Berti Pavimenti Legno<\/strong>: parquet y suelos de madera preacabados de roble a nogal, de estilo contempor\u00e1neo a las incrustaciones m\u00e1s art\u00edsticas.<\/h2>\n\n\n\n<div class=\"wp-block-group has-global-padding is-layout-constrained wp-block-group-is-layout-constrained\">\n<p class=\"has-text-color has-m-22-font-size\" style=\"line-height:1.5\">La madera es el material natural por excelencia: siempre elogiada como material vivo, es una elecci\u00f3n de bienestar. La emoci\u00f3n y la calidez de la madera natural no pueden compararse con ninguna otra elecci\u00f3n en t\u00e9rminos de revestimiento, combinadas con un alto rendimiento y una notable elegancia est\u00e9tica y decorativa. Conoces la calidad de nuestros productos: la madera y el parquet son nuestras pasiones.  <\/p>\n<\/div>\n<\/div>\n<\/div>\n\n<div class=\"wp-block-group alignwide has-global-padding is-layout-constrained wp-container-core-group-is-layout-d427c859 wp-block-group-is-layout-constrained\" style=\"margin-top:var(--wp--preset--spacing--50);margin-bottom:var(--wp--preset--spacing--50);padding-right:16px;padding-left:16px\">\n<figure class=\"wp-block-image size-large\"><a href=\"https:\/\/www.berti.net\/es\/parquet\/\"><img loading=\"lazy\" decoding=\"async\" width=\"1024\" height=\"576\" src=\"https:\/\/www.berti.net\/wp-content\/uploads\/2024\/09\/berti-pavimenti-in-legno_parquet-rovere_essential-sand-1024x576.jpg\" alt=\"colecci&#xF3;n parquet\" class=\"wp-image-602\" srcset=\"https:\/\/berti.net\/wp-content\/uploads\/2024\/09\/berti-pavimenti-in-legno_parquet-rovere_essential-sand-1024x576.jpg 1024w, https:\/\/berti.net\/wp-content\/uploads\/2024\/09\/berti-pavimenti-in-legno_parquet-rovere_essential-sand-300x169.jpg 300w, https:\/\/berti.net\/wp-content\/uploads\/2024\/09\/berti-pavimenti-in-legno_parquet-rovere_essential-sand-768x432.jpg 768w, https:\/\/berti.net\/wp-content\/uploads\/2024\/09\/berti-pavimenti-in-legno_parquet-rovere_essential-sand-1536x864.jpg 1536w, https:\/\/berti.net\/wp-content\/uploads\/2024\/09\/berti-pavimenti-in-legno_parquet-rovere_essential-sand.jpg 1928w\" sizes=\"auto, (max-width: 1024px) 100vw, 1024px\" \/><\/a><\/figure>\n<\/div>\n\n<div class=\"wp-block-group alignwide has-base-color has-text-color has-link-color wp-elements-ebcf24a719c7be0c312549434e098ecf has-global-padding is-layout-constrained wp-container-core-group-is-layout-e7f6fb82 wp-block-group-is-layout-constrained\" style=\"padding-top:0;padding-bottom:var(--wp--preset--spacing--90)\">\n<h3 class=\"wp-block-heading has-text-color has-l-48-font-size\" style=\"color:#000000\"><a href=\"https:\/\/www.berti.net\/es\/parquet\/\">Parquet<\/a><\/h3>\n\n\n\n<div class=\"wp-block-group has-global-padding is-layout-constrained wp-block-group-is-layout-constrained\">\n<p class=\"has-m-22-font-size\" style=\"line-height:1.5\">Descubre todas las colecciones Berti Pavimenti Legno: parquet y suelos de madera preacabados de roble a nogal, de estilo contempor\u00e1neo a las incrustaciones m\u00e1s art\u00edsticas.<\/p>\n\n\n\n<p class=\"has-m-22-font-size\" style=\"line-height:1.5\">La madera es el material natural por excelencia: siempre elogiada como material vivo, es una elecci\u00f3n de bienestar. La emoci\u00f3n y la calidez de la madera natural no pueden compararse con ninguna otra elecci\u00f3n en materia de revestimientos, combinadas con un alto rendimiento y una notable elegancia est\u00e9tica y decorativa.<br\/>Conoces la calidad de nuestros productos: la madera y el parquet son nuestra pasi\u00f3n. <\/p>\n\n\n\n<div class=\"wp-block-buttons is-layout-flex wp-block-buttons-is-layout-flex\" style=\"margin-top:var(--wp--preset--spacing--40)\">\n<div class=\"wp-block-button is-style-fill\"><a class=\"wp-block-button__link has-contrast-2-color has-base-background-color has-text-color has-background has-link-color wp-element-button\" href=\"https:\/\/www.berti.net\/es\/parquet\/\" style=\"padding-top:15px;padding-right:30px;padding-bottom:15px;padding-left:30px\">Descubre las colecciones<\/a><\/div>\n<\/div>\n<\/div>\n<\/div>\n\n<div class=\"wp-block-group alignwide has-global-padding is-layout-constrained wp-container-core-group-is-layout-d427c859 wp-block-group-is-layout-constrained\" style=\"margin-top:var(--wp--preset--spacing--50);margin-bottom:var(--wp--preset--spacing--50);padding-right:16px;padding-left:16px\">\n<figure class=\"wp-block-image size-large\"><a href=\"https:\/\/www.berti.net\/es\/i-wood\/\"><img loading=\"lazy\" decoding=\"async\" width=\"1024\" height=\"554\" src=\"https:\/\/www.berti.net\/wp-content\/uploads\/2024\/09\/quadrotte-rivestimento-iwood-berti-4-1024x554.jpg\" alt=\"Revestimiento de madera colecci&#xF3;n I-Wood\" class=\"wp-image-617\" srcset=\"https:\/\/berti.net\/wp-content\/uploads\/2024\/09\/quadrotte-rivestimento-iwood-berti-4-1024x554.jpg 1024w, https:\/\/berti.net\/wp-content\/uploads\/2024\/09\/quadrotte-rivestimento-iwood-berti-4-300x162.jpg 300w, https:\/\/berti.net\/wp-content\/uploads\/2024\/09\/quadrotte-rivestimento-iwood-berti-4-768x415.jpg 768w, https:\/\/berti.net\/wp-content\/uploads\/2024\/09\/quadrotte-rivestimento-iwood-berti-4-1536x831.jpg 1536w, https:\/\/berti.net\/wp-content\/uploads\/2024\/09\/quadrotte-rivestimento-iwood-berti-4.jpg 1928w\" sizes=\"auto, (max-width: 1024px) 100vw, 1024px\" \/><\/a><\/figure>\n<\/div>\n\n<div class=\"wp-block-group alignwide has-global-padding is-layout-constrained wp-container-core-group-is-layout-e7f6fb82 wp-block-group-is-layout-constrained\" style=\"padding-top:0;padding-bottom:var(--wp--preset--spacing--90)\">\n<h3 class=\"wp-block-heading has-text-color has-l-48-font-size\" style=\"color:#000000\"><a href=\"https:\/\/www.berti.net\/es\/i-wood\/\">Revestimiento de madera<\/a><\/h3>\n\n\n\n<div class=\"wp-block-group has-global-padding is-layout-constrained wp-block-group-is-layout-constrained\">\n<p class=\"has-m-22-font-size\" style=\"line-height:1.5\"><strong>Madera innovadora e inteligente<\/strong><br\/>Berti presenta I-Wood, el nuevo sistema de revestimiento de madera. Un proyecto altamente innovador fabricado con materiales certificados para un producto sostenible, duradero y con un dise\u00f1o Made in Italy. <br\/><br\/>Una soluci\u00f3n rentable y sostenible: se selecciona madera de f\u00e1cil y r\u00e1pido rebrote para utilizar capas finas y resistentes y crear una s\u00f3lida estructura de 3 capas con un grosor total de 10,2 mm.<\/p>\n\n\n\n<div class=\"wp-block-buttons is-layout-flex wp-block-buttons-is-layout-flex\" style=\"margin-top:var(--wp--preset--spacing--40)\">\n<div class=\"wp-block-button is-style-fill\"><a class=\"wp-block-button__link has-contrast-2-color has-base-background-color has-text-color has-background has-link-color wp-element-button\" href=\"https:\/\/www.berti.net\/es\/i-wood\/\" style=\"padding-top:15px;padding-right:30px;padding-bottom:15px;padding-left:30px\">Descubre las colecciones<\/a><\/div>\n<\/div>\n<\/div>\n<\/div>\n\n<div class=\"wp-block-group alignwide has-global-padding is-layout-constrained wp-container-core-group-is-layout-d427c859 wp-block-group-is-layout-constrained\" style=\"margin-top:var(--wp--preset--spacing--50);margin-bottom:var(--wp--preset--spacing--50);padding-right:16px;padding-left:16px\">\n<figure class=\"wp-block-image size-large\"><a href=\"https:\/\/www.berti.net\/es\/coleccion-de-bano\/\"><img loading=\"lazy\" decoding=\"async\" width=\"1024\" height=\"574\" src=\"https:\/\/www.berti.net\/wp-content\/uploads\/2024\/09\/berti-pavimenti-in-legno_parquet_piano-bagno_vanity_01-1024x574.jpg\" alt=\"colecci&#xF3;n de ba&#xF1;o\" class=\"wp-image-596\" srcset=\"https:\/\/berti.net\/wp-content\/uploads\/2024\/09\/berti-pavimenti-in-legno_parquet_piano-bagno_vanity_01-1024x574.jpg 1024w, https:\/\/berti.net\/wp-content\/uploads\/2024\/09\/berti-pavimenti-in-legno_parquet_piano-bagno_vanity_01-300x168.jpg 300w, https:\/\/berti.net\/wp-content\/uploads\/2024\/09\/berti-pavimenti-in-legno_parquet_piano-bagno_vanity_01-768x430.jpg 768w, https:\/\/berti.net\/wp-content\/uploads\/2024\/09\/berti-pavimenti-in-legno_parquet_piano-bagno_vanity_01-1536x860.jpg 1536w, https:\/\/berti.net\/wp-content\/uploads\/2024\/09\/berti-pavimenti-in-legno_parquet_piano-bagno_vanity_01.jpg 1928w\" sizes=\"auto, (max-width: 1024px) 100vw, 1024px\" \/><\/a><\/figure>\n<\/div>\n\n<div class=\"wp-block-group alignwide has-base-color has-text-color has-link-color wp-elements-62609070c146f789c835bf09ee245c3c has-global-padding is-layout-constrained wp-container-core-group-is-layout-6de9c66b wp-block-group-is-layout-constrained\" style=\"padding-top:0;padding-bottom:0\">\n<h3 class=\"wp-block-heading has-text-color has-l-48-font-size\" style=\"color:#000000\"><a href=\"https:\/\/www.berti.net\/es\/coleccion-de-bano\/\">Colecci\u00f3n de ba\u00f1o<\/a><\/h3>\n\n\n\n<div class=\"wp-block-group has-global-padding is-layout-constrained wp-block-group-is-layout-constrained\">\n<p class=\"has-m-22-font-size\" style=\"line-height:1.5\">Berti presenta la exclusiva colecci\u00f3n Piano Bagno.<br\/>La amplia gama de especies de madera y acabados est\u00e1 disponible para personalizar creativamente tu espacio de ba\u00f1o eligiendo entre dos dise\u00f1os diferentes, minimalistas, elegantes y siempre contempor\u00e1neos.<br\/><br\/>El parqu\u00e9, un material vivo y equilibrante, es adecuado para todos los espacios.<\/p>\n\n\n\n<p class=\"has-m-22-font-size\" style=\"line-height:1.5\">Adem\u00e1s de sus cualidades t\u00e9cnicas, este material para revestimientos murales es un elemento de decoraci\u00f3n capaz de inspirar elecciones omnicomprensivas&#8230; que, a veces,<br\/>\u00a1no se limitan a los suelos!<\/p>\n\n\n\n<div class=\"wp-block-buttons is-layout-flex wp-block-buttons-is-layout-flex\" style=\"margin-top:var(--wp--preset--spacing--40)\">\n<div class=\"wp-block-button is-style-fill\"><a class=\"wp-block-button__link has-contrast-2-color has-base-background-color has-text-color has-background has-link-color wp-element-button\" href=\"https:\/\/www.berti.net\/es\/coleccion-de-bano\/\" style=\"padding-top:15px;padding-right:30px;padding-bottom:15px;padding-left:30px\">Descubre la colecci\u00f3n<\/a><\/div>\n<\/div>\n<\/div>\n<\/div>\n\n<div style=\"height:100px\" aria-hidden=\"true\" class=\"wp-block-spacer\"><\/div>\n\n<div class=\"wp-block-cover alignfull is-light estimate-request-content\" style=\"margin-top:0\"><img decoding=\"async\" class=\"wp-block-cover__image-background\" alt=\"\" src=\"https:\/\/www.berti.net\/wp-content\/themes\/thombase\/public\/images\/estimateBanner.webp\" data-object-fit=\"cover\"\/><span aria-hidden=\"true\" class=\"wp-block-cover__background has-background-dim-0 has-background-dim\"><\/span><div class=\"wp-block-cover__inner-container has-global-padding is-layout-constrained wp-block-cover-is-layout-constrained\">\n<div id=\"estimate\" class=\"wp-block-group alignleft estimate-request-content-inner has-global-padding is-content-justification-left is-layout-constrained wp-container-core-group-is-layout-94054b8f wp-block-group-is-layout-constrained\">\n<h5 class=\"wp-block-heading\">Pide <strong>presupuesto<\/strong>,<br\/>entra en el mundo Berti<\/h5>\n\n\n\n<p style=\"line-height:1.5\">Rellena el formulario para solicitar un Presupuesto. Recibir\u00e1s una respuesta de nuestro personal en breve. <\/p>\n\n\n\n<div class=\"wp-block-buttons is-layout-flex wp-block-buttons-is-layout-flex\">\n<div class=\"wp-block-button is-style-link\"><a class=\"wp-block-button__link wp-element-button\" href=\"https:\/\/www.berti.net\/es\/solicita-preventivo-2\/\">SOLICITA AHORA<\/a><\/div>\n<\/div>\n<\/div>\n<\/div><\/div>\n\n<p><\/p>\n","protected":false},"excerpt":{"rendered":"<p>Descubre todas las colecciones Berti Pavimenti Legno: parquet y suelos de madera preacabados de roble a nogal, de estilo contempor\u00e1neo a las incrustaciones m\u00e1s art\u00edsticas. La madera es el material natural por excelencia: siempre elogiada como material vivo, es una elecci\u00f3n de bienestar. La emoci\u00f3n y la calidez de la madera natural no pueden compararse con ninguna otra elecci\u00f3n en [&hellip;]<\/p>\n","protected":false},"author":2,"featured_media":0,"parent":0,"menu_order":0,"comment_status":"closed","ping_status":"closed","template":"page-with-overlying-header","meta":{"footnotes":""},"class_list":["post-17254","page","type-page","status-publish","hentry"],"_links":{"self":[{"href":"https:\/\/berti.net\/es\/wp-json\/wp\/v2\/pages\/17254","targetHints":{"allow":["GET"]}}],"collection":[{"href":"https:\/\/berti.net\/es\/wp-json\/wp\/v2\/pages"}],"about":[{"href":"https:\/\/berti.net\/es\/wp-json\/wp\/v2\/types\/page"}],"author":[{"embeddable":true,"href":"https:\/\/berti.net\/es\/wp-json\/wp\/v2\/users\/2"}],"replies":[{"embeddable":true,"href":"https:\/\/berti.net\/es\/wp-json\/wp\/v2\/comments?post=17254"}],"version-history":[{"count":6,"href":"https:\/\/berti.net\/es\/wp-json\/wp\/v2\/pages\/17254\/revisions"}],"predecessor-version":[{"id":27193,"href":"https:\/\/berti.net\/es\/wp-json\/wp\/v2\/pages\/17254\/revisions\/27193"}],"wp:attachment":[{"href":"https:\/\/berti.net\/es\/wp-json\/wp\/v2\/media?parent=17254"}],"curies":[{"name":"wp","href":"https:\/\/api.w.org\/{rel}","templated":true}]}}