{"id":17182,"date":"2024-09-13T08:10:35","date_gmt":"2024-09-13T08:10:35","guid":{"rendered":"https:\/\/www.berti.net\/tipos-de-colocacion-parquet-machihembrado\/"},"modified":"2025-07-21T12:54:18","modified_gmt":"2025-07-21T12:54:18","slug":"tipos-de-colocacion-parquet-machihembrado","status":"publish","type":"page","link":"https:\/\/berti.net\/es\/tipos-de-colocacion-parquet-machihembrado\/","title":{"rendered":"Tipos de colocaci\u00f3n: Parquet en espiga"},"content":{"rendered":"\n<div class=\"wp-block-group alignfull hero-title-slider-pattern has-global-padding is-layout-constrained wp-block-group-is-layout-constrained\">\n<div class=\"wp-block-cover alignfull banner-hero has-aspect-ratio wp-duotone-unset-1\" style=\"padding-top:0px;padding-right:0;padding-bottom:0px;padding-left:0;min-height:516px;aspect-ratio:auto;min-height:unset;\"><span aria-hidden=\"true\" class=\"wp-block-cover__background has-base-background-color has-background-dim-100 has-background-dim\"><\/span><div class=\"wp-block-cover__inner-container is-layout-flow wp-block-cover-is-layout-flow\">\n<div class=\"wp-block-group banner-hero-content has-global-padding is-layout-constrained wp-container-core-group-is-layout-a05d3a21 wp-block-group-is-layout-constrained\">\n<div class=\"wp-block-group has-global-padding is-layout-constrained wp-container-core-group-is-layout-b831be90 wp-block-group-is-layout-constrained\">\n<h1 class=\"wp-block-heading has-text-align-center has-white-color has-text-color has-xxl-font-size\" style=\"letter-spacing:0px;line-height:1\">Tipos de colocaci\u00f3n: Parquet en espiga<\/h1>\n<\/div>\n<\/div>\n<\/div><\/div>\n\n\n\n<div class=\"wp-block-group alignfull slider-hero has-background has-global-padding is-layout-constrained wp-block-group-is-layout-constrained\" style=\"background:linear-gradient(0deg,#19191900 0%,#191919 100%)\">\n<div class=\"wp-block-group alignfull moving-gallery has-global-padding is-layout-constrained wp-block-group-is-layout-constrained\" style=\"margin-top:0\">\n<div class=\"wp-block-group wrapper-gallery is-nowrap is-layout-flex wp-container-core-group-is-layout-5c4495dd wp-block-group-is-layout-flex\">\n<figure class=\"wp-block-image size-full is-resized\"><img decoding=\"async\" src=\"https:\/\/www.berti.net\/wp-content\/themes\/thombase\/public\/images\/hz-gallery-01.webp\" alt=\"\" style=\"width:436px\"\/><\/figure>\n\n\n\n<figure class=\"wp-block-image size-full is-resized\"><img decoding=\"async\" src=\"https:\/\/www.berti.net\/wp-content\/themes\/thombase\/public\/images\/hz-gallery-02.webp\" alt=\"\" style=\"width:400px\"\/><\/figure>\n\n\n\n<figure class=\"wp-block-image size-full is-resized\"><img decoding=\"async\" src=\"https:\/\/www.berti.net\/wp-content\/themes\/thombase\/public\/images\/hz-gallery-03.webp\" alt=\"\" style=\"width:436px\"\/><\/figure>\n\n\n\n<figure class=\"wp-block-image size-full is-resized\"><img decoding=\"async\" src=\"https:\/\/www.berti.net\/wp-content\/themes\/thombase\/public\/images\/hz-gallery-04.webp\" alt=\"\" style=\"width:280px\"\/><\/figure>\n\n\n\n<figure class=\"wp-block-image size-full is-resized\"><img decoding=\"async\" src=\"https:\/\/www.berti.net\/wp-content\/themes\/thombase\/public\/images\/hz-gallery-05.webp\" alt=\"\" style=\"width:436px\"\/><\/figure>\n\n\n\n<figure class=\"wp-block-image size-full is-resized\"><img decoding=\"async\" src=\"https:\/\/www.berti.net\/wp-content\/themes\/thombase\/public\/images\/hz-gallery-06.webp\" alt=\"\" style=\"width:455px\"\/><\/figure>\n\n\n\n<figure class=\"wp-block-image size-full is-resized\"><img decoding=\"async\" src=\"https:\/\/www.berti.net\/wp-content\/themes\/thombase\/public\/images\/hz-gallery-07.webp\" alt=\"\" style=\"width:436px\"\/><\/figure>\n<\/div>\n<\/div>\n<\/div>\n<\/div>\n\n<div class=\"wp-block-group alignwide has-global-padding is-layout-constrained wp-container-core-group-is-layout-92dded1c wp-block-group-is-layout-constrained\" style=\"margin-top:var(--wp--preset--spacing--120);margin-bottom:var(--wp--preset--spacing--120)\">\n<div class=\"wp-block-group title-text-indented-pattern has-global-padding is-layout-constrained wp-container-core-group-is-layout-a31aa551 wp-block-group-is-layout-constrained\">\n<h2 class=\"wp-block-heading animated fadeIn has-text-color\" style=\"color:#000000\">El parquet en espiga adecuado para ti: una elecci\u00f3n de estilo y personalidad<\/h2>\n\n\n\n<div class=\"wp-block-group animated fadeIn has-global-padding is-layout-constrained wp-block-group-is-layout-constrained\">\n<p class=\"has-m-22-font-size\" style=\"line-height:1.5\"><strong>El parquet en espiga<\/strong> siempre ha sido un s\u00edmbolo de <strong>elegancia y tradici\u00f3n<\/strong>, que aporta un estilo atemporal a cualquier habitaci\u00f3n. Esta particular disposici\u00f3n de las lamas crea un fascinante patr\u00f3n geom\u00e9trico que <strong>transforma el suelo en un mueble distintivo y refinado<\/strong>. Elegir parquet en espiga requiere prestar atenci\u00f3n a detalles como la procedencia de la madera, su colocaci\u00f3n y el estilo que quieres conseguir.  <\/p>\n\n\n\n<p class=\"has-m-22-font-size\" style=\"line-height:1.5\">Esta gu\u00eda explora los principales tipos de parquet en espiga -italiano, franc\u00e9s y h\u00fangaro- para ayudarte a elegir la soluci\u00f3n m\u00e1s adecuada a tu entorno y estilo. Analizaremos las caracter\u00edsticas y ventajas de cada tipo, acompa\u00f1\u00e1ndote hacia una elecci\u00f3n informada y consciente. <\/p>\n<\/div>\n<\/div>\n<\/div>\n\n<div class=\"wp-block-group products-group is-style-container has-global-padding is-content-justification-center is-layout-constrained wp-container-core-group-is-layout-9312bb58 wp-block-group-is-layout-constrained\" style=\"margin-bottom:var(--wp--preset--spacing--40)\">\n<h2 class=\"wp-block-heading has-text-align-center products-group-title animated fadeIn has-ml-font-size\" style=\"margin-bottom:var(--wp--preset--spacing--40)\">Tipos de espiga<\/h2>\n\n\n\n<div class=\"wp-block-group items-list has-3-columns has-base-color has-text-color has-link-color wp-elements-f1a2405e5c7c854b3098d2f46a5f28d8 is-layout-grid wp-container-core-group-is-layout-8763a382 wp-block-group-is-layout-grid\">\n<div class=\"wp-block-group item is-vertical is-content-justification-center is-layout-flex wp-container-core-group-is-layout-ce155fab wp-block-group-is-layout-flex\">\n<figure class=\"wp-block-image size-full is-style-default animated fadeIn\"><a href=\"https:\/\/berti.threedesk.it\/player.html?model=-1706545042&amp;bg=f1ede8&amp;dy=47.5&amp;dist=-20\" target=\"_blank\" rel=\"noreferrer noopener\"><img loading=\"lazy\" decoding=\"async\" width=\"1400\" height=\"1400\" src=\"https:\/\/www.berti.net\/wp-content\/uploads\/45.jpg\" alt=\"Espiga francesa 45\" class=\"wp-image-13531\" srcset=\"https:\/\/berti.net\/wp-content\/uploads\/45.jpg 1400w, https:\/\/berti.net\/wp-content\/uploads\/45-812x812.jpg 812w, https:\/\/berti.net\/wp-content\/uploads\/45-406x406.jpg 406w, https:\/\/berti.net\/wp-content\/uploads\/45-768x768.jpg 768w, https:\/\/berti.net\/wp-content\/uploads\/45-300x300.jpg 300w, https:\/\/berti.net\/wp-content\/uploads\/45-400x400.jpg 400w, https:\/\/berti.net\/wp-content\/uploads\/45-600x600.jpg 600w\" sizes=\"auto, (max-width: 1400px) 100vw, 1400px\" \/><\/a><\/figure>\n\n\n\n<div class=\"wp-block-group is-vertical is-content-justification-center is-layout-flex wp-container-core-group-is-layout-980b417d wp-block-group-is-layout-flex\">\n<h4 class=\"wp-block-heading has-text-align-center\" style=\"font-size:clamp(15.747px, 0.984rem + ((1vw - 3.2px) * 0.645), 24px);font-style:normal;font-weight:700\"><a href=\"https:\/\/berti.threedesk.it\/player.html?model=-1706545042&amp;bg=f1ede8&amp;dy=47.5&amp;dist=-20\" target=\"_blank\" rel=\"noreferrer noopener\">Espiga francesa<\/a><br\/>45\u00b0<\/h4>\n\n\n\n<p class=\"has-text-align-center\" style=\"font-size:clamp(14px, 0.875rem + ((1vw - 3.2px) * 0.313), 18px);\"><a href=\"https:\/\/berti.threedesk.it\/player.html?model=-1706545042&amp;bg=f1ede8&amp;dy=47.5&amp;dist=-20\" target=\"_blank\" rel=\"noreferrer noopener\">Configura el producto<\/a><\/p>\n<\/div>\n<\/div>\n\n\n\n<div class=\"wp-block-group item is-vertical is-content-justification-center is-layout-flex wp-container-core-group-is-layout-ce155fab wp-block-group-is-layout-flex\">\n<figure class=\"wp-block-image size-full is-style-default animated fadeIn\"><a href=\"https:\/\/berti.threedesk.it\/player.html?model=-1330861767&amp;bg=f1ede8&amp;dy=47.5&amp;dist=-20\" target=\"_blank\" rel=\"noreferrer noopener\"><img loading=\"lazy\" decoding=\"async\" width=\"1400\" height=\"1400\" src=\"https:\/\/www.berti.net\/wp-content\/uploads\/60.jpg\" alt=\"Espiga h&#xFA;ngara 60\" class=\"wp-image-13534\" srcset=\"https:\/\/berti.net\/wp-content\/uploads\/60.jpg 1400w, https:\/\/berti.net\/wp-content\/uploads\/60-812x812.jpg 812w, https:\/\/berti.net\/wp-content\/uploads\/60-406x406.jpg 406w, https:\/\/berti.net\/wp-content\/uploads\/60-768x768.jpg 768w, https:\/\/berti.net\/wp-content\/uploads\/60-300x300.jpg 300w, https:\/\/berti.net\/wp-content\/uploads\/60-400x400.jpg 400w, https:\/\/berti.net\/wp-content\/uploads\/60-600x600.jpg 600w\" sizes=\"auto, (max-width: 1400px) 100vw, 1400px\" \/><\/a><\/figure>\n\n\n\n<div class=\"wp-block-group is-vertical is-content-justification-center is-layout-flex wp-container-core-group-is-layout-980b417d wp-block-group-is-layout-flex\">\n<h4 class=\"wp-block-heading has-text-align-center\" style=\"font-size:clamp(15.747px, 0.984rem + ((1vw - 3.2px) * 0.645), 24px);font-style:normal;font-weight:700\"><a href=\"https:\/\/berti.threedesk.it\/player.html?model=-1330861767&amp;bg=f1ede8&amp;dy=47.5&amp;dist=-20\" target=\"_blank\" rel=\"noreferrer noopener\">Espiga h\u00fangara<\/a><br\/>60\u00b0<\/h4>\n\n\n\n<p class=\"has-text-align-center\" style=\"font-size:clamp(14px, 0.875rem + ((1vw - 3.2px) * 0.313), 18px);\"><a href=\"https:\/\/berti.threedesk.it\/player.html?model=-1330861767&amp;bg=f1ede8&amp;dy=47.5&amp;dist=-20\" target=\"_blank\" rel=\"noreferrer noopener\">Configura el producto<\/a><\/p>\n<\/div>\n<\/div>\n\n\n\n<div class=\"wp-block-group item is-vertical is-content-justification-center is-layout-flex wp-container-core-group-is-layout-ce155fab wp-block-group-is-layout-flex\">\n<figure class=\"wp-block-image size-full is-style-default animated fadeIn\"><a href=\"https:\/\/berti.threedesk.it\/player.html?model=-1622530237&amp;bg=f1ede8&amp;dy=47.5&amp;dist=-20\" target=\"_blank\" rel=\"noreferrer noopener\"><img loading=\"lazy\" decoding=\"async\" width=\"1400\" height=\"1400\" src=\"https:\/\/www.berti.net\/wp-content\/uploads\/90.jpg\" alt=\"Espiga italiana 90\" class=\"wp-image-13538\" srcset=\"https:\/\/berti.net\/wp-content\/uploads\/90.jpg 1400w, https:\/\/berti.net\/wp-content\/uploads\/90-812x812.jpg 812w, https:\/\/berti.net\/wp-content\/uploads\/90-406x406.jpg 406w, https:\/\/berti.net\/wp-content\/uploads\/90-768x768.jpg 768w, https:\/\/berti.net\/wp-content\/uploads\/90-300x300.jpg 300w, https:\/\/berti.net\/wp-content\/uploads\/90-400x400.jpg 400w, https:\/\/berti.net\/wp-content\/uploads\/90-600x600.jpg 600w\" sizes=\"auto, (max-width: 1400px) 100vw, 1400px\" \/><\/a><\/figure>\n\n\n\n<div class=\"wp-block-group is-vertical is-content-justification-center is-layout-flex wp-container-core-group-is-layout-980b417d wp-block-group-is-layout-flex\">\n<h4 class=\"wp-block-heading has-text-align-center\" style=\"font-size:clamp(15.747px, 0.984rem + ((1vw - 3.2px) * 0.645), 24px);font-style:normal;font-weight:700\"><a href=\"https:\/\/berti.threedesk.it\/player.html?model=-1622530237&amp;bg=f1ede8&amp;dy=47.5&amp;dist=-20\" target=\"_blank\" rel=\"noreferrer noopener\">Espiga italiana<\/a><br\/>90\u00b0<\/h4>\n\n\n\n<p class=\"has-text-align-center\" style=\"font-size:clamp(14px, 0.875rem + ((1vw - 3.2px) * 0.313), 18px);\"><a href=\"https:\/\/berti.threedesk.it\/player.html?model=-1622530237&amp;bg=f1ede8&amp;dy=47.5&amp;dist=-20\" target=\"_blank\" rel=\"noreferrer noopener\">Configura el producto<\/a><\/p>\n<\/div>\n<\/div>\n<\/div>\n<\/div>\n\n<div class=\"wp-block-group alignwide has-global-padding is-layout-constrained wp-container-core-group-is-layout-cc81dfb5 wp-block-group-is-layout-constrained\" style=\"padding-top:var(--wp--preset--spacing--90);padding-bottom:var(--wp--preset--spacing--90)\">\n<h3 class=\"wp-block-heading animated fadeIn has-text-color has-l-48-font-size\" style=\"color:#000000\">Parquet en Espiga Italiano<\/h3>\n\n\n\n<div class=\"wp-block-group has-global-padding is-layout-constrained wp-block-group-is-layout-constrained\">\n<p class=\"animated fadeIn has-m-22-font-size\" style=\"line-height:1.5\">El <strong>parquet italiano en espiga<\/strong> es el formato m\u00e1s tradicional y extendido. Tambi\u00e9n conocido como &#8221;parquet en espiga&#8221;, presenta lamas dispuestas perpendicularmente para formar un \u00e1ngulo de 90 grados, creando un efecto visual din\u00e1mico que acent\u00faa la longitud de la habitaci\u00f3n y da sensaci\u00f3n de movimiento. <\/p>\n\n\n\n<h4 class=\"wp-block-heading animated fadeIn\"><br\/><strong>Caracter\u00edsticas del Parquet en Espiga Italiano<\/strong><\/h4>\n\n\n\n<ul style=\"line-height:1.4\" class=\"wp-block-list animated fadeIn has-m-22-font-size\">\n<li><strong>\u00c1ngulo de la postura:<\/strong> 90 grados<\/li>\n\n\n\n<li><strong>Efecto visual:<\/strong> dinamismo y amplitud<\/li>\n\n\n\n<li><strong>Estilo ideal:<\/strong> vers\u00e1til, adecuado tanto para interiores cl\u00e1sicos como modernos<\/li>\n\n\n\n<li><strong>Ventajas:<\/strong> acent\u00faa la profundidad de los espacios, aporta elegancia y se adapta a distintos tipos de muebles<\/li>\n<\/ul>\n\n\n\n<h4 class=\"wp-block-heading animated fadeIn\"><br\/><strong>\u00bfPor qu\u00e9 elegir el Parquet en Espiga Italiano?<\/strong><\/h4>\n\n\n\n<p class=\"animated fadeIn has-m-22-font-size\" style=\"line-height:1.5\">El parquet italiano en espiga es ideal para quienes buscan un suelo tradicional, que consiga dar car\u00e1cter a la habitaci\u00f3n sin resultar demasiado invasivo. La cl\u00e1sica colocaci\u00f3n a 90 grados da movimiento y, gracias a las l\u00edneas rectas, tambi\u00e9n es perfecta para habitaciones peque\u00f1as, donde un suelo de madera en espiga puede dar amplitud y profundidad. <\/p>\n<\/div>\n<\/div>\n\n<div class=\"wp-block-group alignwide has-global-padding is-layout-constrained wp-container-core-group-is-layout-d427c859 wp-block-group-is-layout-constrained\" style=\"margin-top:var(--wp--preset--spacing--50);margin-bottom:var(--wp--preset--spacing--50);padding-right:16px;padding-left:16px\">\n<div class=\"wp-block-columns alignwide is-not-stacked-on-mobile is-layout-flex wp-container-core-columns-is-layout-ff4b9c61 wp-block-columns-is-layout-flex\" style=\"margin-top:0;margin-bottom:0\">\n<div class=\"wp-block-column is-vertically-aligned-center is-layout-flow wp-container-core-column-is-layout-8a368f38 wp-block-column-is-layout-flow\">\n<figure data-wp-context=\"{&quot;imageId&quot;:&quot;69efc79660983&quot;}\" data-wp-interactive=\"core\/image\" data-wp-key=\"69efc79660983\" class=\"wp-block-image size-full is-style-default wp-lightbox-container\"><img loading=\"lazy\" decoding=\"async\" width=\"653\" height=\"871\" data-wp-class--hide=\"state.isContentHidden\" data-wp-class--show=\"state.isContentVisible\" data-wp-init=\"callbacks.setButtonStyles\" data-wp-on--click=\"actions.showLightbox\" data-wp-on--load=\"callbacks.setButtonStyles\" data-wp-on-window--resize=\"callbacks.setButtonStyles\" src=\"https:\/\/www.berti.net\/wp-content\/uploads\/2024\/10\/parquet-noce-nazionale-neutro-posa-a-spina-berti-1.jpg\" alt=\"\" class=\"wp-image-982\" style=\"aspect-ratio:1;object-fit:cover\" srcset=\"https:\/\/berti.net\/wp-content\/uploads\/2024\/10\/parquet-noce-nazionale-neutro-posa-a-spina-berti-1.jpg 653w, https:\/\/berti.net\/wp-content\/uploads\/2024\/10\/parquet-noce-nazionale-neutro-posa-a-spina-berti-1-225x300.jpg 225w\" sizes=\"auto, (max-width: 653px) 100vw, 653px\" \/><button\n\t\t\tclass=\"lightbox-trigger\"\n\t\t\ttype=\"button\"\n\t\t\taria-haspopup=\"dialog\"\n\t\t\taria-label=\"Enlarge\"\n\t\t\tdata-wp-init=\"callbacks.initTriggerButton\"\n\t\t\tdata-wp-on--click=\"actions.showLightbox\"\n\t\t\tdata-wp-style--right=\"state.imageButtonRight\"\n\t\t\tdata-wp-style--top=\"state.imageButtonTop\"\n\t\t>\n\t\t\t<svg xmlns=\"http:\/\/www.w3.org\/2000\/svg\" width=\"12\" height=\"12\" fill=\"none\" viewBox=\"0 0 12 12\">\n\t\t\t\t<path fill=\"#fff\" d=\"M2 0a2 2 0 0 0-2 2v2h1.5V2a.5.5 0 0 1 .5-.5h2V0H2Zm2 10.5H2a.5.5 0 0 1-.5-.5V8H0v2a2 2 0 0 0 2 2h2v-1.5ZM8 12v-1.5h2a.5.5 0 0 0 .5-.5V8H12v2a2 2 0 0 1-2 2H8Zm2-12a2 2 0 0 1 2 2v2h-1.5V2a.5.5 0 0 0-.5-.5H8V0h2Z\" \/>\n\t\t\t<\/svg>\n\t\t<\/button><\/figure>\n<\/div>\n\n\n\n<div class=\"wp-block-column is-vertically-aligned-center is-layout-flow wp-container-core-column-is-layout-8a368f38 wp-block-column-is-layout-flow\">\n<figure data-wp-context=\"{&quot;imageId&quot;:&quot;69efc79660ba0&quot;}\" data-wp-interactive=\"core\/image\" data-wp-key=\"69efc79660ba0\" class=\"wp-block-image size-full is-style-default wp-lightbox-container\"><img loading=\"lazy\" decoding=\"async\" width=\"653\" height=\"871\" data-wp-class--hide=\"state.isContentHidden\" data-wp-class--show=\"state.isContentVisible\" data-wp-init=\"callbacks.setButtonStyles\" data-wp-on--click=\"actions.showLightbox\" data-wp-on--load=\"callbacks.setButtonStyles\" data-wp-on-window--resize=\"callbacks.setButtonStyles\" src=\"https:\/\/www.berti.net\/wp-content\/uploads\/2024\/09\/berti-parquet-spina-rovere-naturalizzato.jpg\" alt=\"\" class=\"wp-image-6603\" srcset=\"https:\/\/berti.net\/wp-content\/uploads\/2024\/09\/berti-parquet-spina-rovere-naturalizzato.jpg 653w, https:\/\/berti.net\/wp-content\/uploads\/2024\/09\/berti-parquet-spina-rovere-naturalizzato-225x300.jpg 225w\" sizes=\"auto, (max-width: 653px) 100vw, 653px\" \/><button\n\t\t\tclass=\"lightbox-trigger\"\n\t\t\ttype=\"button\"\n\t\t\taria-haspopup=\"dialog\"\n\t\t\taria-label=\"Enlarge\"\n\t\t\tdata-wp-init=\"callbacks.initTriggerButton\"\n\t\t\tdata-wp-on--click=\"actions.showLightbox\"\n\t\t\tdata-wp-style--right=\"state.imageButtonRight\"\n\t\t\tdata-wp-style--top=\"state.imageButtonTop\"\n\t\t>\n\t\t\t<svg xmlns=\"http:\/\/www.w3.org\/2000\/svg\" width=\"12\" height=\"12\" fill=\"none\" viewBox=\"0 0 12 12\">\n\t\t\t\t<path fill=\"#fff\" d=\"M2 0a2 2 0 0 0-2 2v2h1.5V2a.5.5 0 0 1 .5-.5h2V0H2Zm2 10.5H2a.5.5 0 0 1-.5-.5V8H0v2a2 2 0 0 0 2 2h2v-1.5ZM8 12v-1.5h2a.5.5 0 0 0 .5-.5V8H12v2a2 2 0 0 1-2 2H8Zm2-12a2 2 0 0 1 2 2v2h-1.5V2a.5.5 0 0 0-.5-.5H8V0h2Z\" \/>\n\t\t\t<\/svg>\n\t\t<\/button><\/figure>\n<\/div>\n<\/div>\n<\/div>\n\n<div class=\"wp-block-group alignwide has-global-padding is-layout-constrained wp-container-core-group-is-layout-cc81dfb5 wp-block-group-is-layout-constrained\" style=\"padding-top:var(--wp--preset--spacing--90);padding-bottom:var(--wp--preset--spacing--90)\">\n<h3 class=\"wp-block-heading animated fadeIn has-text-color has-l-48-font-size\" style=\"color:#000000\">Parquet en espiga franc\u00e9s<\/h3>\n\n\n\n<div class=\"wp-block-group has-global-padding is-layout-constrained wp-block-group-is-layout-constrained\">\n<p class=\"animated fadeIn has-m-22-font-size\" style=\"line-height:1.5\">El <strong>parquet franc\u00e9s en espiga<\/strong>, conocido por su patr\u00f3n de colocaci\u00f3n en &#8221;chevron&#8221;, es una alternativa elegante y sofisticada a la espiga tradicional. Las lamas se cortan a 45 grados y encajan perfectamente formando un punto, creando una geometr\u00eda refinada. <\/p>\n\n\n\n<h4 class=\"wp-block-heading animated fadeIn\"><br\/><strong>Caracter\u00edsticas del Parquet en Espiga Franc\u00e9s<\/strong><\/h4>\n\n\n\n<ul style=\"line-height:1.4\" class=\"wp-block-list animated fadeIn has-m-22-font-size\">\n<li><strong>\u00c1ngulo de colocaci\u00f3n:<\/strong> 45 grados<\/li>\n\n\n\n<li><strong>Efecto visual:<\/strong> elegante y sim\u00e9trico<\/li>\n\n\n\n<li><strong>Estilo ideal:<\/strong> refinado, perfecto para interiores modernos o lujosos<\/li>\n\n\n\n<li><strong>Ventajas:<\/strong> confiere una elegancia superior a la estancia, crea un efecto geom\u00e9trico preciso<div style=\"color: rgb(204, 204, 204); background-color: rgb(31, 31, 31); font-family: Menlo, Monaco, \" courier=\"\" new=\"\" monospace=\"\" font-size:=\"\" line-height:=\"\" text-wrap-mode:=\"\" nowrap=\"nowrap\"><div><span style=\"color: #ce9178;\"><\/span><\/div><\/div><\/li>\n<\/ul>\n\n\n\n<h4 class=\"wp-block-heading animated fadeIn\"><br\/><strong>\u00bfPor qu\u00e9 elegir Parquet en espiga franc\u00e9s?<\/strong><div style=\"color: rgb(204, 204, 204); background-color: rgb(31, 31, 31); font-family: Menlo, Monaco, \" courier=\"\" new=\"\" monospace=\"\" font-size:=\"\" line-height:=\"\" text-wrap-mode:=\"\" nowrap=\"nowrap\"><div><span style=\"color: #ce9178;\"><\/span><\/div><\/div><\/h4>\n\n\n\n<p class=\"animated fadeIn has-m-22-font-size\" style=\"line-height:1.5\">La colocaci\u00f3n francesa es la elecci\u00f3n perfecta para quienes desean un suelo de madera en espiga con un toque extra de sofisticaci\u00f3n. Ideal para espacios amplios, donde el dibujo de 45 grados puede admirarse en toda su belleza, este tipo de suelo aporta singularidad y una est\u00e9tica m\u00e1s refinada que la versi\u00f3n italiana. Adem\u00e1s, la precisi\u00f3n geom\u00e9trica de las lamas es perfecta para habitaciones representativas o espacios con mobiliario de lujo.  <\/p>\n<\/div>\n<\/div>\n\n<div class=\"wp-block-group alignwide has-global-padding is-layout-constrained wp-container-core-group-is-layout-d427c859 wp-block-group-is-layout-constrained\" style=\"margin-top:var(--wp--preset--spacing--50);margin-bottom:var(--wp--preset--spacing--50);padding-right:16px;padding-left:16px\">\n<div class=\"wp-block-columns alignwide is-not-stacked-on-mobile is-layout-flex wp-container-core-columns-is-layout-ff4b9c61 wp-block-columns-is-layout-flex\" style=\"margin-top:0;margin-bottom:0\">\n<div class=\"wp-block-column is-vertically-aligned-center is-layout-flow wp-container-core-column-is-layout-8a368f38 wp-block-column-is-layout-flow\">\n<figure data-wp-context=\"{&quot;imageId&quot;:&quot;69efc796610ee&quot;}\" data-wp-interactive=\"core\/image\" data-wp-key=\"69efc796610ee\" class=\"wp-block-image size-full is-style-default wp-lightbox-container\"><img loading=\"lazy\" decoding=\"async\" width=\"1293\" height=\"1300\" data-wp-class--hide=\"state.isContentHidden\" data-wp-class--show=\"state.isContentVisible\" data-wp-init=\"callbacks.setButtonStyles\" data-wp-on--click=\"actions.showLightbox\" data-wp-on--load=\"callbacks.setButtonStyles\" data-wp-on-window--resize=\"callbacks.setButtonStyles\" src=\"https:\/\/www.berti.net\/wp-content\/uploads\/2024\/09\/berti-parquet-rovere-spina-carlo-oriente-04.jpg\" alt=\"\" class=\"wp-image-6632\" style=\"aspect-ratio:1;object-fit:cover\" srcset=\"https:\/\/berti.net\/wp-content\/uploads\/2024\/09\/berti-parquet-rovere-spina-carlo-oriente-04.jpg 1293w, https:\/\/berti.net\/wp-content\/uploads\/2024\/09\/berti-parquet-rovere-spina-carlo-oriente-04-298x300.jpg 298w, https:\/\/berti.net\/wp-content\/uploads\/2024\/09\/berti-parquet-rovere-spina-carlo-oriente-04-1018x1024.jpg 1018w, https:\/\/berti.net\/wp-content\/uploads\/2024\/09\/berti-parquet-rovere-spina-carlo-oriente-04-150x150.jpg 150w, https:\/\/berti.net\/wp-content\/uploads\/2024\/09\/berti-parquet-rovere-spina-carlo-oriente-04-768x772.jpg 768w\" sizes=\"auto, (max-width: 1293px) 100vw, 1293px\" \/><button\n\t\t\tclass=\"lightbox-trigger\"\n\t\t\ttype=\"button\"\n\t\t\taria-haspopup=\"dialog\"\n\t\t\taria-label=\"Enlarge\"\n\t\t\tdata-wp-init=\"callbacks.initTriggerButton\"\n\t\t\tdata-wp-on--click=\"actions.showLightbox\"\n\t\t\tdata-wp-style--right=\"state.imageButtonRight\"\n\t\t\tdata-wp-style--top=\"state.imageButtonTop\"\n\t\t>\n\t\t\t<svg xmlns=\"http:\/\/www.w3.org\/2000\/svg\" width=\"12\" height=\"12\" fill=\"none\" viewBox=\"0 0 12 12\">\n\t\t\t\t<path fill=\"#fff\" d=\"M2 0a2 2 0 0 0-2 2v2h1.5V2a.5.5 0 0 1 .5-.5h2V0H2Zm2 10.5H2a.5.5 0 0 1-.5-.5V8H0v2a2 2 0 0 0 2 2h2v-1.5ZM8 12v-1.5h2a.5.5 0 0 0 .5-.5V8H12v2a2 2 0 0 1-2 2H8Zm2-12a2 2 0 0 1 2 2v2h-1.5V2a.5.5 0 0 0-.5-.5H8V0h2Z\" \/>\n\t\t\t<\/svg>\n\t\t<\/button><\/figure>\n<\/div>\n\n\n\n<div class=\"wp-block-column is-vertically-aligned-center is-layout-flow wp-container-core-column-is-layout-8a368f38 wp-block-column-is-layout-flow\">\n<figure data-wp-context=\"{&quot;imageId&quot;:&quot;69efc796612d0&quot;}\" data-wp-interactive=\"core\/image\" data-wp-key=\"69efc796612d0\" class=\"wp-block-image size-full is-style-default wp-lightbox-container\"><img loading=\"lazy\" decoding=\"async\" width=\"590\" height=\"380\" data-wp-class--hide=\"state.isContentHidden\" data-wp-class--show=\"state.isContentVisible\" data-wp-init=\"callbacks.setButtonStyles\" data-wp-on--click=\"actions.showLightbox\" data-wp-on--load=\"callbacks.setButtonStyles\" data-wp-on-window--resize=\"callbacks.setButtonStyles\" src=\"https:\/\/www.berti.net\/wp-content\/uploads\/2024\/09\/parquet-spina-ungherese-berti.jpg\" alt=\"\" class=\"wp-image-6890\" srcset=\"https:\/\/berti.net\/wp-content\/uploads\/2024\/09\/parquet-spina-ungherese-berti.jpg 590w, https:\/\/berti.net\/wp-content\/uploads\/2024\/09\/parquet-spina-ungherese-berti-300x193.jpg 300w\" sizes=\"auto, (max-width: 590px) 100vw, 590px\" \/><button\n\t\t\tclass=\"lightbox-trigger\"\n\t\t\ttype=\"button\"\n\t\t\taria-haspopup=\"dialog\"\n\t\t\taria-label=\"Enlarge\"\n\t\t\tdata-wp-init=\"callbacks.initTriggerButton\"\n\t\t\tdata-wp-on--click=\"actions.showLightbox\"\n\t\t\tdata-wp-style--right=\"state.imageButtonRight\"\n\t\t\tdata-wp-style--top=\"state.imageButtonTop\"\n\t\t>\n\t\t\t<svg xmlns=\"http:\/\/www.w3.org\/2000\/svg\" width=\"12\" height=\"12\" fill=\"none\" viewBox=\"0 0 12 12\">\n\t\t\t\t<path fill=\"#fff\" d=\"M2 0a2 2 0 0 0-2 2v2h1.5V2a.5.5 0 0 1 .5-.5h2V0H2Zm2 10.5H2a.5.5 0 0 1-.5-.5V8H0v2a2 2 0 0 0 2 2h2v-1.5ZM8 12v-1.5h2a.5.5 0 0 0 .5-.5V8H12v2a2 2 0 0 1-2 2H8Zm2-12a2 2 0 0 1 2 2v2h-1.5V2a.5.5 0 0 0-.5-.5H8V0h2Z\" \/>\n\t\t\t<\/svg>\n\t\t<\/button><\/figure>\n<\/div>\n<\/div>\n<\/div>\n\n<div class=\"wp-block-group alignwide has-global-padding is-layout-constrained wp-container-core-group-is-layout-cc81dfb5 wp-block-group-is-layout-constrained\" style=\"padding-top:var(--wp--preset--spacing--90);padding-bottom:var(--wp--preset--spacing--90)\">\n<h3 class=\"wp-block-heading animated fadeIn has-text-color has-l-48-font-size\" style=\"color:#000000\">Parquet en Espiga H\u00fangaro<\/h3>\n\n\n\n<div class=\"wp-block-group has-global-padding is-layout-constrained wp-block-group-is-layout-constrained\">\n<p class=\"animated fadeIn has-m-22-font-size\" style=\"line-height:1.5\"><strong>El parquet espino h\u00fangaro<\/strong> es similar <strong>al parquet<\/strong> franc\u00e9s, pero con una diferencia significativa: las lamas se cortan a 30 \u00f3 60 grados en lugar de a 45, lo que crea un efecto visual m\u00e1s suave y menos pronunciado.<\/p>\n\n\n\n<h4 class=\"wp-block-heading animated fadeIn\"><br\/><strong>Caracter\u00edsticas del Parquet en Espiga H\u00fangaro<\/strong><\/h4>\n\n\n\n<ul style=\"line-height:1.4\" class=\"wp-block-list animated fadeIn has-m-22-font-size\">\n<li><strong>\u00c1ngulo de la postura:<\/strong> 30 \u00f3 60 grados<\/li>\n\n\n\n<li><strong>Efecto visual:<\/strong> suave y menos pronunciado<\/li>\n\n\n\n<li><strong>Estilo ideal:<\/strong> ideal para quienes buscan una espiga menos llamativa<\/li>\n\n\n\n<li><strong>Ventajas:<\/strong> combinaci\u00f3n de elegancia y discreci\u00f3n, adecuada tanto para espacios cl\u00e1sicos como modernos<div style=\"color: rgb(204, 204, 204); background-color: rgb(31, 31, 31); font-family: Menlo, Monaco, \" courier=\"\" new=\"\" monospace=\"\" font-size:=\"\" line-height:=\"\" text-wrap-mode:=\"\" nowrap=\"nowrap\"><div><span style=\"color: #ce9178;\"><\/span><\/div><\/div><\/li>\n<\/ul>\n\n\n\n<h4 class=\"wp-block-heading animated fadeIn\"><br\/><strong>\u00bfPor qu\u00e9 elegir el Parquet en Espiga H\u00fangaro?<\/strong><div style=\"color: rgb(204, 204, 204); background-color: rgb(31, 31, 31); font-family: Menlo, Monaco, \" courier=\"\" new=\"\" monospace=\"\" font-size:=\"\" line-height:=\"\" text-wrap-mode:=\"\" nowrap=\"nowrap\"><div><span style=\"color: #ce9178;\"><\/span><\/div><\/div><\/h4>\n\n\n\n<p class=\"animated fadeIn has-m-22-font-size\" style=\"line-height:1.5\">Esta colocaci\u00f3n es una opci\u00f3n perfecta para quienes desean un <strong>suelo <\/strong>en espiga elegante, pero menos estricto y geom\u00e9trico que la espiga francesa. El dibujo m\u00e1s suave es adecuado para espacios que requieren un suelo decorativo sin ser demasiado dominante. Este tipo de <strong>suelo<\/strong> en espiga tambi\u00e9n se presta bien a combinaciones de muebles ecl\u00e9cticos, en habitaciones acogedoras de ambiente \u00edntimo.  <\/p>\n<\/div>\n<\/div>\n\n<div class=\"wp-block-group alignwide has-global-padding is-layout-constrained wp-container-core-group-is-layout-d427c859 wp-block-group-is-layout-constrained\" style=\"margin-top:var(--wp--preset--spacing--50);margin-bottom:var(--wp--preset--spacing--50);padding-right:16px;padding-left:16px\">\n<div class=\"wp-block-columns alignwide is-not-stacked-on-mobile is-layout-flex wp-container-core-columns-is-layout-ff4b9c61 wp-block-columns-is-layout-flex\" style=\"margin-top:0;margin-bottom:0\">\n<div class=\"wp-block-column is-vertically-aligned-center is-layout-flow wp-container-core-column-is-layout-8a368f38 wp-block-column-is-layout-flow\">\n<figure data-wp-context=\"{&quot;imageId&quot;:&quot;69efc7966180a&quot;}\" data-wp-interactive=\"core\/image\" data-wp-key=\"69efc7966180a\" class=\"wp-block-image size-full is-style-default wp-lightbox-container\"><img loading=\"lazy\" decoding=\"async\" width=\"600\" height=\"799\" data-wp-class--hide=\"state.isContentHidden\" data-wp-class--show=\"state.isContentVisible\" data-wp-init=\"callbacks.setButtonStyles\" data-wp-on--click=\"actions.showLightbox\" data-wp-on--load=\"callbacks.setButtonStyles\" data-wp-on-window--resize=\"callbacks.setButtonStyles\" src=\"https:\/\/www.berti.net\/wp-content\/uploads\/2013\/07\/Berti-posa-a-spina-di-pesce.jpg\" alt=\"\" class=\"wp-image-9149\" style=\"aspect-ratio:1;object-fit:cover\" srcset=\"https:\/\/berti.net\/wp-content\/uploads\/2013\/07\/Berti-posa-a-spina-di-pesce.jpg 600w, https:\/\/berti.net\/wp-content\/uploads\/2013\/07\/Berti-posa-a-spina-di-pesce-225x300.jpg 225w\" sizes=\"auto, (max-width: 600px) 100vw, 600px\" \/><button\n\t\t\tclass=\"lightbox-trigger\"\n\t\t\ttype=\"button\"\n\t\t\taria-haspopup=\"dialog\"\n\t\t\taria-label=\"Enlarge\"\n\t\t\tdata-wp-init=\"callbacks.initTriggerButton\"\n\t\t\tdata-wp-on--click=\"actions.showLightbox\"\n\t\t\tdata-wp-style--right=\"state.imageButtonRight\"\n\t\t\tdata-wp-style--top=\"state.imageButtonTop\"\n\t\t>\n\t\t\t<svg xmlns=\"http:\/\/www.w3.org\/2000\/svg\" width=\"12\" height=\"12\" fill=\"none\" viewBox=\"0 0 12 12\">\n\t\t\t\t<path fill=\"#fff\" d=\"M2 0a2 2 0 0 0-2 2v2h1.5V2a.5.5 0 0 1 .5-.5h2V0H2Zm2 10.5H2a.5.5 0 0 1-.5-.5V8H0v2a2 2 0 0 0 2 2h2v-1.5ZM8 12v-1.5h2a.5.5 0 0 0 .5-.5V8H12v2a2 2 0 0 1-2 2H8Zm2-12a2 2 0 0 1 2 2v2h-1.5V2a.5.5 0 0 0-.5-.5H8V0h2Z\" \/>\n\t\t\t<\/svg>\n\t\t<\/button><\/figure>\n<\/div>\n\n\n\n<div class=\"wp-block-column is-vertically-aligned-center is-layout-flow wp-container-core-column-is-layout-8a368f38 wp-block-column-is-layout-flow\">\n<figure data-wp-context=\"{&quot;imageId&quot;:&quot;69efc796619f8&quot;}\" data-wp-interactive=\"core\/image\" data-wp-key=\"69efc796619f8\" class=\"wp-block-image size-full is-style-default wp-lightbox-container\"><img loading=\"lazy\" decoding=\"async\" width=\"1639\" height=\"1300\" data-wp-class--hide=\"state.isContentHidden\" data-wp-class--show=\"state.isContentVisible\" data-wp-init=\"callbacks.setButtonStyles\" data-wp-on--click=\"actions.showLightbox\" data-wp-on--load=\"callbacks.setButtonStyles\" data-wp-on-window--resize=\"callbacks.setButtonStyles\" src=\"https:\/\/www.berti.net\/wp-content\/uploads\/2024\/09\/berti-parquet-rovere-spina-carlo-oriente-02.jpg\" alt=\"\" class=\"wp-image-120\" srcset=\"https:\/\/berti.net\/wp-content\/uploads\/2024\/09\/berti-parquet-rovere-spina-carlo-oriente-02.jpg 1639w, https:\/\/berti.net\/wp-content\/uploads\/2024\/09\/berti-parquet-rovere-spina-carlo-oriente-02-300x238.jpg 300w, https:\/\/berti.net\/wp-content\/uploads\/2024\/09\/berti-parquet-rovere-spina-carlo-oriente-02-1024x812.jpg 1024w, https:\/\/berti.net\/wp-content\/uploads\/2024\/09\/berti-parquet-rovere-spina-carlo-oriente-02-768x609.jpg 768w, https:\/\/berti.net\/wp-content\/uploads\/2024\/09\/berti-parquet-rovere-spina-carlo-oriente-02-1536x1218.jpg 1536w\" sizes=\"auto, (max-width: 1639px) 100vw, 1639px\" \/><button\n\t\t\tclass=\"lightbox-trigger\"\n\t\t\ttype=\"button\"\n\t\t\taria-haspopup=\"dialog\"\n\t\t\taria-label=\"Enlarge\"\n\t\t\tdata-wp-init=\"callbacks.initTriggerButton\"\n\t\t\tdata-wp-on--click=\"actions.showLightbox\"\n\t\t\tdata-wp-style--right=\"state.imageButtonRight\"\n\t\t\tdata-wp-style--top=\"state.imageButtonTop\"\n\t\t>\n\t\t\t<svg xmlns=\"http:\/\/www.w3.org\/2000\/svg\" width=\"12\" height=\"12\" fill=\"none\" viewBox=\"0 0 12 12\">\n\t\t\t\t<path fill=\"#fff\" d=\"M2 0a2 2 0 0 0-2 2v2h1.5V2a.5.5 0 0 1 .5-.5h2V0H2Zm2 10.5H2a.5.5 0 0 1-.5-.5V8H0v2a2 2 0 0 0 2 2h2v-1.5ZM8 12v-1.5h2a.5.5 0 0 0 .5-.5V8H12v2a2 2 0 0 1-2 2H8Zm2-12a2 2 0 0 1 2 2v2h-1.5V2a.5.5 0 0 0-.5-.5H8V0h2Z\" \/>\n\t\t\t<\/svg>\n\t\t<\/button><\/figure>\n<\/div>\n<\/div>\n<\/div>\n\n<div class=\"wp-block-group alignwide has-global-padding is-layout-constrained wp-container-core-group-is-layout-cc81dfb5 wp-block-group-is-layout-constrained\" style=\"padding-top:var(--wp--preset--spacing--90);padding-bottom:var(--wp--preset--spacing--90)\">\n<h3 class=\"wp-block-heading animated fadeIn has-text-color has-l-48-font-size\" style=\"color:#000000\">El Parquet en Espiga con el que siempre has so\u00f1ado est\u00e1 aqu\u00ed<\/h3>\n\n\n\n<div class=\"wp-block-group has-global-padding is-layout-constrained wp-block-group-is-layout-constrained\">\n<p class=\"animated fadeIn has-m-22-font-size\" style=\"line-height:1.5\">La elecci\u00f3n del parquet espinoso es una oportunidad para personalizar las estancias de forma \u00fanica y distintiva. Desde la colocaci\u00f3n italiana a la francesa, pasando por la espiga h\u00fangara, cada tipo ofrece una est\u00e9tica propia y un efecto visual espec\u00edfico, capaz de adaptarse a diversos estilos de mobiliario y tipos de espacio. Tener en cuenta el \u00e1ngulo de colocaci\u00f3n, el tipo de madera y el dise\u00f1o de la habitaci\u00f3n son factores cruciales para conseguir un resultado \u00f3ptimo acorde con las expectativas de cada uno.  <\/p>\n\n\n\n<p class=\"animated fadeIn has-m-22-font-size\" style=\"line-height:1.5\">Si buscas el parquet perfecto para tu entorno, conf\u00eda en <strong>Berti Pavimenti<\/strong>, expertos en la producci\u00f3n de <strong>suelos de tablones de madera<\/strong> de alta calidad <strong>.<\/strong> Con una amplia gama de opciones y una larga tradici\u00f3n en el sector, podemos ofrecerte soluciones personalizadas y asesoramiento experto para convertir tu suelo en una aut\u00e9ntica obra de arte. <\/p>\n<\/div>\n<\/div>\n\n<div style=\"height:100px\" aria-hidden=\"true\" class=\"wp-block-spacer\"><\/div>\n\n<div class=\"wp-block-cover alignfull is-light estimate-request-content\" style=\"margin-top:0\"><img decoding=\"async\" class=\"wp-block-cover__image-background\" alt=\"\" src=\"https:\/\/www.berti.net\/wp-content\/themes\/thombase\/public\/images\/estimateBanner.webp\" data-object-fit=\"cover\"\/><span aria-hidden=\"true\" class=\"wp-block-cover__background has-background-dim-0 has-background-dim\"><\/span><div class=\"wp-block-cover__inner-container has-global-padding is-layout-constrained wp-block-cover-is-layout-constrained\">\n<div id=\"estimate\" class=\"wp-block-group alignleft estimate-request-content-inner has-global-padding is-content-justification-left is-layout-constrained wp-container-core-group-is-layout-94054b8f wp-block-group-is-layout-constrained\">\n<h5 class=\"wp-block-heading\">Pide <strong>presupuesto<\/strong>,<br\/>entra en el mundo Berti<\/h5>\n\n\n\n<p style=\"line-height:1.5\">Rellena el formulario para solicitar un Presupuesto.  <br\/>Recibir\u00e1s una respuesta de nuestro personal en breve.  <\/p>\n\n\n\n<div class=\"wp-block-buttons is-layout-flex wp-block-buttons-is-layout-flex\">\n<div class=\"wp-block-button is-style-link\"><a class=\"wp-block-button__link wp-element-button\" href=\"https:\/\/www.berti.net\/es\/solicita-preventivo-2\/\">SOLICITA AHORA<\/a><\/div>\n<\/div>\n<\/div>\n<\/div><\/div>\n","protected":false},"excerpt":{"rendered":"<p>El parquet en espiga adecuado para ti: una elecci\u00f3n de estilo y personalidad El parquet en espiga siempre ha sido un s\u00edmbolo de elegancia y tradici\u00f3n, que aporta un estilo atemporal a cualquier habitaci\u00f3n. Esta particular disposici\u00f3n de las lamas crea un fascinante patr\u00f3n geom\u00e9trico que transforma el suelo en un mueble distintivo y refinado. Elegir parquet en espiga requiere [&hellip;]<\/p>\n","protected":false},"author":2,"featured_media":0,"parent":0,"menu_order":0,"comment_status":"closed","ping_status":"closed","template":"page-with-overlying-header","meta":{"footnotes":""},"class_list":["post-17182","page","type-page","status-publish","hentry"],"_links":{"self":[{"href":"https:\/\/berti.net\/es\/wp-json\/wp\/v2\/pages\/17182","targetHints":{"allow":["GET"]}}],"collection":[{"href":"https:\/\/berti.net\/es\/wp-json\/wp\/v2\/pages"}],"about":[{"href":"https:\/\/berti.net\/es\/wp-json\/wp\/v2\/types\/page"}],"author":[{"embeddable":true,"href":"https:\/\/berti.net\/es\/wp-json\/wp\/v2\/users\/2"}],"replies":[{"embeddable":true,"href":"https:\/\/berti.net\/es\/wp-json\/wp\/v2\/comments?post=17182"}],"version-history":[{"count":10,"href":"https:\/\/berti.net\/es\/wp-json\/wp\/v2\/pages\/17182\/revisions"}],"predecessor-version":[{"id":26029,"href":"https:\/\/berti.net\/es\/wp-json\/wp\/v2\/pages\/17182\/revisions\/26029"}],"wp:attachment":[{"href":"https:\/\/berti.net\/es\/wp-json\/wp\/v2\/media?parent=17182"}],"curies":[{"name":"wp","href":"https:\/\/api.w.org\/{rel}","templated":true}]}}