{"id":17150,"date":"2024-09-11T12:57:55","date_gmt":"2024-09-11T12:57:55","guid":{"rendered":"https:\/\/www.berti.net\/colores-del-parquet\/"},"modified":"2025-07-10T15:04:34","modified_gmt":"2025-07-10T15:04:34","slug":"colores-del-parquet","status":"publish","type":"page","link":"https:\/\/berti.net\/es\/colores-del-parquet\/","title":{"rendered":"Colores del parquet"},"content":{"rendered":"\n<div class=\"wp-block-group alignfull hero-title-slider-pattern has-global-padding is-layout-constrained wp-block-group-is-layout-constrained\">\n<div class=\"wp-block-cover alignfull banner-hero has-aspect-ratio wp-duotone-unset-1\" style=\"padding-top:0px;padding-right:0;padding-bottom:0px;padding-left:0;min-height:516px;aspect-ratio:auto;min-height:unset;\"><img loading=\"lazy\" decoding=\"async\" width=\"768\" height=\"576\" class=\"wp-block-cover__image-background wp-image-958\" alt=\"\" src=\"https:\/\/www.berti.net\/wp-content\/uploads\/2024\/10\/Hero_1-768x576-1.jpg\" data-object-fit=\"cover\" srcset=\"https:\/\/berti.net\/wp-content\/uploads\/2024\/10\/Hero_1-768x576-1.jpg 768w, https:\/\/berti.net\/wp-content\/uploads\/2024\/10\/Hero_1-768x576-1-300x225.jpg 300w\" sizes=\"auto, (max-width: 768px) 100vw, 768px\" \/><span aria-hidden=\"true\" class=\"wp-block-cover__background has-base-background-color has-background-dim\"><\/span><div class=\"wp-block-cover__inner-container is-layout-flow wp-block-cover-is-layout-flow\">\n<div class=\"wp-block-group banner-hero-content has-global-padding is-layout-constrained wp-container-core-group-is-layout-a05d3a21 wp-block-group-is-layout-constrained\">\n<div class=\"wp-block-group has-global-padding is-layout-constrained wp-container-core-group-is-layout-b831be90 wp-block-group-is-layout-constrained\">\n<h1 class=\"wp-block-heading has-text-align-center has-white-color has-text-color has-xxl-font-size\" style=\"letter-spacing:0px;line-height:1\">Colores del parquet<\/h1>\n<\/div>\n<\/div>\n<\/div><\/div>\n\n\n\n<div class=\"wp-block-group alignfull slider-hero has-background has-global-padding is-layout-constrained wp-block-group-is-layout-constrained\" style=\"background:linear-gradient(0deg,#19191900 0%,#191919 100%)\">\n<div class=\"wp-block-group alignfull moving-gallery has-global-padding is-layout-constrained wp-block-group-is-layout-constrained\" style=\"margin-top:0\">\n<div class=\"wp-block-group wrapper-gallery is-nowrap is-layout-flex wp-container-core-group-is-layout-5c4495dd wp-block-group-is-layout-flex\">\n<figure class=\"wp-block-image size-full is-resized\"><img loading=\"lazy\" decoding=\"async\" width=\"872\" height=\"564\" src=\"https:\/\/www.berti.net\/wp-content\/uploads\/slider-colori_1.webp\" alt=\"\" class=\"wp-image-13814\" style=\"width:436px\" srcset=\"https:\/\/berti.net\/wp-content\/uploads\/slider-colori_1.webp 872w, https:\/\/berti.net\/wp-content\/uploads\/slider-colori_1-812x525.webp 812w, https:\/\/berti.net\/wp-content\/uploads\/slider-colori_1-768x497.webp 768w\" sizes=\"auto, (max-width: 872px) 100vw, 872px\" \/><\/figure>\n\n\n\n<figure class=\"wp-block-image size-full is-resized\"><img loading=\"lazy\" decoding=\"async\" width=\"872\" height=\"660\" src=\"https:\/\/www.berti.net\/wp-content\/uploads\/slider-colori_2.webp\" alt=\"\" class=\"wp-image-13817\" style=\"width:430px\" srcset=\"https:\/\/berti.net\/wp-content\/uploads\/slider-colori_2.webp 872w, https:\/\/berti.net\/wp-content\/uploads\/slider-colori_2-812x615.webp 812w, https:\/\/berti.net\/wp-content\/uploads\/slider-colori_2-768x581.webp 768w\" sizes=\"auto, (max-width: 872px) 100vw, 872px\" \/><\/figure>\n\n\n\n<figure class=\"wp-block-image size-full is-resized\"><img loading=\"lazy\" decoding=\"async\" width=\"800\" height=\"564\" src=\"https:\/\/www.berti.net\/wp-content\/uploads\/slider-colori_3.webp\" alt=\"\" class=\"wp-image-13820\" style=\"width:400px\" srcset=\"https:\/\/berti.net\/wp-content\/uploads\/slider-colori_3.webp 800w, https:\/\/berti.net\/wp-content\/uploads\/slider-colori_3-768x541.webp 768w\" sizes=\"auto, (max-width: 800px) 100vw, 800px\" \/><\/figure>\n\n\n\n<figure class=\"wp-block-image size-full is-resized\"><img loading=\"lazy\" decoding=\"async\" width=\"800\" height=\"564\" src=\"https:\/\/www.berti.net\/wp-content\/uploads\/slider-colori_4.webp\" alt=\"\" class=\"wp-image-13824\" style=\"width:430px\" srcset=\"https:\/\/berti.net\/wp-content\/uploads\/slider-colori_4.webp 800w, https:\/\/berti.net\/wp-content\/uploads\/slider-colori_4-768x541.webp 768w\" sizes=\"auto, (max-width: 800px) 100vw, 800px\" \/><\/figure>\n\n\n\n<figure class=\"wp-block-image size-full is-resized\"><img loading=\"lazy\" decoding=\"async\" width=\"562\" height=\"564\" src=\"https:\/\/www.berti.net\/wp-content\/uploads\/slider-colori_5.webp\" alt=\"\" class=\"wp-image-13827\" style=\"width:281px\" srcset=\"https:\/\/berti.net\/wp-content\/uploads\/slider-colori_5.webp 562w, https:\/\/berti.net\/wp-content\/uploads\/slider-colori_5-406x406.webp 406w, https:\/\/berti.net\/wp-content\/uploads\/slider-colori_5-300x300.webp 300w, https:\/\/berti.net\/wp-content\/uploads\/slider-colori_5-400x400.webp 400w\" sizes=\"auto, (max-width: 562px) 100vw, 562px\" \/><\/figure>\n<\/div>\n<\/div>\n\n\n\n<div class=\"wp-block-group alignfull moving-gallery has-global-padding is-layout-constrained wp-block-group-is-layout-constrained\" style=\"margin-top:0\">\n<div class=\"wp-block-group wrapper-gallery is-nowrap is-layout-flex wp-container-core-group-is-layout-5c4495dd wp-block-group-is-layout-flex\">\n<figure class=\"wp-block-image size-full is-resized\"><img loading=\"lazy\" decoding=\"async\" width=\"562\" height=\"564\" src=\"https:\/\/www.berti.net\/wp-content\/uploads\/slider-colori_6.webp\" alt=\"\" class=\"wp-image-13830\" style=\"width:281px\" srcset=\"https:\/\/berti.net\/wp-content\/uploads\/slider-colori_6.webp 562w, https:\/\/berti.net\/wp-content\/uploads\/slider-colori_6-406x406.webp 406w, https:\/\/berti.net\/wp-content\/uploads\/slider-colori_6-300x300.webp 300w, https:\/\/berti.net\/wp-content\/uploads\/slider-colori_6-400x400.webp 400w\" sizes=\"auto, (max-width: 562px) 100vw, 562px\" \/><\/figure>\n\n\n\n<figure class=\"wp-block-image size-full is-resized\"><img loading=\"lazy\" decoding=\"async\" width=\"872\" height=\"642\" src=\"https:\/\/www.berti.net\/wp-content\/uploads\/slider-colori_7.webp\" alt=\"\" class=\"wp-image-13833\" style=\"width:430px\" srcset=\"https:\/\/berti.net\/wp-content\/uploads\/slider-colori_7.webp 872w, https:\/\/berti.net\/wp-content\/uploads\/slider-colori_7-812x598.webp 812w, https:\/\/berti.net\/wp-content\/uploads\/slider-colori_7-768x565.webp 768w\" sizes=\"auto, (max-width: 872px) 100vw, 872px\" \/><\/figure>\n\n\n\n<figure class=\"wp-block-image size-full is-resized\"><img loading=\"lazy\" decoding=\"async\" width=\"910\" height=\"502\" src=\"https:\/\/www.berti.net\/wp-content\/uploads\/slider-colori_9.webp\" alt=\"\" class=\"wp-image-13839\" style=\"width:455px\" srcset=\"https:\/\/berti.net\/wp-content\/uploads\/slider-colori_9.webp 910w, https:\/\/berti.net\/wp-content\/uploads\/slider-colori_9-812x448.webp 812w, https:\/\/berti.net\/wp-content\/uploads\/slider-colori_9-768x424.webp 768w\" sizes=\"auto, (max-width: 910px) 100vw, 910px\" \/><\/figure>\n\n\n\n<figure class=\"wp-block-image size-full is-resized\"><img loading=\"lazy\" decoding=\"async\" width=\"872\" height=\"642\" src=\"https:\/\/www.berti.net\/wp-content\/uploads\/slider-colori_8.webp\" alt=\"\" class=\"wp-image-13836\" style=\"width:436px\" srcset=\"https:\/\/berti.net\/wp-content\/uploads\/slider-colori_8.webp 872w, https:\/\/berti.net\/wp-content\/uploads\/slider-colori_8-812x598.webp 812w, https:\/\/berti.net\/wp-content\/uploads\/slider-colori_8-768x565.webp 768w\" sizes=\"auto, (max-width: 872px) 100vw, 872px\" \/><\/figure>\n\n\n\n<figure class=\"wp-block-image size-full is-resized\"><img loading=\"lazy\" decoding=\"async\" width=\"869\" height=\"642\" src=\"https:\/\/www.berti.net\/wp-content\/uploads\/slider-colori_10.webp\" alt=\"\" class=\"wp-image-13842\" style=\"width:435px\" srcset=\"https:\/\/berti.net\/wp-content\/uploads\/slider-colori_10.webp 869w, https:\/\/berti.net\/wp-content\/uploads\/slider-colori_10-812x600.webp 812w, https:\/\/berti.net\/wp-content\/uploads\/slider-colori_10-768x567.webp 768w\" sizes=\"auto, (max-width: 869px) 100vw, 869px\" \/><\/figure>\n<\/div>\n<\/div>\n<\/div>\n<\/div>\n\n<div class=\"wp-block-group alignwide has-global-padding is-layout-constrained wp-container-core-group-is-layout-92dded1c wp-block-group-is-layout-constrained\" style=\"margin-top:var(--wp--preset--spacing--120);margin-bottom:var(--wp--preset--spacing--120)\">\n<div class=\"wp-block-group title-text-indented-pattern has-global-padding is-layout-constrained wp-container-core-group-is-layout-a31aa551 wp-block-group-is-layout-constrained\">\n<h2 class=\"wp-block-heading has-text-color\" style=\"color:#000000\">El suelo es el primer elemento de decoraci\u00f3n que puede definir el estilo de cualquier vivienda.<\/h2>\n\n\n\n<div class=\"wp-block-group has-global-padding is-layout-constrained wp-block-group-is-layout-constrained\">\n<p class=\"has-text-color has-m-22-font-size\" style=\"line-height:1.5\">Tanto si se trata de una nueva construcci\u00f3n como de una renovaci\u00f3n o sustituci\u00f3n de un suelo existente, elegir el color adecuado es esencial para garantizar la singularidad y personalidad que pueden definir el ambiente de cualquier hogar. \u00bfParquet claro u oscuro? \u00bfO tal vez parquet gris perla? \u00bfY cu\u00e1les son los tipos oscuros de madera?   <br\/>Esta colecci\u00f3n de colores es una selecci\u00f3n de todos los tipos de parquet y suelos de madera Berti.<\/p>\n<\/div>\n<\/div>\n<\/div>\n\n<div class=\"wp-block-group products-group is-style-container has-global-padding is-content-justification-center is-layout-constrained wp-container-core-group-is-layout-4b5cc738 wp-block-group-is-layout-constrained\" style=\"margin-top:var(--wp--preset--spacing--30)\">\n<h2 class=\"wp-block-heading has-text-align-center products-group-title has-ml-font-size\" style=\"margin-bottom:var(--wp--preset--spacing--40)\"><a href=\"https:\/\/www.berti.net\/es\/colores-del-parquet\/bosque-claro\/\">Parquet claro<\/a><\/h2>\n\n\n\n<div class=\"wp-block-group items-list has-3-columns is-layout-grid wp-container-core-group-is-layout-8763a382 wp-block-group-is-layout-grid\">\n<div class=\"wp-block-group item is-vertical is-content-justification-center is-layout-flex wp-container-core-group-is-layout-ce155fab wp-block-group-is-layout-flex\">\n<figure class=\"wp-block-image size-medium has-custom-border is-style-rounded is-style-rounded--2\"><a href=\"https:\/\/www.berti.net\/es\/parquet-rovere-spazzolato-duna\/\"><img loading=\"lazy\" decoding=\"async\" width=\"300\" height=\"300\" src=\"https:\/\/www.berti.net\/wp-content\/uploads\/2024\/09\/parquet-prefinito-spazzolato-rovere-duna-300x300.jpg\" alt=\"\" class=\"wp-image-521\" style=\"border-radius:50%\" srcset=\"https:\/\/berti.net\/wp-content\/uploads\/2024\/09\/parquet-prefinito-spazzolato-rovere-duna-300x300.jpg 300w, https:\/\/berti.net\/wp-content\/uploads\/2024\/09\/parquet-prefinito-spazzolato-rovere-duna-1024x1024.jpg 1024w, https:\/\/berti.net\/wp-content\/uploads\/2024\/09\/parquet-prefinito-spazzolato-rovere-duna-150x150.jpg 150w, https:\/\/berti.net\/wp-content\/uploads\/2024\/09\/parquet-prefinito-spazzolato-rovere-duna-768x768.jpg 768w, https:\/\/berti.net\/wp-content\/uploads\/2024\/09\/parquet-prefinito-spazzolato-rovere-duna-1536x1536.jpg 1536w, https:\/\/berti.net\/wp-content\/uploads\/2024\/09\/parquet-prefinito-spazzolato-rovere-duna.jpg 1908w\" sizes=\"auto, (max-width: 300px) 100vw, 300px\" \/><\/a><\/figure>\n\n\n\n<div class=\"wp-block-group is-vertical is-content-justification-center is-layout-flex wp-container-core-group-is-layout-980b417d wp-block-group-is-layout-flex\">\n<h4 class=\"wp-block-heading\" style=\"font-size:clamp(15.747px, 0.984rem + ((1vw - 3.2px) * 0.645), 24px);font-style:normal;font-weight:700\"><a href=\"https:\/\/www.berti.net\/es\/parquet-rovere-spazzolato-duna\/\">Duna<\/a><\/h4>\n\n\n\n<p style=\"font-size:clamp(14px, 0.875rem + ((1vw - 3.2px) * 0.313), 18px);\"><a href=\"https:\/\/www.berti.net\/es\/parquet-rovere-spazzolato-duna\/\">Roble esencial<\/a><\/p>\n<\/div>\n<\/div>\n\n\n\n<div class=\"wp-block-group item is-vertical is-content-justification-center is-layout-flex wp-container-core-group-is-layout-ce155fab wp-block-group-is-layout-flex\">\n<figure class=\"wp-block-image size-medium has-custom-border is-style-rounded is-style-rounded--3\"><a href=\"https:\/\/www.berti.net\/parquet\/parquet-in-rovere-e-legni-pregiati-essential\/parquet-rovere-prefinito-neutro\/\"><img loading=\"lazy\" decoding=\"async\" width=\"300\" height=\"300\" src=\"https:\/\/www.berti.net\/wp-content\/uploads\/2024\/09\/berti-pavimenti-in-legno_parquet-rovere-essential_neutro-1-scaled-6-300x300.jpeg\" alt=\"\" class=\"wp-image-535\" style=\"border-radius:50%\" srcset=\"https:\/\/berti.net\/wp-content\/uploads\/2024\/09\/berti-pavimenti-in-legno_parquet-rovere-essential_neutro-1-scaled-6-300x300.jpeg 300w, https:\/\/berti.net\/wp-content\/uploads\/2024\/09\/berti-pavimenti-in-legno_parquet-rovere-essential_neutro-1-scaled-6-1024x1024.jpeg 1024w, https:\/\/berti.net\/wp-content\/uploads\/2024\/09\/berti-pavimenti-in-legno_parquet-rovere-essential_neutro-1-scaled-6-150x150.jpeg 150w, https:\/\/berti.net\/wp-content\/uploads\/2024\/09\/berti-pavimenti-in-legno_parquet-rovere-essential_neutro-1-scaled-6-768x768.jpeg 768w, https:\/\/berti.net\/wp-content\/uploads\/2024\/09\/berti-pavimenti-in-legno_parquet-rovere-essential_neutro-1-scaled-6-1536x1536.jpeg 1536w, https:\/\/berti.net\/wp-content\/uploads\/2024\/09\/berti-pavimenti-in-legno_parquet-rovere-essential_neutro-1-scaled-6-2048x2048.jpeg 2048w\" sizes=\"auto, (max-width: 300px) 100vw, 300px\" \/><\/a><\/figure>\n\n\n\n<div class=\"wp-block-group is-vertical is-content-justification-center is-layout-flex wp-container-core-group-is-layout-980b417d wp-block-group-is-layout-flex\">\n<h4 class=\"wp-block-heading\" style=\"font-size:clamp(15.747px, 0.984rem + ((1vw - 3.2px) * 0.645), 24px);font-style:normal;font-weight:700\"><a href=\"https:\/\/www.berti.net\/parquet\/parquet-in-rovere-e-legni-pregiati-essential\/parquet-rovere-prefinito-neutro\/\">Neutro<\/a><\/h4>\n\n\n\n<p style=\"font-size:clamp(14px, 0.875rem + ((1vw - 3.2px) * 0.313), 18px);\"><a href=\"https:\/\/www.berti.net\/parquet\/parquet-in-rovere-e-legni-pregiati-essential\/parquet-rovere-prefinito-neutro\/\">Roble esencial<\/a><\/p>\n<\/div>\n<\/div>\n\n\n\n<div class=\"wp-block-group item is-vertical is-content-justification-center is-layout-flex wp-container-core-group-is-layout-ce155fab wp-block-group-is-layout-flex\">\n<figure class=\"wp-block-image size-medium has-custom-border is-style-rounded is-style-rounded--4\"><a href=\"https:\/\/www.berti.net\/parquet\/parquet-in-rovere-e-legni-pregiati-essential\/parquet-rovere-chiaro-naturalizzato\/\"><img loading=\"lazy\" decoding=\"async\" width=\"300\" height=\"300\" src=\"https:\/\/www.berti.net\/wp-content\/uploads\/2024\/09\/parquet-prefinito-rovere-naturalizzato-3-300x300.jpeg\" alt=\"\" class=\"wp-image-536\" style=\"border-radius:50%\" srcset=\"https:\/\/berti.net\/wp-content\/uploads\/2024\/09\/parquet-prefinito-rovere-naturalizzato-3-300x300.jpeg 300w, https:\/\/berti.net\/wp-content\/uploads\/2024\/09\/parquet-prefinito-rovere-naturalizzato-3-1024x1024.jpeg 1024w, https:\/\/berti.net\/wp-content\/uploads\/2024\/09\/parquet-prefinito-rovere-naturalizzato-3-150x150.jpeg 150w, https:\/\/berti.net\/wp-content\/uploads\/2024\/09\/parquet-prefinito-rovere-naturalizzato-3-768x768.jpeg 768w, https:\/\/berti.net\/wp-content\/uploads\/2024\/09\/parquet-prefinito-rovere-naturalizzato-3-1536x1536.jpeg 1536w, https:\/\/berti.net\/wp-content\/uploads\/2024\/09\/parquet-prefinito-rovere-naturalizzato-3.jpeg 1908w\" sizes=\"auto, (max-width: 300px) 100vw, 300px\" \/><\/a><\/figure>\n\n\n\n<div class=\"wp-block-group is-vertical is-content-justification-center is-layout-flex wp-container-core-group-is-layout-980b417d wp-block-group-is-layout-flex\">\n<h4 class=\"wp-block-heading\" style=\"font-size:clamp(15.747px, 0.984rem + ((1vw - 3.2px) * 0.645), 24px);font-style:normal;font-weight:700\"><a href=\"https:\/\/www.berti.net\/parquet\/parquet-in-rovere-e-legni-pregiati-essential\/parquet-rovere-chiaro-naturalizzato\/\">Naturalizado<\/a><\/h4>\n\n\n\n<p style=\"font-size:clamp(14px, 0.875rem + ((1vw - 3.2px) * 0.313), 18px);\"><a href=\"https:\/\/www.berti.net\/parquet\/parquet-in-rovere-e-legni-pregiati-essential\/parquet-rovere-chiaro-naturalizzato\/\">Roble esencial<\/a><\/p>\n<\/div>\n<\/div>\n<\/div>\n\n\n\n<div class=\"wp-block-buttons is-content-justification-center is-layout-flex wp-container-core-buttons-is-layout-b30bd9b3 wp-block-buttons-is-layout-flex\" style=\"margin-top:var(--wp--preset--spacing--70)\">\n<div class=\"wp-block-button is-style-fill\"><a class=\"wp-block-button__link has-contrast-2-color has-base-background-color has-text-color has-background has-link-color has-s-font-size has-custom-font-size wp-element-button\" href=\"https:\/\/www.berti.net\/es\/colores-del-parquet\/bosque-claro\/\" style=\"padding-top:15px;padding-right:30px;padding-bottom:15px;padding-left:30px\">Descubre la selecci\u00f3n<\/a><\/div>\n<\/div>\n<\/div>\n\n<div style=\"height:var(--wp--preset--spacing--50)\" aria-hidden=\"true\" class=\"wp-block-spacer\"><\/div>\n\n<div class=\"wp-block-group products-group is-style-container animated fadeIn has-global-padding is-content-justification-center is-layout-constrained wp-container-core-group-is-layout-4b5cc738 wp-block-group-is-layout-constrained\" style=\"margin-top:var(--wp--preset--spacing--30)\">\n<h2 class=\"wp-block-heading has-text-align-center products-group-title has-ml-font-size\" style=\"margin-bottom:var(--wp--preset--spacing--40)\"><a href=\"https:\/\/www.berti.net\/es\/colores-del-parquet\/bosques-grises\/\">Parquet gris<\/a><\/h2>\n\n\n\n<div class=\"wp-block-group items-list has-3-columns is-layout-grid wp-container-core-group-is-layout-8763a382 wp-block-group-is-layout-grid\">\n<div class=\"wp-block-group item is-vertical is-content-justification-center is-layout-flex wp-container-core-group-is-layout-ce155fab wp-block-group-is-layout-flex\">\n<figure class=\"wp-block-image size-medium has-custom-border is-style-rounded is-style-rounded--5\"><a href=\"https:\/\/www.berti.net\/parquet\/parquet-in-rovere-e-legni-pregiati-essential\/parquet-rovere-grigio-nebula\/\"><img loading=\"lazy\" decoding=\"async\" width=\"300\" height=\"300\" src=\"https:\/\/www.berti.net\/wp-content\/uploads\/2024\/09\/berti-pavimenti-in-legno_parquet-rovere-essential_nebula-300x300.jpeg\" alt=\"\" class=\"wp-image-538\" style=\"border-radius:50%\" srcset=\"https:\/\/berti.net\/wp-content\/uploads\/2024\/09\/berti-pavimenti-in-legno_parquet-rovere-essential_nebula-300x300.jpeg 300w, https:\/\/berti.net\/wp-content\/uploads\/2024\/09\/berti-pavimenti-in-legno_parquet-rovere-essential_nebula-1024x1024.jpeg 1024w, https:\/\/berti.net\/wp-content\/uploads\/2024\/09\/berti-pavimenti-in-legno_parquet-rovere-essential_nebula-150x150.jpeg 150w, https:\/\/berti.net\/wp-content\/uploads\/2024\/09\/berti-pavimenti-in-legno_parquet-rovere-essential_nebula-768x768.jpeg 768w, https:\/\/berti.net\/wp-content\/uploads\/2024\/09\/berti-pavimenti-in-legno_parquet-rovere-essential_nebula-1536x1536.jpeg 1536w, https:\/\/berti.net\/wp-content\/uploads\/2024\/09\/berti-pavimenti-in-legno_parquet-rovere-essential_nebula.jpeg 1908w\" sizes=\"auto, (max-width: 300px) 100vw, 300px\" \/><\/a><\/figure>\n\n\n\n<div class=\"wp-block-group is-vertical is-content-justification-center is-layout-flex wp-container-core-group-is-layout-980b417d wp-block-group-is-layout-flex\">\n<h4 class=\"wp-block-heading\" style=\"font-size:clamp(15.747px, 0.984rem + ((1vw - 3.2px) * 0.645), 24px);font-style:normal;font-weight:700\"><a href=\"https:\/\/www.berti.net\/parquet\/parquet-in-rovere-e-legni-pregiati-essential\/parquet-rovere-grigio-nebula\/\">Nebula<\/a><\/h4>\n\n\n\n<p style=\"font-size:clamp(14px, 0.875rem + ((1vw - 3.2px) * 0.313), 18px);\"><a href=\"https:\/\/www.berti.net\/parquet\/parquet-in-rovere-e-legni-pregiati-essential\/parquet-rovere-grigio-nebula\/\">Roble esencial<\/a><\/p>\n<\/div>\n<\/div>\n\n\n\n<div class=\"wp-block-group item is-vertical is-content-justification-center is-layout-flex wp-container-core-group-is-layout-ce155fab wp-block-group-is-layout-flex\">\n<figure class=\"wp-block-image size-medium has-custom-border is-style-rounded is-style-rounded--6\"><a href=\"https:\/\/www.berti.net\/es\/parquet-rovere-chiarissimo-milk\/\"><img loading=\"lazy\" decoding=\"async\" width=\"300\" height=\"300\" src=\"https:\/\/www.berti.net\/wp-content\/uploads\/2024\/09\/berti-pavimenti-in-legno_parquet-rovere-essential_milk-300x300.jpeg\" alt=\"\" class=\"wp-image-539\" style=\"border-radius:50%\" srcset=\"https:\/\/berti.net\/wp-content\/uploads\/2024\/09\/berti-pavimenti-in-legno_parquet-rovere-essential_milk-300x300.jpeg 300w, https:\/\/berti.net\/wp-content\/uploads\/2024\/09\/berti-pavimenti-in-legno_parquet-rovere-essential_milk-1024x1024.jpeg 1024w, https:\/\/berti.net\/wp-content\/uploads\/2024\/09\/berti-pavimenti-in-legno_parquet-rovere-essential_milk-150x150.jpeg 150w, https:\/\/berti.net\/wp-content\/uploads\/2024\/09\/berti-pavimenti-in-legno_parquet-rovere-essential_milk-768x768.jpeg 768w, https:\/\/berti.net\/wp-content\/uploads\/2024\/09\/berti-pavimenti-in-legno_parquet-rovere-essential_milk-1536x1536.jpeg 1536w, https:\/\/berti.net\/wp-content\/uploads\/2024\/09\/berti-pavimenti-in-legno_parquet-rovere-essential_milk.jpeg 1908w\" sizes=\"auto, (max-width: 300px) 100vw, 300px\" \/><\/a><\/figure>\n\n\n\n<div class=\"wp-block-group is-vertical is-content-justification-center is-layout-flex wp-container-core-group-is-layout-980b417d wp-block-group-is-layout-flex\">\n<h4 class=\"wp-block-heading\" style=\"font-size:clamp(15.747px, 0.984rem + ((1vw - 3.2px) * 0.645), 24px);font-style:normal;font-weight:700\"><a href=\"https:\/\/www.berti.net\/es\/parquet-rovere-chiarissimo-milk\/\">Milk<\/a><\/h4>\n\n\n\n<p style=\"font-size:clamp(14px, 0.875rem + ((1vw - 3.2px) * 0.313), 18px);\"><a href=\"https:\/\/www.berti.net\/es\/parquet-rovere-chiarissimo-milk\/\">Roble esencial<\/a><\/p>\n<\/div>\n<\/div>\n\n\n\n<div class=\"wp-block-group item is-vertical is-content-justification-center is-layout-flex wp-container-core-group-is-layout-ce155fab wp-block-group-is-layout-flex\">\n<figure class=\"wp-block-image size-medium has-custom-border is-style-rounded is-style-rounded--7\"><a href=\"https:\/\/www.berti.net\/es\/parquet-rovere-scuro-cloud\/\"><img loading=\"lazy\" decoding=\"async\" width=\"300\" height=\"300\" src=\"https:\/\/www.berti.net\/wp-content\/uploads\/2024\/09\/berti-pavimenti-in-legno_parquet-rovere-essential-cloud-300x300.jpeg\" alt=\"\" class=\"wp-image-540\" style=\"border-radius:50%\" srcset=\"https:\/\/berti.net\/wp-content\/uploads\/2024\/09\/berti-pavimenti-in-legno_parquet-rovere-essential-cloud-300x300.jpeg 300w, https:\/\/berti.net\/wp-content\/uploads\/2024\/09\/berti-pavimenti-in-legno_parquet-rovere-essential-cloud-1024x1024.jpeg 1024w, https:\/\/berti.net\/wp-content\/uploads\/2024\/09\/berti-pavimenti-in-legno_parquet-rovere-essential-cloud-150x150.jpeg 150w, https:\/\/berti.net\/wp-content\/uploads\/2024\/09\/berti-pavimenti-in-legno_parquet-rovere-essential-cloud-768x768.jpeg 768w, https:\/\/berti.net\/wp-content\/uploads\/2024\/09\/berti-pavimenti-in-legno_parquet-rovere-essential-cloud-1536x1536.jpeg 1536w, https:\/\/berti.net\/wp-content\/uploads\/2024\/09\/berti-pavimenti-in-legno_parquet-rovere-essential-cloud.jpeg 1908w\" sizes=\"auto, (max-width: 300px) 100vw, 300px\" \/><\/a><\/figure>\n\n\n\n<div class=\"wp-block-group is-vertical is-content-justification-center is-layout-flex wp-container-core-group-is-layout-980b417d wp-block-group-is-layout-flex\">\n<h4 class=\"wp-block-heading\" style=\"font-size:clamp(15.747px, 0.984rem + ((1vw - 3.2px) * 0.645), 24px);font-style:normal;font-weight:700\"><a href=\"https:\/\/www.berti.net\/es\/parquet-rovere-scuro-cloud\/\">Cloud<\/a><\/h4>\n\n\n\n<p style=\"font-size:clamp(14px, 0.875rem + ((1vw - 3.2px) * 0.313), 18px);\"><a href=\"https:\/\/www.berti.net\/es\/parquet-rovere-scuro-cloud\/\">Roble esencial<\/a><\/p>\n<\/div>\n<\/div>\n<\/div>\n\n\n\n<div class=\"wp-block-buttons is-content-justification-center is-layout-flex wp-container-core-buttons-is-layout-b30bd9b3 wp-block-buttons-is-layout-flex\" style=\"margin-top:var(--wp--preset--spacing--70)\">\n<div class=\"wp-block-button is-style-fill\"><a class=\"wp-block-button__link has-contrast-2-color has-base-background-color has-text-color has-background has-link-color has-s-font-size has-custom-font-size wp-element-button\" href=\"https:\/\/www.berti.net\/es\/colores-del-parquet\/bosques-grises\/\" style=\"padding-top:15px;padding-right:30px;padding-bottom:15px;padding-left:30px\">Descubre la selecci\u00f3n<\/a><\/div>\n<\/div>\n<\/div>\n\n<div style=\"height:53px\" aria-hidden=\"true\" class=\"wp-block-spacer\"><\/div>\n\n<div class=\"wp-block-group products-group is-style-container animated fadeIn has-global-padding is-content-justification-center is-layout-constrained wp-container-core-group-is-layout-4b5cc738 wp-block-group-is-layout-constrained\" style=\"margin-top:var(--wp--preset--spacing--30)\">\n<h2 class=\"wp-block-heading has-text-align-center products-group-title has-ml-font-size\" style=\"margin-bottom:var(--wp--preset--spacing--40)\"><a href=\"https:\/\/www.berti.net\/es\/colores-del-parquet\/parquet-oscuro\/\">Parquet oscuro y marr\u00f3n<\/a><\/h2>\n\n\n\n<div class=\"wp-block-group items-list has-3-columns is-layout-grid wp-container-core-group-is-layout-8763a382 wp-block-group-is-layout-grid\">\n<div class=\"wp-block-group item is-vertical is-content-justification-center is-layout-flex wp-container-core-group-is-layout-ce155fab wp-block-group-is-layout-flex\">\n<figure class=\"wp-block-image size-medium has-custom-border is-style-rounded is-style-rounded--8\"><a href=\"https:\/\/www.berti.net\/es\/parquet-rovere-scuro-moka\/\"><img loading=\"lazy\" decoding=\"async\" width=\"300\" height=\"300\" src=\"https:\/\/www.berti.net\/wp-content\/uploads\/2024\/09\/parquet-prefinito-spazzolato-rovere-duna-300x300.jpg\" alt=\"\" class=\"wp-image-521\" style=\"border-radius:50%\" srcset=\"https:\/\/berti.net\/wp-content\/uploads\/2024\/09\/parquet-prefinito-spazzolato-rovere-duna-300x300.jpg 300w, https:\/\/berti.net\/wp-content\/uploads\/2024\/09\/parquet-prefinito-spazzolato-rovere-duna-1024x1024.jpg 1024w, https:\/\/berti.net\/wp-content\/uploads\/2024\/09\/parquet-prefinito-spazzolato-rovere-duna-150x150.jpg 150w, https:\/\/berti.net\/wp-content\/uploads\/2024\/09\/parquet-prefinito-spazzolato-rovere-duna-768x768.jpg 768w, https:\/\/berti.net\/wp-content\/uploads\/2024\/09\/parquet-prefinito-spazzolato-rovere-duna-1536x1536.jpg 1536w, https:\/\/berti.net\/wp-content\/uploads\/2024\/09\/parquet-prefinito-spazzolato-rovere-duna.jpg 1908w\" sizes=\"auto, (max-width: 300px) 100vw, 300px\" \/><\/a><\/figure>\n\n\n\n<div class=\"wp-block-group is-vertical is-content-justification-center is-layout-flex wp-container-core-group-is-layout-980b417d wp-block-group-is-layout-flex\">\n<h4 class=\"wp-block-heading\" style=\"font-size:clamp(15.747px, 0.984rem + ((1vw - 3.2px) * 0.645), 24px);font-style:normal;font-weight:700\"><a href=\"https:\/\/www.berti.net\/es\/parquet-rovere-scuro-moka\/\">Moka<\/a><\/h4>\n\n\n\n<p style=\"font-size:clamp(14px, 0.875rem + ((1vw - 3.2px) * 0.313), 18px);\"><a href=\"https:\/\/www.berti.net\/es\/parquet-rovere-scuro-moka\/\">Roble esencial<\/a><\/p>\n<\/div>\n<\/div>\n\n\n\n<div class=\"wp-block-group item is-vertical is-content-justification-center is-layout-flex wp-container-core-group-is-layout-ce155fab wp-block-group-is-layout-flex\">\n<figure class=\"wp-block-image size-medium has-custom-border is-style-rounded is-style-rounded--9\"><a href=\"https:\/\/www.berti.net\/parquet\/parquet-in-rovere-e-legni-pregiati-essential\/parquet-noce-scuro-americano-antico\/\"><img loading=\"lazy\" decoding=\"async\" width=\"300\" height=\"300\" src=\"https:\/\/www.berti.net\/wp-content\/uploads\/2024\/09\/berti-pavimenti-in-legno_parquet-noce_americano_essential-300x300.jpeg\" alt=\"\" class=\"wp-image-542\" style=\"border-radius:50%\" srcset=\"https:\/\/berti.net\/wp-content\/uploads\/2024\/09\/berti-pavimenti-in-legno_parquet-noce_americano_essential-300x300.jpeg 300w, https:\/\/berti.net\/wp-content\/uploads\/2024\/09\/berti-pavimenti-in-legno_parquet-noce_americano_essential-1024x1024.jpeg 1024w, https:\/\/berti.net\/wp-content\/uploads\/2024\/09\/berti-pavimenti-in-legno_parquet-noce_americano_essential-150x150.jpeg 150w, https:\/\/berti.net\/wp-content\/uploads\/2024\/09\/berti-pavimenti-in-legno_parquet-noce_americano_essential-768x768.jpeg 768w, https:\/\/berti.net\/wp-content\/uploads\/2024\/09\/berti-pavimenti-in-legno_parquet-noce_americano_essential-1536x1536.jpeg 1536w, https:\/\/berti.net\/wp-content\/uploads\/2024\/09\/berti-pavimenti-in-legno_parquet-noce_americano_essential.jpeg 1908w\" sizes=\"auto, (max-width: 300px) 100vw, 300px\" \/><\/a><\/figure>\n\n\n\n<div class=\"wp-block-group is-vertical is-content-justification-center is-layout-flex wp-container-core-group-is-layout-980b417d wp-block-group-is-layout-flex\">\n<h4 class=\"wp-block-heading\" style=\"font-size:clamp(15.747px, 0.984rem + ((1vw - 3.2px) * 0.645), 24px);font-style:normal;font-weight:700\"><a href=\"https:\/\/www.berti.net\/parquet\/parquet-in-rovere-e-legni-pregiati-essential\/parquet-noce-scuro-americano-antico\/\">Nogal americano<\/a><\/h4>\n\n\n\n<p style=\"font-size:clamp(14px, 0.875rem + ((1vw - 3.2px) * 0.313), 18px);\"><a href=\"https:\/\/www.berti.net\/parquet\/parquet-in-rovere-e-legni-pregiati-essential\/parquet-noce-scuro-americano-antico\/\">Roble esencial<\/a><\/p>\n<\/div>\n<\/div>\n\n\n\n<div class=\"wp-block-group item is-vertical is-content-justification-center is-layout-flex wp-container-core-group-is-layout-ce155fab wp-block-group-is-layout-flex\">\n<figure class=\"wp-block-image size-medium has-custom-border is-style-rounded is-style-rounded--10\"><a href=\"https:\/\/www.berti.net\/parquet\/parquet-in-rovere-e-legni-pregiati-essential\/parquet-noce-europeo-piallato-morciato\/\"><img loading=\"lazy\" decoding=\"async\" width=\"300\" height=\"300\" src=\"https:\/\/www.berti.net\/wp-content\/uploads\/2024\/09\/parquet-noce-nazionale-piallato-morciato-300x300.jpeg\" alt=\"\" class=\"wp-image-543\" style=\"border-radius:50%\" srcset=\"https:\/\/berti.net\/wp-content\/uploads\/2024\/09\/parquet-noce-nazionale-piallato-morciato-300x300.jpeg 300w, https:\/\/berti.net\/wp-content\/uploads\/2024\/09\/parquet-noce-nazionale-piallato-morciato-1024x1024.jpeg 1024w, https:\/\/berti.net\/wp-content\/uploads\/2024\/09\/parquet-noce-nazionale-piallato-morciato-150x150.jpeg 150w, https:\/\/berti.net\/wp-content\/uploads\/2024\/09\/parquet-noce-nazionale-piallato-morciato-768x768.jpeg 768w, https:\/\/berti.net\/wp-content\/uploads\/2024\/09\/parquet-noce-nazionale-piallato-morciato-1536x1536.jpeg 1536w, https:\/\/berti.net\/wp-content\/uploads\/2024\/09\/parquet-noce-nazionale-piallato-morciato.jpeg 1908w\" sizes=\"auto, (max-width: 300px) 100vw, 300px\" \/><\/a><\/figure>\n\n\n\n<div class=\"wp-block-group is-vertical is-content-justification-center is-layout-flex wp-container-core-group-is-layout-980b417d wp-block-group-is-layout-flex\">\n<h4 class=\"wp-block-heading\" style=\"font-size:clamp(15.747px, 0.984rem + ((1vw - 3.2px) * 0.645), 24px);font-style:normal;font-weight:700\"><a href=\"https:\/\/www.berti.net\/parquet\/parquet-in-rovere-e-legni-pregiati-essential\/parquet-noce-europeo-piallato-morciato\/\">Nogal europeo<\/a><\/h4>\n\n\n\n<p style=\"font-size:clamp(14px, 0.875rem + ((1vw - 3.2px) * 0.313), 18px);\"><a href=\"https:\/\/www.berti.net\/parquet\/parquet-in-rovere-e-legni-pregiati-essential\/parquet-noce-europeo-piallato-morciato\/\">Roble esencial<\/a><\/p>\n<\/div>\n<\/div>\n<\/div>\n\n\n\n<div class=\"wp-block-buttons is-content-justification-center is-layout-flex wp-container-core-buttons-is-layout-b30bd9b3 wp-block-buttons-is-layout-flex\" style=\"margin-top:var(--wp--preset--spacing--70)\">\n<div class=\"wp-block-button is-style-fill\"><a class=\"wp-block-button__link has-contrast-2-color has-base-background-color has-text-color has-background has-link-color has-s-font-size has-custom-font-size wp-element-button\" href=\"https:\/\/www.berti.net\/es\/colores-del-parquet\/parquet-oscuro\/\" style=\"padding-top:15px;padding-right:30px;padding-bottom:15px;padding-left:30px\">Descubre la selecci\u00f3n<\/a><\/div>\n<\/div>\n<\/div>\n\n<div style=\"height:53px\" aria-hidden=\"true\" class=\"wp-block-spacer\"><\/div>\n\n<div class=\"wp-block-group products-group is-style-container animated fadeIn has-global-padding is-content-justification-center is-layout-constrained wp-container-core-group-is-layout-4b5cc738 wp-block-group-is-layout-constrained\" style=\"margin-top:var(--wp--preset--spacing--30)\">\n<h2 class=\"wp-block-heading has-text-align-center products-group-title has-ml-font-size\" style=\"margin-bottom:var(--wp--preset--spacing--40)\"><a href=\"https:\/\/www.berti.net\/es\/colores-del-parquet\/bosque-rojo\/\">Parquet rojo<\/a><\/h2>\n\n\n\n<div class=\"wp-block-group items-list has-3-columns is-layout-grid wp-container-core-group-is-layout-8763a382 wp-block-group-is-layout-grid\">\n<div class=\"wp-block-group item is-vertical is-content-justification-center is-layout-flex wp-container-core-group-is-layout-ce155fab wp-block-group-is-layout-flex\">\n<figure class=\"wp-block-image size-medium has-custom-border is-style-rounded is-style-rounded--11\"><a href=\"https:\/\/www.berti.net\/parquet\/parquet-in-rovere-e-legni-pregiati-essential\/parquet-iroko-antico\/\"><img loading=\"lazy\" decoding=\"async\" width=\"300\" height=\"300\" src=\"https:\/\/www.berti.net\/wp-content\/uploads\/2024\/09\/berti-pavimenti-in-legno_parquet-iroko-essential-300x300.jpeg\" alt=\"\" class=\"wp-image-544\" style=\"border-radius:50%\" srcset=\"https:\/\/berti.net\/wp-content\/uploads\/2024\/09\/berti-pavimenti-in-legno_parquet-iroko-essential-300x300.jpeg 300w, https:\/\/berti.net\/wp-content\/uploads\/2024\/09\/berti-pavimenti-in-legno_parquet-iroko-essential-1024x1024.jpeg 1024w, https:\/\/berti.net\/wp-content\/uploads\/2024\/09\/berti-pavimenti-in-legno_parquet-iroko-essential-150x150.jpeg 150w, https:\/\/berti.net\/wp-content\/uploads\/2024\/09\/berti-pavimenti-in-legno_parquet-iroko-essential-768x768.jpeg 768w, https:\/\/berti.net\/wp-content\/uploads\/2024\/09\/berti-pavimenti-in-legno_parquet-iroko-essential-1536x1536.jpeg 1536w, https:\/\/berti.net\/wp-content\/uploads\/2024\/09\/berti-pavimenti-in-legno_parquet-iroko-essential.jpeg 1908w\" sizes=\"auto, (max-width: 300px) 100vw, 300px\" \/><\/a><\/figure>\n\n\n\n<div class=\"wp-block-group is-vertical is-content-justification-center is-layout-flex wp-container-core-group-is-layout-980b417d wp-block-group-is-layout-flex\">\n<h4 class=\"wp-block-heading\" style=\"font-size:clamp(15.747px, 0.984rem + ((1vw - 3.2px) * 0.645), 24px);font-style:normal;font-weight:700\"><a href=\"https:\/\/www.berti.net\/parquet\/parquet-in-rovere-e-legni-pregiati-essential\/parquet-iroko-antico\/\">Iroko antiguo<\/a><\/h4>\n\n\n\n<p style=\"font-size:clamp(14px, 0.875rem + ((1vw - 3.2px) * 0.313), 18px);\"><a href=\"https:\/\/www.berti.net\/parquet\/parquet-in-rovere-e-legni-pregiati-essential\/parquet-iroko-antico\/\">Essential Maderas preciosas<\/a><\/p>\n<\/div>\n<\/div>\n\n\n\n<div class=\"wp-block-group item is-vertical is-content-justification-center is-layout-flex wp-container-core-group-is-layout-ce155fab wp-block-group-is-layout-flex\">\n<figure class=\"wp-block-image size-medium has-custom-border is-style-rounded is-style-rounded--12\"><a href=\"https:\/\/www.berti.net\/parquet\/parquet-in-rovere-e-legni-pregiati-essential\/parquet-doussie-neutro\/\"><img loading=\"lazy\" decoding=\"async\" width=\"300\" height=\"300\" src=\"https:\/\/www.berti.net\/wp-content\/uploads\/2024\/09\/berti-pavimenti-in-legno_parquet-doussie-essential-300x300.jpeg\" alt=\"\" class=\"wp-image-545\" style=\"border-radius:50%\" srcset=\"https:\/\/berti.net\/wp-content\/uploads\/2024\/09\/berti-pavimenti-in-legno_parquet-doussie-essential-300x300.jpeg 300w, https:\/\/berti.net\/wp-content\/uploads\/2024\/09\/berti-pavimenti-in-legno_parquet-doussie-essential-1024x1024.jpeg 1024w, https:\/\/berti.net\/wp-content\/uploads\/2024\/09\/berti-pavimenti-in-legno_parquet-doussie-essential-150x150.jpeg 150w, https:\/\/berti.net\/wp-content\/uploads\/2024\/09\/berti-pavimenti-in-legno_parquet-doussie-essential-768x768.jpeg 768w, https:\/\/berti.net\/wp-content\/uploads\/2024\/09\/berti-pavimenti-in-legno_parquet-doussie-essential-1536x1536.jpeg 1536w, https:\/\/berti.net\/wp-content\/uploads\/2024\/09\/berti-pavimenti-in-legno_parquet-doussie-essential.jpeg 1908w\" sizes=\"auto, (max-width: 300px) 100vw, 300px\" \/><\/a><\/figure>\n\n\n\n<div class=\"wp-block-group is-vertical is-content-justification-center is-layout-flex wp-container-core-group-is-layout-980b417d wp-block-group-is-layout-flex\">\n<h4 class=\"wp-block-heading\" style=\"font-size:clamp(15.747px, 0.984rem + ((1vw - 3.2px) * 0.645), 24px);font-style:normal;font-weight:700\"><a href=\"https:\/\/www.berti.net\/parquet\/parquet-in-rovere-e-legni-pregiati-essential\/parquet-doussie-neutro\/\">Neutral Doussi\u00e8<\/a><\/h4>\n\n\n\n<p style=\"font-size:clamp(14px, 0.875rem + ((1vw - 3.2px) * 0.313), 18px);\"><a href=\"https:\/\/www.berti.net\/parquet\/parquet-in-rovere-e-legni-pregiati-essential\/parquet-doussie-neutro\/\">Essential Maderas preciosas<\/a><\/p>\n<\/div>\n<\/div>\n\n\n\n<div class=\"wp-block-group item is-vertical is-content-justification-center is-layout-flex wp-container-core-group-is-layout-ce155fab wp-block-group-is-layout-flex\">\n<figure class=\"wp-block-image size-medium has-custom-border is-style-rounded is-style-rounded--13\"><a href=\"https:\/\/www.berti.net\/parquet\/parquet-in-rovere-e-legni-pregiati-essential\/parquet-rovere-scuro-antico\/\"><img loading=\"lazy\" decoding=\"async\" width=\"300\" height=\"300\" src=\"https:\/\/www.berti.net\/wp-content\/uploads\/2024\/09\/berti-pavimenti-in-legno_parquet-rovere-essential_antico-1-300x300.jpeg\" alt=\"\" class=\"wp-image-546\" style=\"border-radius:50%\" srcset=\"https:\/\/berti.net\/wp-content\/uploads\/2024\/09\/berti-pavimenti-in-legno_parquet-rovere-essential_antico-1-300x300.jpeg 300w, https:\/\/berti.net\/wp-content\/uploads\/2024\/09\/berti-pavimenti-in-legno_parquet-rovere-essential_antico-1-1024x1024.jpeg 1024w, https:\/\/berti.net\/wp-content\/uploads\/2024\/09\/berti-pavimenti-in-legno_parquet-rovere-essential_antico-1-150x150.jpeg 150w, https:\/\/berti.net\/wp-content\/uploads\/2024\/09\/berti-pavimenti-in-legno_parquet-rovere-essential_antico-1-768x768.jpeg 768w, https:\/\/berti.net\/wp-content\/uploads\/2024\/09\/berti-pavimenti-in-legno_parquet-rovere-essential_antico-1-1536x1536.jpeg 1536w, https:\/\/berti.net\/wp-content\/uploads\/2024\/09\/berti-pavimenti-in-legno_parquet-rovere-essential_antico-1.jpeg 1908w\" sizes=\"auto, (max-width: 300px) 100vw, 300px\" \/><\/a><\/figure>\n\n\n\n<div class=\"wp-block-group is-vertical is-content-justification-center is-layout-flex wp-container-core-group-is-layout-980b417d wp-block-group-is-layout-flex\">\n<h4 class=\"wp-block-heading\" style=\"font-size:clamp(15.747px, 0.984rem + ((1vw - 3.2px) * 0.645), 24px);font-style:normal;font-weight:700\"><a href=\"https:\/\/www.berti.net\/parquet\/parquet-in-rovere-e-legni-pregiati-essential\/parquet-rovere-scuro-antico\/\">Antiguo<\/a><\/h4>\n\n\n\n<p style=\"font-size:clamp(14px, 0.875rem + ((1vw - 3.2px) * 0.313), 18px);\"><a href=\"https:\/\/www.berti.net\/parquet\/parquet-in-rovere-e-legni-pregiati-essential\/parquet-rovere-scuro-antico\/\">Roble esencial<\/a><\/p>\n<\/div>\n<\/div>\n<\/div>\n\n\n\n<div class=\"wp-block-buttons is-content-justification-center is-layout-flex wp-container-core-buttons-is-layout-b30bd9b3 wp-block-buttons-is-layout-flex\" style=\"margin-top:var(--wp--preset--spacing--70)\">\n<div class=\"wp-block-button is-style-fill\"><a class=\"wp-block-button__link has-contrast-2-color has-base-background-color has-text-color has-background has-link-color has-s-font-size has-custom-font-size wp-element-button\" href=\"https:\/\/www.berti.net\/es\/colores-del-parquet\/bosque-rojo\/\" style=\"padding-top:15px;padding-right:30px;padding-bottom:15px;padding-left:30px\">Descubre la selecci\u00f3n<\/a><\/div>\n<\/div>\n<\/div>\n\n<div style=\"height:100px\" aria-hidden=\"true\" class=\"wp-block-spacer\"><\/div>\n\n<div class=\"wp-block-cover alignfull is-light estimate-request-content\" style=\"margin-top:0\"><img decoding=\"async\" class=\"wp-block-cover__image-background\" alt=\"\" src=\"https:\/\/www.berti.net\/wp-content\/themes\/thombase\/public\/images\/estimateBanner.webp\" data-object-fit=\"cover\"\/><span aria-hidden=\"true\" class=\"wp-block-cover__background has-background-dim-0 has-background-dim\"><\/span><div class=\"wp-block-cover__inner-container has-global-padding is-layout-constrained wp-block-cover-is-layout-constrained\">\n<div id=\"estimate\" class=\"wp-block-group alignleft estimate-request-content-inner has-global-padding is-content-justification-left is-layout-constrained wp-container-core-group-is-layout-94054b8f wp-block-group-is-layout-constrained\">\n<h5 class=\"wp-block-heading\">Pide una <strong>presupuesto<\/strong>,<br\/>entra en el mundo Berti<\/h5>\n\n\n\n<p style=\"line-height:1.5\">Rellena el formulario para solicitar un presupuesto.  <br\/>Recibir\u00e1s una respuesta de nuestro personal en breve.<\/p>\n\n\n\n<div class=\"wp-block-buttons is-layout-flex wp-block-buttons-is-layout-flex\">\n<div class=\"wp-block-button is-style-link\"><a class=\"wp-block-button__link wp-element-button\" href=\"https:\/\/www.berti.net\/es\/solicita-preventivo-2\/\">SOLICITA AHORA<\/a><\/div>\n<\/div>\n<\/div>\n<\/div><\/div>\n","protected":false},"excerpt":{"rendered":"<p>El suelo es el primer elemento de decoraci\u00f3n que puede definir el estilo de cualquier vivienda. Tanto si se trata de una nueva construcci\u00f3n como de una renovaci\u00f3n o sustituci\u00f3n de un suelo existente, elegir el color adecuado es esencial para garantizar la singularidad y personalidad que pueden definir el ambiente de cualquier hogar. \u00bfParquet claro u oscuro? \u00bfO tal [&hellip;]<\/p>\n","protected":false},"author":2,"featured_media":0,"parent":0,"menu_order":0,"comment_status":"closed","ping_status":"closed","template":"page-with-overlying-header","meta":{"footnotes":""},"class_list":["post-17150","page","type-page","status-publish","hentry"],"_links":{"self":[{"href":"https:\/\/berti.net\/es\/wp-json\/wp\/v2\/pages\/17150","targetHints":{"allow":["GET"]}}],"collection":[{"href":"https:\/\/berti.net\/es\/wp-json\/wp\/v2\/pages"}],"about":[{"href":"https:\/\/berti.net\/es\/wp-json\/wp\/v2\/types\/page"}],"author":[{"embeddable":true,"href":"https:\/\/berti.net\/es\/wp-json\/wp\/v2\/users\/2"}],"replies":[{"embeddable":true,"href":"https:\/\/berti.net\/es\/wp-json\/wp\/v2\/comments?post=17150"}],"version-history":[{"count":27,"href":"https:\/\/berti.net\/es\/wp-json\/wp\/v2\/pages\/17150\/revisions"}],"predecessor-version":[{"id":25872,"href":"https:\/\/berti.net\/es\/wp-json\/wp\/v2\/pages\/17150\/revisions\/25872"}],"wp:attachment":[{"href":"https:\/\/berti.net\/es\/wp-json\/wp\/v2\/media?parent=17150"}],"curies":[{"name":"wp","href":"https:\/\/api.w.org\/{rel}","templated":true}]}}