{"id":17123,"date":"2024-09-11T07:55:44","date_gmt":"2024-09-11T07:55:44","guid":{"rendered":"https:\/\/www.berti.net\/inicio\/"},"modified":"2026-04-22T14:55:29","modified_gmt":"2026-04-22T14:55:29","slug":"inicio","status":"publish","type":"page","link":"https:\/\/berti.net\/es\/","title":{"rendered":"Inicio"},"content":{"rendered":"\n<div class=\"wp-block-group alignfull hero-title-slider-pattern extra-padding-bottom has-base-background-color has-background has-global-padding is-layout-constrained wp-container-core-group-is-layout-639b5052 wp-block-group-is-layout-constrained\" style=\"padding-top:0;padding-right:0;padding-bottom:0;padding-left:0\">\n<div class=\"wp-block-cover alignfull banner-hero has-aspect-ratio wp-duotone-unset-1\" style=\"padding-top:0px;padding-right:0;padding-bottom:0px;padding-left:0;min-height:516px;aspect-ratio:auto;min-height:unset;\"><video class=\"wp-block-cover__video-background intrinsic-ignore\" autoplay muted loop playsinline src=\"https:\/\/www.berti.net\/wp-content\/uploads\/Sequenza-01.mp4\" data-object-fit=\"cover\"><\/video><span aria-hidden=\"true\" class=\"wp-block-cover__background has-background-dim-100 has-background-dim wp-block-cover__gradient-background has-background-gradient\" style=\"background:linear-gradient(180deg,rgba(25,25,25,0) 0%,rgb(25,25,25) 100%)\"><\/span><div class=\"wp-block-cover__inner-container is-layout-flow wp-block-cover-is-layout-flow\">\n<div class=\"wp-block-group banner-hero-content has-global-padding is-layout-constrained wp-container-core-group-is-layout-a05d3a21 wp-block-group-is-layout-constrained\">\n<div class=\"wp-block-group has-global-padding is-layout-constrained wp-container-core-group-is-layout-b831be90 wp-block-group-is-layout-constrained\">\n<h1 class=\"wp-block-heading has-text-align-center has-white-color has-text-color has-xxxl-font-size\" style=\"letter-spacing:0px;line-height:1;text-transform:uppercase\">El Arte de la Parqueter\u00eda Italiana<\/h1>\n<\/div>\n\n\n\n<div class=\"wp-block-group has-global-padding is-layout-constrained wp-container-core-group-is-layout-11258054 wp-block-group-is-layout-constrained\" style=\"margin-top:25px;margin-bottom:20px\">\n<div class=\"wp-block-group has-contrast-2-color has-text-color has-link-color wp-elements-8a7aab39eb4befedd730fbacc137799e has-global-padding is-layout-constrained wp-container-core-group-is-layout-c00d8324 wp-block-group-is-layout-constrained\">\n<p class=\"has-text-align-center\">Belleza intemporal, calidad sin concesiones, para suelos de madera \u00fanicos y refinados.<\/p>\n<\/div>\n<\/div>\n<\/div>\n<\/div><\/div>\n\n\n\n<div class=\"wp-block-group alignfull slider-hero-with-title-pattern has-base-3-color has-text-color has-link-color wp-elements-44f306aa3f6198befaf25a48b9dd0417 has-global-padding is-layout-constrained wp-block-group-is-layout-constrained\">\n<div class=\"wp-block-group title has-global-padding is-layout-constrained wp-block-group-is-layout-constrained\">\n<h2 class=\"wp-block-heading has-text-align-center has-base-3-color has-text-color has-link-color has-ml-font-size wp-elements-c107372b64c8f87e6d15285f88f443d8\">Colecciones Berti<\/h2>\n<\/div>\n\n\n\n<div style=\"margin-top:0;margin-bottom:0;\" class=\"swiper alignfull is-style-zoom has-slide-with-link wp-block-wpe-thom-slider-block\" data-swiper=\"{&quot;autoplay&quot;:false,&quot;navigation&quot;:false,&quot;pagination&quot;:{&quot;enabled&quot;:true,&quot;clickable&quot;:true},&quot;loop&quot;:false,&quot;centeredSlides&quot;:true,&quot;slidesPerView&quot;:1.5,&quot;slidesPerViewMobile&quot;:1.5}\">\n\n\t<div class=\"swiper-wrapper\">\n\t\t\n\n<div class=\"wp-block-cover aligncenter has-custom-content-position is-position-bottom-left swiper-slide has-text-color has-link-color wp-elements-b1cbf83ff1eb8225910c382093cb4868\" style=\"color:#ffffff;padding-top:var(--wp--preset--spacing--large);padding-right:var(--wp--preset--spacing--large);padding-bottom:var(--wp--preset--spacing--large);padding-left:var(--wp--preset--spacing--large)\"><img loading=\"lazy\" decoding=\"async\" width=\"2560\" height=\"1439\" class=\"wp-block-cover__image-background wp-image-414\" alt=\"\" src=\"https:\/\/www.berti.net\/wp-content\/uploads\/2024\/09\/berti-pavimenti-in-legno_parquet-rovere_essential-sand-scaled-1.jpg\" data-object-fit=\"cover\" srcset=\"https:\/\/berti.net\/wp-content\/uploads\/2024\/09\/berti-pavimenti-in-legno_parquet-rovere_essential-sand-scaled-1.jpg 2560w, https:\/\/berti.net\/wp-content\/uploads\/2024\/09\/berti-pavimenti-in-legno_parquet-rovere_essential-sand-scaled-1-300x169.jpg 300w, https:\/\/berti.net\/wp-content\/uploads\/2024\/09\/berti-pavimenti-in-legno_parquet-rovere_essential-sand-scaled-1-1024x576.jpg 1024w, https:\/\/berti.net\/wp-content\/uploads\/2024\/09\/berti-pavimenti-in-legno_parquet-rovere_essential-sand-scaled-1-768x432.jpg 768w, https:\/\/berti.net\/wp-content\/uploads\/2024\/09\/berti-pavimenti-in-legno_parquet-rovere_essential-sand-scaled-1-1536x863.jpg 1536w, https:\/\/berti.net\/wp-content\/uploads\/2024\/09\/berti-pavimenti-in-legno_parquet-rovere_essential-sand-scaled-1-2048x1151.jpg 2048w\" sizes=\"auto, (max-width: 2560px) 100vw, 2560px\" \/><span aria-hidden=\"true\" class=\"wp-block-cover__background has-base-background-color has-background-dim-20 has-background-dim\"><\/span><div class=\"wp-block-cover__inner-container has-global-padding is-layout-constrained wp-container-core-cover-is-layout-e20e7e2d wp-block-cover-is-layout-constrained\">\n<div class=\"wp-block-group has-global-padding is-layout-constrained wp-block-group-is-layout-constrained\">\n<p class=\"has-text-color has-xxs-font-size\" style=\"color:#ffffff\"><a href=\"https:\/\/www.berti.net\/es\/parquet\/parquet-essential-2\/\">Suelo de madera<\/a><\/p>\n\n\n\n<h3 class=\"wp-block-heading\"><a href=\"https:\/\/www.berti.net\/es\/parquet\/parquet-essential-2\/\">Parquet Essential<\/a><\/h3>\n<\/div>\n<\/div><\/div>\n\n\n\n<div class=\"wp-block-cover aligncenter has-custom-content-position is-position-bottom-left swiper-slide has-text-color has-link-color wp-elements-a33ce231f99160d452d315e9d6a807a0\" style=\"color:#ffffff;padding-top:var(--wp--preset--spacing--large);padding-right:var(--wp--preset--spacing--large);padding-bottom:var(--wp--preset--spacing--large);padding-left:var(--wp--preset--spacing--large)\"><img loading=\"lazy\" decoding=\"async\" width=\"1920\" height=\"1079\" class=\"wp-block-cover__image-background wp-image-26732 size-large\" alt=\"\" src=\"https:\/\/www.berti.net\/wp-content\/uploads\/d-plank-berti-pavimenti-rovere-legno-1920x1079.jpg\" data-object-fit=\"cover\" srcset=\"https:\/\/berti.net\/wp-content\/uploads\/d-plank-berti-pavimenti-rovere-legno-1920x1079.jpg 1920w, https:\/\/berti.net\/wp-content\/uploads\/d-plank-berti-pavimenti-rovere-legno-812x456.jpg 812w, https:\/\/berti.net\/wp-content\/uploads\/d-plank-berti-pavimenti-rovere-legno-768x432.jpg 768w, https:\/\/berti.net\/wp-content\/uploads\/d-plank-berti-pavimenti-rovere-legno-1536x863.jpg 1536w, https:\/\/berti.net\/wp-content\/uploads\/d-plank-berti-pavimenti-rovere-legno-2048x1151.jpg 2048w\" sizes=\"auto, (max-width: 1920px) 100vw, 1920px\" \/><span aria-hidden=\"true\" class=\"wp-block-cover__background has-base-background-color has-background-dim-20 has-background-dim\"><\/span><div class=\"wp-block-cover__inner-container has-global-padding is-layout-constrained wp-container-core-cover-is-layout-e20e7e2d wp-block-cover-is-layout-constrained\">\n<div class=\"wp-block-group has-global-padding is-layout-constrained wp-block-group-is-layout-constrained\">\n<p class=\"has-text-color has-xxs-font-size\" style=\"color:#ffffff\"><a href=\"https:\/\/www.berti.net\/es\/parquet\/parquet-diesel-living\/\">Colecci\u00f3n Diesel Living<\/a><\/p>\n\n\n\n<h3 class=\"wp-block-heading\"><a href=\"https:\/\/www.berti.net\/es\/i-wood\/d-plank-gris-wash\/\">D-Plank Grey Wash<\/a><\/h3>\n<\/div>\n<\/div><\/div>\n\n\n\n<div class=\"wp-block-cover aligncenter has-custom-content-position is-position-bottom-left swiper-slide has-text-color has-link-color wp-elements-f666809c7240e84238942b373fdb19b7\" style=\"color:#ffffff;padding-top:var(--wp--preset--spacing--large);padding-right:var(--wp--preset--spacing--large);padding-bottom:var(--wp--preset--spacing--large);padding-left:var(--wp--preset--spacing--large)\"><img loading=\"lazy\" decoding=\"async\" width=\"1920\" height=\"1079\" class=\"wp-block-cover__image-background wp-image-25668 size-large\" alt=\"\" src=\"https:\/\/www.berti.net\/wp-content\/uploads\/La_rotonda_noce_Berti_Pavimenti_legno_-1920x1079.jpg\" data-object-fit=\"cover\" srcset=\"https:\/\/berti.net\/wp-content\/uploads\/La_rotonda_noce_Berti_Pavimenti_legno_-1920x1079.jpg 1920w, https:\/\/berti.net\/wp-content\/uploads\/La_rotonda_noce_Berti_Pavimenti_legno_-812x456.jpg 812w, https:\/\/berti.net\/wp-content\/uploads\/La_rotonda_noce_Berti_Pavimenti_legno_-768x432.jpg 768w, https:\/\/berti.net\/wp-content\/uploads\/La_rotonda_noce_Berti_Pavimenti_legno_-1536x863.jpg 1536w, https:\/\/berti.net\/wp-content\/uploads\/La_rotonda_noce_Berti_Pavimenti_legno_-2048x1151.jpg 2048w\" sizes=\"auto, (max-width: 1920px) 100vw, 1920px\" \/><span aria-hidden=\"true\" class=\"wp-block-cover__background has-base-background-color has-background-dim-20 has-background-dim\"><\/span><div class=\"wp-block-cover__inner-container has-global-padding is-layout-constrained wp-container-core-cover-is-layout-e20e7e2d wp-block-cover-is-layout-constrained\">\n<div class=\"wp-block-group has-global-padding is-layout-constrained wp-block-group-is-layout-constrained\">\n<p class=\"has-text-color has-xxs-font-size\" style=\"color:#ffffff\">Colecci\u00f3n Tap\u00f3n Curvo<\/p>\n\n\n\n<h3 class=\"wp-block-heading\"><a href=\"https:\/\/www.berti.net\/es\/product\/la-rotonda-2\/\">La Rotonda<\/a><\/h3>\n<\/div>\n<\/div><\/div>\n\n\n\n<div class=\"wp-block-cover aligncenter has-custom-content-position is-position-bottom-left swiper-slide has-text-color has-link-color wp-elements-cd38124bd23ebe63a611141baed33b77\" style=\"color:#ffffff;padding-top:var(--wp--preset--spacing--large);padding-right:var(--wp--preset--spacing--large);padding-bottom:var(--wp--preset--spacing--large);padding-left:var(--wp--preset--spacing--large)\"><img loading=\"lazy\" decoding=\"async\" width=\"2560\" height=\"1385\" class=\"wp-block-cover__image-background wp-image-399\" alt=\"\" src=\"https:\/\/www.berti.net\/wp-content\/uploads\/2024\/09\/quadrotte-rivestimento-iwood-berti-4-scaled-1.jpeg\" data-object-fit=\"cover\" srcset=\"https:\/\/berti.net\/wp-content\/uploads\/2024\/09\/quadrotte-rivestimento-iwood-berti-4-scaled-1.jpeg 2560w, https:\/\/berti.net\/wp-content\/uploads\/2024\/09\/quadrotte-rivestimento-iwood-berti-4-scaled-1-300x162.jpeg 300w, https:\/\/berti.net\/wp-content\/uploads\/2024\/09\/quadrotte-rivestimento-iwood-berti-4-scaled-1-1024x554.jpeg 1024w, https:\/\/berti.net\/wp-content\/uploads\/2024\/09\/quadrotte-rivestimento-iwood-berti-4-scaled-1-768x416.jpeg 768w, https:\/\/berti.net\/wp-content\/uploads\/2024\/09\/quadrotte-rivestimento-iwood-berti-4-scaled-1-1536x831.jpeg 1536w, https:\/\/berti.net\/wp-content\/uploads\/2024\/09\/quadrotte-rivestimento-iwood-berti-4-scaled-1-2048x1108.jpeg 2048w\" sizes=\"auto, (max-width: 2560px) 100vw, 2560px\" \/><span aria-hidden=\"true\" class=\"wp-block-cover__background has-base-2-background-color has-background-dim-20 has-background-dim\"><\/span><div class=\"wp-block-cover__inner-container has-global-padding is-layout-constrained wp-container-core-cover-is-layout-e20e7e2d wp-block-cover-is-layout-constrained\">\n<div class=\"wp-block-group has-global-padding is-layout-constrained wp-block-group-is-layout-constrained\">\n<p class=\"has-text-color has-xxs-font-size\" style=\"color:#ffffff\"><a href=\"https:\/\/www.berti.net\/es\/parquet\/parquet-diesel-living\/\">Colecci\u00f3n Diesel Living<\/a><\/p>\n\n\n\n<h3 class=\"wp-block-heading\"><a href=\"https:\/\/www.berti.net\/es\/i-wood\/black-star\/\">Black Star<\/a><\/h3>\n<\/div>\n<\/div><\/div>\n\n\n\n<div class=\"wp-block-cover aligncenter has-custom-content-position is-position-bottom-left swiper-slide has-text-color has-link-color wp-elements-2e40db854d6faca4d7a1571d82a6235c\" style=\"color:#ffffff;padding-top:var(--wp--preset--spacing--large);padding-right:var(--wp--preset--spacing--large);padding-bottom:var(--wp--preset--spacing--large);padding-left:var(--wp--preset--spacing--large)\"><img loading=\"lazy\" decoding=\"async\" width=\"2560\" height=\"1385\" class=\"wp-block-cover__image-background wp-image-13807\" alt=\"\" src=\"https:\/\/www.berti.net\/wp-content\/uploads\/home_slider_intarsi_2560x1385.jpg\" data-object-fit=\"cover\" srcset=\"https:\/\/berti.net\/wp-content\/uploads\/home_slider_intarsi_2560x1385.jpg 2560w, https:\/\/berti.net\/wp-content\/uploads\/home_slider_intarsi_2560x1385-812x439.jpg 812w, https:\/\/berti.net\/wp-content\/uploads\/home_slider_intarsi_2560x1385-1920x1039.jpg 1920w, https:\/\/berti.net\/wp-content\/uploads\/home_slider_intarsi_2560x1385-768x416.jpg 768w, https:\/\/berti.net\/wp-content\/uploads\/home_slider_intarsi_2560x1385-1536x831.jpg 1536w, https:\/\/berti.net\/wp-content\/uploads\/home_slider_intarsi_2560x1385-2048x1108.jpg 2048w\" sizes=\"auto, (max-width: 2560px) 100vw, 2560px\" \/><span aria-hidden=\"true\" class=\"wp-block-cover__background has-base-background-color has-background-dim-20 has-background-dim\"><\/span><div class=\"wp-block-cover__inner-container has-global-padding is-layout-constrained wp-container-core-cover-is-layout-e20e7e2d wp-block-cover-is-layout-constrained\">\n<div class=\"wp-block-group has-global-padding is-layout-constrained wp-block-group-is-layout-constrained\">\n<p class=\"has-text-color has-xxs-font-size\" style=\"color:#ffffff\"><a href=\"https:\/\/www.berti.net\/es\/parquet\/quadrotte-square-space\/\">Colecci\u00f3n de <\/a>Incrustaciones<\/p>\n\n\n\n<h3 class=\"wp-block-heading\"><a href=\"https:\/\/www.berti.net\/es\/parquet\/incrustaciones\/\">Incrustaciones<\/a><\/h3>\n<\/div>\n<\/div><\/div>\n\n\n\n<div class=\"wp-block-cover aligncenter has-custom-content-position is-position-bottom-left swiper-slide has-text-color has-link-color wp-elements-bdba0d2a727f65aba1df6dd1de84972e\" style=\"color:#ffffff;padding-top:var(--wp--preset--spacing--large);padding-right:var(--wp--preset--spacing--large);padding-bottom:var(--wp--preset--spacing--large);padding-left:var(--wp--preset--spacing--large)\"><img loading=\"lazy\" decoding=\"async\" width=\"2560\" height=\"1439\" class=\"wp-block-cover__image-background wp-image-405\" alt=\"\" src=\"https:\/\/www.berti.net\/wp-content\/uploads\/2024\/09\/berti-pavimenti-in-legno_star_intarsi-scaled-1.jpeg\" data-object-fit=\"cover\" srcset=\"https:\/\/berti.net\/wp-content\/uploads\/2024\/09\/berti-pavimenti-in-legno_star_intarsi-scaled-1.jpeg 2560w, https:\/\/berti.net\/wp-content\/uploads\/2024\/09\/berti-pavimenti-in-legno_star_intarsi-scaled-1-300x169.jpeg 300w, https:\/\/berti.net\/wp-content\/uploads\/2024\/09\/berti-pavimenti-in-legno_star_intarsi-scaled-1-1024x576.jpeg 1024w, https:\/\/berti.net\/wp-content\/uploads\/2024\/09\/berti-pavimenti-in-legno_star_intarsi-scaled-1-768x432.jpeg 768w, https:\/\/berti.net\/wp-content\/uploads\/2024\/09\/berti-pavimenti-in-legno_star_intarsi-scaled-1-1536x863.jpeg 1536w, https:\/\/berti.net\/wp-content\/uploads\/2024\/09\/berti-pavimenti-in-legno_star_intarsi-scaled-1-2048x1151.jpeg 2048w\" sizes=\"auto, (max-width: 2560px) 100vw, 2560px\" \/><span aria-hidden=\"true\" class=\"wp-block-cover__background has-base-background-color has-background-dim-20 has-background-dim\"><\/span><div class=\"wp-block-cover__inner-container has-global-padding is-layout-constrained wp-container-core-cover-is-layout-e20e7e2d wp-block-cover-is-layout-constrained\">\n<div class=\"wp-block-group has-global-padding is-layout-constrained wp-block-group-is-layout-constrained\">\n<p class=\"has-text-color has-xxs-font-size\" style=\"color:#ffffff\"><a href=\"https:\/\/www.berti.net\/es\/parquet\/quadrotte-square-space\/\">Colecci\u00f3n losetas<\/a><\/p>\n\n\n\n<h3 class=\"wp-block-heading\"><a href=\"https:\/\/www.berti.net\/es\/parquet\/quadrotte-square-space\/\">losetas<\/a><\/h3>\n<\/div>\n<\/div><\/div>\n\n\n\n<div class=\"wp-block-cover aligncenter has-custom-content-position is-position-bottom-left swiper-slide has-text-color has-link-color wp-elements-a0e699d44f7c89337b1b26fbea3d6494\" style=\"color:#ffffff;padding-top:var(--wp--preset--spacing--large);padding-right:var(--wp--preset--spacing--large);padding-bottom:var(--wp--preset--spacing--large);padding-left:var(--wp--preset--spacing--large)\"><img loading=\"lazy\" decoding=\"async\" width=\"2560\" height=\"1385\" class=\"wp-block-cover__image-background wp-image-13810\" alt=\"\" src=\"https:\/\/www.berti.net\/wp-content\/uploads\/home_slider_iwood_2560x1385.jpg\" data-object-fit=\"cover\" srcset=\"https:\/\/berti.net\/wp-content\/uploads\/home_slider_iwood_2560x1385.jpg 2560w, https:\/\/berti.net\/wp-content\/uploads\/home_slider_iwood_2560x1385-812x439.jpg 812w, https:\/\/berti.net\/wp-content\/uploads\/home_slider_iwood_2560x1385-1920x1039.jpg 1920w, https:\/\/berti.net\/wp-content\/uploads\/home_slider_iwood_2560x1385-768x416.jpg 768w, https:\/\/berti.net\/wp-content\/uploads\/home_slider_iwood_2560x1385-1536x831.jpg 1536w, https:\/\/berti.net\/wp-content\/uploads\/home_slider_iwood_2560x1385-2048x1108.jpg 2048w\" sizes=\"auto, (max-width: 2560px) 100vw, 2560px\" \/><span aria-hidden=\"true\" class=\"wp-block-cover__background has-base-background-color has-background-dim-20 has-background-dim\"><\/span><div class=\"wp-block-cover__inner-container has-global-padding is-layout-constrained wp-container-core-cover-is-layout-e20e7e2d wp-block-cover-is-layout-constrained\">\n<div class=\"wp-block-group has-global-padding is-layout-constrained wp-block-group-is-layout-constrained\">\n<p class=\"has-text-color has-xxs-font-size\" style=\"color:#ffffff\"><a href=\"https:\/\/www.berti.net\/es\/parquet\/quadrotte-square-space\/\">Colecci\u00f3n <\/a>I-Wood<\/p>\n\n\n\n<h3 class=\"wp-block-heading\"><a href=\"https:\/\/www.berti.net\/es\/i-wood\/\">I-Madera<\/a><\/h3>\n<\/div>\n<\/div><\/div>\n\n\t<\/div>\n\n<\/div><!-- .swiper -->\n<\/div>\n<\/div>\n\n<div class=\"wp-block-group alignfull has-global-padding is-layout-constrained wp-block-group-is-layout-constrained\" style=\"margin-top:0;margin-bottom:0\">\n<div class=\"wp-block-group alignwide over-next-mobile has-base-3-color has-base-background-color has-text-color has-background has-link-color wp-elements-d9f13dba89265978b8557a311c67b90b has-global-padding is-layout-constrained wp-container-core-group-is-layout-ff4ce835 wp-block-group-is-layout-constrained\" style=\"margin-top:0;margin-bottom:0;padding-right:17%;padding-left:17%;line-height:1\">\n<div class=\"wp-block-group animated fadeIn has-global-padding is-layout-constrained wp-container-core-group-is-layout-a31aa551 wp-block-group-is-layout-constrained\">\n<h3 class=\"wp-block-heading has-text-align-center has-base-3-color has-text-color has-link-color has-xxl-font-size wp-elements-5a90c866191c27a7cc75aef46d967a43\" style=\"line-height:1\"><a href=\"https:\/\/www.berti.net\/es\/productos-berti\/\">Parquet y suelos de madera de calidad certificada<\/a><\/h3>\n<\/div>\n\n\n\n<div class=\"wp-block-group animated fadeIn has-global-padding is-layout-constrained wp-container-core-group-is-layout-ffc174bf wp-block-group-is-layout-constrained\">\n<p class=\"has-text-align-center\" style=\"margin-top:var(--wp--preset--spacing--20)\">Suelos y parquets de madera preacabados Berti con amplias posibilidades de personalizaci\u00f3n. Maravillosas opciones para caracterizar cada ambiente. <\/p>\n<\/div>\n<\/div>\n\n\n\n<div class=\"wp-block-group alignfull is-style-default media-left-text-right-pattern has-global-padding is-layout-constrained wp-block-group-is-layout-constrained\">\n<div class=\"wp-block-media-text alignwide is-stacked-on-mobile is-image-fill-element\" style=\"margin-top:0;margin-bottom:0\"><figure class=\"wp-block-media-text__media\"><a href=\"https:\/\/www.berti.net\/es\/empresa\/\"><img loading=\"lazy\" decoding=\"async\" width=\"1024\" height=\"574\" src=\"https:\/\/www.berti.net\/wp-content\/uploads\/2024\/10\/berti-parquet-rivestimenti-iwood-1-1-1024x574.jpg\" alt=\"Tecnologia e tradizione\" class=\"wp-image-898 size-full\" style=\"object-position:50% 50%\" srcset=\"https:\/\/berti.net\/wp-content\/uploads\/2024\/10\/berti-parquet-rivestimenti-iwood-1-1-1024x574.jpg 1024w, https:\/\/berti.net\/wp-content\/uploads\/2024\/10\/berti-parquet-rivestimenti-iwood-1-1-300x168.jpg 300w, https:\/\/berti.net\/wp-content\/uploads\/2024\/10\/berti-parquet-rivestimenti-iwood-1-1-768x430.jpg 768w, https:\/\/berti.net\/wp-content\/uploads\/2024\/10\/berti-parquet-rivestimenti-iwood-1-1.jpg 1071w\" sizes=\"auto, (max-width: 1024px) 100vw, 1024px\" \/><\/a><\/figure><div class=\"wp-block-media-text__content\">\n<div class=\"wp-block-group has-global-padding is-content-justification-left is-layout-constrained wp-container-core-group-is-layout-8ef2fb18 wp-block-group-is-layout-constrained\">\n<h2 class=\"wp-block-heading animated fadeIn has-l-font-size\"><a href=\"https:\/\/www.berti.net\/es\/empresa\/\">Tecnolog\u00eda y tradici\u00f3n: el futuro del parquet fino<\/a><\/h2>\n\n\n\n<p class=\"animated fadeIn has-s-font-size\"><a href=\"https:\/\/www.berti.net\/es\/empresa\/\">Somos pioneros en la aplicaci\u00f3n de la tecnolog\u00eda l\u00e1ser para la creaci\u00f3n de parquet de lujo y suelos de marqueter\u00eda. Gracias a este innovador procesamiento, transformamos simples tablones en aut\u00e9nticas obras de arte, combinando artesan\u00eda y precisi\u00f3n tecnol\u00f3gica. Berti Pavimenti Legno es la referencia para quienes buscan calidad, innovaci\u00f3n y dise\u00f1o atemporal. Minuciosos detalles en madera maciza o preacabada dan vida a decoraciones \u00fanicas, haciendo que cada habitaci\u00f3n sea exclusiva y elegante.   <\/a><\/p>\n\n\n\n<div style=\"height:1.3vw\" aria-hidden=\"true\" class=\"wp-block-spacer\"><\/div>\n\n\n\n<div class=\"wp-block-buttons animated fadeIn is-layout-flex wp-block-buttons-is-layout-flex\">\n<div class=\"wp-block-button is-style-fill\"><a class=\"wp-block-button__link has-contrast-2-color has-base-background-color has-text-color has-background has-link-color has-s-font-size has-custom-font-size wp-element-button\" href=\"https:\/\/www.berti.net\/es\/empresa\/\" style=\"padding-top:15px;padding-right:30px;padding-bottom:15px;padding-left:30px;line-height:1.2\">DESCUBRE M\u00c1S<\/a><\/div>\n<\/div>\n<\/div>\n<\/div><\/div>\n<\/div>\n<\/div>\n\n<div class=\"wp-block-group alignfull has-global-padding is-layout-constrained wp-block-group-is-layout-constrained\" style=\"margin-bottom:var(--wp--preset--spacing--120)\">\n<div class=\"wp-block-group alignfull references-list-pattern is-style-default animated fadeIn has-global-padding is-layout-constrained wp-container-core-group-is-layout-fff56076 wp-block-group-is-layout-constrained\">\n<div class=\"wp-block-group is-style-container references-text-wrapper has-global-padding is-content-justification-left is-layout-constrained wp-container-core-group-is-layout-f450231a wp-block-group-is-layout-constrained\">\n<h2 class=\"wp-block-heading has-xl-font-size\"><a href=\"\/referenze\">Logros prestigiosos en todo el mundo<\/a><\/h2>\n<\/div>\n<\/div>\n\n\n\n<div class=\"wp-block-group alignfull references-list-pattern is-style-default has-global-padding is-content-justification-center is-layout-constrained wp-container-core-group-is-layout-9acf360d wp-block-group-is-layout-constrained\">\n<div class=\"wp-block-columns is-layout-flex wp-container-core-columns-is-layout-104a76c3 wp-block-columns-is-layout-flex\">\n<div class=\"wp-block-column animated fadeIn is-layout-flow wp-block-column-is-layout-flow\" style=\"flex-basis:55%\">\n<div class=\"wp-block-group is-style-container references-text-wrapper has-global-padding is-layout-constrained wp-block-group-is-layout-constrained\">\n<p class=\"has-s-font-size\">\n  Suelos de madera fabricados adaptando exigencias y personalidades a la esencia \u00fanica e irrepetible de la madera.\n                    <\/p>\n\n\n\n<div class=\"wp-block-group has-m-32-font-size has-global-padding is-layout-constrained wp-block-group-is-layout-constrained\" style=\"margin-top:var(--wp--preset--spacing--50)\">\n<div class=\"bt-references__dots--list hide-on-mobile-big\"><\/div>\n<\/div>\n\n\n\n<div class=\"wp-block-buttons is-layout-flex wp-block-buttons-is-layout-flex\" style=\"margin-top:var(--wp--preset--spacing--50)\">\n<div class=\"wp-block-button is-style-fill\"><a class=\"wp-block-button__link has-contrast-2-color has-base-background-color has-text-color has-background has-link-color wp-element-button\" href=\"\/referenze\" style=\"padding-top:15px;padding-right:30px;padding-bottom:15px;padding-left:30px;text-transform:uppercase\">Ver todas las referencias<\/a><\/div>\n<\/div>\n<\/div>\n<\/div>\n\n\n\n<div class=\"wp-block-column animated fadeIn is-layout-flow wp-block-column-is-layout-flow\" style=\"flex-basis:42%\">\n<div data-wp-context=\"{}\" data-wp-interactive=\"core\/query\" data-wp-key=\"2\" data-wp-router-region=\"query-2\" class=\"wp-block-query is-layout-flow wp-block-query-is-layout-flow\"><ul class=\"references-list wp-block-post-template is-layout-flow wp-block-post-template-is-layout-flow\"><li data-wp-key=\"post-template-item-29465\" class=\"wp-block-post post-29465 reference type-reference status-publish has-post-thumbnail hentry\">\n<h2 class=\"wp-block-post-title\">Ruta de la Seda en China<\/h2>\n\n<figure class=\"wp-block-post-featured-image\"><a href=\"https:\/\/berti.net\/es\/referencias\/ruta-de-la-seda-en-china\/\" target=\"_self\"  ><img loading=\"lazy\" decoding=\"async\" width=\"1908\" height=\"1908\" src=\"https:\/\/berti.net\/wp-content\/uploads\/referenze_cina_Berti_pavimenti_legno-copertina.jpg\" class=\"attachment-post-thumbnail size-post-thumbnail wp-post-image\" alt=\"Ruta de la Seda en China\" style=\"object-fit:cover;\" srcset=\"https:\/\/berti.net\/wp-content\/uploads\/referenze_cina_Berti_pavimenti_legno-copertina.jpg 1908w, https:\/\/berti.net\/wp-content\/uploads\/referenze_cina_Berti_pavimenti_legno-copertina-812x812.jpg 812w, https:\/\/berti.net\/wp-content\/uploads\/referenze_cina_Berti_pavimenti_legno-copertina-406x406.jpg 406w, https:\/\/berti.net\/wp-content\/uploads\/referenze_cina_Berti_pavimenti_legno-copertina-768x768.jpg 768w, https:\/\/berti.net\/wp-content\/uploads\/referenze_cina_Berti_pavimenti_legno-copertina-1536x1536.jpg 1536w\" sizes=\"auto, (max-width: 1908px) 100vw, 1908px\" \/><\/a><\/figure>\n<\/li><li data-wp-key=\"post-template-item-27392\" class=\"wp-block-post post-27392 reference type-reference status-publish has-post-thumbnail hentry\">\n<h2 class=\"wp-block-post-title\">Hotel Ancora<\/h2>\n\n<figure class=\"wp-block-post-featured-image\"><a href=\"https:\/\/berti.net\/es\/referencias\/hotel-ancora\/\" target=\"_self\"  ><img loading=\"lazy\" decoding=\"async\" width=\"1908\" height=\"1908\" src=\"https:\/\/berti.net\/wp-content\/uploads\/hotel-ancora-cortina-referenze-berti-pavimenti-evidenza.jpg\" class=\"attachment-post-thumbnail size-post-thumbnail wp-post-image\" alt=\"Hotel Ancora\" style=\"object-fit:cover;\" srcset=\"https:\/\/berti.net\/wp-content\/uploads\/hotel-ancora-cortina-referenze-berti-pavimenti-evidenza.jpg 1908w, https:\/\/berti.net\/wp-content\/uploads\/hotel-ancora-cortina-referenze-berti-pavimenti-evidenza-812x812.jpg 812w, https:\/\/berti.net\/wp-content\/uploads\/hotel-ancora-cortina-referenze-berti-pavimenti-evidenza-406x406.jpg 406w, https:\/\/berti.net\/wp-content\/uploads\/hotel-ancora-cortina-referenze-berti-pavimenti-evidenza-768x768.jpg 768w, https:\/\/berti.net\/wp-content\/uploads\/hotel-ancora-cortina-referenze-berti-pavimenti-evidenza-1536x1536.jpg 1536w\" sizes=\"auto, (max-width: 1908px) 100vw, 1908px\" \/><\/a><\/figure>\n<\/li><li data-wp-key=\"post-template-item-19159\" class=\"wp-block-post post-19159 reference type-reference status-publish has-post-thumbnail hentry\">\n<h2 class=\"wp-block-post-title\">Castillo de Windsor<\/h2>\n\n<figure class=\"wp-block-post-featured-image\"><a href=\"https:\/\/berti.net\/es\/referencias\/castillo-de-windsor\/\" target=\"_self\"  ><img loading=\"lazy\" decoding=\"async\" width=\"1908\" height=\"1908\" src=\"https:\/\/berti.net\/wp-content\/uploads\/2024\/09\/berti-pavimenti-in-legno_parquet-referenze-windsor-castello-2.jpg\" class=\"attachment-post-thumbnail size-post-thumbnail wp-post-image\" alt=\"Castillo de Windsor\" style=\"object-fit:cover;\" srcset=\"https:\/\/berti.net\/wp-content\/uploads\/2024\/09\/berti-pavimenti-in-legno_parquet-referenze-windsor-castello-2.jpg 1908w, https:\/\/berti.net\/wp-content\/uploads\/2024\/09\/berti-pavimenti-in-legno_parquet-referenze-windsor-castello-2-300x300.jpg 300w, https:\/\/berti.net\/wp-content\/uploads\/2024\/09\/berti-pavimenti-in-legno_parquet-referenze-windsor-castello-2-1024x1024.jpg 1024w, https:\/\/berti.net\/wp-content\/uploads\/2024\/09\/berti-pavimenti-in-legno_parquet-referenze-windsor-castello-2-150x150.jpg 150w, https:\/\/berti.net\/wp-content\/uploads\/2024\/09\/berti-pavimenti-in-legno_parquet-referenze-windsor-castello-2-768x768.jpg 768w, https:\/\/berti.net\/wp-content\/uploads\/2024\/09\/berti-pavimenti-in-legno_parquet-referenze-windsor-castello-2-1536x1536.jpg 1536w\" sizes=\"auto, (max-width: 1908px) 100vw, 1908px\" \/><\/a><\/figure>\n<\/li><li data-wp-key=\"post-template-item-19143\" class=\"wp-block-post post-19143 reference type-reference status-publish has-post-thumbnail hentry\">\n<h2 class=\"wp-block-post-title\">Palacio del Kremlin<\/h2>\n\n<figure class=\"wp-block-post-featured-image\"><a href=\"https:\/\/berti.net\/es\/referencias\/palacio-del-kremlin\/\" target=\"_self\"  ><img loading=\"lazy\" decoding=\"async\" width=\"1908\" height=\"1908\" src=\"https:\/\/berti.net\/wp-content\/uploads\/2024\/09\/berti-pavimenti-in-legno_parquet-referenze-mosca-cremlino_01.jpg\" class=\"attachment-post-thumbnail size-post-thumbnail wp-post-image\" alt=\"Palacio del Kremlin\" style=\"object-fit:cover;\" srcset=\"https:\/\/berti.net\/wp-content\/uploads\/2024\/09\/berti-pavimenti-in-legno_parquet-referenze-mosca-cremlino_01.jpg 1908w, https:\/\/berti.net\/wp-content\/uploads\/2024\/09\/berti-pavimenti-in-legno_parquet-referenze-mosca-cremlino_01-300x300.jpg 300w, https:\/\/berti.net\/wp-content\/uploads\/2024\/09\/berti-pavimenti-in-legno_parquet-referenze-mosca-cremlino_01-1024x1024.jpg 1024w, https:\/\/berti.net\/wp-content\/uploads\/2024\/09\/berti-pavimenti-in-legno_parquet-referenze-mosca-cremlino_01-150x150.jpg 150w, https:\/\/berti.net\/wp-content\/uploads\/2024\/09\/berti-pavimenti-in-legno_parquet-referenze-mosca-cremlino_01-768x768.jpg 768w, https:\/\/berti.net\/wp-content\/uploads\/2024\/09\/berti-pavimenti-in-legno_parquet-referenze-mosca-cremlino_01-1536x1536.jpg 1536w\" sizes=\"auto, (max-width: 1908px) 100vw, 1908px\" \/><\/a><\/figure>\n<\/li><li data-wp-key=\"post-template-item-19169\" class=\"wp-block-post post-19169 reference type-reference status-publish has-post-thumbnail hentry\">\n<h2 class=\"wp-block-post-title\">Gran Teatro La Fenice<\/h2>\n\n<figure class=\"wp-block-post-featured-image\"><a href=\"https:\/\/berti.net\/es\/referencias\/gran-teatro-la-fenice\/\" target=\"_self\"  ><img loading=\"lazy\" decoding=\"async\" width=\"1908\" height=\"1908\" src=\"https:\/\/berti.net\/wp-content\/uploads\/2024\/09\/berti-pavimenti-in-legno_parquet-referenze-venezia-teatro.jpg\" class=\"attachment-post-thumbnail size-post-thumbnail wp-post-image\" alt=\"Gran Teatro La Fenice\" style=\"object-fit:cover;\" srcset=\"https:\/\/berti.net\/wp-content\/uploads\/2024\/09\/berti-pavimenti-in-legno_parquet-referenze-venezia-teatro.jpg 1908w, https:\/\/berti.net\/wp-content\/uploads\/2024\/09\/berti-pavimenti-in-legno_parquet-referenze-venezia-teatro-300x300.jpg 300w, https:\/\/berti.net\/wp-content\/uploads\/2024\/09\/berti-pavimenti-in-legno_parquet-referenze-venezia-teatro-1024x1024.jpg 1024w, https:\/\/berti.net\/wp-content\/uploads\/2024\/09\/berti-pavimenti-in-legno_parquet-referenze-venezia-teatro-150x150.jpg 150w, https:\/\/berti.net\/wp-content\/uploads\/2024\/09\/berti-pavimenti-in-legno_parquet-referenze-venezia-teatro-768x768.jpg 768w, https:\/\/berti.net\/wp-content\/uploads\/2024\/09\/berti-pavimenti-in-legno_parquet-referenze-venezia-teatro-1536x1536.jpg 1536w\" sizes=\"auto, (max-width: 1908px) 100vw, 1908px\" \/><\/a><\/figure>\n<\/li><\/ul><\/div>\n<\/div>\n<\/div>\n<\/div>\n<\/div>\n\n<div class=\"wp-block-group alignwide has-global-padding is-content-justification-right is-layout-constrained wp-container-core-group-is-layout-37983bd8 wp-block-group-is-layout-constrained\" style=\"margin-bottom:var(--wp--preset--spacing--120);padding-right:0;padding-left:0\">\n<div class=\"wp-block-group alignwide references-list-pattern is-style-default animated fadeIn has-global-padding is-content-justification-left is-layout-constrained wp-container-core-group-is-layout-e74770c7 wp-block-group-is-layout-constrained\" style=\"padding-left:var(--wp--preset--spacing--60)\">\n<div class=\"wp-block-group is-style-container references-text-wrapper has-global-padding is-content-justification-left is-layout-constrained wp-container-core-group-is-layout-0306ea06 wp-block-group-is-layout-constrained\" style=\"padding-right:var(--wp--preset--spacing--20);padding-left:var(--wp--preset--spacing--20)\">\n<h2 class=\"wp-block-heading has-text-align-left has-xl-font-size\">Productos m\u00e1s populares<\/h2>\n<\/div>\n<\/div>\n\n\n\n<div style=\"padding-right:0;padding-left:var(--wp--preset--spacing--60);\" class=\"swiper alignwide wp-block-wpe-thom-slider-block\" data-swiper=\"{&quot;autoplay&quot;:false,&quot;navigation&quot;:false,&quot;pagination&quot;:false,&quot;loop&quot;:false,&quot;centeredSlides&quot;:false,&quot;slidesPerView&quot;:2.5,&quot;slidesPerViewMobile&quot;:1.5}\">\n\n\t<div class=\"swiper-wrapper\">\n\t\t\n\n<div class=\"wp-block-group swiper-slide animated fadeIn has-global-padding is-layout-constrained wp-container-core-group-is-layout-c9115f92 wp-block-group-is-layout-constrained\" style=\"padding-right:var(--wp--preset--spacing--20);padding-left:var(--wp--preset--spacing--20)\">\n<figure class=\"wp-block-image alignwide size-full\"><img loading=\"lazy\" decoding=\"async\" width=\"653\" height=\"871\" src=\"https:\/\/www.berti.net\/wp-content\/uploads\/Spina_curva_la_rotonda_Berti_pavimenti.jpg\" alt=\"Parquet La Rotonda\" class=\"wp-image-25672\" srcset=\"https:\/\/berti.net\/wp-content\/uploads\/Spina_curva_la_rotonda_Berti_pavimenti.jpg 653w, https:\/\/berti.net\/wp-content\/uploads\/Spina_curva_la_rotonda_Berti_pavimenti-609x812.jpg 609w\" sizes=\"auto, (max-width: 653px) 100vw, 653px\" \/><\/figure>\n\n\n\n<div class=\"wp-block-group is-style-default is-vertical is-layout-flex wp-container-core-group-is-layout-dd3547a8 wp-block-group-is-layout-flex\" style=\"margin-top:0;margin-bottom:0;padding-top:var(--wp--preset--spacing--20);padding-bottom:var(--wp--preset--spacing--20)\">\n<h6 class=\"wp-block-heading\" style=\"font-size:clamp(15.747px, 0.984rem + ((1vw - 3.2px) * 0.645), 24px);font-style:normal;font-weight:700\"><a href=\"https:\/\/www.berti.net\/es\/product\/la-rotonda-2\/\">Parquet La Rotonda<\/a><\/h6>\n\n\n\n<p style=\"font-size:clamp(14px, 0.875rem + ((1vw - 3.2px) * 0.313), 18px);\"><a href=\"https:\/\/www.berti.net\/es\/parquet-de-tacos-curvados\/\">Colecci\u00f3n Tap\u00f3n Curvo<\/a><\/p>\n<\/div>\n<\/div>\n\n\n\n<div class=\"wp-block-group swiper-slide animated fadeIn has-global-padding is-layout-constrained wp-container-core-group-is-layout-c9115f92 wp-block-group-is-layout-constrained\" style=\"padding-right:var(--wp--preset--spacing--20);padding-left:var(--wp--preset--spacing--20)\">\n<figure class=\"wp-block-image alignwide size-full\"><a href=\"https:\/\/www.berti.net\/parquet\/parquet-in-rovere-e-legni-pregiati-essential\/parquet-rovere-chiaro-naturalizzato\/\"><img loading=\"lazy\" decoding=\"async\" width=\"653\" height=\"871\" src=\"https:\/\/www.berti.net\/wp-content\/uploads\/2024\/09\/parquet-rovere-prefinito-naturalizzato-berti-essential.jpg\" alt=\"Parquet de roble claro naturalizado\" class=\"wp-image-118\" srcset=\"https:\/\/berti.net\/wp-content\/uploads\/2024\/09\/parquet-rovere-prefinito-naturalizzato-berti-essential.jpg 653w, https:\/\/berti.net\/wp-content\/uploads\/2024\/09\/parquet-rovere-prefinito-naturalizzato-berti-essential-225x300.jpg 225w\" sizes=\"auto, (max-width: 653px) 100vw, 653px\" \/><\/a><\/figure>\n\n\n\n<div class=\"wp-block-group is-style-default is-vertical is-layout-flex wp-container-core-group-is-layout-dd3547a8 wp-block-group-is-layout-flex\" style=\"margin-top:0;margin-bottom:0;padding-top:var(--wp--preset--spacing--20);padding-bottom:var(--wp--preset--spacing--20)\">\n<h6 class=\"wp-block-heading\" style=\"font-size:clamp(15.747px, 0.984rem + ((1vw - 3.2px) * 0.645), 24px);font-style:normal;font-weight:700\"><a href=\"https:\/\/www.berti.net\/parquet\/parquet-in-rovere-e-legni-pregiati-essential\/parquet-rovere-chiaro-naturalizzato\/\">Parquet de roble claro naturalizado<\/a><\/h6>\n\n\n\n<p style=\"font-size:clamp(14px, 0.875rem + ((1vw - 3.2px) * 0.313), 18px);\"><a href=\"https:\/\/www.berti.net\/parquet\/parquet-in-rovere-e-legni-pregiati-essential\/parquet-rovere-chiaro-naturalizzato\/\">Suelo de madera Essential<\/a><\/p>\n<\/div>\n<\/div>\n\n\n\n<div class=\"wp-block-group swiper-slide animated fadeIn has-global-padding is-layout-constrained wp-container-core-group-is-layout-c9115f92 wp-block-group-is-layout-constrained\" style=\"padding-right:var(--wp--preset--spacing--20);padding-left:var(--wp--preset--spacing--20)\">\n<figure class=\"wp-block-image alignwide size-full\"><a href=\"https:\/\/www.berti.net\/es\/i-wood\/formulario-ica-1\/\"><img loading=\"lazy\" decoding=\"async\" width=\"975\" height=\"1300\" src=\"https:\/\/www.berti.net\/wp-content\/uploads\/2024\/10\/berti-iwood-rivestimenti-legno-ICA-M1.jpg\" alt=\"ICA Suelos de Madera\" class=\"wp-image-6791\" srcset=\"https:\/\/berti.net\/wp-content\/uploads\/2024\/10\/berti-iwood-rivestimenti-legno-ICA-M1.jpg 975w, https:\/\/berti.net\/wp-content\/uploads\/2024\/10\/berti-iwood-rivestimenti-legno-ICA-M1-225x300.jpg 225w, https:\/\/berti.net\/wp-content\/uploads\/2024\/10\/berti-iwood-rivestimenti-legno-ICA-M1-768x1024.jpg 768w\" sizes=\"auto, (max-width: 975px) 100vw, 975px\" \/><\/a><\/figure>\n\n\n\n<div class=\"wp-block-group is-vertical is-content-justification-stretch is-layout-flex wp-container-core-group-is-layout-fffa033d wp-block-group-is-layout-flex\" style=\"margin-top:0;margin-bottom:0;padding-top:var(--wp--preset--spacing--20);padding-bottom:var(--wp--preset--spacing--20)\">\n<h6 class=\"wp-block-heading\" style=\"font-size:clamp(15.747px, 0.984rem + ((1vw - 3.2px) * 0.645), 24px);font-style:normal;font-weight:700\"><a href=\"https:\/\/www.berti.net\/es\/i-wood\/formulario-ica-1\/\">ICA Suelos de Madera<\/a><\/h6>\n\n\n\n<p style=\"font-size:clamp(14px, 0.875rem + ((1vw - 3.2px) * 0.313), 18px);\"><a href=\"https:\/\/www.berti.net\/es\/i-wood\/formulario-ica-1\/\">Parquet preacabado<\/a><\/p>\n<\/div>\n<\/div>\n\n\n\n<div class=\"wp-block-group swiper-slide animated fadeIn has-global-padding is-layout-constrained wp-container-core-group-is-layout-c9115f92 wp-block-group-is-layout-constrained\" style=\"padding-right:var(--wp--preset--spacing--20);padding-left:var(--wp--preset--spacing--20)\">\n<figure class=\"wp-block-image alignwide size-full\"><a href=\"https:\/\/www.berti.net\/parquet\/parquet-diesel-living-with-berti\/parquet-spina-italiana-natural-shadow\/\"><img loading=\"lazy\" decoding=\"async\" width=\"653\" height=\"871\" src=\"https:\/\/www.berti.net\/wp-content\/uploads\/2024\/10\/parquet-berti-legno-bagno-natural-shadow-diesel.jpg\" alt=\"Suelo Espiga Italiana\" class=\"wp-image-7031\" srcset=\"https:\/\/berti.net\/wp-content\/uploads\/2024\/10\/parquet-berti-legno-bagno-natural-shadow-diesel.jpg 653w, https:\/\/berti.net\/wp-content\/uploads\/2024\/10\/parquet-berti-legno-bagno-natural-shadow-diesel-225x300.jpg 225w\" sizes=\"auto, (max-width: 653px) 100vw, 653px\" \/><\/a><\/figure>\n\n\n\n<div class=\"wp-block-group is-vertical is-layout-flex wp-container-core-group-is-layout-dd3547a8 wp-block-group-is-layout-flex\" style=\"margin-top:0;margin-bottom:0;padding-top:var(--wp--preset--spacing--20);padding-bottom:var(--wp--preset--spacing--20)\">\n<h6 class=\"wp-block-heading\" style=\"font-size:clamp(15.747px, 0.984rem + ((1vw - 3.2px) * 0.645), 24px);font-style:normal;font-weight:700\"><a href=\"https:\/\/www.berti.net\/parquet\/parquet-diesel-living-with-berti\/parquet-spina-italiana-natural-shadow\/\">Parquet Spina Italiana<\/a><\/h6>\n\n\n\n<p style=\"font-size:clamp(14px, 0.875rem + ((1vw - 3.2px) * 0.313), 18px);\"><a href=\"https:\/\/www.berti.net\/parquet\/parquet-diesel-living-with-berti\/parquet-spina-italiana-natural-shadow\/\">Diesel Vivir con Berti<\/a><\/p>\n<\/div>\n<\/div>\n\n\n\n<div class=\"wp-block-group swiper-slide animated fadeIn has-global-padding is-layout-constrained wp-container-core-group-is-layout-c9115f92 wp-block-group-is-layout-constrained\" style=\"padding-right:var(--wp--preset--spacing--20);padding-left:var(--wp--preset--spacing--20)\">\n<figure class=\"wp-block-image alignwide size-full\"><a href=\"https:\/\/www.berti.net\/parquet\/quadrotte-square-space\/quadrotte-loredan\/\"><img loading=\"lazy\" decoding=\"async\" width=\"653\" height=\"871\" src=\"https:\/\/www.berti.net\/wp-content\/uploads\/2024\/10\/quadrotte-parquet-loredan-berti-square-space.jpg\" alt=\"Quadrotta Loredan\" class=\"wp-image-6289\" srcset=\"https:\/\/berti.net\/wp-content\/uploads\/2024\/10\/quadrotte-parquet-loredan-berti-square-space.jpg 653w, https:\/\/berti.net\/wp-content\/uploads\/2024\/10\/quadrotte-parquet-loredan-berti-square-space-225x300.jpg 225w\" sizes=\"auto, (max-width: 653px) 100vw, 653px\" \/><\/a><\/figure>\n\n\n\n<div class=\"wp-block-group is-vertical is-layout-flex wp-container-core-group-is-layout-dd3547a8 wp-block-group-is-layout-flex\" style=\"margin-top:0;margin-bottom:0;padding-top:var(--wp--preset--spacing--20);padding-bottom:var(--wp--preset--spacing--20)\">\n<h6 class=\"wp-block-heading\" style=\"font-size:clamp(15.747px, 0.984rem + ((1vw - 3.2px) * 0.645), 24px);font-style:normal;font-weight:700\"><a href=\"https:\/\/www.berti.net\/parquet\/quadrotte-square-space\/quadrotte-loredan\/\">Teja de madera Loredan<\/a><\/h6>\n\n\n\n<p style=\"font-size:clamp(14px, 0.875rem + ((1vw - 3.2px) * 0.313), 18px);\"><a href=\"https:\/\/www.berti.net\/parquet\/quadrotte-square-space\/quadrotte-loredan\/\">losetas Square Space<\/a><\/p>\n<\/div>\n<\/div>\n\n\t<\/div>\n\n<\/div><!-- .swiper -->\n<\/div>\n\n<div class=\"wp-block-group alignwide last-post-wrapper has-base-color has-text-color has-link-color wp-elements-07c1f452bc445c6d107ebc91d53b1f21 has-global-padding is-layout-constrained wp-block-group-is-layout-constrained\">\n<div class=\"wp-block-group animated fadeIn has-global-padding is-content-justification-center is-layout-constrained wp-block-group-is-layout-constrained\">\n<h2 class=\"wp-block-heading has-text-align-center\">Revista Berti<\/h2>\n\n\n\n<div class=\"wp-block-buttons is-content-justification-center is-layout-flex wp-container-core-buttons-is-layout-a89b3969 wp-block-buttons-is-layout-flex\">\n<div class=\"wp-block-button is-style-link\"><a class=\"wp-block-button__link wp-element-button\" href=\"https:\/\/www.berti.net\/es\/revista-berti\/\">IR A LA SECCI\u00d3N<\/a><\/div>\n<\/div>\n<\/div>\n\n\n\n<div class=\"wp-block-group alignwide has-global-padding is-layout-constrained wp-container-core-group-is-layout-d1eeeed6 wp-block-group-is-layout-constrained\">\n<div class=\"wp-block-query alignwide is-layout-flow wp-block-query-is-layout-flow\">\n\n\n<div class=\"wp-block-group is-layout-flow wp-block-group-is-layout-flow\" style=\"margin-top:0;margin-bottom:0;padding-top:var(--wp--preset--spacing--50);padding-right:0;padding-bottom:var(--wp--preset--spacing--50);padding-left:0\"><ul class=\"columns-3 alignfull has-excerpt-with-link wp-block-post-template is-layout-grid wp-container-core-post-template-is-layout-2d080239 wp-block-post-template-is-layout-grid\"><li class=\"wp-block-post post-27950 post type-post status-publish format-standard has-post-thumbnail hentry category-productos tag-berti-diesel-2025-es tag-chevron-contemporaneo-es tag-glenn-martens-diseno tag-parquet-diesel-living-es tag-parquet-geometrico-es tag-parquet-made-in-italy-es tag-suelo-de-tartan tag-suelos-de-moda tag-suelos-diseno-moderno\">\n<figure style=\"aspect-ratio:auto; padding-bottom:0;margin-bottom:0;\" class=\"animated fadeIn wp-block-post-featured-image\"><a href=\"https:\/\/berti.net\/es\/magazine\/berti-recibe-a-arquitectos-y-disenadores-internacionales\/\" target=\"_self\"  ><img loading=\"lazy\" decoding=\"async\" width=\"2560\" height=\"1921\" src=\"https:\/\/berti.net\/wp-content\/uploads\/articolo-diesel-living-berti-pavimenti-legno-nuova-collezione.jpg\" class=\"attachment-post-thumbnail size-post-thumbnail wp-post-image\" alt=\"Berti x Diesel Living 2025: La Nueva Colecci\u00f3n de Parquet que Une Moda y Dise\u00f1o\" style=\"width:100%;height:100%;object-fit:cover;\" srcset=\"https:\/\/berti.net\/wp-content\/uploads\/articolo-diesel-living-berti-pavimenti-legno-nuova-collezione.jpg 2560w, https:\/\/berti.net\/wp-content\/uploads\/articolo-diesel-living-berti-pavimenti-legno-nuova-collezione-812x609.jpg 812w, https:\/\/berti.net\/wp-content\/uploads\/articolo-diesel-living-berti-pavimenti-legno-nuova-collezione-1920x1441.jpg 1920w, https:\/\/berti.net\/wp-content\/uploads\/articolo-diesel-living-berti-pavimenti-legno-nuova-collezione-768x576.jpg 768w, https:\/\/berti.net\/wp-content\/uploads\/articolo-diesel-living-berti-pavimenti-legno-nuova-collezione-1536x1153.jpg 1536w, https:\/\/berti.net\/wp-content\/uploads\/articolo-diesel-living-berti-pavimenti-legno-nuova-collezione-2048x1537.jpg 2048w\" sizes=\"auto, (max-width: 2560px) 100vw, 2560px\" \/><\/a><\/figure>\n\n\n<div class=\"wp-block-group animated fadeIn is-vertical is-nowrap is-layout-flex wp-container-core-group-is-layout-97ba36a5 wp-block-group-is-layout-flex\" style=\"margin-top:var(--wp--preset--spacing--20);padding-top:0\"><h2 style=\"font-size:clamp(31.609px, 1.976rem + ((1vw - 3.2px) * 1.906), 56px);font-style:normal;font-weight:700; padding-top:var(--wp--preset--spacing--10);padding-bottom:0;margin-top:0;margin-bottom:0;\" class=\"wp-block-post-title\"><a href=\"https:\/\/berti.net\/es\/magazine\/berti-recibe-a-arquitectos-y-disenadores-internacionales\/\" target=\"_self\" >Berti x Diesel Living 2025: La Nueva Colecci\u00f3n de Parquet que Une Moda y Dise\u00f1o<\/a><\/h2>\n\n<div style=\"padding-top:0px;padding-bottom:0px;\" class=\"wp-block-post-excerpt\"><p class=\"wp-block-post-excerpt__excerpt\">Revista \/ Berti x Diesel Living 2025: La Nueva Colecci\u00f3n de Parquet que Une Moda y Dise\u00f1o Descubre la nueva colecci\u00f3n de parquet Berti x Diesel Living dise\u00f1ada por Glenn&#8230; <\/p><\/div>\n\n\n<div style=\"height:0px\" aria-hidden=\"true\" class=\"wp-block-spacer wp-container-content-32e3a40d\"><\/div>\n<\/div>\n\n<\/li><li class=\"wp-block-post post-27550 post type-post status-publish format-standard has-post-thumbnail hentry category-eventos tag-artesania-italiana-parquet tag-berti-pavimenti-es tag-coleccion-diesel-parquet tag-empresa-de-parque-veneto tag-parquet-made-in-italy-es tag-parquet-para-arquitectos-y-disenadores tag-pavimentos-de-madera-para-interiores tag-produccion-de-parquet-made-in-italy tag-visita-a-la-empresa-de-parquet tag-visita-a-la-fabrica-de-parquet tag-visitas-a-la-empresa-berti\">\n<figure style=\"aspect-ratio:auto; padding-bottom:0;margin-bottom:0;\" class=\"animated fadeIn wp-block-post-featured-image\"><a href=\"https:\/\/berti.net\/es\/magazine\/la-madera-como-recurso-para-el-futuro-sostenibilidad-innovacion-y-responsabilidad-medioambiental-3\/\" target=\"_self\"  ><img loading=\"lazy\" decoding=\"async\" width=\"2560\" height=\"1921\" src=\"https:\/\/berti.net\/wp-content\/uploads\/visita-anteprima-berti-pavimenti-legno.jpg\" class=\"attachment-post-thumbnail size-post-thumbnail wp-post-image\" alt=\"Berti recibe a arquitectos y dise\u00f1adores internacionales\" style=\"width:100%;height:100%;object-fit:cover;\" srcset=\"https:\/\/berti.net\/wp-content\/uploads\/visita-anteprima-berti-pavimenti-legno.jpg 2560w, https:\/\/berti.net\/wp-content\/uploads\/visita-anteprima-berti-pavimenti-legno-812x609.jpg 812w, https:\/\/berti.net\/wp-content\/uploads\/visita-anteprima-berti-pavimenti-legno-1920x1441.jpg 1920w, https:\/\/berti.net\/wp-content\/uploads\/visita-anteprima-berti-pavimenti-legno-768x576.jpg 768w, https:\/\/berti.net\/wp-content\/uploads\/visita-anteprima-berti-pavimenti-legno-1536x1153.jpg 1536w, https:\/\/berti.net\/wp-content\/uploads\/visita-anteprima-berti-pavimenti-legno-2048x1537.jpg 2048w\" sizes=\"auto, (max-width: 2560px) 100vw, 2560px\" \/><\/a><\/figure>\n\n\n<div class=\"wp-block-group animated fadeIn is-vertical is-nowrap is-layout-flex wp-container-core-group-is-layout-97ba36a5 wp-block-group-is-layout-flex\" style=\"margin-top:var(--wp--preset--spacing--20);padding-top:0\"><h2 style=\"font-size:clamp(31.609px, 1.976rem + ((1vw - 3.2px) * 1.906), 56px);font-style:normal;font-weight:700; padding-top:var(--wp--preset--spacing--10);padding-bottom:0;margin-top:0;margin-bottom:0;\" class=\"wp-block-post-title\"><a href=\"https:\/\/berti.net\/es\/magazine\/la-madera-como-recurso-para-el-futuro-sostenibilidad-innovacion-y-responsabilidad-medioambiental-3\/\" target=\"_self\" >Berti recibe a arquitectos y dise\u00f1adores internacionales<\/a><\/h2>\n\n<div style=\"padding-top:0px;padding-bottom:0px;\" class=\"wp-block-post-excerpt\"><p class=\"wp-block-post-excerpt__excerpt\">Revista \/ Berti recibe a arquitectos y dise\u00f1adores internacionales Una experiencia inmersiva entre dise\u00f1o, innovaci\u00f3n y artesan\u00eda italiana El 15 de octubre, Berti Pavimenti Legno tuvo el placer de acoger&#8230; <\/p><\/div>\n\n\n<div style=\"height:0px\" aria-hidden=\"true\" class=\"wp-block-spacer wp-container-content-32e3a40d\"><\/div>\n<\/div>\n\n<\/li><li class=\"wp-block-post post-25752 post type-post status-publish format-standard has-post-thumbnail hentry category-productos tag-antibacteriano tag-bano-de-bienestar tag-berti-es tag-madera tag-madera-certificada tag-muebles-de-bano tag-suelos-de-madera\">\n<figure style=\"aspect-ratio:auto; padding-bottom:0;margin-bottom:0;\" class=\"animated fadeIn wp-block-post-featured-image\"><a href=\"https:\/\/berti.net\/es\/magazine\/suelos-de-madera-berti-la-excelencia-del-parquet-made-in-italy-llega-a-paris\/\" target=\"_self\"  ><img loading=\"lazy\" decoding=\"async\" width=\"2560\" height=\"1921\" src=\"https:\/\/berti.net\/wp-content\/uploads\/Berti_pavimenti_legno_Boulevard-Saint_Germain_Showroom_Evidenza.jpg\" class=\"attachment-post-thumbnail size-post-thumbnail wp-post-image\" alt=\"Suelos de madera Berti: \u00a1la excelencia del parquet Made in Italy llega a Par\u00eds!\" style=\"width:100%;height:100%;object-fit:cover;\" srcset=\"https:\/\/berti.net\/wp-content\/uploads\/Berti_pavimenti_legno_Boulevard-Saint_Germain_Showroom_Evidenza.jpg 2560w, https:\/\/berti.net\/wp-content\/uploads\/Berti_pavimenti_legno_Boulevard-Saint_Germain_Showroom_Evidenza-812x609.jpg 812w, https:\/\/berti.net\/wp-content\/uploads\/Berti_pavimenti_legno_Boulevard-Saint_Germain_Showroom_Evidenza-1920x1441.jpg 1920w, https:\/\/berti.net\/wp-content\/uploads\/Berti_pavimenti_legno_Boulevard-Saint_Germain_Showroom_Evidenza-768x576.jpg 768w, https:\/\/berti.net\/wp-content\/uploads\/Berti_pavimenti_legno_Boulevard-Saint_Germain_Showroom_Evidenza-1536x1153.jpg 1536w, https:\/\/berti.net\/wp-content\/uploads\/Berti_pavimenti_legno_Boulevard-Saint_Germain_Showroom_Evidenza-2048x1537.jpg 2048w\" sizes=\"auto, (max-width: 2560px) 100vw, 2560px\" \/><\/a><\/figure>\n\n\n<div class=\"wp-block-group animated fadeIn is-vertical is-nowrap is-layout-flex wp-container-core-group-is-layout-97ba36a5 wp-block-group-is-layout-flex\" style=\"margin-top:var(--wp--preset--spacing--20);padding-top:0\"><h2 style=\"font-size:clamp(31.609px, 1.976rem + ((1vw - 3.2px) * 1.906), 56px);font-style:normal;font-weight:700; padding-top:var(--wp--preset--spacing--10);padding-bottom:0;margin-top:0;margin-bottom:0;\" class=\"wp-block-post-title\"><a href=\"https:\/\/berti.net\/es\/magazine\/suelos-de-madera-berti-la-excelencia-del-parquet-made-in-italy-llega-a-paris\/\" target=\"_self\" >Suelos de madera Berti: \u00a1la excelencia del parquet Made in Italy llega a Par\u00eds!<\/a><\/h2>\n\n<div style=\"padding-top:0px;padding-bottom:0px;\" class=\"wp-block-post-excerpt\"><p class=\"wp-block-post-excerpt__excerpt\">Revista \/ Suelos de madera Berti: \u00a1la excelencia del parquet Made in Italy llega a Par\u00eds! La excelencia de los suelos de madera Made in Italy de Berti Pavimenti llega&#8230; <\/p><\/div>\n\n\n<div style=\"height:0px\" aria-hidden=\"true\" class=\"wp-block-spacer wp-container-content-32e3a40d\"><\/div>\n<\/div>\n\n<\/li><\/ul><\/div>\n<\/div>\n<\/div>\n<\/div>\n\n<div class=\"wp-block-cover alignfull sustainability-content animated fadeIn\" style=\"margin-top:0;padding-top:0;padding-right:0;padding-bottom:0;padding-left:0\"><img loading=\"lazy\" decoding=\"async\" width=\"1441\" height=\"755\" class=\"wp-block-cover__image-background wp-image-7562\" alt=\"\" src=\"https:\/\/www.berti.net\/wp-content\/uploads\/2024\/10\/banner-sustainability-2.jpg\" style=\"object-position:50% 94%\" data-object-fit=\"cover\" data-object-position=\"50% 94%\" srcset=\"https:\/\/berti.net\/wp-content\/uploads\/2024\/10\/banner-sustainability-2.jpg 1441w, https:\/\/berti.net\/wp-content\/uploads\/2024\/10\/banner-sustainability-2-300x157.jpg 300w, https:\/\/berti.net\/wp-content\/uploads\/2024\/10\/banner-sustainability-2-1024x537.jpg 1024w, https:\/\/berti.net\/wp-content\/uploads\/2024\/10\/banner-sustainability-2-768x402.jpg 768w\" sizes=\"auto, (max-width: 1441px) 100vw, 1441px\" \/><span aria-hidden=\"true\" class=\"wp-block-cover__background has-background-dim-100 has-background-dim wp-block-cover__gradient-background has-background-gradient has-gradient-2-gradient-background\"><\/span><div class=\"wp-block-cover__inner-container has-global-padding is-layout-constrained wp-container-core-cover-is-layout-89031bc3 wp-block-cover-is-layout-constrained\">\n<div class=\"wp-block-group is-style-container has-global-padding is-layout-constrained wp-block-group-is-layout-constrained\">\n<div class=\"wp-block-columns are-vertically-aligned-center is-layout-flex wp-container-core-columns-is-layout-52fa0427 wp-block-columns-is-layout-flex\" style=\"padding-top:var(--wp--preset--spacing--90);padding-right:0;padding-bottom:var(--wp--preset--spacing--90);padding-left:0\">\n<div class=\"wp-block-column is-vertically-aligned-center is-layout-flow wp-block-column-is-layout-flow\" style=\"flex-basis:70%\">\n<div class=\"wp-block-group alignleft has-global-padding is-content-justification-left is-layout-constrained wp-container-core-group-is-layout-bf43958f wp-block-group-is-layout-constrained\">\n<h5 class=\"wp-block-heading has-xxl-font-size\" style=\"line-height:1\">Sostenibilidad y responsabilidad<\/h5>\n\n\n\n<p class=\"has-heading-font-family has-m-font-size\">La filosof\u00eda de elaboraci\u00f3n de Berti Pavimenti Legno parte de un profundo respeto por la Naturaleza, un uso responsable de las materias primas y un cuidadoso proceso de fabricaci\u00f3n que, desde el hotel hasta la tabla, cuenta la memoria de la tierra escrita en la veta de la madera.<\/p>\n\n\n\n<div class=\"wp-block-buttons has-custom-font-size hide-on-all has-heading-font-family has-xs-font-size is-layout-flex wp-block-buttons-is-layout-flex\" style=\"margin-top:var(--wp--preset--spacing--30)\">\n<div class=\"wp-block-button is-style-outline is-style-outline--2\"><a class=\"wp-block-button__link wp-element-button\" href=\"https:\/\/www.berti.net\/sostenibilita-e-responsabilita\/\">Descubre el alma Berti<\/a><\/div>\n<\/div>\n<\/div>\n<\/div>\n\n\n\n<div class=\"wp-block-column is-vertically-aligned-center is-layout-flow wp-block-column-is-layout-flow\" style=\"flex-basis:30%\">\n<div class=\"wp-block-group has-global-padding is-layout-constrained wp-container-core-group-is-layout-e3759a4f wp-block-group-is-layout-constrained\">\n<figure class=\"wp-block-image size-full\"><img loading=\"lazy\" decoding=\"async\" width=\"166\" height=\"199\" src=\"https:\/\/www.berti.net\/wp-content\/uploads\/2024\/09\/fsc-3.png\" alt=\"\" class=\"wp-image-197\"\/><\/figure>\n<\/div>\n<\/div>\n<\/div>\n<\/div>\n<\/div><\/div>\n\n<div class=\"wp-block-cover alignfull is-light estimate-request-content animated fadeIn\" style=\"margin-top:0\"><img decoding=\"async\" class=\"wp-block-cover__image-background\" alt=\"\" src=\"https:\/\/www.berti.net\/wp-content\/themes\/thombase\/public\/images\/estimateBanner.webp\" data-object-fit=\"cover\"\/><span aria-hidden=\"true\" class=\"wp-block-cover__background has-background-dim-0 has-background-dim\"><\/span><div class=\"wp-block-cover__inner-container has-global-padding is-layout-constrained wp-block-cover-is-layout-constrained\">\n<div id=\"estimate\" class=\"wp-block-group alignleft estimate-request-content-inner has-global-padding is-content-justification-left is-layout-constrained wp-container-core-group-is-layout-94054b8f wp-block-group-is-layout-constrained\">\n<h5 class=\"wp-block-heading\">Pide <strong>presupuesto<\/strong>,<br\/>entra en el mundo Berti<\/h5>\n\n\n\n<p style=\"line-height:1.5\">Rellena el formulario para solicitar un presupuesto. Recibir\u00e1s una respuesta de nuestro personal en breve.   <\/p>\n\n\n\n<div class=\"wp-block-buttons is-layout-flex wp-block-buttons-is-layout-flex\">\n<div class=\"wp-block-button is-style-link\"><a class=\"wp-block-button__link wp-element-button\" href=\"https:\/\/www.berti.net\/es\/solicita-preventivo-2\/\">SOLICITA AHORA<\/a><\/div>\n<\/div>\n<\/div>\n<\/div><\/div>\n","protected":false},"excerpt":{"rendered":"<p>Colecciones Berti Parquet y suelos de madera de calidad certificada Suelos y parquets de madera preacabados Berti con amplias posibilidades de personalizaci\u00f3n. Maravillosas opciones para caracterizar cada ambiente. Tecnolog\u00eda y tradici\u00f3n: el futuro del parquet fino Somos pioneros en la aplicaci\u00f3n de la tecnolog\u00eda l\u00e1ser para la creaci\u00f3n de parquet de lujo y suelos de marqueter\u00eda. Gracias a este innovador [&hellip;]<\/p>\n","protected":false},"author":2,"featured_media":0,"parent":0,"menu_order":0,"comment_status":"closed","ping_status":"closed","template":"","meta":{"footnotes":""},"class_list":["post-17123","page","type-page","status-publish","hentry"],"_links":{"self":[{"href":"https:\/\/berti.net\/es\/wp-json\/wp\/v2\/pages\/17123","targetHints":{"allow":["GET"]}}],"collection":[{"href":"https:\/\/berti.net\/es\/wp-json\/wp\/v2\/pages"}],"about":[{"href":"https:\/\/berti.net\/es\/wp-json\/wp\/v2\/types\/page"}],"author":[{"embeddable":true,"href":"https:\/\/berti.net\/es\/wp-json\/wp\/v2\/users\/2"}],"replies":[{"embeddable":true,"href":"https:\/\/berti.net\/es\/wp-json\/wp\/v2\/comments?post=17123"}],"version-history":[{"count":24,"href":"https:\/\/berti.net\/es\/wp-json\/wp\/v2\/pages\/17123\/revisions"}],"predecessor-version":[{"id":29667,"href":"https:\/\/berti.net\/es\/wp-json\/wp\/v2\/pages\/17123\/revisions\/29667"}],"wp:attachment":[{"href":"https:\/\/berti.net\/es\/wp-json\/wp\/v2\/media?parent=17123"}],"curies":[{"name":"wp","href":"https:\/\/api.w.org\/{rel}","templated":true}]}}