{"id":25543,"date":"2025-06-26T10:13:24","date_gmt":"2025-06-26T10:13:24","guid":{"rendered":"https:\/\/www.berti.net\/parkett-produkte\/"},"modified":"2026-01-07T08:42:32","modified_gmt":"2026-01-07T08:42:32","slug":"parkett-produkte","status":"publish","type":"page","link":"https:\/\/berti.net\/de\/parkett-produkte\/","title":{"rendered":"Parkettpflege Produkte"},"content":{"rendered":"\n<div class=\"wp-block-group alignfull hero-title-slider-pattern has-global-padding is-layout-constrained wp-block-group-is-layout-constrained\">\n<div class=\"wp-block-cover alignfull banner-hero has-aspect-ratio wp-duotone-unset-1\" style=\"padding-top:0px;padding-right:0;padding-bottom:0px;padding-left:0;aspect-ratio:auto;min-height:unset;\"><span aria-hidden=\"true\" class=\"wp-block-cover__background has-base-background-color has-background-dim-100 has-background-dim\"><\/span><div class=\"wp-block-cover__inner-container is-layout-flow wp-block-cover-is-layout-flow\">\n<div class=\"wp-block-group banner-hero-content has-global-padding is-layout-constrained wp-container-core-group-is-layout-ebc48d2c wp-block-group-is-layout-constrained\" style=\"padding-bottom:var(--wp--preset--spacing--80)\">\n<div class=\"wp-block-group has-global-padding is-layout-constrained wp-container-core-group-is-layout-b831be90 wp-block-group-is-layout-constrained\">\n<h1 class=\"wp-block-heading has-text-align-center has-white-color has-text-color has-xxl-font-size\" style=\"letter-spacing:0px;line-height:1\">Parkettpflege Produkte<\/h1>\n<\/div>\n<\/div>\n<\/div><\/div>\n<\/div>\n\n\n\n<div class=\"wp-block-group alignwide has-global-padding is-layout-constrained wp-container-core-group-is-layout-92dded1c wp-block-group-is-layout-constrained\" style=\"margin-top:var(--wp--preset--spacing--120);margin-bottom:var(--wp--preset--spacing--120)\">\n<div class=\"wp-block-group title-text-indented-pattern has-global-padding is-layout-constrained wp-container-core-group-is-layout-a31aa551 wp-block-group-is-layout-constrained\">\n<div class=\"wp-block-group animated fadeInUp has-global-padding is-layout-constrained wp-block-group-is-layout-constrained\">\n<p class=\"has-text-color has-m-22-font-size\" style=\"line-height:1.4\">Die Sch\u00f6nheit und Haltbarkeit von Parkett beginnt mit der Auswahl der richtigen Produkte.<\/p>\n\n\n\n<p class=\"has-m-22-font-size\">Dieser Bereich ist ganz denjenigen gewidmet, die das Beste f\u00fcr ihren Holzboden wollen: <strong>professionelle L\u00f6sungen f\u00fcr die Verlegung<\/strong> und <strong>spezielle Produkte f\u00fcr die t\u00e4gliche Reinigung und Pflege<\/strong>.<\/p>\n\n\n\n<p class=\"has-text-color has-m-22-font-size\" style=\"line-height:1.4\">Jeder Artikel wurde so ausgew\u00e4hlt, dass er hohe Leistung, Sicherheit f\u00fcr den Benutzer und Respekt f\u00fcr das edle Material Parkett gew\u00e4hrleistet. Von Hochleistungsklebstoffen bis hin zu umweltfreundlichen Haushaltsreinigern bieten wir Ihnen ein komplettes und zuverl\u00e4ssiges Sortiment. <\/p>\n<\/div>\n<\/div>\n<\/div>\n\n\n\n<div class=\"wp-block-group alignwide has-global-padding is-layout-constrained wp-container-core-group-is-layout-92dded1c wp-block-group-is-layout-constrained\" style=\"margin-top:var(--wp--preset--spacing--120);margin-bottom:var(--wp--preset--spacing--120)\">\n<div class=\"wp-block-group title-text-indented-pattern has-global-padding is-layout-constrained wp-container-core-group-is-layout-a31aa551 wp-block-group-is-layout-constrained\">\n<h2 class=\"wp-block-heading animated fadeInUp has-text-color\" style=\"color:#000000\">Reinigung und Pflege von Parkett<\/h2>\n\n\n\n<div class=\"wp-block-group animated fadeInUp has-global-padding is-layout-constrained wp-block-group-is-layout-constrained\">\n<p class=\"has-text-color has-m-font-size\" style=\"line-height:1.4\">Die Haushaltslinie ist f\u00fcr all diejenigen gedacht, die <strong>die Sch\u00f6nheit ihres Parketts \u00fcber lange Zeit<\/strong> erhalten m\u00f6chten, indem sie es mit Leichtigkeit <strong>sauber, gesch\u00fctzt und gl\u00e4nzend<\/strong> halten.<\/p>\n\n\n\n<p class=\"has-text-color has-m-font-size\" style=\"line-height:1.4\">Es enth\u00e4lt ein <strong>desinfizierendes Reinigungsmittel<\/strong> auf der Basis von pflanzlichen Tensiden und eine <strong>Satinierung<\/strong>, um die Oberfl\u00e4che von ge\u00f6lten und lackierten B\u00f6den zu regenerieren.<\/p>\n\n\n\n<p class=\"has-text-color has-m-font-size\" style=\"line-height:1.4\">Beide Produkte sind <strong>sicher, einfach in der Anwendung und frei von Schadstoffen<\/strong>, also auch ideal f\u00fcr Familien mit Kindern oder Haustieren. Mit nur wenigen Handgriffen wird das Parkett wieder wie neu sein. <\/p>\n<\/div>\n<\/div>\n<\/div>\n\n\n\n<div class=\"wp-block-group is-style-default has-global-padding is-layout-constrained wp-container-core-group-is-layout-57f1f806 wp-block-group-is-layout-constrained\">\n<div class=\"wp-block-media-text is-stacked-on-mobile animated fadeIn is-style-default\" style=\"padding-right:6%;padding-left:6%;grid-template-columns:40% auto\"><figure class=\"wp-block-media-text__media\"><a href=\"https:\/\/www.berti.net\/de\/parkett-produkte\/refine\/\"><img loading=\"lazy\" decoding=\"async\" width=\"814\" height=\"814\" src=\"https:\/\/www.berti.net\/wp-content\/uploads\/domestico_refine-thumb.jpg\" alt=\"\" class=\"wp-image-25339 size-full\" srcset=\"https:\/\/berti.net\/wp-content\/uploads\/domestico_refine-thumb.jpg 814w, https:\/\/berti.net\/wp-content\/uploads\/domestico_refine-thumb-812x812.jpg 812w, https:\/\/berti.net\/wp-content\/uploads\/domestico_refine-thumb-406x406.jpg 406w, https:\/\/berti.net\/wp-content\/uploads\/domestico_refine-thumb-768x768.jpg 768w\" sizes=\"auto, (max-width: 814px) 100vw, 814px\" \/><\/a><\/figure><div class=\"wp-block-media-text__content\">\n<div class=\"wp-block-group has-global-padding is-layout-constrained wp-block-group-is-layout-constrained\">\n<p class=\"has-m-22-font-size\" style=\"margin-top:0;margin-bottom:0\"><strong>REFINE<\/strong><\/p>\n\n\n\n<p class=\"has-m-font-size\" style=\"margin-top:0;margin-bottom:0\"><strong>Mehrzweckreiniger, Desinfektionsmittel und Klarsp\u00fcler<\/strong><\/p>\n\n\n\n<p>Speziell f\u00fcr Parkett und empfindliche Oberfl\u00e4chen ist REFINE ein desinfizierendes Reinigungsmittel auf der Basis <strong>pflanzlicher Tenside<\/strong>.<br>Es muss nicht abgesp\u00fclt werden, hinterl\u00e4sst einen angenehmen <strong>Minz-Kiefern-Duft<\/strong> und sorgt f\u00fcr <strong>Glanz und Tiefenreinigung<\/strong> bei gleichzeitiger Schonung des Holzes.<\/p>\n\n\n\n<div class=\"wp-block-buttons is-layout-flex wp-block-buttons-is-layout-flex\">\n<div class=\"wp-block-button\"><a class=\"wp-block-button__link has-contrast-2-color has-base-background-color has-text-color has-background has-link-color wp-element-button\" href=\"https:\/\/www.berti.net\/de\/parkett-produkte\/refine\/\"><strong>PRODUKTBLATT<\/strong> VERFEINERN<\/a><\/div>\n<\/div>\n<\/div>\n<\/div><\/div>\n\n\n\n<div class=\"wp-block-media-text is-stacked-on-mobile animated fadeIn is-style-default\" style=\"padding-right:6%;padding-left:6%;grid-template-columns:40% auto\"><figure class=\"wp-block-media-text__media\"><a href=\"https:\/\/www.berti.net\/de\/parkett-produkte\/vitalize\/\"><img loading=\"lazy\" decoding=\"async\" width=\"814\" height=\"814\" src=\"https:\/\/www.berti.net\/wp-content\/uploads\/domestico_Vitalize-thumb.jpg\" alt=\"\" class=\"wp-image-25351 size-full\" srcset=\"https:\/\/berti.net\/wp-content\/uploads\/domestico_Vitalize-thumb.jpg 814w, https:\/\/berti.net\/wp-content\/uploads\/domestico_Vitalize-thumb-812x812.jpg 812w, https:\/\/berti.net\/wp-content\/uploads\/domestico_Vitalize-thumb-406x406.jpg 406w, https:\/\/berti.net\/wp-content\/uploads\/domestico_Vitalize-thumb-768x768.jpg 768w\" sizes=\"auto, (max-width: 814px) 100vw, 814px\" \/><\/a><\/figure><div class=\"wp-block-media-text__content\">\n<div class=\"wp-block-group has-global-padding is-layout-constrained wp-block-group-is-layout-constrained\">\n<p class=\"has-m-22-font-size\" style=\"margin-top:0;margin-bottom:0\"><strong>VITALIZE<\/strong><\/p>\n\n\n\n<p class=\"has-m-font-size\" style=\"margin-top:0;margin-bottom:0\"><strong>Schutzsatinierer f\u00fcr ge\u00f6ltes und lackiertes Parkett<\/strong><\/p>\n\n\n\n<p>VITALIZE ist eine n\u00e4hrende und regenerierende Behandlung, die <strong>die Parkettoberfl\u00e4che<\/strong> vor Abnutzung und Flecken <strong>sch\u00fctzt<\/strong>.<br>Auf der Basis <strong>nat\u00fcrlicher \u00d6le und Wachse<\/strong> ist es gebrauchsfertig und einfach aufzutragen, mit \u00e4sthetischen Ergebnissen, die die Nat\u00fcrlichkeit des Holzes unterstreichen.<\/p>\n\n\n\n<div class=\"wp-block-buttons is-layout-flex wp-block-buttons-is-layout-flex\">\n<div class=\"wp-block-button\"><a class=\"wp-block-button__link has-contrast-2-color has-base-background-color has-text-color has-background has-link-color wp-element-button\" href=\"https:\/\/www.berti.net\/de\/parkett-produkte\/vitalize\/\">VITALIZE <strong>PRODUKTBLATT<\/strong> <\/a><\/div>\n<\/div>\n<\/div>\n<\/div><\/div>\n<\/div>\n\n\n\n<div class=\"wp-block-group alignwide has-global-padding is-layout-constrained wp-container-core-group-is-layout-92dded1c wp-block-group-is-layout-constrained\" style=\"margin-top:var(--wp--preset--spacing--120);margin-bottom:var(--wp--preset--spacing--120)\">\n<div class=\"wp-block-group title-text-indented-pattern has-global-padding is-layout-constrained wp-container-core-group-is-layout-a31aa551 wp-block-group-is-layout-constrained\">\n<h2 class=\"wp-block-heading animated fadeInUp has-text-color\" style=\"color:#000000\">Qualit\u00e4t, Sicherheit und Nachhaltigkeit<\/h2>\n\n\n\n<div class=\"wp-block-group animated fadeInUp has-global-padding is-layout-constrained wp-block-group-is-layout-constrained\">\n<p class=\"has-text-color has-m-font-size\" style=\"line-height:1.4\">Alle Produkte sind so konzipiert, dass sie <strong>maximale Leistung<\/strong> bieten und gleichzeitig die Umwelt und die Gesundheit schonen.<\/p>\n\n\n\n<ul class=\"wp-block-list\">\n<li><strong>Geringe Emission von fl\u00fcchtigen Substanzen (VOC)<\/strong><\/li>\n\n\n\n<li><strong>Biologisch abbaubare und pflanzliche<\/strong> Formulierungen, soweit m\u00f6glich<\/li>\n\n\n\n<li>Keine Gefahrensymbole f\u00fcr Haushaltsprodukte<\/li>\n\n\n\n<li><strong>Einfache Nutzung<\/strong>, auch in Wohnumgebungen<\/li>\n<\/ul>\n<\/div>\n<\/div>\n<\/div>\n\n\n\n<div class=\"wp-block-group alignwide has-global-padding is-layout-constrained wp-container-core-group-is-layout-92dded1c wp-block-group-is-layout-constrained\" style=\"margin-top:var(--wp--preset--spacing--120);margin-bottom:var(--wp--preset--spacing--120)\">\n<div class=\"wp-block-group title-text-indented-pattern has-global-padding is-layout-constrained wp-container-core-group-is-layout-a31aa551 wp-block-group-is-layout-constrained\">\n<h2 class=\"wp-block-heading animated fadeInUp has-text-color\" style=\"color:#000000\">Klebstoffe f\u00fcr die professionelle Installation<\/h2>\n\n\n\n<div class=\"wp-block-group animated fadeInUp has-global-padding is-layout-constrained wp-block-group-is-layout-constrained\">\n<p class=\"has-text-color has-m-font-size\" style=\"line-height:1.4\">Die Profi-Linie ist f\u00fcr Menschen gedacht, die t\u00e4glich mit Parkett arbeiten: Verleger, Handwerker und Parkettprofis.<\/p>\n\n\n\n<p class=\"has-text-color has-m-font-size\" style=\"line-height:1.4\">Wir bieten <strong>ein- und zweikomponentige technische Klebstoffe<\/strong> an, die f\u00fcr alle Arten von Parkett und Oberfl\u00e4chen geeignet sind, auch unter kritischen Bedingungen wie beheizten Untergr\u00fcnden oder nicht saugf\u00e4higen Materialien.<\/p>\n\n\n\n<p class=\"has-text-color has-m-font-size\" style=\"line-height:1.4\">Leistungsstarke, gebrauchsfertige oder mischbare Formulierungen, die <strong>Haftung, Flexibilit\u00e4t und Haltbarkeit<\/strong> bieten, wobei der Schwerpunkt auf Sicherheit und einfacher Anwendung liegt.<\/p>\n<\/div>\n<\/div>\n<\/div>\n\n\n\n<div class=\"wp-block-group is-style-default has-global-padding is-layout-constrained wp-container-core-group-is-layout-57f1f806 wp-block-group-is-layout-constrained\">\n<div class=\"wp-block-media-text is-stacked-on-mobile animated fadeIn is-style-default\" style=\"padding-right:6%;padding-left:6%;grid-template-columns:40% auto\"><figure class=\"wp-block-media-text__media\"><a href=\"https:\/\/www.berti.net\/de\/parkett-produkte\/grippix\/\"><img loading=\"lazy\" decoding=\"async\" width=\"814\" height=\"814\" src=\"https:\/\/www.berti.net\/wp-content\/uploads\/GRIPPIX_thumb.jpg\" alt=\"\" class=\"wp-image-29110 size-full\" srcset=\"https:\/\/berti.net\/wp-content\/uploads\/GRIPPIX_thumb.jpg 814w, https:\/\/berti.net\/wp-content\/uploads\/GRIPPIX_thumb-812x812.jpg 812w, https:\/\/berti.net\/wp-content\/uploads\/GRIPPIX_thumb-406x406.jpg 406w, https:\/\/berti.net\/wp-content\/uploads\/GRIPPIX_thumb-768x768.jpg 768w\" sizes=\"auto, (max-width: 814px) 100vw, 814px\" \/><\/a><\/figure><div class=\"wp-block-media-text__content\">\n<div class=\"wp-block-group has-global-padding is-layout-constrained wp-block-group-is-layout-constrained\">\n<p class=\"has-m-22-font-size\" style=\"margin-top:0;margin-bottom:0\"><strong>GRIPPIX<\/strong><\/p>\n\n\n\n<p class=\"has-m-font-size\" style=\"margin-top:0;margin-bottom:0\"><strong>Einkomponentiger Polyurethan-Klebstoff f\u00fcr Mehrschicht-Fertigparkett<\/strong><\/p>\n\n\n\n<p>Ein <strong>gebrauchsfertiger<\/strong> Klebstoff, ideal f\u00fcr Umgebungen mit beheizten Untergr\u00fcnden und f\u00fcr Fachleute, die empfindlich auf Epoxidharzverbindungen reagieren.<br>L\u00f6semittelfrei bietet er <strong>eine hohe Ergiebigkeit<\/strong>, exzellenten Halt und <strong>niedrige VOC-Emissionen<\/strong>, f\u00fcr eine sichere und dauerhafte Installation.<\/p>\n\n\n\n<div class=\"wp-block-buttons is-layout-flex wp-block-buttons-is-layout-flex\">\n<div class=\"wp-block-button\"><a class=\"wp-block-button__link has-contrast-2-color has-base-background-color has-text-color has-background has-link-color wp-element-button\" href=\"https:\/\/www.berti.net\/de\/parkett-produkte\/grippix\/\"><strong>PRODUKTDATENBLATT<\/strong> <strong>GRIPPIX<\/strong><\/a><\/div>\n<\/div>\n<\/div>\n<\/div><\/div>\n\n\n\n<div class=\"wp-block-media-text is-stacked-on-mobile animated fadeIn is-style-default\" style=\"padding-right:6%;padding-left:6%;grid-template-columns:40% auto\"><figure class=\"wp-block-media-text__media\"><a href=\"https:\/\/www.berti.net\/de\/parkett-produkte\/bi-power\/\"><img loading=\"lazy\" decoding=\"async\" width=\"814\" height=\"814\" src=\"https:\/\/www.berti.net\/wp-content\/uploads\/BIPOWER_thumb.jpg\" alt=\"\" class=\"wp-image-29120 size-full\" srcset=\"https:\/\/berti.net\/wp-content\/uploads\/BIPOWER_thumb.jpg 814w, https:\/\/berti.net\/wp-content\/uploads\/BIPOWER_thumb-812x812.jpg 812w, https:\/\/berti.net\/wp-content\/uploads\/BIPOWER_thumb-406x406.jpg 406w, https:\/\/berti.net\/wp-content\/uploads\/BIPOWER_thumb-768x768.jpg 768w\" sizes=\"auto, (max-width: 814px) 100vw, 814px\" \/><\/a><\/figure><div class=\"wp-block-media-text__content\">\n<div class=\"wp-block-group has-global-padding is-layout-constrained wp-block-group-is-layout-constrained\">\n<p class=\"has-m-22-font-size\" style=\"margin-top:0;margin-bottom:0\"><strong>BI POWER<\/strong><\/p>\n\n\n\n<p class=\"has-m-font-size\" style=\"margin-top:0;margin-bottom:0\"><strong>Zweikomponenten-Epoxid-Polyurethan-Klebstoff f\u00fcr alle Arten von Parkettb\u00f6den<\/strong><\/p>\n\n\n\n<p>Perfekt f\u00fcr die Anwendung auch auf nicht saugf\u00e4higen Oberfl\u00e4chen wie Keramik oder Marmor.<br>Bietet <strong>hohe Haftung und Flexibilit\u00e4t<\/strong> mit einem starken, professionellen Griff.<br>Ideal f\u00fcr alle, die <strong>auch unter anspruchsvollen Bedingungen maximale Leistung<\/strong> suchen <strong>.<\/strong><\/p>\n\n\n\n<div class=\"wp-block-buttons is-layout-flex wp-block-buttons-is-layout-flex\">\n<div class=\"wp-block-button\"><a class=\"wp-block-button__link has-contrast-2-color has-base-background-color has-text-color has-background has-link-color wp-element-button\" href=\"https:\/\/www.berti.net\/de\/parkett-produkte\/bi-power\/\"><strong>BI POWER PRODUKTBLATT<\/strong><\/a><\/div>\n<\/div>\n<\/div>\n<\/div><\/div>\n<\/div>\n\n\n\n<div style=\"height:100px\" aria-hidden=\"true\" class=\"wp-block-spacer\"><\/div>\n\n\n\n<div class=\"wp-block-cover alignfull is-light estimate-request-content animated fadeIn\" style=\"margin-top:0\"><img decoding=\"async\" class=\"wp-block-cover__image-background\" alt=\"\" src=\"https:\/\/staging.berti.net\/wp-content\/themes\/thombase\/public\/images\/estimateBanner.webp\" data-object-fit=\"cover\"\/><span aria-hidden=\"true\" class=\"wp-block-cover__background has-background-dim-0 has-background-dim\"><\/span><div class=\"wp-block-cover__inner-container has-global-padding is-layout-constrained wp-block-cover-is-layout-constrained\">\n<div id=\"estimate\" class=\"wp-block-group alignleft estimate-request-content-inner has-global-padding is-content-justification-left is-layout-constrained wp-container-core-group-is-layout-94054b8f wp-block-group-is-layout-constrained\">\n<h5 class=\"wp-block-heading\">Fordern Sie ein <strong>Angebot<\/strong> an,<br>betreten Sie die Berti-Welt<\/h5>\n\n\n\n<p>\n  F\u00fcllen Sie das Formular aus, um ein Angebot anzufordern. Sie erhalten in kurzer Zeit eine Antwort von unseren Mitarbeitern. \n            <\/p>\n\n\n\n<div class=\"wp-block-buttons is-layout-flex wp-block-buttons-is-layout-flex\">\n<div class=\"wp-block-button is-style-link\"><a class=\"wp-block-button__link wp-element-button\" href=\"https:\/\/www.berti.net\/de\/anfrage-preventivo\/\">JETZT BEWERBEN<\/a><\/div>\n<\/div>\n<\/div>\n<\/div><\/div>\n","protected":false},"excerpt":{"rendered":"<p>Die Sch\u00f6nheit und Haltbarkeit von Parkett beginnt mit der Auswahl der richtigen Produkte. Dieser Bereich ist ganz denjenigen gewidmet, die das Beste f\u00fcr ihren Holzboden wollen: professionelle L\u00f6sungen f\u00fcr die Verlegung und spezielle Produkte f\u00fcr die t\u00e4gliche Reinigung und Pflege. Jeder Artikel wurde so ausgew\u00e4hlt, dass er hohe Leistung, Sicherheit f\u00fcr den Benutzer und Respekt f\u00fcr das edle Material Parkett [&hellip;]<\/p>\n","protected":false},"author":2,"featured_media":0,"parent":0,"menu_order":0,"comment_status":"closed","ping_status":"closed","template":"page-with-overlying-header","meta":{"footnotes":""},"class_list":["post-25543","page","type-page","status-publish","hentry"],"_links":{"self":[{"href":"https:\/\/berti.net\/de\/wp-json\/wp\/v2\/pages\/25543","targetHints":{"allow":["GET"]}}],"collection":[{"href":"https:\/\/berti.net\/de\/wp-json\/wp\/v2\/pages"}],"about":[{"href":"https:\/\/berti.net\/de\/wp-json\/wp\/v2\/types\/page"}],"author":[{"embeddable":true,"href":"https:\/\/berti.net\/de\/wp-json\/wp\/v2\/users\/2"}],"replies":[{"embeddable":true,"href":"https:\/\/berti.net\/de\/wp-json\/wp\/v2\/comments?post=25543"}],"version-history":[{"count":21,"href":"https:\/\/berti.net\/de\/wp-json\/wp\/v2\/pages\/25543\/revisions"}],"predecessor-version":[{"id":29311,"href":"https:\/\/berti.net\/de\/wp-json\/wp\/v2\/pages\/25543\/revisions\/29311"}],"wp:attachment":[{"href":"https:\/\/berti.net\/de\/wp-json\/wp\/v2\/media?parent=25543"}],"curies":[{"name":"wp","href":"https:\/\/api.w.org\/{rel}","templated":true}]}}